{"id":9007,"date":"2018-06-01T10:56:24","date_gmt":"2018-06-01T08:56:24","guid":{"rendered":"https:\/\/www.geoparcoalpicarniche.org\/?page_id=9007"},"modified":"2024-01-08T14:59:18","modified_gmt":"2024-01-08T13:59:18","slug":"privacy-policy","status":"publish","type":"page","link":"https:\/\/www.geoparcoalpicarniche.org\/it\/privacy-policy\/","title":{"rendered":"Privacy Policy"},"content":{"rendered":"<div id=\"pl-9007\"  class=\"panel-layout\" ><div id=\"pg-9007-0\"  class=\"panel-grid panel-no-style\" ><div id=\"pgc-9007-0-0\"  class=\"panel-grid-cell\" ><div id=\"panel-9007-0-0-0\" class=\"so-panel widget widget_sow-editor panel-first-child\" data-index=\"0\" ><div\n\t\t\t\n\t\t\tclass=\"so-widget-sow-editor so-widget-sow-editor-base\"\n\t\t\t\n\t\t>\n<div class=\"siteorigin-widget-tinymce textwidget\">\n\t<p align=\"JUSTIFY\"><span style=\"color: #333333;\"><span style=\"font-size: large;\"><b>Premessa<\/b><\/span><\/span><\/p>\n<p align=\"JUSTIFY\"><span style=\"color: #333333;\"><span style=\"font-size: large;\">La presente informativa descrive le modalit\u00e0 di trattamento dei dati personali degli utenti, raccolti durane la navigazione del web<\/span><\/span><\/p>\n<p align=\"JUSTIFY\"><span style=\"color: #333333;\"><span style=\"font-size: large;\">Ai sensi e per gli effetti dell\u2019articolo 13 del Regolamento (UE) 2016\/679 General data protection regulation (Gdpr), informiamo che la Comunit\u00e0 di montagna della Carnia (di seguito anche Ente o Titolare) tratta i dati personali da lei forniti e liberamente comunicati al fine dello svolgimento delle proprie funzioni istituzionali.<\/span><\/span><\/p>\n<p align=\"JUSTIFY\"><span style=\"color: #333333;\"><span style=\"font-size: large;\">L'Ente garantisce che il trattamento dei suoi dati personali si svolge nel rispetto dei diritti e delle libert\u00e0 fondamentali, nonch\u00e9 della sua dignit\u00e0, con particolare riferimento alla riservatezza, all'identit\u00e0 personale e al diritto alla protezione dei dati personali.<\/span><\/span><\/p>\n<p align=\"JUSTIFY\"><span style=\"color: #333333;\"><span style=\"font-size: large;\">La presente informativa non riguarda altri siti, pagine o servizi online raggiungibili tramite link ipertestuali eventualmente pubblicati nel sito ma riferiti a risorse esterne.<\/span><\/span><\/p>\n<p align=\"JUSTIFY\"><span style=\"color: #333333;\"><span style=\"font-size: large;\"><b>Titolare trattamento dati<\/b><\/span><\/span><\/p>\n<p align=\"JUSTIFY\"><span style=\"color: #333333;\"><span style=\"font-size: large;\">Il Titolare del trattamento dei dati \u00e8 la Comunit\u00e0 di montagna della Carnia, nella persona del Presidente pro tempore.<\/span><\/span><\/p>\n<p align=\"JUSTIFY\"><span style=\"color: #333333;\"><span style=\"font-size: large;\"><u>Contatti<\/u><\/span><\/span><\/p>\n<p align=\"JUSTIFY\"><span style=\"color: #333333;\"><span style=\"font-size: large;\">Sede: Via Carnia Libera 1944, n. 29 - 33028 Tolmezzo (Ud)<\/span><\/span><\/p>\n<p align=\"JUSTIFY\"><span style=\"color: #333333;\"><span style=\"font-size: large;\">Pec: <\/span><\/span><a href=\"mailto:comunita.carnia@certgov.fvg.it\"><span style=\"color: #003274;\"><span style=\"font-size: large;\">comunita.carnia@certgov.fvg.it<\/span><\/span><\/a><\/p>\n<p align=\"JUSTIFY\"><span style=\"color: #333333;\"><span style=\"font-size: large;\"><b>Dati di contatto del responsabile della protezione dei dati<\/b><\/span><\/span><\/p>\n<p align=\"JUSTIFY\"><span style=\"color: #333333;\"><span style=\"font-size: large;\">Responsabile della protezione dei dati (Rpd) o Data protection officer (Dpo) ai sensi dell'art. 38 del Regolamento (UE) 2016\/679:<\/span><\/span><\/p>\n<p align=\"JUSTIFY\">&nbsp;<\/p>\n<p align=\"JUSTIFY\"><span style=\"color: #000000;\">Denominazione: <strong>Boxxapps srl<\/strong><\/span><\/p>\n<p align=\"JUSTIFY\"><span style=\"color: #000000;\">C.f.\/P.i.: 04155080270<\/span><\/p>\n<p align=\"JUSTIFY\"><span style=\"color: #000000;\">Indirizzo: <span style=\"font-size: large;\">Via della Stazione 2 - 30200 Marcon<\/span><\/span><\/p>\n<p align=\"JUSTIFY\"><span style=\"color: #000000;\">Telefono: <span style=\"font-size: large;\">800893984<\/span><\/span><\/p>\n<p align=\"JUSTIFY\"><span style=\"color: #000000;\">email:<\/span> <a href=\"mailto:dpo@boxxapps.com\"><span style=\"color: #003274;\"><span style=\"font-size: large;\">dpo@boxxapps.com<\/span><\/span><\/a><\/p>\n<p align=\"JUSTIFY\"><span style=\"color: #000000;\">PEC: <span style=\"font-size: large;\">boxxapps@legalmail.it<\/span><\/span><\/p>\n<\/div>\n<\/div><\/div><div id=\"panel-9007-0-0-1\" class=\"so-panel widget widget_sow-editor panel-last-child\" data-index=\"1\" ><div class=\"mt-xl panel-widget-style panel-widget-style-for-9007-0-0-1\" ><div\n\t\t\t\n\t\t\tclass=\"so-widget-sow-editor so-widget-sow-editor-base\"\n\t\t\t\n\t\t>\n<div class=\"siteorigin-widget-tinymce textwidget\">\n\t<p align=\"JUSTIFY\"><span style=\"color: #333333;\"><span style=\"font-size: large;\"><b>1. \u201cTITOLARE\u201d DEL TRATTAMENTO<\/b><\/span><\/span><\/p>\n<p align=\"JUSTIFY\"><span style=\"color: #333333;\"><span style=\"font-size: large;\">Il Titolare del Trattamento \u00e8 L\u2019Ente in persona del rappresentate locale pro tempore.<\/span><\/span><\/p>\n<p align=\"JUSTIFY\"><span style=\"color: #333333;\"><span style=\"font-size: large;\"><b>2. - Responsabile della protezione dei dati \u201cRDP.\u201d o \u201cDPO\u201d (Data Protection Officer)<\/b><\/span><\/span><\/p>\n<p align=\"JUSTIFY\"><span style=\"color: #333333;\"><span style=\"font-size: large;\">Il RDP\/DPO , incaricato viene indicato con tutti &nbsp;i riferimenti nella sezione dedicata del portale dell\u2019Ente.<\/span><\/span><\/p>\n<p align=\"JUSTIFY\"><span style=\"color: #333333;\"><span style=\"font-size: large;\"><b>3. CATEGORIE E ORIGINE DEI DATI TRATTATI<\/b><\/span><\/span><\/p>\n<p align=\"JUSTIFY\"><span style=\"color: #333333;\"><span style=\"font-size: large;\">Tutti i dati personali forniti attraverso il presente software saranno trattati in modo lecito, corretto e trasparente al fine di fornire i servizi richiesti nonch\u00e9 di rispondere alle comunicazioni ed alle domande degli Utenti.<\/span><\/span><\/p>\n<p align=\"JUSTIFY\"><span style=\"color: #333333;\"><span style=\"font-size: large;\"><u>Dati di navigazione<\/u><\/span><\/span><\/p>\n<p align=\"JUSTIFY\"><span style=\"color: #333333;\"><span style=\"font-size: large;\">I sistemi informatici e le procedure software preposte al funzionamento di questo sito web acquisiscono, nel corso del loro normale esercizio, alcuni dati personali la cui trasmissione \u00e8 implicita nell'uso dei protocolli di comunicazione di Internet.<\/span><\/span><\/p>\n<p align=\"JUSTIFY\"><span style=\"color: #333333;\"><span style=\"font-size: large;\">Tra i dati raccolti sono comprese informazioni relative agli accessi, quali gli indirizzi IP ed i nomi di dominio dei computer utilizzati dagli utenti che si connettono al sito, nonch\u00e9 altri parametri riguardanti l\u2019ambiente informatico utilizzato dagli utenti. Tali dati saranno trattati per il tempo strettamente necessario onde soddisfare le finalit\u00e0 di cui alla presente informativa.<\/span><\/span><\/p>\n<p align=\"JUSTIFY\"><span style=\"color: #333333;\"><span style=\"font-size: large;\"><u>Dati forniti volontariamente dall\u2019utente<\/u><\/span><\/span><\/p>\n<p align=\"JUSTIFY\"><span style=\"color: #333333;\"><span style=\"font-size: large;\">L'invio facoltativo, esplicito e volontario di posta elettronica agli indirizzi indicati su questo sito o l'utilizzo di aree riservate e la compilazione di moduli web, comporta la successiva acquisizione ed elaborazione dei dati necessari per offrire il servizio richiesto e\/o rispondere alle richieste, nonch\u00e9 degli eventuali altri dati personali inseriti.<\/span><\/span><\/p>\n<p align=\"JUSTIFY\"><span style=\"color: #333333;\"><span style=\"font-size: large;\">Specifiche informative potranno essere riportate o visualizzate nelle pagine del sito predisposte per particolari servizi a richiesta.<\/span><\/span><\/p>\n<p align=\"JUSTIFY\"><a name=\"_GoBack\"><\/a> <span style=\"color: #333333;\"><span style=\"font-size: large;\">Ove l'accesso a particolari servizi sia subordinato alla registrazione previa comunicazione di dati personali, valgono le seguenti disposizioni generali: i dati personali, raccolti e conservati in banche dati, verranno trattati da dipendenti incaricati dal titolare del trattamento, e non saranno oggetto di diffusione o di comunicazione a terzi, se non nei casi previsti dalla legge e con le modalit\u00e0 da questa consentite; il soggetto interessato ha facolt\u00e0 di esercitare i diritti previsti di cui alla presente informativa.<\/span><\/span><\/p>\n<p align=\"JUSTIFY\"><span style=\"color: #333333;\"><span style=\"font-size: large;\"><b>4. FINALIT\u00c0, BASE GIURIDICA E MODALIT\u00c0 DEL TRATTAMENTO<\/b><\/span><\/span><\/p>\n<p align=\"JUSTIFY\"><span style=\"color: #333333;\"><span style=\"font-size: large;\">I dati personali sono trattati esclusivamente per le finalit\u00e0 che rientrano nei compiti istituzionali dell'Amministrazione o per gli adempimenti previsti da norme di legge o di regolamento.<\/span><\/span><\/p>\n<p align=\"JUSTIFY\"><span style=\"color: #333333;\"><span style=\"font-size: large;\">Nell'ambito di tali finalit\u00e0, il trattamento pu\u00f2 riguardare i dati necessari per la gestione dei rapporti con l\u2019Ente, compresi i dati forniti al momento della registrazione o fruizione di servizi online.<\/span><\/span><\/p>\n<p align=\"JUSTIFY\"><span style=\"color: #333333;\"><span style=\"font-size: large;\">I dati personali sono trattati con strumenti automatizzati per il tempo strettamente necessario a conseguire gli scopi per cui sono raccolti.<\/span><\/span><\/p>\n<p align=\"JUSTIFY\"><span style=\"color: #333333;\"><span style=\"font-size: large;\">I dati personali raccolti verranno trattati in base al consenso prestato dall\u2019Utente e\/o in forza di previsione di legge per motivi di interesse pubblico rilevante sulla base del diritto nazionale o dell\u2019Unione.<\/span><\/span><\/p>\n<p align=\"JUSTIFY\"><span style=\"color: #333333;\"><span style=\"font-size: large;\"><b>5. DESTINATARI<\/b><\/span><\/span><\/p>\n<p align=\"JUSTIFY\"><span style=\"color: #333333;\"><span style=\"font-size: large;\">I dati verranno trattati ad uso esclusivo dell\u2019Ente da parte di soggetti interni e potranno essere portati a conoscenza di soggetti esterni operanti in qualit\u00e0 di addetti alla gestione o manutenzione di strumenti elettronici oppure di altri soggetti esterni laddove la comunicazione sia prevista da norma di legge o di regolamento oppure sia necessaria per lo svolgimento di compiti e finalit\u00e0 istituzionali.<\/span><\/span><\/p>\n<p align=\"JUSTIFY\"><span style=\"color: #333333;\"><span style=\"font-size: large;\"><b>6. PERIODO DI CONSERVAZIONE<\/b><\/span><\/span><\/p>\n<p align=\"JUSTIFY\"><span style=\"color: #333333;\"><span style=\"font-size: large;\">I dati personali raccolti e trattati secondo la presente Informativa verranno conservati dal Titolare per il periodo necessario per l\u2019erogazione del servizio ed in ogni caso per il tempo necessario all\u2019esecuzione dei compiti istituzionali dell\u2019Amministrazione o per gli adempimenti previsti da norme di legge o regolamento.<\/span><\/span><\/p>\n<p align=\"JUSTIFY\"><span style=\"color: #333333;\"><span style=\"font-size: large;\"><b>7. DIRITTI DELL\u2019INTERESSATO<\/b><\/span><\/span><\/p>\n<p align=\"JUSTIFY\"><span style=\"color: #333333;\"><span style=\"font-size: large;\">L\u2019interessato potr\u00e0, in qualsiasi momento, esercitare i seguenti diritti:<\/span><\/span><\/p>\n<ul>\n<li>\n<p align=\"JUSTIFY\"><span style=\"color: #333333;\"><span style=\"font-size: large;\">di accesso ai dati personali;<\/span><\/span><\/p>\n<\/li>\n<li>\n<p align=\"JUSTIFY\"><span style=\"color: #333333;\"><span style=\"font-size: large;\">di ottenere l\u2019aggiornamento, la rettifica, l\u2019integrazione dei dati incompleti;<\/span><\/span><\/p>\n<\/li>\n<li>\n<p align=\"JUSTIFY\"><span style=\"color: #333333;\"><span style=\"font-size: large;\">di ottenere la cancellazione dei dati, la trasformazione in forma anonima degli stessi o il blocco dei dati trattati in violazione di legge;<\/span><\/span><\/p>\n<\/li>\n<li>\n<p align=\"JUSTIFY\"><span style=\"color: #333333;\"><span style=\"font-size: large;\">di ottenere l\u2019attestazione che eventuali modiche o cancellazioni sono state portate a conoscenza, anche per quanto riguarda il loro contenuto, di coloro ai quali i dati sono stati comunicati, salvo quanto previsto dalla legge;<\/span><\/span><\/p>\n<\/li>\n<li>\n<p align=\"JUSTIFY\"><span style=\"color: #333333;\"><span style=\"font-size: large;\">di ottenere la limitazione del trattamento;<\/span><\/span><\/p>\n<\/li>\n<li>\n<p align=\"JUSTIFY\"><span style=\"color: #333333;\"><span style=\"font-size: large;\">di opporsi al trattamento;<\/span><\/span><\/p>\n<\/li>\n<li>\n<p align=\"JUSTIFY\"><span style=\"color: #333333;\"><span style=\"font-size: large;\">alla portabilit\u00e0 dei dati;<\/span><\/span><\/p>\n<\/li>\n<li>\n<p align=\"JUSTIFY\"><span style=\"color: #333333;\"><span style=\"font-size: large;\">di revocare il consenso, ove previsto: la revoca del consenso non pregiudica la liceit\u00e0 del trattamento basata sul consenso conferito prima della revoca;<\/span><\/span><\/p>\n<\/li>\n<li>\n<p align=\"JUSTIFY\"><span style=\"color: #333333;\"><span style=\"font-size: large;\">di proporre reclamo all'autorit\u00e0 di controllo (Garante per la Protezione dei Dati personali).<\/span><\/span><\/p>\n<\/li>\n<\/ul>\n<p align=\"JUSTIFY\"><span style=\"color: #333333;\"><span style=\"font-size: large;\"><b>8. CONFERIMENTO DEI DATI<\/b><\/span><\/span><\/p>\n<p align=\"JUSTIFY\"><span style=\"color: #333333;\"><span style=\"font-size: large;\">L\u2019utente \u00e8 libero di fornire i dati personali riportati nei moduli di richiesta dei vari servizi offerti nel portale.<\/span><\/span><\/p>\n<p align=\"JUSTIFY\"><span style=\"color: #333333;\"><span style=\"font-size: large;\">Il mancato conferimento dei dati eventualmente richiesti in via obbligatoria comporter\u00e0 l\u2019impossibilit\u00e0 di ottenere il servizio. Ulteriori dati personali potranno essere forniti su base volontaria dall\u2019Utente mediante le richieste inviate al Comune sulla base dei form utilizzati dal software. A titolo esemplificativo, attraverso il software \u00e8 possibile fornire anche il proprio indirizzo email o i propri recapiti telefonici.<\/span><\/span><\/p>\n<\/div>\n<\/div><\/div><\/div><\/div><\/div><\/div>","protected":false},"excerpt":{"rendered":"<p>Premessa La presente informativa descrive le modalit\u00e0 di trattamento dei dati personali degli utenti, raccolti durane la navigazione del web Ai sensi e per gli effetti dell\u2019articolo 13 del Regolamento (UE) 2016\/679 General data protection regulation (Gdpr), informiamo che la Comunit\u00e0 di montagna della Carnia (di seguito anche Ente o &hellip;<\/p>\n","protected":false},"author":2,"featured_media":0,"parent":0,"menu_order":4,"comment_status":"closed","ping_status":"closed","template":"","meta":{"_acf_changed":false,"inline_featured_image":false,"ngg_post_thumbnail":0,"footnotes":""},"class_list":{"0":"post-9007","1":"page","2":"type-page","3":"status-publish","5":"clearfix","6":"article"},"acf":[],"yoast_head":"<!-- This site is optimized with the Yoast SEO plugin v27.5 - https:\/\/yoast.com\/product\/yoast-seo-wordpress\/ -->\n<title>Privacy Policy - Geoparco Alpi Carniche<\/title>\n<meta name=\"robots\" content=\"index, follow, max-snippet:-1, max-image-preview:large, max-video-preview:-1\" \/>\n<link rel=\"canonical\" href=\"https:\/\/www.geoparcoalpicarniche.org\/it\/privacy-policy\/\" \/>\n<meta property=\"og:locale\" content=\"it_IT\" \/>\n<meta property=\"og:type\" content=\"article\" \/>\n<meta property=\"og:title\" content=\"Privacy Policy - Geoparco Alpi Carniche\" \/>\n<meta property=\"og:description\" content=\"Premessa La presente informativa descrive le modalit\u00e0 di trattamento dei dati personali degli utenti, raccolti durane la navigazione del web Ai sensi e per gli effetti dell\u2019articolo 13 del Regolamento (UE) 2016\/679 General data protection regulation (Gdpr), informiamo che la Comunit\u00e0 di montagna della Carnia (di seguito anche Ente o &hellip;\" \/>\n<meta property=\"og:url\" content=\"https:\/\/www.geoparcoalpicarniche.org\/it\/privacy-policy\/\" \/>\n<meta property=\"og:site_name\" content=\"Geoparco Alpi Carniche\" \/>\n<meta property=\"article:modified_time\" content=\"2024-01-08T13:59:18+00:00\" \/>\n<meta name=\"twitter:card\" content=\"summary_large_image\" \/>\n<meta name=\"twitter:label1\" content=\"Tempo di lettura stimato\" \/>\n\t<meta name=\"twitter:data1\" content=\"6 minuti\" \/>\n<script type=\"application\/ld+json\" class=\"yoast-schema-graph\">{\"@context\":\"https:\\\/\\\/schema.org\",\"@graph\":[{\"@type\":\"WebPage\",\"@id\":\"https:\\\/\\\/www.geoparcoalpicarniche.org\\\/it\\\/privacy-policy\\\/\",\"url\":\"https:\\\/\\\/www.geoparcoalpicarniche.org\\\/it\\\/privacy-policy\\\/\",\"name\":\"Privacy Policy - Geoparco Alpi Carniche\",\"isPartOf\":{\"@id\":\"https:\\\/\\\/www.geoparcoalpicarniche.org\\\/it\\\/#website\"},\"datePublished\":\"2018-06-01T08:56:24+00:00\",\"dateModified\":\"2024-01-08T13:59:18+00:00\",\"breadcrumb\":{\"@id\":\"https:\\\/\\\/www.geoparcoalpicarniche.org\\\/it\\\/privacy-policy\\\/#breadcrumb\"},\"inLanguage\":\"it-IT\",\"potentialAction\":[{\"@type\":\"ReadAction\",\"target\":[\"https:\\\/\\\/www.geoparcoalpicarniche.org\\\/it\\\/privacy-policy\\\/\"]}]},{\"@type\":\"BreadcrumbList\",\"@id\":\"https:\\\/\\\/www.geoparcoalpicarniche.org\\\/it\\\/privacy-policy\\\/#breadcrumb\",\"itemListElement\":[{\"@type\":\"ListItem\",\"position\":1,\"name\":\"Home\",\"item\":\"https:\\\/\\\/www.geoparcoalpicarniche.org\\\/it\\\/\"},{\"@type\":\"ListItem\",\"position\":2,\"name\":\"Privacy Policy\"}]},{\"@type\":\"WebSite\",\"@id\":\"https:\\\/\\\/www.geoparcoalpicarniche.org\\\/it\\\/#website\",\"url\":\"https:\\\/\\\/www.geoparcoalpicarniche.org\\\/it\\\/\",\"name\":\"Geoparco Alpi Carniche\",\"description\":\"Custode del patrimonio geologico transfrontaliero\",\"potentialAction\":[{\"@type\":\"SearchAction\",\"target\":{\"@type\":\"EntryPoint\",\"urlTemplate\":\"https:\\\/\\\/www.geoparcoalpicarniche.org\\\/it\\\/?s={search_term_string}\"},\"query-input\":{\"@type\":\"PropertyValueSpecification\",\"valueRequired\":true,\"valueName\":\"search_term_string\"}}],\"inLanguage\":\"it-IT\"}]}<\/script>\n<!-- \/ Yoast SEO plugin. -->","yoast_head_json":{"title":"Privacy Policy - Geoparco Alpi Carniche","robots":{"index":"index","follow":"follow","max-snippet":"max-snippet:-1","max-image-preview":"max-image-preview:large","max-video-preview":"max-video-preview:-1"},"canonical":"https:\/\/www.geoparcoalpicarniche.org\/it\/privacy-policy\/","og_locale":"it_IT","og_type":"article","og_title":"Privacy Policy - Geoparco Alpi Carniche","og_description":"Premessa La presente informativa descrive le modalit\u00e0 di trattamento dei dati personali degli utenti, raccolti durane la navigazione del web Ai sensi e per gli effetti dell\u2019articolo 13 del Regolamento (UE) 2016\/679 General data protection regulation (Gdpr), informiamo che la Comunit\u00e0 di montagna della Carnia (di seguito anche Ente o &hellip;","og_url":"https:\/\/www.geoparcoalpicarniche.org\/it\/privacy-policy\/","og_site_name":"Geoparco Alpi Carniche","article_modified_time":"2024-01-08T13:59:18+00:00","twitter_card":"summary_large_image","twitter_misc":{"Tempo di lettura stimato":"6 minuti"},"schema":{"@context":"https:\/\/schema.org","@graph":[{"@type":"WebPage","@id":"https:\/\/www.geoparcoalpicarniche.org\/it\/privacy-policy\/","url":"https:\/\/www.geoparcoalpicarniche.org\/it\/privacy-policy\/","name":"Privacy Policy - Geoparco Alpi Carniche","isPartOf":{"@id":"https:\/\/www.geoparcoalpicarniche.org\/it\/#website"},"datePublished":"2018-06-01T08:56:24+00:00","dateModified":"2024-01-08T13:59:18+00:00","breadcrumb":{"@id":"https:\/\/www.geoparcoalpicarniche.org\/it\/privacy-policy\/#breadcrumb"},"inLanguage":"it-IT","potentialAction":[{"@type":"ReadAction","target":["https:\/\/www.geoparcoalpicarniche.org\/it\/privacy-policy\/"]}]},{"@type":"BreadcrumbList","@id":"https:\/\/www.geoparcoalpicarniche.org\/it\/privacy-policy\/#breadcrumb","itemListElement":[{"@type":"ListItem","position":1,"name":"Home","item":"https:\/\/www.geoparcoalpicarniche.org\/it\/"},{"@type":"ListItem","position":2,"name":"Privacy Policy"}]},{"@type":"WebSite","@id":"https:\/\/www.geoparcoalpicarniche.org\/it\/#website","url":"https:\/\/www.geoparcoalpicarniche.org\/it\/","name":"Geoparco Alpi Carniche","description":"Custode del patrimonio geologico transfrontaliero","potentialAction":[{"@type":"SearchAction","target":{"@type":"EntryPoint","urlTemplate":"https:\/\/www.geoparcoalpicarniche.org\/it\/?s={search_term_string}"},"query-input":{"@type":"PropertyValueSpecification","valueRequired":true,"valueName":"search_term_string"}}],"inLanguage":"it-IT"}]}},"_links":{"self":[{"href":"https:\/\/www.geoparcoalpicarniche.org\/it\/wp-json\/wp\/v2\/pages\/9007","targetHints":{"allow":["GET"]}}],"collection":[{"href":"https:\/\/www.geoparcoalpicarniche.org\/it\/wp-json\/wp\/v2\/pages"}],"about":[{"href":"https:\/\/www.geoparcoalpicarniche.org\/it\/wp-json\/wp\/v2\/types\/page"}],"author":[{"embeddable":true,"href":"https:\/\/www.geoparcoalpicarniche.org\/it\/wp-json\/wp\/v2\/users\/2"}],"replies":[{"embeddable":true,"href":"https:\/\/www.geoparcoalpicarniche.org\/it\/wp-json\/wp\/v2\/comments?post=9007"}],"version-history":[{"count":5,"href":"https:\/\/www.geoparcoalpicarniche.org\/it\/wp-json\/wp\/v2\/pages\/9007\/revisions"}],"predecessor-version":[{"id":13732,"href":"https:\/\/www.geoparcoalpicarniche.org\/it\/wp-json\/wp\/v2\/pages\/9007\/revisions\/13732"}],"wp:attachment":[{"href":"https:\/\/www.geoparcoalpicarniche.org\/it\/wp-json\/wp\/v2\/media?parent=9007"}],"curies":[{"name":"wp","href":"https:\/\/api.w.org\/{rel}","templated":true}]}}