{"id":4419,"date":"2018-01-31T09:19:07","date_gmt":"2018-01-31T08:19:07","guid":{"rendered":"https:\/\/www.geoparcoalpicarniche.org\/?page_id=4419"},"modified":"2025-10-01T08:05:20","modified_gmt":"2025-10-01T06:05:20","slug":"pubblicazioni-scaricabili","status":"publish","type":"page","link":"https:\/\/www.geoparcoalpicarniche.org\/it\/il-territorio\/pubblicazioni-scaricabili\/","title":{"rendered":"Pubblicazioni scaricabili"},"content":{"rendered":"<div id=\"pl-4419\"  class=\"panel-layout\" ><div id=\"pg-4419-0\"  class=\"panel-grid panel-no-style\" ><div id=\"pgc-4419-0-0\"  class=\"panel-grid-cell\" ><div id=\"panel-4419-0-0-0\" class=\"so-panel widget widget_nav_menu panel-first-child panel-last-child\" data-index=\"0\" ><div class=\"menu-territorio-container\"><ul id=\"menu-territorio\" class=\"menu\"><li id=\"menu-item-4668\" class=\"menu-item menu-item-type-post_type menu-item-object-page menu-item-has-children menu-item-4668\"><a href=\"https:\/\/www.geoparcoalpicarniche.org\/it\/il-territorio\/\">Il territorio<\/a>\n<ul class=\"sub-menu\">\n\t<li id=\"menu-item-2032\" class=\"menu-item menu-item-type-post_type menu-item-object-page menu-item-2032\"><a href=\"https:\/\/www.geoparcoalpicarniche.org\/it\/il-territorio\/evoluzione-geologica\/\">Evoluzione geologica<\/a><\/li>\n\t<li id=\"menu-item-4525\" class=\"menu-item menu-item-type-post_type menu-item-object-page menu-item-has-children menu-item-4525\"><a href=\"https:\/\/www.geoparcoalpicarniche.org\/it\/il-territorio\/geomorfologia\/\">Geomorfologia<\/a>\n\t<ul class=\"sub-menu\">\n\t\t<li id=\"menu-item-12197\" class=\"menu-item menu-item-type-post_type menu-item-object-page menu-item-12197\"><a href=\"https:\/\/www.geoparcoalpicarniche.org\/it\/il-territorio\/carsismo\/morfologie-fluviali\/\">Morfologie fluviali<\/a><\/li>\n\t\t<li id=\"menu-item-12196\" class=\"menu-item menu-item-type-post_type menu-item-object-page menu-item-12196\"><a href=\"https:\/\/www.geoparcoalpicarniche.org\/it\/il-territorio\/carsismo\/morfologie-glaciali-e-periglaciali\/\">Morfologie glaciali e periglaciali<\/a><\/li>\n\t\t<li id=\"menu-item-12195\" class=\"menu-item menu-item-type-post_type menu-item-object-page menu-item-12195\"><a href=\"https:\/\/www.geoparcoalpicarniche.org\/it\/il-territorio\/carsismo\/evoluzione-dei-versanti\/\">Evoluzione dei versanti<\/a><\/li>\n\t\t<li id=\"menu-item-4671\" class=\"menu-item menu-item-type-post_type menu-item-object-page menu-item-4671\"><a href=\"https:\/\/www.geoparcoalpicarniche.org\/it\/il-territorio\/carsismo\/forre\/\">Forre<\/a><\/li>\n\t<\/ul>\n<\/li>\n\t<li id=\"menu-item-3060\" class=\"menu-item menu-item-type-post_type menu-item-object-page menu-item-has-children menu-item-3060\"><a href=\"https:\/\/www.geoparcoalpicarniche.org\/it\/il-territorio\/paleontologia\/\">Paleontologia<\/a>\n\t<ul class=\"sub-menu\">\n\t\t<li id=\"menu-item-4667\" class=\"menu-item menu-item-type-post_type menu-item-object-page menu-item-4667\"><a href=\"https:\/\/www.geoparcoalpicarniche.org\/it\/il-territorio\/paleontologia\/fossili\/\">Fossili<\/a><\/li>\n\t<\/ul>\n<\/li>\n\t<li id=\"menu-item-3059\" class=\"menu-item menu-item-type-post_type menu-item-object-page menu-item-3059\"><a href=\"https:\/\/www.geoparcoalpicarniche.org\/it\/il-territorio\/geositi\/\">Geositi<\/a><\/li>\n\t<li id=\"menu-item-5995\" class=\"menu-item menu-item-type-post_type menu-item-object-page menu-item-5995\"><a href=\"https:\/\/www.geoparcoalpicarniche.org\/it\/il-territorio\/geotopi\/\">Geotopi<\/a><\/li>\n\t<li id=\"menu-item-3061\" class=\"menu-item menu-item-type-post_type menu-item-object-page menu-item-has-children menu-item-3061\"><a href=\"https:\/\/www.geoparcoalpicarniche.org\/it\/il-territorio\/carsismo\/\">Carsismo<\/a>\n\t<ul class=\"sub-menu\">\n\t\t<li id=\"menu-item-4669\" class=\"menu-item menu-item-type-post_type menu-item-object-page menu-item-4669\"><a href=\"https:\/\/www.geoparcoalpicarniche.org\/it\/il-territorio\/carsismo\/grotte\/\">Grotte<\/a><\/li>\n\t\t<li id=\"menu-item-4670\" class=\"menu-item menu-item-type-post_type menu-item-object-page menu-item-4670\"><a href=\"https:\/\/www.geoparcoalpicarniche.org\/it\/il-territorio\/carsismo\/campi-solcati\/\">Campi solcati<\/a><\/li>\n\t<\/ul>\n<\/li>\n\t<li id=\"menu-item-4526\" class=\"menu-item menu-item-type-post_type menu-item-object-page menu-item-4526\"><a href=\"https:\/\/www.geoparcoalpicarniche.org\/it\/il-territorio\/siti-minerari\/\">Cave e Miniere<\/a><\/li>\n\t<li id=\"menu-item-7216\" class=\"menu-item menu-item-type-post_type menu-item-object-page menu-item-7216\"><a href=\"https:\/\/www.geoparcoalpicarniche.org\/it\/il-territorio\/pubblicazioni-scaricabili\/\">Pubblicazioni scaricabili<\/a><\/li>\n<\/ul>\n<\/li>\n<\/ul><\/div><\/div><\/div><div id=\"pgc-4419-0-1\"  class=\"panel-grid-cell\" ><div class=\"paddingContentWithSidebar panel-cell-style panel-cell-style-for-4419-0-1\" ><div id=\"panel-4419-0-1-0\" class=\"so-panel widget widget_text panel-first-child\" data-index=\"1\" ><div class=\"mb-lg panel-widget-style panel-widget-style-for-4419-0-1-0\" >\t\t\t<div class=\"textwidget\"><h2>Pubblicazioni scaricabili<\/h2>\n<p>Per chi vuole approfondire, per gli appassionati, per gli studenti, il Geoparco Transfrontaliero delle Alpi Carniche mette a disposizione una serie di pubblicazioni a carattere geologico da scaricare gratuitamente in pdf: dalle pi\u00f9 divulgative, come i Quaderni del Geoparco e i Quaderni del Museo Geologico, ai testi scientifici di approfondimento<\/p>\n<\/div>\n\t\t<\/div><\/div><div id=\"panel-4419-0-1-1\" class=\"so-panel widget widget_siteorigin-panels-builder panel-last-child\" data-index=\"2\" ><div id=\"pl-w68dcc49fef0ec\"  class=\"panel-layout\" ><div id=\"pg-w68dcc49fef0ec-0\"  class=\"panel-grid panel-no-style\" ><div id=\"pgc-w68dcc49fef0ec-0-0\"  class=\"panel-grid-cell\" ><div id=\"panel-w68dcc49fef0ec-0-0-0\" class=\"so-panel widget widget_sow-editor panel-first-child panel-last-child\" data-index=\"0\" ><div class=\"compensa-margin-grid-cell panel-widget-style panel-widget-style-for-w68dcc49fef0ec-0-0-0\" ><div\n\t\t\t\n\t\t\tclass=\"so-widget-sow-editor so-widget-sow-editor-base\"\n\t\t\t\n\t\t>\n<div class=\"siteorigin-widget-tinymce textwidget\">\n\t<p><img loading=\"lazy\" decoding=\"async\" class=\"alignnone wp-image-4496 size-medium\" src=\"https:\/\/www.geoparcoalpicarniche.org\/wp-content\/uploads\/2018\/01\/Scrigno-geologico_copertina-210x300.jpg\" alt=\"\" width=\"210\" height=\"300\" srcset=\"https:\/\/www.geoparcoalpicarniche.org\/wp-content\/uploads\/2018\/01\/Scrigno-geologico_copertina-210x300.jpg 210w, https:\/\/www.geoparcoalpicarniche.org\/wp-content\/uploads\/2018\/01\/Scrigno-geologico_copertina.jpg 600w\" sizes=\"auto, (max-width: 210px) 100vw, 210px\" \/><\/p>\n<\/div>\n<\/div><\/div><\/div><\/div><div id=\"pgc-w68dcc49fef0ec-0-1\"  class=\"panel-grid-cell\" ><div id=\"panel-w68dcc49fef0ec-0-1-0\" class=\"so-panel widget widget_sow-editor panel-first-child panel-last-child\" data-index=\"1\" ><div\n\t\t\t\n\t\t\tclass=\"so-widget-sow-editor so-widget-sow-editor-base\"\n\t\t\t\n\t\t>\n<div class=\"siteorigin-widget-tinymce textwidget\">\n\t<p class=\"testo12\"><strong>Corrado Venturini e Giuseppe Muscio<\/strong><\/p>\n<h5>Le Alpi Carniche, uno scrigno geologico<\/h5>\n<p class=\"testo12\">Ed. Museo Friulano di Storia Naturale, Udine, 2012, 155 pagg. Italiano<\/p>\n<p>Le Alpi Carniche \u2013 scrigno geologico d\u2019eccezione \u2013 sono il nostro baule dei ricordi. Le vallate e i monti, ricchi di sedimenti, di rocce e di forme d\u2019erosione, sono le fotografie del loro appassionante passato geologico, prossimo e remoto.<\/p>\n<p>Comprendere il passato geologico di un territorio pu\u00f2 sembrare difficile a causa del linguaggio tecnico e delle scale temporali enormi, ma in realt\u00e0 la geologia \u00e8 pi\u00f9 accessibile di quanto si pensi. Le montagne non \u201cnascono dal mare\u201d in modo semplice e diretto: la loro formazione \u00e8 il risultato di lunghi e complessi processi, spesso iniziati in ambienti molto diversi da quelli attuali, come mari tropicali, oggi testimoniati da fossili e strati rocciosi. Il volume suggerisce qualche \u201cidea\u201d per viaggiare nel tempo, imparare a \"leggere\" il paesaggio e interpretare le tracce lasciate da milioni di anni di storia della Terra.<\/p>\n<p>Pubblicazione realizzata nell\u2019ambito di uno \u201cSmall Project\u201d finanziato dall\u2019Unione Europea che ha visto la collaborazione Museo Friulano di Storia Naturale, la Comunit\u00e0 Montana della Carnia e il Geopark Karnische Alpen di Dellach.<\/p>\n<p><a href=\"https:\/\/www.geoparcoalpicarniche.org\/wp-content\/uploads\/2018\/05\/Venturini_Scrigno-geologico.pdf\" target=\"blank\">Le Alpi Carniche. Uno scrigno geologico<\/a><\/p>\n<p><span class=\"dtl dtl-nstd\">ISBN: 978-88-88192-49-2<\/span><\/p>\n<\/div>\n<\/div><\/div><\/div><\/div><div id=\"pg-w68dcc49fef0ec-1\"  class=\"panel-grid panel-no-style\" ><div id=\"pgc-w68dcc49fef0ec-1-0\"  class=\"panel-grid-cell\" ><div id=\"panel-w68dcc49fef0ec-1-0-0\" class=\"so-panel widget widget_sow-editor panel-first-child panel-last-child\" data-index=\"2\" ><div class=\"compensa-margin-grid-cell panel-widget-style panel-widget-style-for-w68dcc49fef0ec-1-0-0\" ><div\n\t\t\t\n\t\t\tclass=\"so-widget-sow-editor so-widget-sow-editor-base\"\n\t\t\t\n\t\t>\n<div class=\"siteorigin-widget-tinymce textwidget\">\n\t<p><img loading=\"lazy\" decoding=\"async\" class=\"alignnone wp-image-6603 size-full\" src=\"https:\/\/www.geoparcoalpicarniche.org\/wp-content\/uploads\/2018\/03\/Venturini_Si-forma_copertina-thumb.jpg\" alt=\"\" width=\"256\" height=\"195\" \/><\/p>\n<\/div>\n<\/div><\/div><\/div><\/div><div id=\"pgc-w68dcc49fef0ec-1-1\"  class=\"panel-grid-cell\" ><div id=\"panel-w68dcc49fef0ec-1-1-0\" class=\"so-panel widget widget_sow-editor panel-first-child panel-last-child\" data-index=\"3\" ><div\n\t\t\t\n\t\t\tclass=\"so-widget-sow-editor so-widget-sow-editor-base\"\n\t\t\t\n\t\t>\n<div class=\"siteorigin-widget-tinymce textwidget\">\n\t<p class=\"testo12\"><strong>Corrado Venturini<\/strong><\/p>\n<h5>Si forma, si deforma, si modella \u2013 come il territorio si modifica attraverso il tempo geologico<\/h5>\n<p class=\"testo12\">Ed. Comunit\u00e0 Montana della Carnia, Tolmezzo, 2010 (prima edizione), 192 p.<\/p>\n<p>In Italia, la divulgazione geologica \u00e8 spesso trascurata, rendendo paesaggi e rocce incomprensibili ai pi\u00f9. Eppure, l\u2019osservazione diretta rivela un mondo affascinante, fatto di storie antiche incise nella pietra. La conoscenza, quando stimolata, genera stupore, e insieme diventano motore di rispetto e tutela per l\u2019ambiente. Questo volume vuole offrire strumenti per riscoprire il paesaggio con occhi nuovi, tra consapevolezza e meraviglia.<\/p>\n<p>Il volume descrive e analizza i numerosi segni lasciati dalle forze che agiscono, tanto alla superficie quanto nelle profondit\u00e0 della crosta terrestre, in un incessante susseguirsi di deposizioni, deformazioni e modellamenti.<\/p>\n<p>Il testo si rivolge sia agli appassionati naturalisti, sia agli studenti propensi a comprendere l\u2019essenza e la ragione di molti tra i fenomeni che condizionano le modificazioni, grandi e piccole, dell\u2019ambiente che li circonda.<\/p>\n<p><a href=\"https:\/\/www.geoparcoalpicarniche.org\/wp-content\/uploads\/2018\/05\/Venturini_Si-formasi-deforma.pdf\" target=\"blank\">Si forma, si deforma, si modella<\/a><\/p>\n<p>ISBN: 978-88-96546-01-7<\/p>\n<p>&nbsp;<\/p>\n<\/div>\n<\/div><\/div><\/div><\/div><div id=\"pg-w68dcc49fef0ec-2\"  class=\"panel-grid panel-no-style\" ><div id=\"pgc-w68dcc49fef0ec-2-0\"  class=\"panel-grid-cell\" ><div id=\"panel-w68dcc49fef0ec-2-0-0\" class=\"so-panel widget widget_sow-editor panel-first-child panel-last-child\" data-index=\"4\" ><div class=\"compensa-margin-grid-cell panel-widget-style panel-widget-style-for-w68dcc49fef0ec-2-0-0\" ><div\n\t\t\t\n\t\t\tclass=\"so-widget-sow-editor so-widget-sow-editor-base\"\n\t\t\t\n\t\t>\n<div class=\"siteorigin-widget-tinymce textwidget\">\n\t<p><a href=\"https:\/\/www.geoparcoalpicarniche.org\/wp-content\/uploads\/2020\/12\/copertina_Trilobiti_web-1.jpg\"><img loading=\"lazy\" decoding=\"async\" class=\"alignnone size-medium wp-image-11890\" src=\"https:\/\/www.geoparcoalpicarniche.org\/wp-content\/uploads\/2020\/12\/copertina_Trilobiti_web-1-206x300.jpg\" alt=\"\" width=\"206\" height=\"300\" srcset=\"https:\/\/www.geoparcoalpicarniche.org\/wp-content\/uploads\/2020\/12\/copertina_Trilobiti_web-1-206x300.jpg 206w, https:\/\/www.geoparcoalpicarniche.org\/wp-content\/uploads\/2020\/12\/copertina_Trilobiti_web-1-704x1024.jpg 704w, https:\/\/www.geoparcoalpicarniche.org\/wp-content\/uploads\/2020\/12\/copertina_Trilobiti_web-1-768x1117.jpg 768w, https:\/\/www.geoparcoalpicarniche.org\/wp-content\/uploads\/2020\/12\/copertina_Trilobiti_web-1.jpg 876w\" sizes=\"auto, (max-width: 206px) 100vw, 206px\" \/><\/a><\/p>\n<\/div>\n<\/div><\/div><\/div><\/div><div id=\"pgc-w68dcc49fef0ec-2-1\"  class=\"panel-grid-cell\" ><div id=\"panel-w68dcc49fef0ec-2-1-0\" class=\"so-panel widget widget_sow-editor panel-first-child panel-last-child\" data-index=\"5\" ><div\n\t\t\t\n\t\t\tclass=\"so-widget-sow-editor so-widget-sow-editor-base\"\n\t\t\t\n\t\t>\n<div class=\"siteorigin-widget-tinymce textwidget\">\n\t<p class=\"testo12\"><strong>COLLANA QUADERNI DEL MUSEO GEOLOGICO DELLA CARNIA<\/strong><\/p>\n<h5>Trilobiti: i primi dominatori dei mari<\/h5>\n<p class=\"testo12\">Ed. Comunit\u00e0 Montana della Carnia, Tolmezzo, ristampa 2015, 30 p.<\/p>\n<p class=\"testo12\">Il Friuli \u00e8 una delle poche regioni in Italia in cui affiorano successioni marine paleozoiche relativamente continue e ben esposte. La Catena Carnica Principale che separa a nord il Friuli dall\u2019Austria \u00e8 composta, quasi esclusivamente, da rocce formatesi tra l\u2019Ordoviciano superiore e il Permiano.<\/p>\n<p class=\"testo12\">E\u2019 in queste rocce, dove si conservano le tracce di forme di vita antichissime, che sono stati rinvenuti fossili di trilobiti, una classe di artropodi estinta ma che ha dominato i mari del Paleozoico.<\/p>\n<p class=\"testo12\">La forma particolare di questi animali ha destato molta curiosit\u00e0 fin dai tempi antichi, spesso legandoli a leggende e miti. Ai trilobiti, alle loro caratteristiche morfologiche, abitudini di vita, evoluzione e diffusione in Friuli \u00e8 dedicato questo quaderno.<\/p>\n<p class=\"testo12\"><a href=\"https:\/\/www.geoparcoalpicarniche.org\/wp-content\/uploads\/2018\/05\/trilobiti.pdf\" target=\"blank\" rel=\"noopener noreferrer\">Download PDF (7MB)<\/a><\/p>\n<\/div>\n<\/div><\/div><\/div><\/div><div id=\"pg-w68dcc49fef0ec-3\"  class=\"panel-grid panel-no-style\" ><div id=\"pgc-w68dcc49fef0ec-3-0\"  class=\"panel-grid-cell\" ><div id=\"panel-w68dcc49fef0ec-3-0-0\" class=\"so-panel widget widget_sow-editor panel-first-child panel-last-child\" data-index=\"6\" ><div class=\"compensa-margin-grid-cell panel-widget-style panel-widget-style-for-w68dcc49fef0ec-3-0-0\" ><div\n\t\t\t\n\t\t\tclass=\"so-widget-sow-editor so-widget-sow-editor-base\"\n\t\t\t\n\t\t>\n<div class=\"siteorigin-widget-tinymce textwidget\">\n\t<p><a href=\"https:\/\/www.geoparcoalpicarniche.org\/wp-content\/uploads\/2020\/12\/copertina_I-segni-dei-ghaicci_web.jpg\"><img loading=\"lazy\" decoding=\"async\" class=\"alignnone size-medium wp-image-11895\" src=\"https:\/\/www.geoparcoalpicarniche.org\/wp-content\/uploads\/2020\/12\/copertina_I-segni-dei-ghaicci_web-201x300.jpg\" alt=\"\" width=\"201\" height=\"300\" srcset=\"https:\/\/www.geoparcoalpicarniche.org\/wp-content\/uploads\/2020\/12\/copertina_I-segni-dei-ghaicci_web-201x300.jpg 201w, https:\/\/www.geoparcoalpicarniche.org\/wp-content\/uploads\/2020\/12\/copertina_I-segni-dei-ghaicci_web-686x1024.jpg 686w, https:\/\/www.geoparcoalpicarniche.org\/wp-content\/uploads\/2020\/12\/copertina_I-segni-dei-ghaicci_web-768x1147.jpg 768w, https:\/\/www.geoparcoalpicarniche.org\/wp-content\/uploads\/2020\/12\/copertina_I-segni-dei-ghaicci_web.jpg 867w\" sizes=\"auto, (max-width: 201px) 100vw, 201px\" \/><\/a><\/p>\n<\/div>\n<\/div><\/div><\/div><\/div><div id=\"pgc-w68dcc49fef0ec-3-1\"  class=\"panel-grid-cell\" ><div id=\"panel-w68dcc49fef0ec-3-1-0\" class=\"so-panel widget widget_sow-editor panel-first-child panel-last-child\" data-index=\"7\" ><div\n\t\t\t\n\t\t\tclass=\"so-widget-sow-editor so-widget-sow-editor-base\"\n\t\t\t\n\t\t>\n<div class=\"siteorigin-widget-tinymce textwidget\">\n\t<p class=\"testo12\"><strong>COLLANA QUADERNI DEL MUSEO GEOLOGICO DELLA CARNIA<\/strong><\/p>\n<h5>I segni dei ghiacci<\/h5>\n<p class=\"testo12\">Ed. Comunit\u00e0 Montana della Carnia, Tolmezzo, ristampa 2015, 32 p.<\/p>\n<p class=\"testo12\">Una temperatura media di pochi gradi inferiori all\u2019attuale, e in poche migliaia di anni tutta la Carnia venne coperta dai ghiacci. Questo si verific\u00f2, a pi\u00f9 riprese, fra i 100.000 ed i 10.000 anni fa, con strascichi che si protrassero sino a poche migliaia di anni fa. Gli sbalzi climatici in realt\u00e0 sono avvenuti anche in precedenza ma fino a noi sono giunte testimonianze chiare e ben leggibili esclusivamente dell\u2019ultima glaciazione, quella W\u00fcrmiana, terminata circa 10.000 anni fa.<\/p>\n<p class=\"testo12\">Come e dove possiamo oggi leggere le tracce di questo particolare, e agli occhi di un geologo, recente episodio della storia del nostro territorio? Quali sono gli elementi del paesaggio che ci aiutano a comprendere queste vicende?<\/p>\n<p class=\"testo12\">Le caratteristiche valli ad U, laghetti alpini, circhi glaciali, sono la testimonianza eclatante dell\u2019effetto della forza erosiva esercitata dall\u2019avanzamento delle lingue glaciali; morene e massi erratici sono invece tipiche forme di deposito legate alle fasi di ritiro. A queste morfologie se ne aggiungono molte altre, spesso facilmente riconoscibili anche all\u2019occhio non esperto se opportunamente guidato nell\u2019osservazione.<\/p>\n<p class=\"testo12\">Questo quaderno, dopo un\u2019introduzione generale sui cambiamenti climatici avvenuti negli ultimi 2 milioni di anni, propone un excursus su quelli che sono oggi sul territorio i segni lasciati dall\u2019azione dei ghiacci.<br \/>\nUna parte specifica \u00e8 dedicata anche agli effetti delle glaciazioni sulla diffusione ed evoluzione di flora e fauna.<\/p>\n<p class=\"testo12\"><a href=\"https:\/\/www.geoparcoalpicarniche.org\/wp-content\/uploads\/2018\/05\/segni_ghiacci.pdf\" target=\"blank\" rel=\"noopener noreferrer\">Download PDF (5MB)<\/a><\/p>\n<\/div>\n<\/div><\/div><\/div><\/div><div id=\"pg-w68dcc49fef0ec-4\"  class=\"panel-grid panel-no-style\" ><div id=\"pgc-w68dcc49fef0ec-4-0\"  class=\"panel-grid-cell\" ><div id=\"panel-w68dcc49fef0ec-4-0-0\" class=\"so-panel widget widget_sow-editor panel-first-child panel-last-child\" data-index=\"8\" ><div class=\"compensa-margin-grid-cell panel-widget-style panel-widget-style-for-w68dcc49fef0ec-4-0-0\" ><div\n\t\t\t\n\t\t\tclass=\"so-widget-sow-editor so-widget-sow-editor-base\"\n\t\t\t\n\t\t>\n<div class=\"siteorigin-widget-tinymce textwidget\">\n\t<p><a href=\"https:\/\/www.geoparcoalpicarniche.org\/wp-content\/uploads\/2020\/12\/copertina_Miniere-e-minerali_web.jpg\"><img loading=\"lazy\" decoding=\"async\" class=\"alignnone size-medium wp-image-11900\" src=\"https:\/\/www.geoparcoalpicarniche.org\/wp-content\/uploads\/2020\/12\/copertina_Miniere-e-minerali_web-206x300.jpg\" alt=\"\" width=\"206\" height=\"300\" srcset=\"https:\/\/www.geoparcoalpicarniche.org\/wp-content\/uploads\/2020\/12\/copertina_Miniere-e-minerali_web-206x300.jpg 206w, https:\/\/www.geoparcoalpicarniche.org\/wp-content\/uploads\/2020\/12\/copertina_Miniere-e-minerali_web-702x1024.jpg 702w, https:\/\/www.geoparcoalpicarniche.org\/wp-content\/uploads\/2020\/12\/copertina_Miniere-e-minerali_web-768x1121.jpg 768w, https:\/\/www.geoparcoalpicarniche.org\/wp-content\/uploads\/2020\/12\/copertina_Miniere-e-minerali_web.jpg 879w\" sizes=\"auto, (max-width: 206px) 100vw, 206px\" \/><\/a><\/p>\n<\/div>\n<\/div><\/div><\/div><\/div><div id=\"pgc-w68dcc49fef0ec-4-1\"  class=\"panel-grid-cell\" ><div id=\"panel-w68dcc49fef0ec-4-1-0\" class=\"so-panel widget widget_sow-editor panel-first-child panel-last-child\" data-index=\"9\" ><div\n\t\t\t\n\t\t\tclass=\"so-widget-sow-editor so-widget-sow-editor-base\"\n\t\t\t\n\t\t>\n<div class=\"siteorigin-widget-tinymce textwidget\">\n\t<p class=\"testo12\"><strong>COLLANA QUADERNI DEL MUSEO GEOLOGICO DELLA CARNIA<\/strong><\/p>\n<h5>Miniere e minerali in Carnia<\/h5>\n<p class=\"testo12\">Ed. Comunit\u00e0 Montana della Carnia, Tolmezzo, ristampa 2015, 32 p.<\/p>\n<p class=\"testo12\">La tradizione orale vuole che le miniere del Rio Fuina, presso Pesariis, siano state sfruttate per l\u2019estrazione dell\u2019oro gi\u00e0 in tempi antichi. I minatori non rispettando le feste comandate fecero adirare Dio che cancell\u00f2 ogni traccia della miniera facendo franare le gallerie. Questa \u00e8 solo una delle tante leggende che diffusero soprattutto le maestranze \u201ctedesche\u201d chiamate a lavorare in diverse miniere della Carnia, ma che stanno ad evidenziare come l\u2019attivit\u00e0 estrattiva in passato fosse diffusa. A questo si aggiunge il fatto che il presunto oro altro non era che solfuro di ferro.<\/p>\n<p class=\"testo12\">Lo sfruttamento delle materie prime nella montagna friulana ha una storia molto lunga: molti indizi indicano che sin dalla preistoria i minerali sono stati oggetto di sfruttamento, con maggiore probabilit\u00e0 ci\u00f2 \u00e8 avvenuto al tempo dei romani ma sicuramente le attivit\u00e0 estrattive si sono intensificate nel medioevo, come testimoniano resti di miniere scavate a fuoco nell\u2019area di Pramosio risalenti a questo periodo.<br \/>\nImportante \u00e8 stato, in passato, lo sfruttamento minerario che ha interessato l'area del Monte Avanza che forniva rame e argento, e le aree di Comeglians, Timau e Pramosio. Dai livelli triassici di Cludinico di Ovaro veniva cavato, sino alla met\u00e0 del secolo scorso, carbone<\/p>\n<p class=\"testo12\">Attualmente l\u2019attivit\u00e0 estrattiva \u00e8 abbandonata poich\u00e9 non pi\u00f9 redditizia o perch\u00e9 le miniere sono esaurite, ma le rocce affioranti in Carnia sono per\u00f2 ancora oggetto di sfruttamento economico: alcune sono utilizzate come pietre ornamentali, in particolare i calcari devoniani dell'area di Timau, Pramosio e Forni Avoltri ed i calcari rossi ad ammoniti del Monte Verzegnis che risalgono al Giurassico. A scopo industriale vengono sfruttati anche i gessi affioranti presso Comeglians.<\/p>\n<p class=\"testo12\">Al di l\u00e0 del loro possibile sfruttamento, i minerali per\u00f2 hanno sempre affascinato per le loro forme cristalline e i loro colori. Particolarmente interessanti sono i depositi chimici e i minerali di grotta: in alcune grotte sono stati ritrovati cristalli di calcite di dimensioni anche superiori ai 20 cm di lunghezza.<\/p>\n<p class=\"testo12\">Questo quaderno, dedicato ai minerali e alle miniere in Carnia, descrive nella sua prima parte il legame esistente tra evoluzione geologica del territorio e presenza di minerali per poi passare alla storia della coltivazione di minerali in Carnia e una descrizione geografica di quelli che sono stai i giacimenti importanti dal punto di vista storico.<\/p>\n<p class=\"testo12\"><a href=\"https:\/\/www.geoparcoalpicarniche.org\/wp-content\/uploads\/2018\/05\/miniere_minerali.pdf\" target=\"blank\" rel=\"noopener noreferrer\">Download PDF (5MB)<\/a><\/p>\n<\/div>\n<\/div><\/div><\/div><\/div><div id=\"pg-w68dcc49fef0ec-5\"  class=\"panel-grid panel-no-style\" ><div id=\"pgc-w68dcc49fef0ec-5-0\"  class=\"panel-grid-cell\" ><div id=\"panel-w68dcc49fef0ec-5-0-0\" class=\"so-panel widget widget_sow-editor panel-first-child panel-last-child\" data-index=\"10\" ><div class=\"compensa-margin-grid-cell panel-widget-style panel-widget-style-for-w68dcc49fef0ec-5-0-0\" ><div\n\t\t\t\n\t\t\tclass=\"so-widget-sow-editor so-widget-sow-editor-base\"\n\t\t\t\n\t\t>\n<div class=\"siteorigin-widget-tinymce textwidget\">\n\t<p><a href=\"https:\/\/www.geoparcoalpicarniche.org\/wp-content\/uploads\/2020\/12\/copertina_laghetti_web_bassa.jpg\"><img loading=\"lazy\" decoding=\"async\" src=\"https:\/\/www.geoparcoalpicarniche.org\/wp-content\/uploads\/2020\/12\/copertina_laghetti_web_bassa-211x300.jpg\" alt=\"\" width=\"211\" height=\"300\" class=\"alignnone size-medium wp-image-11941\" srcset=\"https:\/\/www.geoparcoalpicarniche.org\/wp-content\/uploads\/2020\/12\/copertina_laghetti_web_bassa-211x300.jpg 211w, https:\/\/www.geoparcoalpicarniche.org\/wp-content\/uploads\/2020\/12\/copertina_laghetti_web_bassa.jpg 694w\" sizes=\"auto, (max-width: 211px) 100vw, 211px\" \/><\/a><\/p>\n<\/div>\n<\/div><\/div><\/div><\/div><div id=\"pgc-w68dcc49fef0ec-5-1\"  class=\"panel-grid-cell\" ><div id=\"panel-w68dcc49fef0ec-5-1-0\" class=\"so-panel widget widget_sow-editor panel-first-child panel-last-child\" data-index=\"11\" ><div\n\t\t\t\n\t\t\tclass=\"so-widget-sow-editor so-widget-sow-editor-base\"\n\t\t\t\n\t\t>\n<div class=\"siteorigin-widget-tinymce textwidget\">\n\t<p class=\"testo12\"><strong>COLLANA QUADERNI DEL MUSEO GEOLOGICO DELLA CARNIA<\/strong><\/p>\n<h5>Laghetti alpini della montagna friulana<\/h5>\n<p class=\"testo12\">Ed. Comunit\u00e0 Montana della Carnia, Tolmezzo, 2012, 32 p.<\/p>\n<p class=\"testo12\">Parlando di laghetti alpini il pi\u00f9 delle volte la prima immagine che balza alla mente sono le loro limpide acque cristalline, custodite tra incantevoli rilievi o protette da suggestive pareti verticali, circondate da boschi di conifere o prati di genziane. Ma dal punto di vista geologico, i laghetti alpini che costellano le montagne della Carnia, costituiscono oggi gli ultimi, labili testimoni di un importante evento che ha caratterizzato l\u2019evoluzione geologica pi\u00f9 recente del nostro territorio: l\u2019ultima glaciazione quaternaria.<\/p>\n<p class=\"testo12\">Agli occhi degli esperti, lungo alcune vallate, sono inoltre ancora visibili gli indizi lasciati anche da antichi bacini oramai scomparsi, i paleolaghi, spesso frutto di piccole frane favorite dal ritiro dei ghiacci che hanno formano uno sbarramento naturale bloccando temporaneamente il flusso delle acque e generando, a monte, laghi pi\u00f9 o meno estesi. Questi paleolaghi sono sopravvissuti per alcune centinaia se non migliaia di anni sino a quando lo sbarramento della frana non \u00e8 stato superato o eroso: i casi pi\u00f9 classici sono quelli della media valle del But (fra Arta e Sutrio) e della conca di Paularo.<\/p>\n<p class=\"testo12\">Questi elementi del territorio costituiscono spesso geositi di grande interesse e di rilevante valore naturalistico. I bacini lacustri d\u2019alta quota sono infatti vere e proprie \u201coasi di biodiversit\u00e0\u201d: ospitano una vegetazione caratteristica e bench\u00e9 possano apparire talvolta privi di vita, celano in realt\u00e0 una importante fauna ad invertebrati, svolgendo anche un ruolo fondamentale per molti vertebrati.<\/p>\n<p class=\"testo12\">Questo quaderno \u00e8 dedicato ai laghetti alpini, come nascono e si evolvono fino poi a scomparire e ai problemi legati alla loro conservazione, spesso minacciata dall\u2019azione antropica.<\/p>\n<p class=\"testo12\"><a href=\"https:\/\/www.geoparcoalpicarniche.org\/wp-content\/uploads\/2018\/05\/laghetti_alpini.pdf\" target=\"blank\" rel=\"noopener noreferrer\">Download PDF (5MB)<\/a><\/p>\n<\/div>\n<\/div><\/div><\/div><\/div><div id=\"pg-w68dcc49fef0ec-6\"  class=\"panel-grid panel-no-style\" ><div id=\"pgc-w68dcc49fef0ec-6-0\"  class=\"panel-grid-cell\" ><div id=\"panel-w68dcc49fef0ec-6-0-0\" class=\"so-panel widget widget_sow-editor panel-first-child panel-last-child\" data-index=\"12\" ><div class=\"compensa-margin-grid-cell panel-widget-style panel-widget-style-for-w68dcc49fef0ec-6-0-0\" ><div\n\t\t\t\n\t\t\tclass=\"so-widget-sow-editor so-widget-sow-editor-base\"\n\t\t\t\n\t\t>\n<div class=\"siteorigin-widget-tinymce textwidget\">\n\t<p><a href=\"https:\/\/www.geoparcoalpicarniche.org\/wp-content\/uploads\/2020\/12\/copertina_Grotte_web.jpg\"><img loading=\"lazy\" decoding=\"async\" src=\"https:\/\/www.geoparcoalpicarniche.org\/wp-content\/uploads\/2020\/12\/copertina_Grotte_web-207x300.jpg\" alt=\"\" width=\"207\" height=\"300\" class=\"alignnone size-medium wp-image-11926\" srcset=\"https:\/\/www.geoparcoalpicarniche.org\/wp-content\/uploads\/2020\/12\/copertina_Grotte_web-207x300.jpg 207w, https:\/\/www.geoparcoalpicarniche.org\/wp-content\/uploads\/2020\/12\/copertina_Grotte_web-706x1024.jpg 706w, https:\/\/www.geoparcoalpicarniche.org\/wp-content\/uploads\/2020\/12\/copertina_Grotte_web-768x1114.jpg 768w, https:\/\/www.geoparcoalpicarniche.org\/wp-content\/uploads\/2020\/12\/copertina_Grotte_web.jpg 879w\" sizes=\"auto, (max-width: 207px) 100vw, 207px\" \/><\/a><\/p>\n<\/div>\n<\/div><\/div><\/div><\/div><div id=\"pgc-w68dcc49fef0ec-6-1\"  class=\"panel-grid-cell\" ><div id=\"panel-w68dcc49fef0ec-6-1-0\" class=\"so-panel widget widget_sow-editor panel-first-child panel-last-child\" data-index=\"13\" ><div\n\t\t\t\n\t\t\tclass=\"so-widget-sow-editor so-widget-sow-editor-base\"\n\t\t\t\n\t\t>\n<div class=\"siteorigin-widget-tinymce textwidget\">\n\t<p class=\"testo12\"><strong>COLLANA QUADERNI DEL MUSEO GEOLOGICO DELLA CARNIA<\/strong><\/p>\n<h5>Le grotte della Carnia<\/h5>\n<p class=\"testo12\">Ed. Comunit\u00e0 Montana della Carnia, Tolmezzo, edito 2008, ristampa 2015, 32 p.<\/p>\n<p class=\"testo12\">Passeggiando nelle montagne della Carnia \u00e8 facile imbattersi in massi corrosi e superfici con scannellature e solchi: si tratta delle manifestazioni superficiali del fenomeno carsico, risultato dell\u2019azione corrosiva dell\u2019acqua su rocce soprattutto di natura carbonatica. Rocce di questa natura sono ampiamente diffuse nelle cuore delle Alpi Carniche, soprattutto nella fascia al confine con l\u2019Austria dove costituiscono, ad esempio, i grandi massicci del Monte Coglians, del Pizzo di Timau o dello Zermula. Il pi\u00f9 delle volte si tratta di depositi calcarei di origine organogena, testimonianza di antichi corpi di scogliera.<\/p>\n<p class=\"testo12\">A queste forme superficiali si aggiungono le grotte, forme carsiche profonde meno conosciute ma pi\u00f9 diffuse di quanto si creda, se solo si pensa che in Friuli Venezia Giulia sono oggi note pi\u00f9 di 6.000 grotte, delle quali circa 300 si trovano in Carnia. Un insieme complesso di reticoli carsici percorrono poi diversi massicci creando percorsi nascosti e incredibili attraverso i quali le acque assorbite su un versante tornano alla luce talvolta addirittura sul versante opposto.<\/p>\n<p class=\"testo12\">Oltre agli aspetti geomorfologici, gli ambienti ipogei offrono ospitalit\u00e0 anche a molti animali: alcuni di passaggio, alcuni che vi si rifugiano saltuariamente per svernare o estivare altri che hanno fatto delle grotte la loro dimora fissa. Gli studi sulla fauna cavernicola delle Alpi Carniche, anche se ancora molto limitati e lacunosi, hanno permesso anche la scoperta di specie nuove per la scienza, come per esempio due coleotteri troglobi con spiccati adattamenti alla vita ipogea.<\/p>\n<p class=\"testo12\">La Carnia, meta delle esplorazioni dei grandi nomi dell\u2019alpinismo e della speleologia friulana fin dalla met\u00e0 dell\u2019800, rappresenta per la speleologia un territorio da indagare, in cui la ricerca scientifica non \u00e8 ancora stata svolta sistematicamente. Molto c\u2019\u00e8 ancora da scoprire! Questo quaderno si propone di far conoscere la complessa realt\u00e0 delle grotte della Carnia illustrando anche gli aspetti salienti del fenomeno carsico e come questo si \u00e8 sviluppato sul territorio, quali siano le aree pi\u00f9 interessanti e quali gli aspetti pi\u00f9 significativi dal punto di vista scientifico.<\/p>\n<p class=\"testo12\"><a href=\"https:\/\/www.geoparcoalpicarniche.org\/wp-content\/uploads\/2018\/05\/grotte_carnia.pdf\" target=\"blank\" rel=\"noopener noreferrer\">Download PDF (7MB)<\/a><\/p>\n<\/div>\n<\/div><\/div><\/div><\/div><div id=\"pg-w68dcc49fef0ec-7\"  class=\"panel-grid panel-no-style\" ><div id=\"pgc-w68dcc49fef0ec-7-0\"  class=\"panel-grid-cell\" ><div id=\"panel-w68dcc49fef0ec-7-0-0\" class=\"so-panel widget widget_sow-editor panel-first-child panel-last-child\" data-index=\"14\" ><div class=\"compensa-margin-grid-cell panel-widget-style panel-widget-style-for-w68dcc49fef0ec-7-0-0\" ><div\n\t\t\t\n\t\t\tclass=\"so-widget-sow-editor so-widget-sow-editor-base\"\n\t\t\t\n\t\t>\n<div class=\"siteorigin-widget-tinymce textwidget\">\n\t<p><a href=\"https:\/\/www.geoparcoalpicarniche.org\/wp-content\/uploads\/2020\/12\/copertine_foreste_web_bassa.jpg\"><img loading=\"lazy\" decoding=\"async\" src=\"https:\/\/www.geoparcoalpicarniche.org\/wp-content\/uploads\/2020\/12\/copertine_foreste_web_bassa-208x300.jpg\" alt=\"\" width=\"208\" height=\"300\" class=\"alignnone size-medium wp-image-11946\" srcset=\"https:\/\/www.geoparcoalpicarniche.org\/wp-content\/uploads\/2020\/12\/copertine_foreste_web_bassa-208x300.jpg 208w, https:\/\/www.geoparcoalpicarniche.org\/wp-content\/uploads\/2020\/12\/copertine_foreste_web_bassa.jpg 683w\" sizes=\"auto, (max-width: 208px) 100vw, 208px\" \/><\/a><\/p>\n<\/div>\n<\/div><\/div><\/div><\/div><div id=\"pgc-w68dcc49fef0ec-7-1\"  class=\"panel-grid-cell\" ><div id=\"panel-w68dcc49fef0ec-7-1-0\" class=\"so-panel widget widget_sow-editor panel-first-child panel-last-child\" data-index=\"15\" ><div\n\t\t\t\n\t\t\tclass=\"so-widget-sow-editor so-widget-sow-editor-base\"\n\t\t\t\n\t\t>\n<div class=\"siteorigin-widget-tinymce textwidget\">\n\t<p class=\"testo12\"><strong>COLLANA QUADERNI DEL MUSEO GEOLOGICO DELLA CARNIA<\/strong><\/p>\n<h5>Le foreste del Carbonifero<\/h5>\n<p class=\"testo12\">Ed. Comunit\u00e0 Montana della Carnia, Tolmezzo, edito 2012, 32 p.<\/p>\n<p class=\"testo12\">Durante il Carbonifero medio (circa 320 milioni di anni fa) l\u2019attuale settore alpino friulano venne interessato dall\u2019orogenesi ercinica che porto alla formazione di una catena montuosa, la Catena Paleo Carnica.<br \/>\nLa presenza di imponenti apparati deltizi, dovuti allo smantellamento della Catena Paleo Carnica, e un clima caldo-umido subtropicale crearono le condizioni per lo sviluppo di estese foreste concentrate nelle zone acquitrinose delle piane deltizie e sulle pendici dei rilievi che fiancheggiavano le depressioni vallive.<\/p>\n<p class=\"testo12\">La vegetazione delle foreste carbonifere era molto diversa dalle flore attuali: le conifere e le piante con fiori non esistevano ancora mentre erano diffusi i progenitori degli attuali licopodi, equiseti e felci che allora si sviluppavano per\u00f2 per decine di metri in altezza.<\/p>\n<p class=\"testo12\">Le flore carbonifere hanno lasciato sul territorio significative testimonianze fossili che arricchiscono le collezioni di numerosi musei in tutto il mondo e sono raccontate in questo quaderno. &nbsp;<\/p>\n<p class=\"testo12\"><a href=\"https:\/\/www.geoparcoalpicarniche.org\/wp-content\/uploads\/2018\/05\/foreste_carbonifero.pdf\" target=\"blank\" rel=\"noopener noreferrer\">Download PDF (9MB)<\/a><\/p>\n<\/div>\n<\/div><\/div><\/div><\/div><div id=\"pg-w68dcc49fef0ec-8\"  class=\"panel-grid panel-no-style\" ><div id=\"pgc-w68dcc49fef0ec-8-0\"  class=\"panel-grid-cell\" ><div id=\"panel-w68dcc49fef0ec-8-0-0\" class=\"so-panel widget widget_sow-editor panel-first-child panel-last-child\" data-index=\"16\" ><div class=\"compensa-margin-grid-cell panel-widget-style panel-widget-style-for-w68dcc49fef0ec-8-0-0\" ><div\n\t\t\t\n\t\t\tclass=\"so-widget-sow-editor so-widget-sow-editor-base\"\n\t\t\t\n\t\t>\n<div class=\"siteorigin-widget-tinymce textwidget\">\n\t<p><a href=\"https:\/\/www.geoparcoalpicarniche.org\/wp-content\/uploads\/2020\/12\/copertina_Ammoniti_web.jpg\"><img loading=\"lazy\" decoding=\"async\" src=\"https:\/\/www.geoparcoalpicarniche.org\/wp-content\/uploads\/2020\/12\/copertina_Ammoniti_web-207x300.jpg\" alt=\"\" width=\"207\" height=\"300\" class=\"alignnone size-medium wp-image-11933\" srcset=\"https:\/\/www.geoparcoalpicarniche.org\/wp-content\/uploads\/2020\/12\/copertina_Ammoniti_web-207x300.jpg 207w, https:\/\/www.geoparcoalpicarniche.org\/wp-content\/uploads\/2020\/12\/copertina_Ammoniti_web-708x1024.jpg 708w, https:\/\/www.geoparcoalpicarniche.org\/wp-content\/uploads\/2020\/12\/copertina_Ammoniti_web-768x1111.jpg 768w, https:\/\/www.geoparcoalpicarniche.org\/wp-content\/uploads\/2020\/12\/copertina_Ammoniti_web.jpg 883w\" sizes=\"auto, (max-width: 207px) 100vw, 207px\" \/><\/a><\/p>\n<\/div>\n<\/div><\/div><\/div><\/div><div id=\"pgc-w68dcc49fef0ec-8-1\"  class=\"panel-grid-cell\" ><div id=\"panel-w68dcc49fef0ec-8-1-0\" class=\"so-panel widget widget_sow-editor panel-first-child panel-last-child\" data-index=\"17\" ><div\n\t\t\t\n\t\t\tclass=\"so-widget-sow-editor so-widget-sow-editor-base\"\n\t\t\t\n\t\t>\n<div class=\"siteorigin-widget-tinymce textwidget\">\n\t<p class=\"testo12\"><strong>COLLANA QUADERNI DEL MUSEO GEOLOGICO DELLA CARNIA<\/strong><\/p>\n<h5>Ammoniti nei mari del Mesozoico<\/h5>\n<p>Ed. Comunit\u00e0 Montana della Carnia, Tolmezzo, ristampa 2015, 17 p.<\/p>\n<p class=\"testo12\">Il volume \u00e8 tutto dedicato agli Ammonoidi, molluschi cefalopodi (imparentati con le attuali seppie e calamari) che hanno padroneggiato nei mari del Mesozoico per estinguersi alla fine del Cretacico, durante la stessa estinzione che port\u00f2 anche alla scomparsa dei dinosauri.<\/p>\n<p class=\"testo12\">Il fascino di questi organismi sta sicuramente nel loro elevato valore estetico, nella perfezione quasi matematica della forma a spirale delle conchiglie, nella complessit\u00e0 delle loro linee di sutura, ma anche nella utilit\u00e0 che hanno per i geologi: grazie alla rapidit\u00e0 della loro evoluzione e diffusione le ammoniti sono ottimi fossili guida, preziosi quindi per la datazione relativa dei corpi rocciosi. &nbsp;<\/p>\n<p class=\"testo12\"><a href=\"https:\/\/www.geoparcoalpicarniche.org\/wp-content\/uploads\/2020\/12\/AMMONITI.pdf\">Download PDF<\/a> (4MB)<\/p>\n<\/div>\n<\/div><\/div><\/div><\/div><div id=\"pg-w68dcc49fef0ec-9\"  class=\"panel-grid panel-no-style\" ><div id=\"pgc-w68dcc49fef0ec-9-0\"  class=\"panel-grid-cell\" ><div id=\"panel-w68dcc49fef0ec-9-0-0\" class=\"so-panel widget widget_sow-editor panel-first-child panel-last-child\" data-index=\"18\" ><div class=\"compensa-margin-grid-cell panel-widget-style panel-widget-style-for-w68dcc49fef0ec-9-0-0\" ><div\n\t\t\t\n\t\t\tclass=\"so-widget-sow-editor so-widget-sow-editor-base\"\n\t\t\t\n\t\t>\n<div class=\"siteorigin-widget-tinymce textwidget\">\n\t<p><a href=\"https:\/\/www.geoparcoalpicarniche.org\/wp-content\/uploads\/2020\/12\/Copertina_Lanza_web-1.jpg\"><img loading=\"lazy\" decoding=\"async\" src=\"https:\/\/www.geoparcoalpicarniche.org\/wp-content\/uploads\/2020\/12\/Copertina_Lanza_web-1-213x300.jpg\" alt=\"\" width=\"213\" height=\"300\" class=\"alignnone size-medium wp-image-11918\" srcset=\"https:\/\/www.geoparcoalpicarniche.org\/wp-content\/uploads\/2020\/12\/Copertina_Lanza_web-1-213x300.jpg 213w, https:\/\/www.geoparcoalpicarniche.org\/wp-content\/uploads\/2020\/12\/Copertina_Lanza_web-1-727x1024.jpg 727w, https:\/\/www.geoparcoalpicarniche.org\/wp-content\/uploads\/2020\/12\/Copertina_Lanza_web-1-768x1082.jpg 768w, https:\/\/www.geoparcoalpicarniche.org\/wp-content\/uploads\/2020\/12\/Copertina_Lanza_web-1.jpg 909w\" sizes=\"auto, (max-width: 213px) 100vw, 213px\" \/><\/a><\/p>\n<\/div>\n<\/div><\/div><\/div><\/div><div id=\"pgc-w68dcc49fef0ec-9-1\"  class=\"panel-grid-cell\" ><div id=\"panel-w68dcc49fef0ec-9-1-0\" class=\"so-panel widget widget_sow-editor panel-first-child panel-last-child\" data-index=\"19\" ><div\n\t\t\t\n\t\t\tclass=\"so-widget-sow-editor so-widget-sow-editor-base\"\n\t\t\t\n\t\t>\n<div class=\"siteorigin-widget-tinymce textwidget\">\n\t<p class=\"testo12\"><strong>COLLANA LE GUIDE DEL GEOPARCO<\/strong><\/p>\n<h5>Cason di Lanza, leggere il passato nelle rocce<\/h5>\n<p class=\"testo12\">Ed. UTI della Carnia, Tolmezzo, ristampa 2018, 48 p.<\/p>\n<p class=\"testo12\">Uno dei tanti aspetti che rendono le Alpi Carniche un unicum a livello Europeo \u00e8 che contengono rocce sedimentarie e fossilifere tra le pi\u00f9 antiche di tutta la penisola italiana e dell\u2019arco alpino e presentano evidenza delle forti deformazioni subite dalla crosta terrestre durante l\u2019orogenesi ercinica, avvenuta circa 320 milioni di anni fa (Carbonifero sup.), e quella alpina ancora in atto.<\/p>\n<p class=\"testo12\">Situata nel cuore di queste Alpi, la zona di Lanza offre ai geologi un eccezionale campionario di rocce, di et\u00e0 compresa tra l\u2019Ordoviciano e il Permiano, che hanno minuziosamente registrato il variare delle condizioni paleogeografiche e ambientali e l\u2019evoluzione di forme di vita qui avvenuti in un lasso di tempo di ben 200 milioni di anni. Di questi incredibili cambiamenti tratta il quaderno dedicato a Cason di Lanza che si chiude con un breve accenno agli aspetti naturalistici e alle pi\u00f9 suggestive leggende legate a questi luoghi.<\/p>\n<p class=\"testo12\">Studiata gi\u00e0 a partire dalla met\u00e0 dell\u2019800, particolarmente cara anche al geologo carnico Michel Gortani, negli ultimi 10 anni l\u2019area di Lanza \u00e8 diventata il centro di nuove ricerche con lo scopo di migliorare ed aggiornare le conoscenze geologiche e paleontologiche di questo tratto delle Alpi Carniche; protagonisti di questi studi sono il Museo Friulano di Storia Naturale di Udine, le Universit\u00e0 di Cagliari, Bologna, Modena, Reggio Emilia, Chieti e Pescara, a cui si sono aggiunti i geologi austriaci dell\u2019Universit\u00e0 di Graz e del Geoparco delle Alpi Carniche di Dellach.<\/p>\n<p class=\"testo12\"><a href=\"https:\/\/www.geoparcoalpicarniche.org\/wp-content\/uploads\/2020\/12\/Quaderno-Lanza.pdf\">Download PDF (2 MB)<\/a><\/p>\n<\/div>\n<\/div><\/div><\/div><\/div><div id=\"pg-w68dcc49fef0ec-10\"  class=\"panel-grid panel-no-style\" ><div id=\"pgc-w68dcc49fef0ec-10-0\"  class=\"panel-grid-cell\" ><div id=\"panel-w68dcc49fef0ec-10-0-0\" class=\"so-panel widget widget_sow-editor panel-first-child panel-last-child\" data-index=\"20\" ><div class=\"compensa-margin-grid-cell panel-widget-style panel-widget-style-for-w68dcc49fef0ec-10-0-0\" ><div\n\t\t\t\n\t\t\tclass=\"so-widget-sow-editor so-widget-sow-editor-base\"\n\t\t\t\n\t\t>\n<div class=\"siteorigin-widget-tinymce textwidget\">\n\t<p><a href=\"https:\/\/www.geoparcoalpicarniche.org\/wp-content\/uploads\/2020\/12\/Copertina_Volaia_web.jpg\"><img loading=\"lazy\" decoding=\"async\" src=\"https:\/\/www.geoparcoalpicarniche.org\/wp-content\/uploads\/2020\/12\/Copertina_Volaia_web-215x300.jpg\" alt=\"\" width=\"215\" height=\"300\" class=\"alignnone size-medium wp-image-11987\" srcset=\"https:\/\/www.geoparcoalpicarniche.org\/wp-content\/uploads\/2020\/12\/Copertina_Volaia_web-215x300.jpg 215w, https:\/\/www.geoparcoalpicarniche.org\/wp-content\/uploads\/2020\/12\/Copertina_Volaia_web-733x1024.jpg 733w, https:\/\/www.geoparcoalpicarniche.org\/wp-content\/uploads\/2020\/12\/Copertina_Volaia_web-768x1073.jpg 768w, https:\/\/www.geoparcoalpicarniche.org\/wp-content\/uploads\/2020\/12\/Copertina_Volaia_web.jpg 907w\" sizes=\"auto, (max-width: 215px) 100vw, 215px\" \/><\/a><\/p>\n<\/div>\n<\/div><\/div><\/div><\/div><div id=\"pgc-w68dcc49fef0ec-10-1\"  class=\"panel-grid-cell\" ><div id=\"panel-w68dcc49fef0ec-10-1-0\" class=\"so-panel widget widget_sow-editor panel-first-child panel-last-child\" data-index=\"21\" ><div\n\t\t\t\n\t\t\tclass=\"so-widget-sow-editor so-widget-sow-editor-base\"\n\t\t\t\n\t\t>\n<div class=\"siteorigin-widget-tinymce textwidget\">\n\t<p class=\"testo12\"><strong>COLLANA LE GUIDE DEL GEOPARCO<\/strong><\/p>\n<h5>Passo Volaia, leggere il passato nelle rocce<\/h5>\n<p class=\"testo12\">Ed. UTI della Carnia, Tolmezzo, ristampa 2018, 48 p.<\/p>\n<p>Nelle Alpi Carniche affiora una delle successioni sedimentarie pi\u00f9 estese e continue d\u2019Europa che comprende rocce depositatesi tra l\u2019Ordoviciano Superiore e il Triassico. Nell\u2019area del Passo Volaia affiorano rocce di et\u00e0 compresa tra l\u2019Ordoviciano Superiore e il Carbonifero, ma sono le rocce del Devoniano (da 420 a 360 milioni di anni fa) quelle di gran lunga pi\u00f9 abbondanti e differenziate.<\/p>\n<p>Nell\u2019area sono presenti rocce depositatesi sia in ambienti di acqua bassa, sia in mari pi\u00f9 profondi; le varie fasi orogenetiche hanno avvicinato e a volte sovrapposto queste pile di depositi, rendendo possibile osservarli a brevissima distanza tra loro. In prima approssimazione nell\u2019area a nord della Val Volaia e del lago affiorano rocce legate alla presenza di depositi pi\u00f9 profondi, mentre quelle legate ad ambienti di acqua bassa (dove crescevano rigogliose scogliere coralline) costituiscono i rilievi del massiccio del Monte Cogli\u00e0ns e dei Monti di Volaia.<\/p>\n<p>L\u2019area \u00e8 particolarmente importante anche dal punto di vista paleontologico. Questi antichi ambienti marini sono testimoniati oggi anche da una ricca documentazione fossile costituita da organismi di scogliera come coralli, gigli di mare, conchiglie di gasteropodi, bivalvi che di mare aperto come trilobiti, cefalopodi e conodonti.<\/p>\n<p>Un geotrail transfrontaliero permette di conoscere da vicino quest\u2019area che rappresenta un unicum in Europa per le sue caratteristiche geo-paleontologiche di (vedi sezione geotrail - <a href=\"https:\/\/www.geoparcoalpicarniche.org\/it\/geotrails\/passo-volaia-wolayersee\/\">Passo Volaia-Wolayersee<\/a>). &nbsp;<\/p>\n<p><a href=\"https:\/\/www.geoparcoalpicarniche.org\/wp-content\/uploads\/2020\/12\/copertina_guidegeoparco_volaia-LR.pdf\">Download copertina PDF (300 KB)<\/a> &nbsp; <a href=\"https:\/\/www.geoparcoalpicarniche.org\/wp-content\/uploads\/2020\/12\/quaderno_volaja_LR.pdf\">Download PDF (1,5 MB)<\/a><\/p>\n<\/div>\n<\/div><\/div><\/div><\/div><div id=\"pg-w68dcc49fef0ec-11\"  class=\"panel-grid panel-no-style\" ><div id=\"pgc-w68dcc49fef0ec-11-0\"  class=\"panel-grid-cell\" ><div id=\"panel-w68dcc49fef0ec-11-0-0\" class=\"so-panel widget widget_sow-editor panel-first-child panel-last-child\" data-index=\"22\" ><div class=\"compensa-margin-grid-cell panel-widget-style panel-widget-style-for-w68dcc49fef0ec-11-0-0\" ><div\n\t\t\t\n\t\t\tclass=\"so-widget-sow-editor so-widget-sow-editor-base\"\n\t\t\t\n\t\t>\n<div class=\"siteorigin-widget-tinymce textwidget\">\n\t<p><a href=\"https:\/\/www.geoparcoalpicarniche.org\/wp-content\/uploads\/2020\/12\/Copertina_Rivoli-Bianchi_web-1.jpg\"><img loading=\"lazy\" decoding=\"async\" src=\"https:\/\/www.geoparcoalpicarniche.org\/wp-content\/uploads\/2020\/12\/Copertina_Rivoli-Bianchi_web-1-210x300.jpg\" alt=\"\" width=\"210\" height=\"300\" class=\"alignnone size-medium wp-image-12030\" srcset=\"https:\/\/www.geoparcoalpicarniche.org\/wp-content\/uploads\/2020\/12\/Copertina_Rivoli-Bianchi_web-1-210x300.jpg 210w, https:\/\/www.geoparcoalpicarniche.org\/wp-content\/uploads\/2020\/12\/Copertina_Rivoli-Bianchi_web-1-716x1024.jpg 716w, https:\/\/www.geoparcoalpicarniche.org\/wp-content\/uploads\/2020\/12\/Copertina_Rivoli-Bianchi_web-1-768x1099.jpg 768w, https:\/\/www.geoparcoalpicarniche.org\/wp-content\/uploads\/2020\/12\/Copertina_Rivoli-Bianchi_web-1.jpg 887w\" sizes=\"auto, (max-width: 210px) 100vw, 210px\" \/><\/a><\/p>\n<\/div>\n<\/div><\/div><\/div><\/div><div id=\"pgc-w68dcc49fef0ec-11-1\"  class=\"panel-grid-cell\" ><div id=\"panel-w68dcc49fef0ec-11-1-0\" class=\"so-panel widget widget_sow-editor panel-first-child panel-last-child\" data-index=\"23\" ><div\n\t\t\t\n\t\t\tclass=\"so-widget-sow-editor so-widget-sow-editor-base\"\n\t\t\t\n\t\t>\n<div class=\"siteorigin-widget-tinymce textwidget\">\n\t<p class=\"testo12\"><strong>COLLANA LE GUIDE DEL GEOPARCO<\/strong><\/p>\n<h5>Il Monte Amariana e il Conoide dei Rivoli Bianchi, leggere il passato nelle rocce<\/h5>\n<p>Ed. UTI della Carnia, Tolmezzo, ristampa 2018, 48 p.<\/p>\n<p>L\u2019area compresa tra il Fiume Fella, il Torrente But e il Fiume Tagliamento \u00e8 estremamente interessante dal punto di vista geologico. Solo nell\u2019area del M.te Amariana si trovano tre geositi: il conoide di deiezione dei Rivoli Bianchi, di importanza sovranazionale, la piega del Monte Amariana e, poco pi\u00f9 distante, il deposito di contatto glaciale di Illegio.<\/p>\n<p>Il conoide dei Rivoli Bianchi \u00e8 uno dei maggiori conoidi attivi d\u2019Europa, la sua superficie \u00e8 di oltre 2 km\u00b2, con un dislivello massimo di circa 200 m. Diversi fattori ne hanno favorito la formazione: la roccia dolomitica intensamente fratturabile che caratterizza i rilievi sovrastanti; la presenza di faglie; la forte sismicit\u00e0 dell\u2019area che contribuisce alla formazione di detrito; l\u2019alta piovosit\u00e0 della zona che favorisce la mobilizzare il detrito; il dislivello che favorisce la formazione di conoidi ai piedi dei versanti. La presenza di grandi fratture verticali e l\u2019enorme piega che caratterizza il M.te Amariana, sono invece il risultato delle forti spinte che hanno portato alla formazione della Catena Alpina.<\/p>\n<p>Passeggiando lungo il conoide non \u00e8 raro imbattersi in fossili di Megalodon e gasteropodi e nelle caratteristiche stromatoliti, testimonianze sia degli ambienti marini profondi che delle lagune che occupavano quest\u2019area alla fine del Triassico (225-210 milioni di anni fa).<\/p>\n<p>L\u2019ambiente che caratterizza il conide \u00e8 particolarmente interessante anche dal punto di vista faunistico e botanico. &nbsp;E\u2019 infatti il regno delle piante pioniere che per prime si insediano in un terreno ostile e delle glareofite, particolarmente adattate a vivere sui ghiaioni. La fauna invece \u00e8 caratterizzata da specie tipiche di ambienti aperti e di bosco.<\/p>\n<p>Importanti sono stati gli interventi di regimazione che negli anni sono stati realizzati per arginare l\u2019avanzata dei detriti verso le vicine compagne e gli abitati.<\/p>\n<p>Sul conoide dei Rivoli Bianchi \u00e8 stato realizzato un itinerario geologico-naturalistico che permette di osservare, grazie anche ad alcuni pannelli illustrativi, geologia e aspetti naturalistici dell\u2019area. Il percorso \u00e8 di tipo turistico e di breve percorrenza e l\u2019itinerario \u00e8 scaricabile, in formato pdf e gpx, nella sezione geotrail del sito (<a href=\"https:\/\/www.geoparcoalpicarniche.org\/it\/geotrails\/passo-volaia-wolayersee\/\">Il conoide di deiezione dei Rivoli Bianchi<\/a>).<\/p>\n<p><a href=\"https:\/\/www.geoparcoalpicarniche.org\/wp-content\/uploads\/2020\/12\/25774-UNIONE-TERRITORIALE_CopRivoli-Bianchi_web.pdf\">Download copertina PDF (500 KB)&nbsp;&nbsp;&nbsp;&nbsp;&nbsp;&nbsp;&nbsp;<\/a><\/p>\n<p><a href=\"https:\/\/www.geoparcoalpicarniche.org\/wp-content\/uploads\/2022\/06\/25774-UNIONE-TERRITORIALE_QuadRivoli-Bianchi_web.pdf\">25774--UNIONE TERRITORIALE_QuadRivoli Bianchi_web<\/a><\/p>\n<\/div>\n<\/div><\/div><\/div><\/div><div id=\"pg-w68dcc49fef0ec-12\"  class=\"panel-grid panel-no-style\" ><div id=\"pgc-w68dcc49fef0ec-12-0\"  class=\"panel-grid-cell\" ><div id=\"panel-w68dcc49fef0ec-12-0-0\" class=\"so-panel widget widget_sow-editor panel-first-child panel-last-child\" data-index=\"24\" ><div class=\"compensa-margin-grid-cell panel-widget-style panel-widget-style-for-w68dcc49fef0ec-12-0-0\" ><div\n\t\t\t\n\t\t\tclass=\"so-widget-sow-editor so-widget-sow-editor-base\"\n\t\t\t\n\t\t>\n<div class=\"siteorigin-widget-tinymce textwidget\">\n\t<p><a href=\"https:\/\/www.geoparcoalpicarniche.org\/wp-content\/uploads\/2025\/09\/Copertina-2.jpg\"><img loading=\"lazy\" decoding=\"async\" class=\"alignnone size-medium wp-image-14309\" src=\"https:\/\/www.geoparcoalpicarniche.org\/wp-content\/uploads\/2025\/09\/Copertina-2-218x300.jpg\" alt=\"\" width=\"218\" height=\"300\" srcset=\"https:\/\/www.geoparcoalpicarniche.org\/wp-content\/uploads\/2025\/09\/Copertina-2-218x300.jpg 218w, https:\/\/www.geoparcoalpicarniche.org\/wp-content\/uploads\/2025\/09\/Copertina-2.jpg 494w\" sizes=\"auto, (max-width: 218px) 100vw, 218px\" \/><\/a><\/p>\n<\/div>\n<\/div><\/div><\/div><\/div><div id=\"pgc-w68dcc49fef0ec-12-1\"  class=\"panel-grid-cell\" ><div id=\"panel-w68dcc49fef0ec-12-1-0\" class=\"so-panel widget widget_sow-editor panel-first-child panel-last-child\" data-index=\"25\" ><div\n\t\t\t\n\t\t\tclass=\"so-widget-sow-editor so-widget-sow-editor-base\"\n\t\t\t\n\t\t>\n<div class=\"siteorigin-widget-tinymce textwidget\">\n\t<p class=\"testo12\"><strong>COLLANA LE GUIDE DEL GEOPARCO<\/strong><\/p>\n<h5><strong>MASSICCIO DEL MONTE BIVERA. Leggere il passato nelle rocce<\/strong><\/h5>\n<p>Ed. Comunit\u00e0 di montagna della Carnia, Tolmezzo, stampa 2023, 48 p.<\/p>\n<p>Il Monte Bivera, esteso tra Forni di Sotto, Forni di Sopra e Sauris, nel versante settentrionale dell\u2019Alta Val Tagliamento, \u00e8 caratterizzato da una delle successioni pi\u00f9 complete del Triassico inferiore e medio delle Alpi orientali. \u00c8 costituito principalmente da rocce sedimentarie a volte ricche di significative testimonianze fossili.<\/p>\n<p>Il fascino del massiccio \u00e8 legato anche ai cromatismi dei depositi del Triassico medio e, soprattutto, della Formazione di Werfen, datata al Triassico Inferiore. Estremamente limitati sono invece gli affioramenti di rocce di origine vulcanica.<\/p>\n<p>Uno degli elementi morfologici pi\u00f9 spettacolari dell\u2019area \u00e8 il Pian delle Streghe, un grande triangolo \u201cghiaioso\u201d chiuso tra le cime dei Monti Bivera, Clapsavon e Zauf.<\/p>\n<p><a href=\"https:\/\/www.geoparcoalpicarniche.org\/wp-content\/uploads\/2025\/09\/bivera-con-copertina-LR.pdf\">Guida_Monte Bivera.pdf<\/a><\/p>\n<p>ISBN: 78 88 96546 14 7<\/p>\n<\/div>\n<\/div><\/div><\/div><\/div><div id=\"pg-w68dcc49fef0ec-13\"  class=\"panel-grid panel-no-style\" ><div id=\"pgc-w68dcc49fef0ec-13-0\"  class=\"panel-grid-cell\" ><div id=\"panel-w68dcc49fef0ec-13-0-0\" class=\"so-panel widget widget_sow-editor panel-first-child panel-last-child\" data-index=\"26\" ><div class=\"compensa-margin-grid-cell panel-widget-style panel-widget-style-for-w68dcc49fef0ec-13-0-0\" ><div\n\t\t\t\n\t\t\tclass=\"so-widget-sow-editor so-widget-sow-editor-base\"\n\t\t\t\n\t\t>\n<div class=\"siteorigin-widget-tinymce textwidget\">\n\t<p><a href=\"https:\/\/www.geoparcoalpicarniche.org\/wp-content\/uploads\/2025\/09\/copertina-1.jpg\"><img loading=\"lazy\" decoding=\"async\" class=\"alignnone size-medium wp-image-14298\" src=\"https:\/\/www.geoparcoalpicarniche.org\/wp-content\/uploads\/2025\/09\/copertina-1-225x300.jpg\" alt=\"\" width=\"225\" height=\"300\" srcset=\"https:\/\/www.geoparcoalpicarniche.org\/wp-content\/uploads\/2025\/09\/copertina-1-225x300.jpg 225w, https:\/\/www.geoparcoalpicarniche.org\/wp-content\/uploads\/2025\/09\/copertina-1-768x1024.jpg 768w, https:\/\/www.geoparcoalpicarniche.org\/wp-content\/uploads\/2025\/09\/copertina-1.jpg 931w\" sizes=\"auto, (max-width: 225px) 100vw, 225px\" \/><\/a><\/p>\n<\/div>\n<\/div><\/div><\/div><\/div><div id=\"pgc-w68dcc49fef0ec-13-1\"  class=\"panel-grid-cell\" ><div id=\"panel-w68dcc49fef0ec-13-1-0\" class=\"so-panel widget widget_sow-editor panel-first-child panel-last-child\" data-index=\"27\" ><div\n\t\t\t\n\t\t\tclass=\"so-widget-sow-editor so-widget-sow-editor-base\"\n\t\t\t\n\t\t>\n<div class=\"siteorigin-widget-tinymce textwidget\">\n\t<p class=\"testo12\"><strong>COLLANA LE GUIDE DEL GEOPARCO<\/strong><\/p>\n<h5><strong>PRAMOSIO AVOSTANIS. Leggere il passato nelle rocce<\/strong><\/h5>\n<p>Ed. Comunit\u00e0 di montagna della Carnia, Tolmezzo, stampa 2022, 48 p. ISBN: 78 88 96546 10 9<\/p>\n<p>L\u2019area di Pramosio, situata a nord-est di Timau (Paluzza), \u00e8 caratterizzata da paesaggio montano dominato dall\u2019aspro massiccio calcareo della Creta di Timau a nord-ovest e dai pendii pi\u00f9 dolci dei monti Paularo e Dimon, costituiti da rocce silicoclastiche e vulcaniche. Queste differenze geologiche si riflettono anche sulle caratteristiche morfologiche e naturalistiche, che rendono la zona una delle pi\u00f9 diversificate e interessanti delle Alpi Carniche.<\/p>\n<p>L\u2019area ha una lunga storia di utilizzo da parte dell\u2019uomo ed \u00e8 conosciuta non solo per le attivit\u00e0 delle malghe, ma anche per avere ospitato, fin dall\u2019antichit\u00e0, cave e miniere. A nord, il Passo di Pramosio, \u00e8 stato per lunghissimo tempo una delle principali vie di transito e commercio verso l\u2019Austria.<\/p>\n<p><a href=\"https:\/\/www.geoparcoalpicarniche.org\/wp-content\/uploads\/2025\/09\/Copertina_Pramosio-Avostanis-1.pdf\">Copertina_Pramosio-Avostanis.pdf<\/a><\/p>\n<p><a href=\"https:\/\/www.geoparcoalpicarniche.org\/wp-content\/uploads\/2025\/09\/Guida_Pramosio-Avostanis.pdf\">Guida_Pramosio-Avostanis.pdf<\/a><\/p>\n<p>ISBN: 78 88 96546 10 9<\/p>\n<\/div>\n<\/div><\/div><\/div><\/div><div id=\"pg-w68dcc49fef0ec-14\"  class=\"panel-grid panel-no-style\" ><div id=\"pgc-w68dcc49fef0ec-14-0\"  class=\"panel-grid-cell\" ><div id=\"panel-w68dcc49fef0ec-14-0-0\" class=\"so-panel widget widget_sow-editor panel-first-child panel-last-child\" data-index=\"28\" ><div class=\"compensa-margin-grid-cell panel-widget-style panel-widget-style-for-w68dcc49fef0ec-14-0-0\" ><div\n\t\t\t\n\t\t\tclass=\"so-widget-sow-editor so-widget-sow-editor-base\"\n\t\t\t\n\t\t>\n<div class=\"siteorigin-widget-tinymce textwidget\">\n\t<p><a href=\"https:\/\/www.geoparcoalpicarniche.org\/wp-content\/uploads\/2025\/09\/copertina-3.jpg\"><img loading=\"lazy\" decoding=\"async\" class=\"alignnone size-medium wp-image-14317\" src=\"https:\/\/www.geoparcoalpicarniche.org\/wp-content\/uploads\/2025\/09\/copertina-3-220x300.jpg\" alt=\"\" width=\"220\" height=\"300\" srcset=\"https:\/\/www.geoparcoalpicarniche.org\/wp-content\/uploads\/2025\/09\/copertina-3-220x300.jpg 220w, https:\/\/www.geoparcoalpicarniche.org\/wp-content\/uploads\/2025\/09\/copertina-3.jpg 494w\" sizes=\"auto, (max-width: 220px) 100vw, 220px\" \/><\/a><\/p>\n<\/div>\n<\/div><\/div><\/div><\/div><div id=\"pgc-w68dcc49fef0ec-14-1\"  class=\"panel-grid-cell\" ><div id=\"panel-w68dcc49fef0ec-14-1-0\" class=\"so-panel widget widget_sow-editor panel-first-child panel-last-child\" data-index=\"29\" ><div\n\t\t\t\n\t\t\tclass=\"so-widget-sow-editor so-widget-sow-editor-base\"\n\t\t\t\n\t\t>\n<div class=\"siteorigin-widget-tinymce textwidget\">\n\t<p class=\"testo12\"><strong>COLLANA LE GUIDE DEL GEOPARCO<\/strong><\/p>\n<h5><strong>AD OVEST DEL PASSO DI MONTE CROCE CARNICO. Leggere il passato nelle rocce<\/strong><\/h5>\n<p>Ed. Comunit\u00e0 di montagna della Carnia, Tolmezzo, stampa 2024, 48 p.<\/p>\n<p>Nelle Alpi Carniche affiora una delle successioni sedimentarie paleozoiche pi\u00f9 estese e continue d\u2019Europa; essa comprende rocce depositatesi tra l\u2019Ordoviciano Medio e il Triassico (circa tra 460 e 200 milioni di anni fa), con pochissime interruzioni della sedimentazione.<\/p>\n<p>Le rocce del Paleozoico carnico sono state suddivise in tre grandi sequenze sedimentarie denominate rispettivamente \u201cSequenza Pre-Varisica\u201c, \u201cSequenza Permo-Carbonifera\u201c e \u201cSequenza Permo-Triassica\u201c.<\/p>\n<p>La prima comprende le rocce pi\u00f9 antiche delle Alpi Carniche, che si sono depositate tra l\u2019Ordoviciano Medio e l\u2019inizio del Carbonifero superiore, prima dell\u2019orogenesi Varisica (nota anche come Ercinica). Nell\u2019area compresa tra Passo di Monte Croce Carnico e la Creta di Collina affiorano rocce appartenenti alla Sequenza Pre-Varisica.<\/p>\n<p><a href=\"https:\/\/www.geoparcoalpicarniche.org\/wp-content\/uploads\/2025\/09\/Guida_ovest_Passo-di-MCroce-1.pdf\">Guida_Ovest_Passo di MCroce<\/a><\/p>\n<p>ISBN: 78 88 96546 15 4<\/p>\n<\/div>\n<\/div><\/div><\/div><\/div><div id=\"pg-w68dcc49fef0ec-15\"  class=\"panel-grid panel-no-style\" ><div id=\"pgc-w68dcc49fef0ec-15-0\"  class=\"panel-grid-cell\" ><div id=\"panel-w68dcc49fef0ec-15-0-0\" class=\"so-panel widget widget_sow-editor panel-first-child panel-last-child\" data-index=\"30\" ><div class=\"compensa-margin-grid-cell panel-widget-style panel-widget-style-for-w68dcc49fef0ec-15-0-0\" ><div\n\t\t\t\n\t\t\tclass=\"so-widget-sow-editor so-widget-sow-editor-base\"\n\t\t\t\n\t\t>\n<div class=\"siteorigin-widget-tinymce textwidget\">\n\t<p><a href=\"https:\/\/www.geoparcoalpicarniche.org\/wp-content\/uploads\/2025\/10\/Copertina_Lauco_altipiano.jpg\"><img loading=\"lazy\" decoding=\"async\" class=\"alignnone size-medium wp-image-14367\" src=\"https:\/\/www.geoparcoalpicarniche.org\/wp-content\/uploads\/2025\/10\/Copertina_Lauco_altipiano-221x300.jpg\" alt=\"\" width=\"221\" height=\"300\" srcset=\"https:\/\/www.geoparcoalpicarniche.org\/wp-content\/uploads\/2025\/10\/Copertina_Lauco_altipiano-221x300.jpg 221w, https:\/\/www.geoparcoalpicarniche.org\/wp-content\/uploads\/2025\/10\/Copertina_Lauco_altipiano.jpg 597w\" sizes=\"auto, (max-width: 221px) 100vw, 221px\" \/><\/a><\/p>\n<\/div>\n<\/div><\/div><\/div><\/div><div id=\"pgc-w68dcc49fef0ec-15-1\"  class=\"panel-grid-cell\" ><div id=\"panel-w68dcc49fef0ec-15-1-0\" class=\"so-panel widget widget_sow-editor panel-first-child panel-last-child\" data-index=\"31\" ><div\n\t\t\t\n\t\t\tclass=\"so-widget-sow-editor so-widget-sow-editor-base\"\n\t\t\t\n\t\t>\n<div class=\"siteorigin-widget-tinymce textwidget\">\n\t<p class=\"testo12\"><strong>COLLANA LE GUIDE DEL GEOPARCO<\/strong><\/p>\n<h5><strong>ALTOPIANO DI LAUCO E FORRA DEL VINADIA. Leggere il passato nelle rocce<\/strong><\/h5>\n<p>Ed. Comunit\u00e0 di montagna della Carnia, Tolmezzo, stampa 2024, 48 p.<\/p>\n<p>L\u2019altopiano di Lauco si estende alle pendici meridionali del Monte Arvenis; esso \u00e8 molto articolato, si sviluppa fra le quote 650 e 950 m sul livello del mare ed \u00e8 disposto come un terrazzo in modo tale da avere una panoramica sull\u2019alto corso del Fiume Tagliamento e sulle Prealpi Carniche.<\/p>\n<p>Gli elementi morfologici particolari ed il panorama che oggi si ammirano sono il risultato dell\u2019evoluzione geologica di quest\u2019area, che pu\u00f2 essere letta sia nelle forme del paesaggio sia, con maggior dettaglio, all\u2019interno delle rocce che lo costituiscono.<\/p>\n<p>Una parte della guida \u00e8 dedicata alla Forra del Vinadia, geosito della Regione FVG fra i pi\u00f9 begli esempi di forra dell\u2019arco alpino.<\/p>\n<p><a href=\"https:\/\/www.geoparcoalpicarniche.org\/wp-content\/uploads\/2025\/09\/lauco-lr.pdf\">Guida_Altopiano di Lauco e Forra del Vinadia<\/a><\/p>\n<p>ISBN: 78 88 96546 16 1<\/p>\n<\/div>\n<\/div><\/div><\/div><\/div><div id=\"pg-w68dcc49fef0ec-16\"  class=\"panel-grid panel-no-style\" ><div id=\"pgc-w68dcc49fef0ec-16-0\"  class=\"panel-grid-cell\" ><div id=\"panel-w68dcc49fef0ec-16-0-0\" class=\"so-panel widget widget_sow-editor panel-first-child panel-last-child\" data-index=\"32\" ><div class=\"compensa-margin-grid-cell panel-widget-style panel-widget-style-for-w68dcc49fef0ec-16-0-0\" ><div\n\t\t\t\n\t\t\tclass=\"so-widget-sow-editor so-widget-sow-editor-base\"\n\t\t\t\n\t\t>\n<div class=\"siteorigin-widget-tinymce textwidget\">\n\t<p><a href=\"https:\/\/www.geoparcoalpicarniche.org\/wp-content\/uploads\/2020\/12\/copertina-volume-TRACCE_web.jpg\"><img loading=\"lazy\" decoding=\"async\" class=\"alignnone size-medium wp-image-12039\" src=\"https:\/\/www.geoparcoalpicarniche.org\/wp-content\/uploads\/2020\/12\/copertina-volume-TRACCE_web-206x300.jpg\" alt=\"\" width=\"206\" height=\"300\" srcset=\"https:\/\/www.geoparcoalpicarniche.org\/wp-content\/uploads\/2020\/12\/copertina-volume-TRACCE_web-206x300.jpg 206w, https:\/\/www.geoparcoalpicarniche.org\/wp-content\/uploads\/2020\/12\/copertina-volume-TRACCE_web-704x1024.jpg 704w, https:\/\/www.geoparcoalpicarniche.org\/wp-content\/uploads\/2020\/12\/copertina-volume-TRACCE_web-768x1116.jpg 768w, https:\/\/www.geoparcoalpicarniche.org\/wp-content\/uploads\/2020\/12\/copertina-volume-TRACCE_web-1057x1536.jpg 1057w, https:\/\/www.geoparcoalpicarniche.org\/wp-content\/uploads\/2020\/12\/copertina-volume-TRACCE_web-1409x2048.jpg 1409w\" sizes=\"auto, (max-width: 206px) 100vw, 206px\" \/><\/a><\/p>\n<\/div>\n<\/div><\/div><\/div><\/div><div id=\"pgc-w68dcc49fef0ec-16-1\"  class=\"panel-grid-cell\" ><div id=\"panel-w68dcc49fef0ec-16-1-0\" class=\"so-panel widget widget_sow-editor panel-first-child panel-last-child\" data-index=\"33\" ><div\n\t\t\t\n\t\t\tclass=\"so-widget-sow-editor so-widget-sow-editor-base\"\n\t\t\t\n\t\t>\n<div class=\"siteorigin-widget-tinymce textwidget\">\n\t<p class=\"testo12\"><strong>Fabio Marco Dalla Vecchia<br \/>\n<\/strong><\/p>\n<h5>SULLE TRACCE DEL PASSATO \u2013 piste e impronte fossili dei vertebrati in Carnia e nelle aree contermini.<\/h5>\n<p>Ed. Comunit\u00e0 Montana della Carnia, Tolmezzo, stampa 2013, 176 p.<\/p>\n<p>La porzione di arco alpino che va dalle Alpi Carniche alle Dolomiti \u00e8 notoriamente un\u2019area di grande interesse geologico, nella quale numerosi e preziosi sono i ritrovamenti fossili. Mancavano per\u00f2 le testimonianze di alcuni dei pi\u00f9 noti gruppi di animali estinti come, ad esempio, i dinosauri. Si riteneva, infatti, che non avessero popolato la zona, dato che nel Mesozoico, l\u2019era che ha visto la grande diversificazione nel Pianeta dei vertebrati terrestri, questo territorio era stato quasi sempre sommerso dal mare.<\/p>\n<p>Questo volume \u00e8 dedicato alle scoperte, frutto di ricerche sul campo che negli ultimi anni hanno portato a importanti scoperte: piste, impronte e nidi di rettili sono stati rinvenuti e identificati, da Dogna fino alla Provincia di Bolzano, aprendo la via a nuovi studi ed interpretazioni.<\/p>\n<p>Il volume \u00e8 stato realizzato con il supporto scientifico del Museo Friulano di Storia Naturale di Udine.<\/p>\n<p><a href=\"https:\/\/www.geoparcoalpicarniche.org\/wp-content\/uploads\/2020\/12\/Sulle-tracce-del-passatoLOW.pdf\">SULLE TRACCE DEL PASSATO<\/a><\/p>\n<p>ISBN: 978 88 96546 04 8<\/p>\n<\/div>\n<\/div><\/div><\/div><\/div><div id=\"pg-w68dcc49fef0ec-17\"  class=\"panel-grid panel-no-style\" ><div id=\"pgc-w68dcc49fef0ec-17-0\"  class=\"panel-grid-cell\" ><div id=\"panel-w68dcc49fef0ec-17-0-0\" class=\"so-panel widget widget_sow-editor panel-first-child panel-last-child\" data-index=\"34\" ><div class=\"compensa-margin-grid-cell panel-widget-style panel-widget-style-for-w68dcc49fef0ec-17-0-0\" ><div\n\t\t\t\n\t\t\tclass=\"so-widget-sow-editor so-widget-sow-editor-base\"\n\t\t\t\n\t\t>\n<div class=\"siteorigin-widget-tinymce textwidget\">\n\t<p><a href=\"https:\/\/www.geoparcoalpicarniche.org\/wp-content\/uploads\/2020\/12\/Copertina-web_bassa.jpg\"><img loading=\"lazy\" decoding=\"async\" src=\"https:\/\/www.geoparcoalpicarniche.org\/wp-content\/uploads\/2020\/12\/Copertina-web_bassa-215x300.jpg\" alt=\"\" width=\"215\" height=\"300\" class=\"alignnone size-medium wp-image-12054\" srcset=\"https:\/\/www.geoparcoalpicarniche.org\/wp-content\/uploads\/2020\/12\/Copertina-web_bassa-215x300.jpg 215w, https:\/\/www.geoparcoalpicarniche.org\/wp-content\/uploads\/2020\/12\/Copertina-web_bassa.jpg 452w\" sizes=\"auto, (max-width: 215px) 100vw, 215px\" \/><\/a><\/p>\n<\/div>\n<\/div><\/div><\/div><\/div><div id=\"pgc-w68dcc49fef0ec-17-1\"  class=\"panel-grid-cell\" ><div id=\"panel-w68dcc49fef0ec-17-1-0\" class=\"so-panel widget widget_sow-editor panel-first-child panel-last-child\" data-index=\"35\" ><div\n\t\t\t\n\t\t\tclass=\"so-widget-sow-editor so-widget-sow-editor-base\"\n\t\t\t\n\t\t>\n<div class=\"siteorigin-widget-tinymce textwidget\">\n\t<p><strong>Carlo Corradini<\/strong><\/p>\n<p><strong>LE SCOGLIERE DELLA CARNIA<\/strong><\/p>\n<p><strong>&nbsp;<\/strong>Ed. Comune di Udine \u2013 Museo Friulano di Storia Naturale, stampa 2018, 80 p.<\/p>\n<p>Da una descrizione paleogeografica generale ci si cala nel contesto specifico che interessa la storia geologica delle Alpi Carniche durante il Devoniano (periodo della storia della terra compreso tra 419 e 359 milioni di anni fa). Come sono cambiate le condizioni ambientali, climatiche e geografiche in questi 20 milioni di anni? quali forme di vita hanno vissuto in questi ambienti e che tracce hanno lasciato?<\/p>\n<p>Realizzata nell\u2019ambito del progetto GeoTrAC, Geoparco Transfrontaliero delle Alpi Carniche, finanziato con fondi del Programma Interreg V Italia-Austria 2014-2020, questa pubblicazione \u00e8 dedicata in particolare alle scogliere fossili risalenti al Devoniano le cui tracce si trovano oggi evidenti nei gruppi dei M.te Volaia, Coglians, Zermula e Cavallo di Pontebba.<\/p>\n<p>Un capitolo \u00e8 poi dedicato alle miniere e le cave e minerali fruttate fin dall\u2019antichit\u00e0 in quest\u2019area.<\/p>\n<p><a href=\"https:\/\/www.geoparcoalpicarniche.org\/wp-content\/uploads\/2020\/12\/Scogliere-Carnia-volume.pdf\">LE SCOGLIERE DELLA CARNIA<\/a><\/p>\n<p>ISBN: 978 88 88192 60 4<\/p>\n<p>&nbsp;<\/p>\n<p>&nbsp;<\/p>\n<\/div>\n<\/div><\/div><\/div><\/div><div id=\"pg-w68dcc49fef0ec-18\"  class=\"panel-grid panel-no-style\" ><div id=\"pgc-w68dcc49fef0ec-18-0\"  class=\"panel-grid-cell\" ><div id=\"panel-w68dcc49fef0ec-18-0-0\" class=\"so-panel widget widget_sow-editor panel-first-child panel-last-child\" data-index=\"36\" ><div class=\"compensa-margin-grid-cell panel-widget-style panel-widget-style-for-w68dcc49fef0ec-18-0-0\" ><div\n\t\t\t\n\t\t\tclass=\"so-widget-sow-editor so-widget-sow-editor-base\"\n\t\t\t\n\t\t>\n<div class=\"siteorigin-widget-tinymce textwidget\">\n\t<p><a href=\"https:\/\/www.geoparcoalpicarniche.org\/wp-content\/uploads\/2025\/09\/immagine-copertina.jpg\"><img loading=\"lazy\" decoding=\"async\" src=\"https:\/\/www.geoparcoalpicarniche.org\/wp-content\/uploads\/2025\/09\/immagine-copertina-213x300.jpg\" alt=\"\" width=\"213\" height=\"300\" class=\"alignnone size-medium wp-image-14337\" srcset=\"https:\/\/www.geoparcoalpicarniche.org\/wp-content\/uploads\/2025\/09\/immagine-copertina-213x300.jpg 213w, https:\/\/www.geoparcoalpicarniche.org\/wp-content\/uploads\/2025\/09\/immagine-copertina.jpg 549w\" sizes=\"auto, (max-width: 213px) 100vw, 213px\" \/><\/a><\/p>\n<\/div>\n<\/div><\/div><\/div><\/div><div id=\"pgc-w68dcc49fef0ec-18-1\"  class=\"panel-grid-cell\" ><div id=\"panel-w68dcc49fef0ec-18-1-0\" class=\"so-panel widget widget_sow-editor panel-first-child panel-last-child\" data-index=\"37\" ><div\n\t\t\t\n\t\t\tclass=\"so-widget-sow-editor so-widget-sow-editor-base\"\n\t\t\t\n\t\t>\n<div class=\"siteorigin-widget-tinymce textwidget\">\n\t<p><strong>Andrea Tintori<\/strong><\/p>\n<p><strong>I PRESCI FOSSILI DAL TRIASSICO DEI MONTI FRIULANI<\/strong><\/p>\n<p>Ed. Comune di Udine \u2013 Museo Friulano di Storia Naturale, stampa 2018, 84 p.<\/p>\n<p>Al passaggio fra Permiano e Triassico, circa 250 milioni di anni fa, l\u2019attuale area friulana si trovava ai margini del megacontinente Pangea. Proprio in quel periodo l\u2019oceano della Paleotetide, che si insinuava profondamente nel continente, inizia a contrarsi per dare luogo alla (Neo)Tetide, che gradualmente&nbsp;prender\u00e0 il suo posto, separando la Laurasia a Nord e il Gondwana a Sud. Il Friuli era situato al bordo meridionale del blocco settentrionale, al passaggio fra le terre emerse e l\u2019oceano, quindi dove le acque erano mediamente poco profonde. Il risultato di questa situazione \u00e8 una successione di rocce, potente alcune migliaia di metri, spesso ricca di fossili, tra questi diversi pesci, che testimonia una significativa e continua modificazione degli ambienti in una fascia climatica comunque tropicale.<\/p>\n<p>Realizzata nell\u2019ambito del progetto GeoTrAC, Geoparco Transfrontaliero delle Alpi Carniche, finanziato con fondi del Programma Interreg V Italia-Austria 2014-2020, questa pubblicazione \u00e8 dedicata in particolare ai pesci fossili del Triassico rinvenuti nei monti friulani (in particolare negli affioramenti della Dolomia di Forni a Preone e lungo la Val Tagliamento, a Sauris, Arta Terme, Fusea, Raibl e Dogna).<\/p>\n<p><a href=\"https:\/\/www.geoparcoalpicarniche.org\/wp-content\/uploads\/2025\/09\/Pesci-Fossili-volume.pdf\">Pesci Fossili dei monti friulani<\/a><\/p>\n<p>ISBN 978 88 88192 61 1<\/p>\n<p>&nbsp;<\/p>\n<p>&nbsp;<\/p>\n<\/div>\n<\/div><\/div><\/div><\/div><div id=\"pg-w68dcc49fef0ec-19\"  class=\"panel-grid panel-no-style\" ><div id=\"pgc-w68dcc49fef0ec-19-0\"  class=\"panel-grid-cell\" ><div id=\"panel-w68dcc49fef0ec-19-0-0\" class=\"so-panel widget widget_sow-editor panel-first-child panel-last-child\" data-index=\"38\" ><div class=\"compensa-margin-grid-cell panel-widget-style panel-widget-style-for-w68dcc49fef0ec-19-0-0\" ><div\n\t\t\t\n\t\t\tclass=\"so-widget-sow-editor so-widget-sow-editor-base\"\n\t\t\t\n\t\t>\n<div class=\"siteorigin-widget-tinymce textwidget\">\n\t<p><img loading=\"lazy\" decoding=\"async\" class=\"alignnone wp-image-4467 size-medium\" src=\"https:\/\/www.geoparcoalpicarniche.org\/wp-content\/uploads\/2018\/01\/Venturini_Quattro-passi-copertina-211x300.jpg\" alt=\"\" width=\"211\" height=\"300\" srcset=\"https:\/\/www.geoparcoalpicarniche.org\/wp-content\/uploads\/2018\/01\/Venturini_Quattro-passi-copertina-211x300.jpg 211w, https:\/\/www.geoparcoalpicarniche.org\/wp-content\/uploads\/2018\/01\/Venturini_Quattro-passi-copertina-768x1092.jpg 768w, https:\/\/www.geoparcoalpicarniche.org\/wp-content\/uploads\/2018\/01\/Venturini_Quattro-passi-copertina-720x1024.jpg 720w, https:\/\/www.geoparcoalpicarniche.org\/wp-content\/uploads\/2018\/01\/Venturini_Quattro-passi-copertina.jpg 997w\" sizes=\"auto, (max-width: 211px) 100vw, 211px\" \/><\/p>\n<\/div>\n<\/div><\/div><\/div><\/div><div id=\"pgc-w68dcc49fef0ec-19-1\"  class=\"panel-grid-cell\" ><div id=\"panel-w68dcc49fef0ec-19-1-0\" class=\"so-panel widget widget_sow-editor panel-first-child panel-last-child\" data-index=\"39\" ><div\n\t\t\t\n\t\t\tclass=\"so-widget-sow-editor so-widget-sow-editor-base\"\n\t\t\t\n\t\t>\n<div class=\"siteorigin-widget-tinymce textwidget\">\n\t<p class=\"testo12\"><strong>Corrado Venturini<\/strong><\/p>\n<h4>Quattro passi nella geologia del Friuli Venezia Giulia<\/h4>\n<p class=\"testo12\">Ed. Regione Autonoma Friuli Venezia Giulia, Servizio Geologico, 2014, 112 p.<\/p>\n<p class=\"testo12\">Su incarico del Servizio Geologico della Regione Friuli Venezia Giulia sono stati realizzati un libro con abbinato un geogioco, destinati alle ultime classi delle scuole primarie presenti sul territorio regionale. Entrambi i prodotti sono stati ideati con l\u2019intenzione di avvicinare i pi\u00f9 giovani ai molteplici e affascinanti significati dei territori nei quali risiedono o che periodicamente frequentano. Il libro e il geogioco sono utilizzabili separatamente, anche se sono strutturati in modo tale da integrarsi a vicenda. Il geogioco \u00e8 un gioco da tavolo analogo al classico gioco dell\u2019oca ed ha per base una carta fisica in 3D della Regione Friuli Venezia Giulia. Le relative caselle rappresentano una cinquantina di siti geologici (geositi), scelti tra i pi\u00f9 caratterizzanti dell\u2019evoluzione geologica regionale. Il geogioco \u00e8 stato pensato come richiamo ludico in grado anche di favorire la conoscenza geografica \u2013 oltre che geologica \u2013 del territorio regionale.<\/p>\n<p class=\"testo12\">Chi, per fini didattici, fosse interessato al libro e all\u2019allegato geogioco, pu\u00f2 richiederli gratuitamente al Servizio Geologico \u2013 Regione Aut. Friuli Venezia Giulia, via Giulia 75 \u2013 34126 Trieste.<\/p>\n<p class=\"testo12\"><a href=\"https:\/\/www.geoparcoalpicarniche.org\/wp-content\/uploads\/2018\/05\/Corrado-Venturini_Quattro-passi-nella-geologia-del-FVG.pdf\" target=\"blank\" rel=\"noopener noreferrer\">Quattro passi nella geologia del FVG<\/a><\/p>\n<p>&nbsp;<\/p>\n<\/div>\n<\/div><\/div><\/div><\/div><div id=\"pg-w68dcc49fef0ec-20\"  class=\"panel-grid panel-no-style\" ><div id=\"pgc-w68dcc49fef0ec-20-0\"  class=\"panel-grid-cell\" ><div id=\"panel-w68dcc49fef0ec-20-0-0\" class=\"so-panel widget widget_sow-editor panel-first-child panel-last-child\" data-index=\"40\" ><div class=\"compensa-margin-grid-cell panel-widget-style panel-widget-style-for-w68dcc49fef0ec-20-0-0\" ><div\n\t\t\t\n\t\t\tclass=\"so-widget-sow-editor so-widget-sow-editor-base\"\n\t\t\t\n\t\t>\n<div class=\"siteorigin-widget-tinymce textwidget\">\n\t<p><img loading=\"lazy\" decoding=\"async\" class=\"alignnone wp-image-4476 size-medium\" src=\"\/wp-content\/uploads\/2018\/01\/Copertina_Evoluzione_carniche-213x300.jpg\" alt=\"\" width=\"213\" height=\"300\" \/><\/p>\n<\/div>\n<\/div><\/div><\/div><\/div><div id=\"pgc-w68dcc49fef0ec-20-1\"  class=\"panel-grid-cell\" ><div id=\"panel-w68dcc49fef0ec-20-1-0\" class=\"so-panel widget widget_sow-editor panel-first-child panel-last-child\" data-index=\"41\" ><div\n\t\t\t\n\t\t\tclass=\"so-widget-sow-editor so-widget-sow-editor-base\"\n\t\t\t\n\t\t>\n<div class=\"siteorigin-widget-tinymce textwidget\">\n\t<p class=\"testo12\"><strong>Corrado Venturini<\/strong><\/p>\n<h5>Evoluzione geologica delle Alpi Carniche<\/h5>\n<p class=\"testo12\">Edizioni del museo Friulano di Storia Naturale, 208 p.<\/p>\n<p class=\"testo12\">Friuli e Carnia sono le sole aree d\u2019Italia in cui si possono vedere rocce e raccogliere fossili dell\u2019intera scala del tempo geologico, dal Quaternario fino al Paleozoico antico attraverso Terziario e Mesozoico, per uno spessore cumulativo di oltre 14 chilometri di strati. Le aspre e ripide valli carniche appena sopra il limite del bosco mostrano compiutamente aperte, strato per strato, le innumerevoli pagine di pietra di questa storia della Terra.<\/p>\n<p class=\"testo12\">Il volume \u00e8 a colori, in formato&nbsp;17 x 24 cm, con copertina rigida. E\u2019 venduto assieme alla&nbsp;Carta geologica delle Alpi Carniche&nbsp;in scala 1:25:000, disponibile in due fogli in formato 130 x 100. Le carte possono essere acquistate anche autonomamente sia piegate che stese, al costo di \u20ac 20,00 complessivi per i due fogli (che non sono vendibili singolarmente).<\/p>\n<p class=\"testo12\">Il cofanetto contenente il volume e le carte piegate costa \u20ac 40,00. Non \u00e8 possibile acquistare il solo volume.<\/p>\n<p><a href=\"https:\/\/www.geoparcoalpicarniche.org\/wp-content\/uploads\/2018\/05\/Venturini_Evoluzione_Alpi_Carniche.pdf\" target=\"blank\" rel=\"noopener noreferrer\">Evoluzione geologica delle Alpi Carniche<\/a><\/p>\n<p>ISBN: 978 8888192512<\/p>\n<\/div>\n<\/div><\/div><\/div><\/div><\/div><\/div><\/div><\/div><\/div><\/div>","protected":false},"excerpt":{"rendered":"<p>Pubblicazioni scaricabili Per chi vuole approfondire, per gli appassionati, per gli studenti, il Geoparco Transfrontaliero delle Alpi Carniche mette a disposizione una serie di pubblicazioni a carattere geologico da scaricare gratuitamente in pdf: dalle pi\u00f9 divulgative, come i Quaderni del Geoparco e i Quaderni del Museo Geologico, ai testi scientifici &hellip;<\/p>\n","protected":false},"author":2,"featured_media":3039,"parent":4065,"menu_order":79,"comment_status":"closed","ping_status":"closed","template":"","meta":{"_acf_changed":false,"inline_featured_image":false,"ngg_post_thumbnail":0,"footnotes":""},"class_list":{"0":"post-4419","1":"page","2":"type-page","3":"status-publish","4":"has-post-thumbnail","6":"clearfix","7":"article"},"acf":[],"yoast_head":"<!-- This site is optimized with the Yoast SEO plugin v27.4 - https:\/\/yoast.com\/product\/yoast-seo-wordpress\/ -->\n<title>Pubblicazioni scaricabili - Geoparco Alpi Carniche<\/title>\n<meta name=\"robots\" content=\"index, follow, max-snippet:-1, max-image-preview:large, max-video-preview:-1\" \/>\n<link rel=\"canonical\" href=\"https:\/\/www.geoparcoalpicarniche.org\/it\/il-territorio\/pubblicazioni-scaricabili\/\" \/>\n<meta property=\"og:locale\" content=\"it_IT\" \/>\n<meta property=\"og:type\" content=\"article\" \/>\n<meta property=\"og:title\" content=\"Pubblicazioni scaricabili - Geoparco Alpi Carniche\" \/>\n<meta property=\"og:description\" content=\"Pubblicazioni scaricabili Per chi vuole approfondire, per gli appassionati, per gli studenti, il Geoparco Transfrontaliero delle Alpi Carniche mette a disposizione una serie di pubblicazioni a carattere geologico da scaricare gratuitamente in pdf: dalle pi\u00f9 divulgative, come i Quaderni del Geoparco e i Quaderni del Museo Geologico, ai testi scientifici &hellip;\" \/>\n<meta property=\"og:url\" content=\"https:\/\/www.geoparcoalpicarniche.org\/it\/il-territorio\/pubblicazioni-scaricabili\/\" \/>\n<meta property=\"og:site_name\" content=\"Geoparco Alpi Carniche\" \/>\n<meta property=\"article:modified_time\" content=\"2025-10-01T06:05:20+00:00\" \/>\n<meta property=\"og:image\" content=\"https:\/\/www.geoparcoalpicarniche.org\/wp-content\/uploads\/2018\/01\/0.COPERTINA-SEZ_Grotta-Magico-Alverman.jpg\" \/>\n\t<meta property=\"og:image:width\" content=\"3008\" \/>\n\t<meta property=\"og:image:height\" content=\"2000\" \/>\n\t<meta property=\"og:image:type\" content=\"image\/jpeg\" \/>\n<meta name=\"twitter:card\" content=\"summary_large_image\" \/>\n<meta name=\"twitter:label1\" content=\"Tempo di lettura stimato\" \/>\n\t<meta name=\"twitter:data1\" content=\"29 minuti\" \/>\n<script type=\"application\/ld+json\" class=\"yoast-schema-graph\">{\"@context\":\"https:\\\/\\\/schema.org\",\"@graph\":[{\"@type\":\"WebPage\",\"@id\":\"https:\\\/\\\/www.geoparcoalpicarniche.org\\\/it\\\/il-territorio\\\/pubblicazioni-scaricabili\\\/\",\"url\":\"https:\\\/\\\/www.geoparcoalpicarniche.org\\\/it\\\/il-territorio\\\/pubblicazioni-scaricabili\\\/\",\"name\":\"Pubblicazioni scaricabili - Geoparco Alpi Carniche\",\"isPartOf\":{\"@id\":\"https:\\\/\\\/www.geoparcoalpicarniche.org\\\/it\\\/#website\"},\"primaryImageOfPage\":{\"@id\":\"https:\\\/\\\/www.geoparcoalpicarniche.org\\\/it\\\/il-territorio\\\/pubblicazioni-scaricabili\\\/#primaryimage\"},\"image\":{\"@id\":\"https:\\\/\\\/www.geoparcoalpicarniche.org\\\/it\\\/il-territorio\\\/pubblicazioni-scaricabili\\\/#primaryimage\"},\"thumbnailUrl\":\"https:\\\/\\\/www.geoparcoalpicarniche.org\\\/wp-content\\\/uploads\\\/2018\\\/01\\\/0.COPERTINA-SEZ_Grotta-Magico-Alverman.jpg\",\"datePublished\":\"2018-01-31T08:19:07+00:00\",\"dateModified\":\"2025-10-01T06:05:20+00:00\",\"breadcrumb\":{\"@id\":\"https:\\\/\\\/www.geoparcoalpicarniche.org\\\/it\\\/il-territorio\\\/pubblicazioni-scaricabili\\\/#breadcrumb\"},\"inLanguage\":\"it-IT\",\"potentialAction\":[{\"@type\":\"ReadAction\",\"target\":[\"https:\\\/\\\/www.geoparcoalpicarniche.org\\\/it\\\/il-territorio\\\/pubblicazioni-scaricabili\\\/\"]}]},{\"@type\":\"ImageObject\",\"inLanguage\":\"it-IT\",\"@id\":\"https:\\\/\\\/www.geoparcoalpicarniche.org\\\/it\\\/il-territorio\\\/pubblicazioni-scaricabili\\\/#primaryimage\",\"url\":\"https:\\\/\\\/www.geoparcoalpicarniche.org\\\/wp-content\\\/uploads\\\/2018\\\/01\\\/0.COPERTINA-SEZ_Grotta-Magico-Alverman.jpg\",\"contentUrl\":\"https:\\\/\\\/www.geoparcoalpicarniche.org\\\/wp-content\\\/uploads\\\/2018\\\/01\\\/0.COPERTINA-SEZ_Grotta-Magico-Alverman.jpg\",\"width\":3008,\"height\":2000},{\"@type\":\"BreadcrumbList\",\"@id\":\"https:\\\/\\\/www.geoparcoalpicarniche.org\\\/it\\\/il-territorio\\\/pubblicazioni-scaricabili\\\/#breadcrumb\",\"itemListElement\":[{\"@type\":\"ListItem\",\"position\":1,\"name\":\"Home\",\"item\":\"https:\\\/\\\/www.geoparcoalpicarniche.org\\\/it\\\/\"},{\"@type\":\"ListItem\",\"position\":2,\"name\":\"Il territorio\",\"item\":\"https:\\\/\\\/www.geoparcoalpicarniche.org\\\/it\\\/il-territorio\\\/\"},{\"@type\":\"ListItem\",\"position\":3,\"name\":\"Pubblicazioni scaricabili\"}]},{\"@type\":\"WebSite\",\"@id\":\"https:\\\/\\\/www.geoparcoalpicarniche.org\\\/it\\\/#website\",\"url\":\"https:\\\/\\\/www.geoparcoalpicarniche.org\\\/it\\\/\",\"name\":\"Geoparco Alpi Carniche\",\"description\":\"Custode del patrimonio geologico transfrontaliero\",\"potentialAction\":[{\"@type\":\"SearchAction\",\"target\":{\"@type\":\"EntryPoint\",\"urlTemplate\":\"https:\\\/\\\/www.geoparcoalpicarniche.org\\\/it\\\/?s={search_term_string}\"},\"query-input\":{\"@type\":\"PropertyValueSpecification\",\"valueRequired\":true,\"valueName\":\"search_term_string\"}}],\"inLanguage\":\"it-IT\"}]}<\/script>\n<!-- \/ Yoast SEO plugin. -->","yoast_head_json":{"title":"Pubblicazioni scaricabili - Geoparco Alpi Carniche","robots":{"index":"index","follow":"follow","max-snippet":"max-snippet:-1","max-image-preview":"max-image-preview:large","max-video-preview":"max-video-preview:-1"},"canonical":"https:\/\/www.geoparcoalpicarniche.org\/it\/il-territorio\/pubblicazioni-scaricabili\/","og_locale":"it_IT","og_type":"article","og_title":"Pubblicazioni scaricabili - Geoparco Alpi Carniche","og_description":"Pubblicazioni scaricabili Per chi vuole approfondire, per gli appassionati, per gli studenti, il Geoparco Transfrontaliero delle Alpi Carniche mette a disposizione una serie di pubblicazioni a carattere geologico da scaricare gratuitamente in pdf: dalle pi\u00f9 divulgative, come i Quaderni del Geoparco e i Quaderni del Museo Geologico, ai testi scientifici &hellip;","og_url":"https:\/\/www.geoparcoalpicarniche.org\/it\/il-territorio\/pubblicazioni-scaricabili\/","og_site_name":"Geoparco Alpi Carniche","article_modified_time":"2025-10-01T06:05:20+00:00","og_image":[{"width":3008,"height":2000,"url":"https:\/\/www.geoparcoalpicarniche.org\/wp-content\/uploads\/2018\/01\/0.COPERTINA-SEZ_Grotta-Magico-Alverman.jpg","type":"image\/jpeg"}],"twitter_card":"summary_large_image","twitter_misc":{"Tempo di lettura stimato":"29 minuti"},"schema":{"@context":"https:\/\/schema.org","@graph":[{"@type":"WebPage","@id":"https:\/\/www.geoparcoalpicarniche.org\/it\/il-territorio\/pubblicazioni-scaricabili\/","url":"https:\/\/www.geoparcoalpicarniche.org\/it\/il-territorio\/pubblicazioni-scaricabili\/","name":"Pubblicazioni scaricabili - Geoparco Alpi Carniche","isPartOf":{"@id":"https:\/\/www.geoparcoalpicarniche.org\/it\/#website"},"primaryImageOfPage":{"@id":"https:\/\/www.geoparcoalpicarniche.org\/it\/il-territorio\/pubblicazioni-scaricabili\/#primaryimage"},"image":{"@id":"https:\/\/www.geoparcoalpicarniche.org\/it\/il-territorio\/pubblicazioni-scaricabili\/#primaryimage"},"thumbnailUrl":"https:\/\/www.geoparcoalpicarniche.org\/wp-content\/uploads\/2018\/01\/0.COPERTINA-SEZ_Grotta-Magico-Alverman.jpg","datePublished":"2018-01-31T08:19:07+00:00","dateModified":"2025-10-01T06:05:20+00:00","breadcrumb":{"@id":"https:\/\/www.geoparcoalpicarniche.org\/it\/il-territorio\/pubblicazioni-scaricabili\/#breadcrumb"},"inLanguage":"it-IT","potentialAction":[{"@type":"ReadAction","target":["https:\/\/www.geoparcoalpicarniche.org\/it\/il-territorio\/pubblicazioni-scaricabili\/"]}]},{"@type":"ImageObject","inLanguage":"it-IT","@id":"https:\/\/www.geoparcoalpicarniche.org\/it\/il-territorio\/pubblicazioni-scaricabili\/#primaryimage","url":"https:\/\/www.geoparcoalpicarniche.org\/wp-content\/uploads\/2018\/01\/0.COPERTINA-SEZ_Grotta-Magico-Alverman.jpg","contentUrl":"https:\/\/www.geoparcoalpicarniche.org\/wp-content\/uploads\/2018\/01\/0.COPERTINA-SEZ_Grotta-Magico-Alverman.jpg","width":3008,"height":2000},{"@type":"BreadcrumbList","@id":"https:\/\/www.geoparcoalpicarniche.org\/it\/il-territorio\/pubblicazioni-scaricabili\/#breadcrumb","itemListElement":[{"@type":"ListItem","position":1,"name":"Home","item":"https:\/\/www.geoparcoalpicarniche.org\/it\/"},{"@type":"ListItem","position":2,"name":"Il territorio","item":"https:\/\/www.geoparcoalpicarniche.org\/it\/il-territorio\/"},{"@type":"ListItem","position":3,"name":"Pubblicazioni scaricabili"}]},{"@type":"WebSite","@id":"https:\/\/www.geoparcoalpicarniche.org\/it\/#website","url":"https:\/\/www.geoparcoalpicarniche.org\/it\/","name":"Geoparco Alpi Carniche","description":"Custode del patrimonio geologico transfrontaliero","potentialAction":[{"@type":"SearchAction","target":{"@type":"EntryPoint","urlTemplate":"https:\/\/www.geoparcoalpicarniche.org\/it\/?s={search_term_string}"},"query-input":{"@type":"PropertyValueSpecification","valueRequired":true,"valueName":"search_term_string"}}],"inLanguage":"it-IT"}]}},"_links":{"self":[{"href":"https:\/\/www.geoparcoalpicarniche.org\/it\/wp-json\/wp\/v2\/pages\/4419","targetHints":{"allow":["GET"]}}],"collection":[{"href":"https:\/\/www.geoparcoalpicarniche.org\/it\/wp-json\/wp\/v2\/pages"}],"about":[{"href":"https:\/\/www.geoparcoalpicarniche.org\/it\/wp-json\/wp\/v2\/types\/page"}],"author":[{"embeddable":true,"href":"https:\/\/www.geoparcoalpicarniche.org\/it\/wp-json\/wp\/v2\/users\/2"}],"replies":[{"embeddable":true,"href":"https:\/\/www.geoparcoalpicarniche.org\/it\/wp-json\/wp\/v2\/comments?post=4419"}],"version-history":[{"count":5,"href":"https:\/\/www.geoparcoalpicarniche.org\/it\/wp-json\/wp\/v2\/pages\/4419\/revisions"}],"predecessor-version":[{"id":14371,"href":"https:\/\/www.geoparcoalpicarniche.org\/it\/wp-json\/wp\/v2\/pages\/4419\/revisions\/14371"}],"up":[{"embeddable":true,"href":"https:\/\/www.geoparcoalpicarniche.org\/it\/wp-json\/wp\/v2\/pages\/4065"}],"wp:featuredmedia":[{"embeddable":true,"href":"https:\/\/www.geoparcoalpicarniche.org\/it\/wp-json\/wp\/v2\/media\/3039"}],"wp:attachment":[{"href":"https:\/\/www.geoparcoalpicarniche.org\/it\/wp-json\/wp\/v2\/media?parent=4419"}],"curies":[{"name":"wp","href":"https:\/\/api.w.org\/{rel}","templated":true}]}}