{"id":3374,"date":"2018-01-23T09:41:40","date_gmt":"2018-01-23T08:41:40","guid":{"rendered":"https:\/\/www.geoparcoalpicarniche.org\/?page_id=3374"},"modified":"2018-04-27T09:58:34","modified_gmt":"2018-04-27T07:58:34","slug":"servizio-geologico-regione-autonoma-fvg","status":"publish","type":"page","link":"https:\/\/www.geoparcoalpicarniche.org\/it\/geoparco-alpi-carniche\/progetto-geotrac\/servizio-geologico-regione-autonoma-fvg\/","title":{"rendered":"Servizio Geologico \u2013 Regione Autonoma FVG"},"content":{"rendered":"<div id=\"pl-3374\"  class=\"panel-layout\" ><div id=\"pg-3374-0\"  class=\"panel-grid panel-has-style\" ><div class=\"page-header-single siteorigin-panels-stretch panel-row-style panel-row-style-for-3374-0\" data-stretch-type=\"full-stretched\" ><div id=\"pgc-3374-0-0\"  class=\"panel-grid-cell\" ><div class=\"panel-cell-style panel-cell-style-for-3374-0-0\" ><div id=\"panel-3374-0-0-0\" class=\"so-panel widget widget_sow-editor panel-first-child panel-last-child\" data-index=\"0\" ><div class=\"panel-widget-style panel-widget-style-for-3374-0-0-0\" ><div\n\t\t\t\n\t\t\tclass=\"so-widget-sow-editor so-widget-sow-editor-base\"\n\t\t\t\n\t\t>\n<div class=\"siteorigin-widget-tinymce textwidget\">\n\t<h2 style=\"text-align: left;\">Servizio Geologico \u2013 Regione Autonoma FVG<\/h2>\n<\/div>\n<\/div><\/div><\/div><\/div><\/div><div id=\"pgc-3374-0-1\"  class=\"panel-grid-cell\" ><div id=\"panel-3374-0-1-0\" class=\"so-panel widget widget_sow-image panel-first-child panel-last-child\" data-index=\"1\" ><div\n\t\t\t\n\t\t\tclass=\"so-widget-sow-image so-widget-sow-image-default-a258e6bfa2d8-3374\"\n\t\t\t\n\t\t>\n<div class=\"sow-image-container\">\n\t\t<img \n\tsrc=\"https:\/\/www.geoparcoalpicarniche.org\/wp-content\/uploads\/2018\/01\/Regione-FVG-1420px.jpg\" width=\"1420\" height=\"850\" srcset=\"https:\/\/www.geoparcoalpicarniche.org\/wp-content\/uploads\/2018\/01\/Regione-FVG-1420px.jpg 1420w, https:\/\/www.geoparcoalpicarniche.org\/wp-content\/uploads\/2018\/01\/Regione-FVG-1420px-300x180.jpg 300w, https:\/\/www.geoparcoalpicarniche.org\/wp-content\/uploads\/2018\/01\/Regione-FVG-1420px-768x460.jpg 768w, https:\/\/www.geoparcoalpicarniche.org\/wp-content\/uploads\/2018\/01\/Regione-FVG-1420px-1024x613.jpg 1024w\" sizes=\"(max-width: 1420px) 100vw, 1420px\" alt=\"\" \t\tclass=\"so-widget-image\"\/>\n\t<\/div>\n\n<\/div><\/div><\/div><\/div><\/div><div id=\"pg-3374-1\"  class=\"panel-grid panel-no-style\" ><div id=\"pgc-3374-1-0\"  class=\"panel-grid-cell\" ><div id=\"panel-3374-1-0-0\" class=\"so-panel widget widget_sow-editor panel-first-child panel-last-child\" data-index=\"2\" ><div\n\t\t\t\n\t\t\tclass=\"so-widget-sow-editor so-widget-sow-editor-base\"\n\t\t\t\n\t\t>\n<div class=\"siteorigin-widget-tinymce textwidget\">\n\t<p class=\"zona\">PROJECT PARTNER<\/p>\n<h2>Servizio geologico - Regione Autonoma FVG<\/h2>\n<p><a href=\"\/it\/geoparco-alpi-carniche\/progetto-geotrac\/\" class=\"back mb-none\"><i class=\"fa fa-long-arrow-left\"><\/i> Indietro<\/a><\/p>\n<p><strong>Il Servizio geologico della Direzione centrale ambiente ed energia della Regione Autonoma Friuli Venezia Giulia<\/strong> si occupa di geologia in senso lato nel territorio regionale, spaziando dalla prevenzione da calamit\u00e0 naturali, quali frane, alla compatibilit\u00e0 geologica negli strumenti urbanistici, alla promozione di studi e ricerche, alla cartografia geologica, alle attivit\u00e0 estrattive, nonch\u00e9 agli adempimenti in materia di miniere, polizia mineraria e risorse geotermiche.<\/p>\n<p>In particolare \u00e8 l\u2019unica struttura regionale competente in materia di tutela e valorizzazione della geodiversit\u00e0 e del patrimonio geologico e come tale \u00e8 stato promotore della Legge regionale 14 ottobre 2016, n. 15 \u201cDisposizioni per la tutela e la valorizzazione della geodiversit\u00e0, del patrimonio geologico e speleologico e delle aree carsiche\u201d nell\u2019ambito della quale \u00e8 stato istituito, presso il Servizio stesso,<strong> <a href=\"http:\/\/www.regione.fvg.it\/rafvg\/cms\/RAFVG\/ambiente-territorio\/tutela-ambiente-gestione-risorse-naturali\/FOGLIA201\/FOGLIA16\/\" target=\"_blank\" rel=\"noopener\">il Catasto regionale dei geositi<\/a><\/strong> e dei geoparchi regionali e sono state redatte le disposizioni per la loro tutela e gestione.<\/p>\n<p>Particolarmente interessato alla<strong> <a href=\"http:\/\/www.regione.fvg.it\/rafvg\/cms\/RAFVG\/ambiente-territorio\/tutela-ambiente-gestione-risorse-naturali\/FOGLIA201\/FOGLIA18\/\" target=\"_blank\" rel=\"noopener\">geodivulgazione<\/a><\/strong> ha realizzato, anche tramite i fondi del programma nazionale INFEA (INFormazione Educazione Ambientale), numerose pubblicazioni, alcune delle quali grazie ad una proficua collaborazione con i due principali Atenei regionali e il Museo Friulano di Storia Naturale di Udine.<\/p>\n<\/div>\n<\/div><\/div><\/div><div id=\"pgc-3374-1-1\"  class=\"panel-grid-cell\" ><div id=\"panel-3374-1-1-0\" class=\"so-panel widget widget_sow-editor panel-first-child panel-last-child\" data-index=\"3\" ><div class=\"sidebarPartner panel-widget-style panel-widget-style-for-3374-1-1-0\" ><div\n\t\t\t\n\t\t\tclass=\"so-widget-sow-editor so-widget-sow-editor-base\"\n\t\t\t\n\t\t>\n<div class=\"siteorigin-widget-tinymce textwidget\">\n\t<div class=\"intestazione\"><strong>Contatti &amp; Informazioni<\/strong><\/div>\n<div class=\"contenuto\">&nbsp;<br \/><strong>REGIONE AUTONOMA FRIULI VENEZIA GIULIA - DIREZIONE CENTRALE AMBIENTE ED ENERGIA<\/strong><br \/> <strong>Area tutela geologico-idrico-ambientale<\/strong><\/p>\n<p><strong>Servizio Geologico<\/strong><\/p>\n<p><strong>Sede legale:<\/strong><br \/>piazza Unit\u00e0 d'Italia 1 -  34121 Trieste<\/p>\n<p><strong>Sede operativa<\/strong><br \/>Via S. Anastasio 3 -  34132 Trieste<br \/>Tel.+39 040 377 4183<br \/>Fax:+39 040 3774410<br \/>mail:<a href=\"mailto:geologico@regione.fvg.it\">geologico@regione.fvg.it<\/a><\/p>\n<p><strong>Web:<\/strong><br \/><a href=\"http:\/\/www.regione.fvg.it\" rel=\"noopener\" target=\"_blank\">www.regione.fvg.it<\/a><\/p>\n<p><strong>Web progetto GeoTrac:<\/strong><br \/><a href=\"http:\/\/www.regione.fvg.it\/rafvg\/cms\/RAFVG\/ambiente-territorio\/tutela-ambiente-gestione-risorse-naturali\/FOGLIA201\/FOGLIA19\/articolo.html\" rel=\"noopener\" target=\"_blank\">link<\/a>\n<\/p>\n<\/div>\n<\/div>\n<\/div><\/div><\/div><\/div><\/div><div id=\"pg-3374-2\"  class=\"panel-grid panel-has-style\" ><div class=\"mt-lg panel-row-style panel-row-style-for-3374-2\" ><div id=\"pgc-3374-2-0\"  class=\"panel-grid-cell\" ><div id=\"panel-3374-2-0-0\" class=\"so-panel widget widget_sow-editor panel-first-child panel-last-child\" data-index=\"4\" ><div\n\t\t\t\n\t\t\tclass=\"so-widget-sow-editor so-widget-sow-editor-base\"\n\t\t\t\n\t\t>\n<div class=\"siteorigin-widget-tinymce textwidget\">\n\t<div class=\"pagNav\"><a class=\"pagNavNext\" href=\"\/it\/geoparco-alpi-carniche\/progetto-geotrac\/museo-friulano-di-storia-naturale\/\">Museo Friulano di Storia-Naturale<\/a><a class=\"pagNavPrev\" href=\"\/it\/geoparco-alpi-carniche\/progetto-geotrac\/geopark-karnische-alpen\/\">Geopark Karnische Alpen<\/a><\/div>\n<\/div>\n<\/div><\/div><\/div><\/div><\/div><div id=\"pg-3374-3\"  class=\"panel-grid panel-has-style\" ><div class=\"mt-xl pt-lg compensaMargin-content-area pb-lg siteorigin-panels-stretch panel-row-style panel-row-style-for-3374-3\" data-stretch-type=\"full\" ><div id=\"pgc-3374-3-0\"  class=\"panel-grid-cell\" ><div id=\"panel-3374-3-0-0\" class=\"so-panel widget widget_sow-editor panel-first-child\" data-index=\"5\" ><div\n\t\t\t\n\t\t\tclass=\"so-widget-sow-editor so-widget-sow-editor-base\"\n\t\t\t\n\t\t>\n<div class=\"siteorigin-widget-tinymce textwidget\">\n\t<h2 style=\"text-align: center;\">Iniziative &amp; News<\/h2>\n<p style=\"text-align: center;\">Iniziative, attivit\u00e0 e informazioni per chi ama l\u2019ambiente e la natura<\/p>\n<\/div>\n<\/div><\/div><div id=\"panel-3374-3-0-1\" class=\"so-panel widget widget_recent-posts-widget-with-thumbnails recent-posts-widget-with-thumbnails panel-last-child\" data-index=\"6\" ><div class=\"customContainer widgetNews3Colonne panel-widget-style panel-widget-style-for-3374-3-0-1\" >\n<div id=\"rpwwt-widget-3-0-1\" class=\"rpwwt-widget\">\r\n\t<ul>\r\n\t\t<li><a href=\"https:\/\/www.geoparcoalpicarniche.org\/it\/2026\/04\/22\/24-aprile-2026-visita-guidata-alla-mostra-acqua-aria-terra-ghiaccio\/\"><img loading=\"lazy\" decoding=\"async\" width=\"168\" height=\"210\" src=\"https:\/\/www.geoparcoalpicarniche.org\/wp-content\/uploads\/2026\/04\/Visita-guidata-24-aprile.png\" class=\"attachment-350x210 size-350x210 wp-post-image\" alt=\"\" srcset=\"https:\/\/www.geoparcoalpicarniche.org\/wp-content\/uploads\/2026\/04\/Visita-guidata-24-aprile.png 1080w, https:\/\/www.geoparcoalpicarniche.org\/wp-content\/uploads\/2026\/04\/Visita-guidata-24-aprile-240x300.png 240w, https:\/\/www.geoparcoalpicarniche.org\/wp-content\/uploads\/2026\/04\/Visita-guidata-24-aprile-819x1024.png 819w, https:\/\/www.geoparcoalpicarniche.org\/wp-content\/uploads\/2026\/04\/Visita-guidata-24-aprile-768x960.png 768w\" sizes=\"auto, (max-width: 168px) 100vw, 168px\" \/><span class=\"rpwwt-post-title\">24 aprile 2026 &#8211; Visita guidata alla mostra &#8220;Acqua aria terra ghiaccio&#8221;<\/span><\/a><div class=\"rpwwt-post-categories\">In Attivit\u00e0, News, News dal geoparco<\/div><div class=\"rpwwt-post-excerpt\">24 aprile 2026 - Visita guidata alla mostra \"Acqua aria terra ghiaccio\"- Iniziativa gratuita senza prenotazione a Palazzo Frisacco (Tolmezzo)<span class=\"rpwwt-post-excerpt-more\"> [\u2026]<\/span><\/div><\/li>\r\n\t\t<li><a href=\"https:\/\/www.geoparcoalpicarniche.org\/it\/2026\/03\/24\/visita-guidata-gratuita-alla-mostra-acqua-aria-terra-ghiaccio-sabato-28-marzo-2026\/\"><img loading=\"lazy\" decoding=\"async\" width=\"350\" height=\"149\" src=\"https:\/\/www.geoparcoalpicarniche.org\/wp-content\/uploads\/2026\/03\/Visita-guidata-mostra-e1774352939965.png\" class=\"attachment-350x210 size-350x210 wp-post-image\" alt=\"\" srcset=\"https:\/\/www.geoparcoalpicarniche.org\/wp-content\/uploads\/2026\/03\/Visita-guidata-mostra-e1774352939965.png 1080w, https:\/\/www.geoparcoalpicarniche.org\/wp-content\/uploads\/2026\/03\/Visita-guidata-mostra-e1774352939965-300x128.png 300w, https:\/\/www.geoparcoalpicarniche.org\/wp-content\/uploads\/2026\/03\/Visita-guidata-mostra-e1774352939965-1024x436.png 1024w, https:\/\/www.geoparcoalpicarniche.org\/wp-content\/uploads\/2026\/03\/Visita-guidata-mostra-e1774352939965-768x327.png 768w\" sizes=\"auto, (max-width: 350px) 100vw, 350px\" \/><span class=\"rpwwt-post-title\">Visita guidata gratuita alla mostra Acqua, aria, terra, ghiaccio sabato 28 marzo 2026<\/span><\/a><div class=\"rpwwt-post-categories\">In Attivit\u00e0, Eventi, News dal geoparco<\/div><div class=\"rpwwt-post-excerpt\">Appuntamento a Palazzo Frisacco alle ore 16. Visita e mostra a ingresso libero.<span class=\"rpwwt-post-excerpt-more\"> [\u2026]<\/span><\/div><\/li>\r\n\t\t<li><a href=\"https:\/\/www.geoparcoalpicarniche.org\/it\/2026\/03\/24\/venerdi-al-cinema-david-si-proietta\/\"><img loading=\"lazy\" decoding=\"async\" width=\"328\" height=\"210\" src=\"https:\/\/www.geoparcoalpicarniche.org\/wp-content\/uploads\/2026\/03\/copertina-e1774351937993.png\" class=\"attachment-350x210 size-350x210 wp-post-image\" alt=\"\" srcset=\"https:\/\/www.geoparcoalpicarniche.org\/wp-content\/uploads\/2026\/03\/copertina-e1774351937993.png 2235w, https:\/\/www.geoparcoalpicarniche.org\/wp-content\/uploads\/2026\/03\/copertina-e1774351937993-300x192.png 300w, https:\/\/www.geoparcoalpicarniche.org\/wp-content\/uploads\/2026\/03\/copertina-e1774351937993-1024x657.png 1024w, https:\/\/www.geoparcoalpicarniche.org\/wp-content\/uploads\/2026\/03\/copertina-e1774351937993-768x492.png 768w, https:\/\/www.geoparcoalpicarniche.org\/wp-content\/uploads\/2026\/03\/copertina-e1774351937993-1536x985.png 1536w, https:\/\/www.geoparcoalpicarniche.org\/wp-content\/uploads\/2026\/03\/copertina-e1774351937993-2048x1313.png 2048w\" sizes=\"auto, (max-width: 328px) 100vw, 328px\" \/><span class=\"rpwwt-post-title\">Venerd\u00ec al Cinema David si proietta il docufilm del Geoparco<\/span><\/a><div class=\"rpwwt-post-categories\">In Eventi, Conferenza, News dal geoparco<\/div><div class=\"rpwwt-post-excerpt\">Venerd\u00ec 27 marzo alle 20.30, al Nuovo Cinema David di Tolmezzo si proietta in prima visione assoluta \"Un mosaico di geodiversit\u00e0\"<span class=\"rpwwt-post-excerpt-more\"> [\u2026]<\/span><\/div><\/li>\r\n\t<\/ul>\r\n<\/div><!-- .rpwwt-widget -->\r\n<\/div><\/div><\/div><\/div><\/div><\/div>","protected":false},"excerpt":{"rendered":"<p>Servizio Geologico \u2013 Regione Autonoma FVG PROJECT PARTNER Servizio geologico &#8211; Regione Autonoma FVG Indietro Il Servizio geologico della Direzione centrale ambiente ed energia della Regione Autonoma Friuli Venezia Giulia si occupa di geologia in senso lato nel territorio regionale, spaziando dalla prevenzione da calamit\u00e0 naturali, quali frane, alla compatibilit\u00e0 &hellip;<\/p>\n","protected":false},"author":2,"featured_media":0,"parent":1813,"menu_order":26,"comment_status":"closed","ping_status":"closed","template":"","meta":{"_acf_changed":false,"inline_featured_image":false,"ngg_post_thumbnail":0,"footnotes":""},"class_list":{"0":"post-3374","1":"page","2":"type-page","3":"status-publish","5":"clearfix","6":"article"},"acf":[],"yoast_head":"<!-- This site is optimized with the Yoast SEO plugin v27.4 - https:\/\/yoast.com\/product\/yoast-seo-wordpress\/ -->\n<title>Servizio Geologico \u2013 Regione Autonoma FVG - Geoparco Alpi Carniche<\/title>\n<meta name=\"robots\" content=\"index, follow, max-snippet:-1, max-image-preview:large, max-video-preview:-1\" \/>\n<link rel=\"canonical\" href=\"https:\/\/www.geoparcoalpicarniche.org\/it\/geoparco-alpi-carniche\/progetto-geotrac\/servizio-geologico-regione-autonoma-fvg\/\" \/>\n<meta property=\"og:locale\" content=\"it_IT\" \/>\n<meta property=\"og:type\" content=\"article\" \/>\n<meta property=\"og:title\" content=\"Servizio Geologico \u2013 Regione Autonoma FVG - Geoparco Alpi Carniche\" \/>\n<meta property=\"og:description\" content=\"Servizio Geologico \u2013 Regione Autonoma FVG PROJECT PARTNER Servizio geologico - Regione Autonoma FVG Indietro Il Servizio geologico della Direzione centrale ambiente ed energia della Regione Autonoma Friuli Venezia Giulia si occupa di geologia in senso lato nel territorio regionale, spaziando dalla prevenzione da calamit\u00e0 naturali, quali frane, alla compatibilit\u00e0 &hellip;\" \/>\n<meta property=\"og:url\" content=\"https:\/\/www.geoparcoalpicarniche.org\/it\/geoparco-alpi-carniche\/progetto-geotrac\/servizio-geologico-regione-autonoma-fvg\/\" \/>\n<meta property=\"og:site_name\" content=\"Geoparco Alpi Carniche\" \/>\n<meta property=\"article:modified_time\" content=\"2018-04-27T07:58:34+00:00\" \/>\n<meta name=\"twitter:card\" content=\"summary_large_image\" \/>\n<meta name=\"twitter:label1\" content=\"Tempo di lettura stimato\" \/>\n\t<meta name=\"twitter:data1\" content=\"1 minuto\" \/>\n<script type=\"application\/ld+json\" class=\"yoast-schema-graph\">{\"@context\":\"https:\\\/\\\/schema.org\",\"@graph\":[{\"@type\":\"WebPage\",\"@id\":\"https:\\\/\\\/www.geoparcoalpicarniche.org\\\/it\\\/geoparco-alpi-carniche\\\/progetto-geotrac\\\/servizio-geologico-regione-autonoma-fvg\\\/\",\"url\":\"https:\\\/\\\/www.geoparcoalpicarniche.org\\\/it\\\/geoparco-alpi-carniche\\\/progetto-geotrac\\\/servizio-geologico-regione-autonoma-fvg\\\/\",\"name\":\"Servizio Geologico \u2013 Regione Autonoma FVG - Geoparco Alpi Carniche\",\"isPartOf\":{\"@id\":\"https:\\\/\\\/www.geoparcoalpicarniche.org\\\/it\\\/#website\"},\"datePublished\":\"2018-01-23T08:41:40+00:00\",\"dateModified\":\"2018-04-27T07:58:34+00:00\",\"breadcrumb\":{\"@id\":\"https:\\\/\\\/www.geoparcoalpicarniche.org\\\/it\\\/geoparco-alpi-carniche\\\/progetto-geotrac\\\/servizio-geologico-regione-autonoma-fvg\\\/#breadcrumb\"},\"inLanguage\":\"it-IT\",\"potentialAction\":[{\"@type\":\"ReadAction\",\"target\":[\"https:\\\/\\\/www.geoparcoalpicarniche.org\\\/it\\\/geoparco-alpi-carniche\\\/progetto-geotrac\\\/servizio-geologico-regione-autonoma-fvg\\\/\"]}]},{\"@type\":\"BreadcrumbList\",\"@id\":\"https:\\\/\\\/www.geoparcoalpicarniche.org\\\/it\\\/geoparco-alpi-carniche\\\/progetto-geotrac\\\/servizio-geologico-regione-autonoma-fvg\\\/#breadcrumb\",\"itemListElement\":[{\"@type\":\"ListItem\",\"position\":1,\"name\":\"Home\",\"item\":\"https:\\\/\\\/www.geoparcoalpicarniche.org\\\/it\\\/\"},{\"@type\":\"ListItem\",\"position\":2,\"name\":\"Geoparco Alpi Carniche\",\"item\":\"https:\\\/\\\/www.geoparcoalpicarniche.org\\\/it\\\/geoparco-alpi-carniche\\\/\"},{\"@type\":\"ListItem\",\"position\":3,\"name\":\"Progetto Geotrac\",\"item\":\"https:\\\/\\\/www.geoparcoalpicarniche.org\\\/it\\\/geoparco-alpi-carniche\\\/progetto-geotrac\\\/\"},{\"@type\":\"ListItem\",\"position\":4,\"name\":\"Servizio Geologico \u2013 Regione Autonoma FVG\"}]},{\"@type\":\"WebSite\",\"@id\":\"https:\\\/\\\/www.geoparcoalpicarniche.org\\\/it\\\/#website\",\"url\":\"https:\\\/\\\/www.geoparcoalpicarniche.org\\\/it\\\/\",\"name\":\"Geoparco Alpi Carniche\",\"description\":\"Custode del patrimonio geologico transfrontaliero\",\"potentialAction\":[{\"@type\":\"SearchAction\",\"target\":{\"@type\":\"EntryPoint\",\"urlTemplate\":\"https:\\\/\\\/www.geoparcoalpicarniche.org\\\/it\\\/?s={search_term_string}\"},\"query-input\":{\"@type\":\"PropertyValueSpecification\",\"valueRequired\":true,\"valueName\":\"search_term_string\"}}],\"inLanguage\":\"it-IT\"}]}<\/script>\n<!-- \/ Yoast SEO plugin. -->","yoast_head_json":{"title":"Servizio Geologico \u2013 Regione Autonoma FVG - Geoparco Alpi Carniche","robots":{"index":"index","follow":"follow","max-snippet":"max-snippet:-1","max-image-preview":"max-image-preview:large","max-video-preview":"max-video-preview:-1"},"canonical":"https:\/\/www.geoparcoalpicarniche.org\/it\/geoparco-alpi-carniche\/progetto-geotrac\/servizio-geologico-regione-autonoma-fvg\/","og_locale":"it_IT","og_type":"article","og_title":"Servizio Geologico \u2013 Regione Autonoma FVG - Geoparco Alpi Carniche","og_description":"Servizio Geologico \u2013 Regione Autonoma FVG PROJECT PARTNER Servizio geologico - Regione Autonoma FVG Indietro Il Servizio geologico della Direzione centrale ambiente ed energia della Regione Autonoma Friuli Venezia Giulia si occupa di geologia in senso lato nel territorio regionale, spaziando dalla prevenzione da calamit\u00e0 naturali, quali frane, alla compatibilit\u00e0 &hellip;","og_url":"https:\/\/www.geoparcoalpicarniche.org\/it\/geoparco-alpi-carniche\/progetto-geotrac\/servizio-geologico-regione-autonoma-fvg\/","og_site_name":"Geoparco Alpi Carniche","article_modified_time":"2018-04-27T07:58:34+00:00","twitter_card":"summary_large_image","twitter_misc":{"Tempo di lettura stimato":"1 minuto"},"schema":{"@context":"https:\/\/schema.org","@graph":[{"@type":"WebPage","@id":"https:\/\/www.geoparcoalpicarniche.org\/it\/geoparco-alpi-carniche\/progetto-geotrac\/servizio-geologico-regione-autonoma-fvg\/","url":"https:\/\/www.geoparcoalpicarniche.org\/it\/geoparco-alpi-carniche\/progetto-geotrac\/servizio-geologico-regione-autonoma-fvg\/","name":"Servizio Geologico \u2013 Regione Autonoma FVG - Geoparco Alpi Carniche","isPartOf":{"@id":"https:\/\/www.geoparcoalpicarniche.org\/it\/#website"},"datePublished":"2018-01-23T08:41:40+00:00","dateModified":"2018-04-27T07:58:34+00:00","breadcrumb":{"@id":"https:\/\/www.geoparcoalpicarniche.org\/it\/geoparco-alpi-carniche\/progetto-geotrac\/servizio-geologico-regione-autonoma-fvg\/#breadcrumb"},"inLanguage":"it-IT","potentialAction":[{"@type":"ReadAction","target":["https:\/\/www.geoparcoalpicarniche.org\/it\/geoparco-alpi-carniche\/progetto-geotrac\/servizio-geologico-regione-autonoma-fvg\/"]}]},{"@type":"BreadcrumbList","@id":"https:\/\/www.geoparcoalpicarniche.org\/it\/geoparco-alpi-carniche\/progetto-geotrac\/servizio-geologico-regione-autonoma-fvg\/#breadcrumb","itemListElement":[{"@type":"ListItem","position":1,"name":"Home","item":"https:\/\/www.geoparcoalpicarniche.org\/it\/"},{"@type":"ListItem","position":2,"name":"Geoparco Alpi Carniche","item":"https:\/\/www.geoparcoalpicarniche.org\/it\/geoparco-alpi-carniche\/"},{"@type":"ListItem","position":3,"name":"Progetto Geotrac","item":"https:\/\/www.geoparcoalpicarniche.org\/it\/geoparco-alpi-carniche\/progetto-geotrac\/"},{"@type":"ListItem","position":4,"name":"Servizio Geologico \u2013 Regione Autonoma FVG"}]},{"@type":"WebSite","@id":"https:\/\/www.geoparcoalpicarniche.org\/it\/#website","url":"https:\/\/www.geoparcoalpicarniche.org\/it\/","name":"Geoparco Alpi Carniche","description":"Custode del patrimonio geologico transfrontaliero","potentialAction":[{"@type":"SearchAction","target":{"@type":"EntryPoint","urlTemplate":"https:\/\/www.geoparcoalpicarniche.org\/it\/?s={search_term_string}"},"query-input":{"@type":"PropertyValueSpecification","valueRequired":true,"valueName":"search_term_string"}}],"inLanguage":"it-IT"}]}},"_links":{"self":[{"href":"https:\/\/www.geoparcoalpicarniche.org\/it\/wp-json\/wp\/v2\/pages\/3374","targetHints":{"allow":["GET"]}}],"collection":[{"href":"https:\/\/www.geoparcoalpicarniche.org\/it\/wp-json\/wp\/v2\/pages"}],"about":[{"href":"https:\/\/www.geoparcoalpicarniche.org\/it\/wp-json\/wp\/v2\/types\/page"}],"author":[{"embeddable":true,"href":"https:\/\/www.geoparcoalpicarniche.org\/it\/wp-json\/wp\/v2\/users\/2"}],"replies":[{"embeddable":true,"href":"https:\/\/www.geoparcoalpicarniche.org\/it\/wp-json\/wp\/v2\/comments?post=3374"}],"version-history":[{"count":5,"href":"https:\/\/www.geoparcoalpicarniche.org\/it\/wp-json\/wp\/v2\/pages\/3374\/revisions"}],"predecessor-version":[{"id":8501,"href":"https:\/\/www.geoparcoalpicarniche.org\/it\/wp-json\/wp\/v2\/pages\/3374\/revisions\/8501"}],"up":[{"embeddable":true,"href":"https:\/\/www.geoparcoalpicarniche.org\/it\/wp-json\/wp\/v2\/pages\/1813"}],"wp:attachment":[{"href":"https:\/\/www.geoparcoalpicarniche.org\/it\/wp-json\/wp\/v2\/media?parent=3374"}],"curies":[{"name":"wp","href":"https:\/\/api.w.org\/{rel}","templated":true}]}}