{"id":5323,"date":"2018-03-01T15:17:12","date_gmt":"2018-03-01T14:17:12","guid":{"rendered":"https:\/\/www.geoparcoalpicarniche.org\/?page_id=5323"},"modified":"2018-04-27T10:25:13","modified_gmt":"2018-04-27T08:25:13","slug":"territoriale-gebietsunion-canal-del-ferro-val-canale","status":"publish","type":"page","link":"https:\/\/www.geoparcoalpicarniche.org\/de\/der-geopark\/das-projekt-geotrac\/territoriale-gebietsunion-canal-del-ferro-val-canale\/","title":{"rendered":"Territoriale Gebietsunion Canal del Ferro-Val Canale"},"content":{"rendered":"<div id=\"pl-5323\"  class=\"panel-layout\" ><div id=\"pg-5323-0\"  class=\"panel-grid panel-has-style\" ><div class=\"page-header-single siteorigin-panels-stretch panel-row-style panel-row-style-for-5323-0\" data-stretch-type=\"full-stretched\" ><div id=\"pgc-5323-0-0\"  class=\"panel-grid-cell\" ><div class=\"panel-cell-style panel-cell-style-for-5323-0-0\" ><div id=\"panel-5323-0-0-0\" class=\"so-panel widget widget_sow-editor panel-first-child panel-last-child\" data-index=\"0\" ><div class=\"panel-widget-style panel-widget-style-for-5323-0-0-0\" ><div\n\t\t\t\n\t\t\tclass=\"so-widget-sow-editor so-widget-sow-editor-base\"\n\t\t\t\n\t\t>\n<div class=\"siteorigin-widget-tinymce textwidget\">\n\t<h2 style=\"text-align: left;\">Territoriale Gebietsunion Canal del Ferro-Val Canale<\/h2>\n<\/div>\n<\/div><\/div><\/div><\/div><\/div><div id=\"pgc-5323-0-1\"  class=\"panel-grid-cell\" ><div id=\"panel-5323-0-1-0\" class=\"so-panel widget widget_sow-image panel-first-child panel-last-child\" data-index=\"1\" ><div\n\t\t\t\n\t\t\tclass=\"so-widget-sow-image so-widget-sow-image-default-a258e6bfa2d8-5323\"\n\t\t\t\n\t\t>\n<div class=\"sow-image-container\">\n\t\t<img \n\tsrc=\"https:\/\/www.geoparcoalpicarniche.org\/wp-content\/uploads\/2018\/01\/UTI-ValCanale_Pal-VenezianoMalborghetto-1420px.jpg\" width=\"1420\" height=\"850\" srcset=\"https:\/\/www.geoparcoalpicarniche.org\/wp-content\/uploads\/2018\/01\/UTI-ValCanale_Pal-VenezianoMalborghetto-1420px.jpg 1420w, https:\/\/www.geoparcoalpicarniche.org\/wp-content\/uploads\/2018\/01\/UTI-ValCanale_Pal-VenezianoMalborghetto-1420px-300x180.jpg 300w, https:\/\/www.geoparcoalpicarniche.org\/wp-content\/uploads\/2018\/01\/UTI-ValCanale_Pal-VenezianoMalborghetto-1420px-768x460.jpg 768w, https:\/\/www.geoparcoalpicarniche.org\/wp-content\/uploads\/2018\/01\/UTI-ValCanale_Pal-VenezianoMalborghetto-1420px-1024x613.jpg 1024w\" sizes=\"(max-width: 1420px) 100vw, 1420px\" alt=\"\" \t\tclass=\"so-widget-image\"\/>\n\t<\/div>\n\n<\/div><\/div><\/div><\/div><\/div><div id=\"pg-5323-1\"  class=\"panel-grid panel-no-style\" ><div id=\"pgc-5323-1-0\"  class=\"panel-grid-cell\" ><div id=\"panel-5323-1-0-0\" class=\"so-panel widget widget_sow-editor panel-first-child panel-last-child\" data-index=\"2\" ><div\n\t\t\t\n\t\t\tclass=\"so-widget-sow-editor so-widget-sow-editor-base\"\n\t\t\t\n\t\t>\n<div class=\"siteorigin-widget-tinymce textwidget\">\n\t<p class=\"zona\">PROJECT PARTNER<\/p>\n<h2>Territoriale Gebietsunion<br \/>\nCanal del Ferro-Val Canale<\/h2>\n<p><a class=\"back mb-none\" href=\"\/de\/der-geopark\/das-projekt-geotrac\/\"><i class=\"fa fa-long-arrow-left\"><\/i> Indietro<\/a><\/p>\n<p>Die Territoriale Bebietsunion Canal del Ferro - Val Canale, mit Sitz in Pontebba, ist eine lokale Institution mit Rechtspers\u00f6nlichkeit, die aus dem Zusammenschluss\u00a0 von Gemeinden resultiert. Sie wurde aufgrund des ital.regional Gesetz. n. 24 von 2014 zur koordinierten Abwicklung kommunaler, sopra kommunaler Aufgaben und Leistungen mit den entsprechenden vermittelnden Verwaltungsebenen, sowie f\u00fcr eine territoriale, wirtschaftliche und soziale Entwicklung eingerichtet.<\/p>\n<p>Die Union ist Nachfolgerin der<em> Comunit\u00e0 Montana<\/em> von Gemona, Canal del Ferro und Val Canale, von der sie unter anderem das V\u00f6lkerkunde Museum des Canal del Ferro und Val Canale im \u201ePalazzo Veneziano\u201c in Malborghetto erbt, als auch die Mitwirkung am GeoTrAC Projekt.<\/p>\n<p>Die Union ist Eigent\u00fcmerin des<strong> V\u00f6lkerkunde Museums des Canal del Ferro - Val Canale<\/strong> das sich im sogenannten \u201ePalazzo Veneziano\u201c befindet, einem Herrenhaus das den Hauptplatz von Malborghetto dominiert, und 1982 von der <em>Comunit\u00e0 Montana Canal del Ferro \u2013 Val Canale<\/em> erworben wurde. Der damalige Vorstand bestimmte die Nutzung als V\u00f6lkerkunde Museum und Dokumentationszentrum.<\/p>\n<p>Heute bildet das Museum eine wichtige Basis um das Kanal Tal und seine Geschichte, seine Traditionen und seine herrliche Natur kennenzulernen. Ein Besuch im Museum in Malborghetto bedeutet eine <strong>faszinierende \u201eReise\u201c durch Geologie, Pal\u00e4ontologie, Naturwissenschaften, Geschichte und V\u00f6lkerkunde<\/strong> zu unternehmen, auf der, auch mittels eindrucksvoller Dioramen und Projektionen, Aspekte des gro\u00dfen Waldes von Tarvis\u2013 des gr\u00f6\u00dften staatlichen Waldes in Italien - vertieft werden k\u00f6nnen, sowie der alten, lebendigen Traditionen, die das Ergebnis des Zusammentreffens der drei gro\u00dfen Europ\u00e4ischen Kulturen sind: der lateinischen, der deutschen und der slawischen.<\/p>\n<\/div>\n<\/div><\/div><\/div><div id=\"pgc-5323-1-1\"  class=\"panel-grid-cell\" ><div id=\"panel-5323-1-1-0\" class=\"so-panel widget widget_sow-editor panel-first-child panel-last-child\" data-index=\"3\" ><div class=\"sidebarPartner panel-widget-style panel-widget-style-for-5323-1-1-0\" ><div\n\t\t\t\n\t\t\tclass=\"so-widget-sow-editor so-widget-sow-editor-base\"\n\t\t\t\n\t\t>\n<div class=\"siteorigin-widget-tinymce textwidget\">\n\t<div class=\"intestazione\"><strong>Kontakt<\/strong><\/div>\n<div class=\"contenuto\">\n<p><strong>Territoriale Gebietsunion Canal del Ferro-Val Canale<\/strong><\/p>\n<p><strong>Sitz:<\/strong><br \/>\nVia Pramollo, n.16<br \/>\n33016 Pontebba (UD)<br \/>\nTel. +39 0428 90351<\/p>\n<p><strong>Web:<\/strong><br \/>\n<a href=\"http:\/\/www.canaldelferro-valcanale.utifvg.it\" target=\"_blank\" rel=\"noopener\">www.canaldelferro-valcanale.utifvg.it <\/a><\/p>\n<p><strong>Facebook:<\/strong><br \/>\n<a href=\"http:\/\/www.facebook.com\/museoetnografico.palazzoveneziano\">MuseoetnograficoPalazzoVeneziano<\/a><\/p>\n<p><strong>Ansprechspartner:<\/strong><br \/>\nLara Magri<br \/>\n<a href=\"mailto:lara.magri@cdferro-vcanale.utifvg.it\">lara.magri@cdferro-vcanale.utifvg.it<\/a><br \/>\nGaetano Simonetti<br \/>\n<a href=\"mailto:gaetano.simonetti@cdferro-vcanale.utifvg.it\">gaetano.simonetti@cdferro-vcanale.utifvg.it<\/a><\/p>\n<\/div>\n<\/div>\n<\/div><\/div><\/div><\/div><\/div><div id=\"pg-5323-2\"  class=\"panel-grid panel-has-style\" ><div class=\"mt-lg panel-row-style panel-row-style-for-5323-2\" ><div id=\"pgc-5323-2-0\"  class=\"panel-grid-cell\" ><div id=\"panel-5323-2-0-0\" class=\"so-panel widget widget_sow-editor panel-first-child panel-last-child\" data-index=\"4\" ><div\n\t\t\t\n\t\t\tclass=\"so-widget-sow-editor so-widget-sow-editor-base\"\n\t\t\t\n\t\t>\n<div class=\"siteorigin-widget-tinymce textwidget\">\n\t<div class=\"pagNav\"><a class=\"pagNavNext\" href=\"\/de\/der-geopark\/das-projekt-geotrac\/geopark-karnische-alpen\/\">Geopark Karnische Alpen<\/a><a class=\"pagNavPrev\" href=\"\/de\/der-geopark\/das-projekt-geotrac\/interkommunale-gebietsunion-carnia-uti-carnia\/\">Interkommunale gebietsunion Carnia<\/a><\/div>\n<\/div>\n<\/div><\/div><\/div><\/div><\/div><div id=\"pg-5323-3\"  class=\"panel-grid panel-has-style\" ><div class=\"mt-xl pt-lg compensaMargin-content-area pb-lg siteorigin-panels-stretch panel-row-style panel-row-style-for-5323-3\" data-stretch-type=\"full\" ><div id=\"pgc-5323-3-0\"  class=\"panel-grid-cell\" ><div id=\"panel-5323-3-0-0\" class=\"so-panel widget widget_sow-editor panel-first-child\" data-index=\"5\" ><div\n\t\t\t\n\t\t\tclass=\"so-widget-sow-editor so-widget-sow-editor-base\"\n\t\t\t\n\t\t>\n<div class=\"siteorigin-widget-tinymce textwidget\">\n\t<h2 style=\"text-align: center;\">Iniziative &amp; News<\/h2>\n<p style=\"text-align: center;\">Iniziative, attivit\u00e0 e informazioni per chi ama l\u2019ambiente e la natura<\/p>\n<\/div>\n<\/div><\/div><div id=\"panel-5323-3-0-1\" class=\"so-panel widget widget_recent-posts-widget-with-thumbnails recent-posts-widget-with-thumbnails panel-last-child\" data-index=\"6\" ><div class=\"customContainer widgetNews3Colonne panel-widget-style panel-widget-style-for-5323-3-0-1\" >\n<div id=\"rpwwt-widget-3-0-1\" class=\"rpwwt-widget\">\r\n\t<ul>\r\n\t\t<li><a href=\"https:\/\/www.geoparcoalpicarniche.org\/de\/2026\/02\/16\/wasser_luft_erde_eis\/\"><img loading=\"lazy\" decoding=\"async\" width=\"350\" height=\"148\" src=\"https:\/\/www.geoparcoalpicarniche.org\/wp-content\/uploads\/2026\/02\/copertina.png\" class=\"attachment-350x210 size-350x210 wp-post-image\" alt=\"\" srcset=\"https:\/\/www.geoparcoalpicarniche.org\/wp-content\/uploads\/2026\/02\/copertina.png 1702w, https:\/\/www.geoparcoalpicarniche.org\/wp-content\/uploads\/2026\/02\/copertina-300x127.png 300w, https:\/\/www.geoparcoalpicarniche.org\/wp-content\/uploads\/2026\/02\/copertina-1024x433.png 1024w, https:\/\/www.geoparcoalpicarniche.org\/wp-content\/uploads\/2026\/02\/copertina-768x325.png 768w, https:\/\/www.geoparcoalpicarniche.org\/wp-content\/uploads\/2026\/02\/copertina-1536x650.png 1536w\" sizes=\"auto, (max-width: 350px) 100vw, 350px\" \/><span class=\"rpwwt-post-title\">Wasser, Luft, Erde, Eis &#8211; Sonderausstellung<\/span><\/a><div class=\"rpwwt-post-categories\">In News, News aus dem Geopark<\/div><div class=\"rpwwt-post-excerpt\">Tolmezzo (I), 27.02\/17.05 2026 - Der Geopark pr\u00e4sentiert die Ausstellung Wasser, Luft, Erde, Eis \/ Wenn das Naturereignis zur Katastrophe wird<span class=\"rpwwt-post-excerpt-more\"> [\u2026]<\/span><\/div><\/li>\r\n\t\t<li><a href=\"https:\/\/www.geoparcoalpicarniche.org\/de\/2024\/05\/28\/il-geoparco-delle-alpi-carniche-bandiera-verde-di-legambiente-2024\/\"><img loading=\"lazy\" decoding=\"async\" width=\"350\" height=\"197\" src=\"https:\/\/www.geoparcoalpicarniche.org\/wp-content\/uploads\/2024\/05\/IMG_20240525_163322copia.jpg\" class=\"attachment-350x210 size-350x210 wp-post-image\" alt=\"\" srcset=\"https:\/\/www.geoparcoalpicarniche.org\/wp-content\/uploads\/2024\/05\/IMG_20240525_163322copia.jpg 3545w, https:\/\/www.geoparcoalpicarniche.org\/wp-content\/uploads\/2024\/05\/IMG_20240525_163322copia-300x169.jpg 300w, https:\/\/www.geoparcoalpicarniche.org\/wp-content\/uploads\/2024\/05\/IMG_20240525_163322copia-1024x576.jpg 1024w, https:\/\/www.geoparcoalpicarniche.org\/wp-content\/uploads\/2024\/05\/IMG_20240525_163322copia-768x432.jpg 768w, https:\/\/www.geoparcoalpicarniche.org\/wp-content\/uploads\/2024\/05\/IMG_20240525_163322copia-1536x864.jpg 1536w, https:\/\/www.geoparcoalpicarniche.org\/wp-content\/uploads\/2024\/05\/IMG_20240525_163322copia-2048x1152.jpg 2048w, https:\/\/www.geoparcoalpicarniche.org\/wp-content\/uploads\/2024\/05\/IMG_20240525_163322copia-428x242.jpg 428w\" sizes=\"auto, (max-width: 350px) 100vw, 350px\" \/><span class=\"rpwwt-post-title\">Il Geoparco delle Alpi Carniche Bandiera Verde di Legambiente 2024!<\/span><\/a><div class=\"rpwwt-post-categories\">In News aus dem Geopark<\/div><div class=\"rpwwt-post-excerpt\">Sabato scorso, 25 maggio, a Chiavenna (So) il Geoparco delle Alpi Carniche ha ricevuto la Bandiera Verde di Legambiente!<span class=\"rpwwt-post-excerpt-more\"> [\u2026]<\/span><\/div><\/li>\r\n\t\t<li><a href=\"https:\/\/www.geoparcoalpicarniche.org\/de\/2023\/07\/15\/schatzsuche-am-geotrail-laas-2024\/\"><img loading=\"lazy\" decoding=\"async\" width=\"316\" height=\"210\" src=\"https:\/\/www.geoparcoalpicarniche.org\/wp-content\/uploads\/2022\/07\/Schatzsuche_Franz_GERDL.jpg\" class=\"attachment-350x210 size-350x210 wp-post-image\" alt=\"\" srcset=\"https:\/\/www.geoparcoalpicarniche.org\/wp-content\/uploads\/2022\/07\/Schatzsuche_Franz_GERDL.jpg 4256w, https:\/\/www.geoparcoalpicarniche.org\/wp-content\/uploads\/2022\/07\/Schatzsuche_Franz_GERDL-300x200.jpg 300w, https:\/\/www.geoparcoalpicarniche.org\/wp-content\/uploads\/2022\/07\/Schatzsuche_Franz_GERDL-1024x681.jpg 1024w, https:\/\/www.geoparcoalpicarniche.org\/wp-content\/uploads\/2022\/07\/Schatzsuche_Franz_GERDL-768x511.jpg 768w, https:\/\/www.geoparcoalpicarniche.org\/wp-content\/uploads\/2022\/07\/Schatzsuche_Franz_GERDL-1536x1022.jpg 1536w, https:\/\/www.geoparcoalpicarniche.org\/wp-content\/uploads\/2022\/07\/Schatzsuche_Franz_GERDL-2048x1363.jpg 2048w, https:\/\/www.geoparcoalpicarniche.org\/wp-content\/uploads\/2022\/07\/Schatzsuche_Franz_GERDL-272x182.jpg 272w\" sizes=\"auto, (max-width: 316px) 100vw, 316px\" \/><span class=\"rpwwt-post-title\">F\u00fcr Sp\u00fcrnasen &#8211; Schatzsuche am Geotrail Laas 2024<\/span><\/a><div class=\"rpwwt-post-categories\">In Veranstaltungen, News<\/div><div class=\"rpwwt-post-excerpt\">Freuen Sie sich mit Ihrer Familie auf einen spannenden Tag im kleinen Dorf Laas. Um 10:00 Uhr treffen Sie sich mit der Geoparkrangerin. Mit Schatzkarte, Kompass und GPS-Ger\u00e4t begeben sich die kleinen und gro\u00dfen Forscher auf eine spannende <span class=\"rpwwt-post-excerpt-more\"> [\u2026]<\/span><\/div><\/li>\r\n\t<\/ul>\r\n<\/div><!-- .rpwwt-widget -->\r\n<\/div><\/div><\/div><\/div><\/div><\/div>","protected":false},"excerpt":{"rendered":"<p>Territoriale Gebietsunion Canal del Ferro-Val Canale PROJECT PARTNER Territoriale Gebietsunion Canal del Ferro-Val Canale Indietro Die Territoriale Bebietsunion Canal del Ferro &#8211; Val Canale, mit Sitz in Pontebba, ist eine lokale Institution mit Rechtspers\u00f6nlichkeit, die aus dem Zusammenschluss\u00a0 von Gemeinden resultiert. Sie wurde aufgrund des ital.regional Gesetz. n. 24 von &hellip;<\/p>\n","protected":false},"author":2,"featured_media":0,"parent":4945,"menu_order":30,"comment_status":"closed","ping_status":"closed","template":"","meta":{"_acf_changed":false,"inline_featured_image":false,"ngg_post_thumbnail":0,"footnotes":""},"class_list":{"0":"post-5323","1":"page","2":"type-page","3":"status-publish","5":"clearfix","6":"article"},"acf":[],"yoast_head":"<!-- This site is optimized with the Yoast SEO plugin v27.4 - https:\/\/yoast.com\/product\/yoast-seo-wordpress\/ -->\n<title>Territoriale Gebietsunion Canal del Ferro-Val Canale - Geoparco Alpi Carniche<\/title>\n<meta name=\"robots\" content=\"index, follow, max-snippet:-1, max-image-preview:large, max-video-preview:-1\" \/>\n<link rel=\"canonical\" href=\"https:\/\/www.geoparcoalpicarniche.org\/de\/der-geopark\/das-projekt-geotrac\/territoriale-gebietsunion-canal-del-ferro-val-canale\/\" \/>\n<meta property=\"og:locale\" content=\"de_DE\" \/>\n<meta property=\"og:type\" content=\"article\" \/>\n<meta property=\"og:title\" content=\"Territoriale Gebietsunion Canal del Ferro-Val Canale - Geoparco Alpi Carniche\" \/>\n<meta property=\"og:description\" content=\"Territoriale Gebietsunion Canal del Ferro-Val Canale PROJECT PARTNER Territoriale Gebietsunion Canal del Ferro-Val Canale Indietro Die Territoriale Bebietsunion Canal del Ferro - Val Canale, mit Sitz in Pontebba, ist eine lokale Institution mit Rechtspers\u00f6nlichkeit, die aus dem Zusammenschluss\u00a0 von Gemeinden resultiert. Sie wurde aufgrund des ital.regional Gesetz. n. 24 von &hellip;\" \/>\n<meta property=\"og:url\" content=\"https:\/\/www.geoparcoalpicarniche.org\/de\/der-geopark\/das-projekt-geotrac\/territoriale-gebietsunion-canal-del-ferro-val-canale\/\" \/>\n<meta property=\"og:site_name\" content=\"Geoparco Alpi Carniche\" \/>\n<meta property=\"article:modified_time\" content=\"2018-04-27T08:25:13+00:00\" \/>\n<meta name=\"twitter:card\" content=\"summary_large_image\" \/>\n<meta name=\"twitter:label1\" content=\"Gesch\u00e4tzte Lesezeit\" \/>\n\t<meta name=\"twitter:data1\" content=\"2 minutes\" \/>\n<script type=\"application\/ld+json\" class=\"yoast-schema-graph\">{\"@context\":\"https:\\\/\\\/schema.org\",\"@graph\":[{\"@type\":\"WebPage\",\"@id\":\"https:\\\/\\\/www.geoparcoalpicarniche.org\\\/de\\\/der-geopark\\\/das-projekt-geotrac\\\/territoriale-gebietsunion-canal-del-ferro-val-canale\\\/\",\"url\":\"https:\\\/\\\/www.geoparcoalpicarniche.org\\\/de\\\/der-geopark\\\/das-projekt-geotrac\\\/territoriale-gebietsunion-canal-del-ferro-val-canale\\\/\",\"name\":\"Territoriale Gebietsunion Canal del Ferro-Val Canale - Geoparco Alpi Carniche\",\"isPartOf\":{\"@id\":\"https:\\\/\\\/www.geoparcoalpicarniche.org\\\/de\\\/#website\"},\"datePublished\":\"2018-03-01T14:17:12+00:00\",\"dateModified\":\"2018-04-27T08:25:13+00:00\",\"breadcrumb\":{\"@id\":\"https:\\\/\\\/www.geoparcoalpicarniche.org\\\/de\\\/der-geopark\\\/das-projekt-geotrac\\\/territoriale-gebietsunion-canal-del-ferro-val-canale\\\/#breadcrumb\"},\"inLanguage\":\"de-DE\",\"potentialAction\":[{\"@type\":\"ReadAction\",\"target\":[\"https:\\\/\\\/www.geoparcoalpicarniche.org\\\/de\\\/der-geopark\\\/das-projekt-geotrac\\\/territoriale-gebietsunion-canal-del-ferro-val-canale\\\/\"]}]},{\"@type\":\"BreadcrumbList\",\"@id\":\"https:\\\/\\\/www.geoparcoalpicarniche.org\\\/de\\\/der-geopark\\\/das-projekt-geotrac\\\/territoriale-gebietsunion-canal-del-ferro-val-canale\\\/#breadcrumb\",\"itemListElement\":[{\"@type\":\"ListItem\",\"position\":1,\"name\":\"Home\",\"item\":\"https:\\\/\\\/www.geoparcoalpicarniche.org\\\/de\\\/\"},{\"@type\":\"ListItem\",\"position\":2,\"name\":\"Der Geopark\",\"item\":\"https:\\\/\\\/www.geoparcoalpicarniche.org\\\/de\\\/der-geopark\\\/\"},{\"@type\":\"ListItem\",\"position\":3,\"name\":\"Das Projekt GeoTrAC\",\"item\":\"https:\\\/\\\/www.geoparcoalpicarniche.org\\\/de\\\/der-geopark\\\/das-projekt-geotrac\\\/\"},{\"@type\":\"ListItem\",\"position\":4,\"name\":\"Territoriale Gebietsunion Canal del Ferro-Val Canale\"}]},{\"@type\":\"WebSite\",\"@id\":\"https:\\\/\\\/www.geoparcoalpicarniche.org\\\/de\\\/#website\",\"url\":\"https:\\\/\\\/www.geoparcoalpicarniche.org\\\/de\\\/\",\"name\":\"Geoparco Alpi Carniche\",\"description\":\"Custode del patrimonio geologico transfrontaliero\",\"potentialAction\":[{\"@type\":\"SearchAction\",\"target\":{\"@type\":\"EntryPoint\",\"urlTemplate\":\"https:\\\/\\\/www.geoparcoalpicarniche.org\\\/de\\\/?s={search_term_string}\"},\"query-input\":{\"@type\":\"PropertyValueSpecification\",\"valueRequired\":true,\"valueName\":\"search_term_string\"}}],\"inLanguage\":\"de-DE\"}]}<\/script>\n<!-- \/ Yoast SEO plugin. -->","yoast_head_json":{"title":"Territoriale Gebietsunion Canal del Ferro-Val Canale - Geoparco Alpi Carniche","robots":{"index":"index","follow":"follow","max-snippet":"max-snippet:-1","max-image-preview":"max-image-preview:large","max-video-preview":"max-video-preview:-1"},"canonical":"https:\/\/www.geoparcoalpicarniche.org\/de\/der-geopark\/das-projekt-geotrac\/territoriale-gebietsunion-canal-del-ferro-val-canale\/","og_locale":"de_DE","og_type":"article","og_title":"Territoriale Gebietsunion Canal del Ferro-Val Canale - Geoparco Alpi Carniche","og_description":"Territoriale Gebietsunion Canal del Ferro-Val Canale PROJECT PARTNER Territoriale Gebietsunion Canal del Ferro-Val Canale Indietro Die Territoriale Bebietsunion Canal del Ferro - Val Canale, mit Sitz in Pontebba, ist eine lokale Institution mit Rechtspers\u00f6nlichkeit, die aus dem Zusammenschluss\u00a0 von Gemeinden resultiert. Sie wurde aufgrund des ital.regional Gesetz. n. 24 von &hellip;","og_url":"https:\/\/www.geoparcoalpicarniche.org\/de\/der-geopark\/das-projekt-geotrac\/territoriale-gebietsunion-canal-del-ferro-val-canale\/","og_site_name":"Geoparco Alpi Carniche","article_modified_time":"2018-04-27T08:25:13+00:00","twitter_card":"summary_large_image","twitter_misc":{"Gesch\u00e4tzte Lesezeit":"2 minutes"},"schema":{"@context":"https:\/\/schema.org","@graph":[{"@type":"WebPage","@id":"https:\/\/www.geoparcoalpicarniche.org\/de\/der-geopark\/das-projekt-geotrac\/territoriale-gebietsunion-canal-del-ferro-val-canale\/","url":"https:\/\/www.geoparcoalpicarniche.org\/de\/der-geopark\/das-projekt-geotrac\/territoriale-gebietsunion-canal-del-ferro-val-canale\/","name":"Territoriale Gebietsunion Canal del Ferro-Val Canale - Geoparco Alpi Carniche","isPartOf":{"@id":"https:\/\/www.geoparcoalpicarniche.org\/de\/#website"},"datePublished":"2018-03-01T14:17:12+00:00","dateModified":"2018-04-27T08:25:13+00:00","breadcrumb":{"@id":"https:\/\/www.geoparcoalpicarniche.org\/de\/der-geopark\/das-projekt-geotrac\/territoriale-gebietsunion-canal-del-ferro-val-canale\/#breadcrumb"},"inLanguage":"de-DE","potentialAction":[{"@type":"ReadAction","target":["https:\/\/www.geoparcoalpicarniche.org\/de\/der-geopark\/das-projekt-geotrac\/territoriale-gebietsunion-canal-del-ferro-val-canale\/"]}]},{"@type":"BreadcrumbList","@id":"https:\/\/www.geoparcoalpicarniche.org\/de\/der-geopark\/das-projekt-geotrac\/territoriale-gebietsunion-canal-del-ferro-val-canale\/#breadcrumb","itemListElement":[{"@type":"ListItem","position":1,"name":"Home","item":"https:\/\/www.geoparcoalpicarniche.org\/de\/"},{"@type":"ListItem","position":2,"name":"Der Geopark","item":"https:\/\/www.geoparcoalpicarniche.org\/de\/der-geopark\/"},{"@type":"ListItem","position":3,"name":"Das Projekt GeoTrAC","item":"https:\/\/www.geoparcoalpicarniche.org\/de\/der-geopark\/das-projekt-geotrac\/"},{"@type":"ListItem","position":4,"name":"Territoriale Gebietsunion Canal del Ferro-Val Canale"}]},{"@type":"WebSite","@id":"https:\/\/www.geoparcoalpicarniche.org\/de\/#website","url":"https:\/\/www.geoparcoalpicarniche.org\/de\/","name":"Geoparco Alpi Carniche","description":"Custode del patrimonio geologico transfrontaliero","potentialAction":[{"@type":"SearchAction","target":{"@type":"EntryPoint","urlTemplate":"https:\/\/www.geoparcoalpicarniche.org\/de\/?s={search_term_string}"},"query-input":{"@type":"PropertyValueSpecification","valueRequired":true,"valueName":"search_term_string"}}],"inLanguage":"de-DE"}]}},"_links":{"self":[{"href":"https:\/\/www.geoparcoalpicarniche.org\/de\/wp-json\/wp\/v2\/pages\/5323","targetHints":{"allow":["GET"]}}],"collection":[{"href":"https:\/\/www.geoparcoalpicarniche.org\/de\/wp-json\/wp\/v2\/pages"}],"about":[{"href":"https:\/\/www.geoparcoalpicarniche.org\/de\/wp-json\/wp\/v2\/types\/page"}],"author":[{"embeddable":true,"href":"https:\/\/www.geoparcoalpicarniche.org\/de\/wp-json\/wp\/v2\/users\/2"}],"replies":[{"embeddable":true,"href":"https:\/\/www.geoparcoalpicarniche.org\/de\/wp-json\/wp\/v2\/comments?post=5323"}],"version-history":[{"count":5,"href":"https:\/\/www.geoparcoalpicarniche.org\/de\/wp-json\/wp\/v2\/pages\/5323\/revisions"}],"predecessor-version":[{"id":8527,"href":"https:\/\/www.geoparcoalpicarniche.org\/de\/wp-json\/wp\/v2\/pages\/5323\/revisions\/8527"}],"up":[{"embeddable":true,"href":"https:\/\/www.geoparcoalpicarniche.org\/de\/wp-json\/wp\/v2\/pages\/4945"}],"wp:attachment":[{"href":"https:\/\/www.geoparcoalpicarniche.org\/de\/wp-json\/wp\/v2\/media?parent=5323"}],"curies":[{"name":"wp","href":"https:\/\/api.w.org\/{rel}","templated":true}]}}