{"id":5317,"date":"2018-03-01T15:15:28","date_gmt":"2018-03-01T14:15:28","guid":{"rendered":"https:\/\/www.geoparcoalpicarniche.org\/?page_id=5317"},"modified":"2018-04-27T10:30:16","modified_gmt":"2018-04-27T08:30:16","slug":"geologische-dienst-der-autonomen-region-friaul-julisch-venetien","status":"publish","type":"page","link":"https:\/\/www.geoparcoalpicarniche.org\/de\/der-geopark\/das-projekt-geotrac\/geologische-dienst-der-autonomen-region-friaul-julisch-venetien\/","title":{"rendered":"Geologische Dienst der Autonomen Region Friaul-Julisch Venetien"},"content":{"rendered":"<div id=\"pl-5317\"  class=\"panel-layout\" ><div id=\"pg-5317-0\"  class=\"panel-grid panel-has-style\" ><div class=\"page-header-single siteorigin-panels-stretch panel-row-style panel-row-style-for-5317-0\" data-stretch-type=\"full-stretched\" ><div id=\"pgc-5317-0-0\"  class=\"panel-grid-cell\" ><div class=\"panel-cell-style panel-cell-style-for-5317-0-0\" ><div id=\"panel-5317-0-0-0\" class=\"so-panel widget widget_sow-editor panel-first-child panel-last-child\" data-index=\"0\" ><div class=\"panel-widget-style panel-widget-style-for-5317-0-0-0\" ><div\n\t\t\t\n\t\t\tclass=\"so-widget-sow-editor so-widget-sow-editor-base\"\n\t\t\t\n\t\t>\n<div class=\"siteorigin-widget-tinymce textwidget\">\n\t<h2 style=\"text-align: left;\">Geologische Dienst der Autonomen Region Friaul-Julisch Venetien<\/h2>\n<\/div>\n<\/div><\/div><\/div><\/div><\/div><div id=\"pgc-5317-0-1\"  class=\"panel-grid-cell\" ><div id=\"panel-5317-0-1-0\" class=\"so-panel widget widget_sow-image panel-first-child panel-last-child\" data-index=\"1\" ><div\n\t\t\t\n\t\t\tclass=\"so-widget-sow-image so-widget-sow-image-default-a258e6bfa2d8-5317\"\n\t\t\t\n\t\t>\n<div class=\"sow-image-container\">\n\t\t<img \n\tsrc=\"https:\/\/www.geoparcoalpicarniche.org\/wp-content\/uploads\/2018\/01\/Regione-FVG-1420px.jpg\" width=\"1420\" height=\"850\" srcset=\"https:\/\/www.geoparcoalpicarniche.org\/wp-content\/uploads\/2018\/01\/Regione-FVG-1420px.jpg 1420w, https:\/\/www.geoparcoalpicarniche.org\/wp-content\/uploads\/2018\/01\/Regione-FVG-1420px-300x180.jpg 300w, https:\/\/www.geoparcoalpicarniche.org\/wp-content\/uploads\/2018\/01\/Regione-FVG-1420px-768x460.jpg 768w, https:\/\/www.geoparcoalpicarniche.org\/wp-content\/uploads\/2018\/01\/Regione-FVG-1420px-1024x613.jpg 1024w\" sizes=\"(max-width: 1420px) 100vw, 1420px\" alt=\"\" \t\tclass=\"so-widget-image\"\/>\n\t<\/div>\n\n<\/div><\/div><\/div><\/div><\/div><div id=\"pg-5317-1\"  class=\"panel-grid panel-no-style\" ><div id=\"pgc-5317-1-0\"  class=\"panel-grid-cell\" ><div id=\"panel-5317-1-0-0\" class=\"so-panel widget widget_sow-editor panel-first-child panel-last-child\" data-index=\"2\" ><div\n\t\t\t\n\t\t\tclass=\"so-widget-sow-editor so-widget-sow-editor-base\"\n\t\t\t\n\t\t>\n<div class=\"siteorigin-widget-tinymce textwidget\">\n\t<p class=\"zona\">PROJECT PARTNER<\/p>\n<h2>Geologische Dienst der Autonomen Region Friaul-Julisch Venetien<\/h2>\n<p><a class=\"back mb-none\" href=\"\/de\/der-geopark\/das-projekt-geotrac\/\"><i class=\"fa fa-long-arrow-left\"><\/i> Indietro<\/a><\/p>\n<p>Der Geologische Dienst der Zentraldirektion Umwelt und Energie der Autonomen Region Friaul Julisch Venetien, ist mit der Geologie des Territoriums im weitesten Sinn befasst, beginnend bei der Verh\u00fctung von Naturkatastrophen wie Muren, \u00fcber die geologische Vertr\u00e4glichkeit von Stadtplanungsmitteln, die F\u00f6rderung von Studien und Forschung, die geologische Kartographie, bis zum Bergbau, den Auflagen im Bergbau, der Bergbaupolizei und geothermischen Ressourcen.<\/p>\n<p>Vor allem ist sie die einzige regionale Struktur mit Kompetenzen zum Schutz und zur Aufwertung der Geo Diversit\u00e4t und des geologischen Erbes und in dieser Funktion ein Betreiber des ital. Regional Gesetzes vom 14. Oktober 2016, n.15 \u201e Ma\u00dfnahmen zum Schutz und zur Aufwertung der Geo Diversit\u00e4t und des geologischen, spel\u00e4ologischen Erbes und der Karstgebiete\u201c in dessen Rahmen ebendort der <a href=\"http:\/\/www.regione.fvg.it\/rafvg\/cms\/RAFVG\/ambiente-territorio\/tutela-ambiente-gestione-risorse-naturali\/FOGLIA201\/FOGLIA16\/\" target=\"blank\">Catasto regionale dei geositi<\/a> (<em>Regionalkataster der Geotope<\/em>) und der regionalen Geoparks eingerichtet, sowie die Ma\u00dfnahmen f\u00fcr deren Schutz und Verwaltung erstellt wurden<\/p>\n<p>Mit besonderem Augenmerk auf die <a href=\"http:\/\/www.regione.fvg.it\/rafvg\/cms\/RAFVG\/ambiente-territorio\/tutela-ambiente-gestione-risorse-naturali\/FOGLIA201\/FOGLIA18\/\" target=\"blank\">geodivulgazione<\/a> (<em>Geopublikationen<\/em>) wurden, auch mit Hilfe der Fonds des nationalen Programmes <em>INFEA<\/em> (Information und Umwelterziehung), zahlreiche Publikationen herausgegeben, von denen einige dank der erfolgreichen Zusammenarbeit mit den beiden wichtigsten regionalen Universit\u00e4ten und dem Friaulischen Museum f\u00fcr Naturgeschichte in Udine entstanden sind.<\/p>\n<\/div>\n<\/div><\/div><\/div><div id=\"pgc-5317-1-1\"  class=\"panel-grid-cell\" ><div id=\"panel-5317-1-1-0\" class=\"so-panel widget widget_sow-editor panel-first-child panel-last-child\" data-index=\"3\" ><div class=\"sidebarPartner panel-widget-style panel-widget-style-for-5317-1-1-0\" ><div\n\t\t\t\n\t\t\tclass=\"so-widget-sow-editor so-widget-sow-editor-base\"\n\t\t\t\n\t\t>\n<div class=\"siteorigin-widget-tinymce textwidget\">\n\t<div class=\"intestazione\"><strong>Kontakt<\/strong><\/div>\n<div class=\"contenuto\">\n<p><strong>Geologische Dienst der Autonomen Region Friaul-Julisch Venetien<\/strong><\/p>\n<p><strong>Sitz:<\/strong><br \/>\npiazza Unit\u00e0 d'Italia 1 - 34121 Trieste<\/p>\n<p><strong>Sitz<\/strong><br \/>\nVia S. Anastasio 3 - 34132 Trieste<br \/>\nTel.+39 040 377 4183<br \/>\nFax:+39 040 3774410<br \/>\nmail:<a href=\"mailto:geologico@regione.fvg.it\">geologico@regione.fvg.it<\/a><\/p>\n<p><strong>Web:<\/strong><br \/>\n<a href=\"http:\/\/www.regione.fvg.it\" target=\"_blank\" rel=\"noopener\">www.regione.fvg.it<\/a><\/p>\n<p><strong>Ansprechspartner\u2028:<\/strong><br \/>\n<a href=\"http:\/\/www.regione.fvg.it\/rafvg\/cms\/RAFVG\/ambiente-territorio\/tutela-ambiente-gestione-risorse-naturali\/FOGLIA201\/FOGLIA19\/articolo.html\" target=\"_blank\" rel=\"noopener\">link<\/a><\/p>\n<\/div>\n<\/div>\n<\/div><\/div><\/div><\/div><\/div><div id=\"pg-5317-2\"  class=\"panel-grid panel-has-style\" ><div class=\"mt-lg panel-row-style panel-row-style-for-5317-2\" ><div id=\"pgc-5317-2-0\"  class=\"panel-grid-cell\" ><div id=\"panel-5317-2-0-0\" class=\"so-panel widget widget_sow-editor panel-first-child panel-last-child\" data-index=\"4\" ><div\n\t\t\t\n\t\t\tclass=\"so-widget-sow-editor so-widget-sow-editor-base\"\n\t\t\t\n\t\t>\n<div class=\"siteorigin-widget-tinymce textwidget\">\n\t<div class=\"pagNav\"><a class=\"pagNavNext\" href=\"\/de\/der-geopark\/das-projekt-geotrac\/friaulisches-museum-fuer-naturkunde-in-udine\/\">Friaulisches Museum Fuer Naturkunde in Udine<\/a><a class=\"pagNavPrev\" href=\"\/de\/der-geopark\/das-projekt-geotrac\/geopark-karnische-alpen\/\">Geopark-Karnische Alpen<\/a><\/div>\n<\/div>\n<\/div><\/div><\/div><\/div><\/div><div id=\"pg-5317-3\"  class=\"panel-grid panel-has-style\" ><div class=\"mt-xl pt-lg compensaMargin-content-area pb-lg siteorigin-panels-stretch panel-row-style panel-row-style-for-5317-3\" data-stretch-type=\"full\" ><div id=\"pgc-5317-3-0\"  class=\"panel-grid-cell\" ><div id=\"panel-5317-3-0-0\" class=\"so-panel widget widget_sow-editor panel-first-child\" data-index=\"5\" ><div\n\t\t\t\n\t\t\tclass=\"so-widget-sow-editor so-widget-sow-editor-base\"\n\t\t\t\n\t\t>\n<div class=\"siteorigin-widget-tinymce textwidget\">\n\t<h2 style=\"text-align: center;\">Iniziative &amp; News<\/h2>\n<p style=\"text-align: center;\">Iniziative, attivit\u00e0 e informazioni per chi ama l\u2019ambiente e la natura<\/p>\n<\/div>\n<\/div><\/div><div id=\"panel-5317-3-0-1\" class=\"so-panel widget widget_recent-posts-widget-with-thumbnails recent-posts-widget-with-thumbnails panel-last-child\" data-index=\"6\" ><div class=\"customContainer widgetNews3Colonne panel-widget-style panel-widget-style-for-5317-3-0-1\" >\n<div id=\"rpwwt-widget-3-0-1\" class=\"rpwwt-widget\">\r\n\t<ul>\r\n\t\t<li><a href=\"https:\/\/www.geoparcoalpicarniche.org\/de\/2026\/02\/16\/wasser_luft_erde_eis\/\"><img loading=\"lazy\" decoding=\"async\" width=\"350\" height=\"148\" src=\"https:\/\/www.geoparcoalpicarniche.org\/wp-content\/uploads\/2026\/02\/copertina.png\" class=\"attachment-350x210 size-350x210 wp-post-image\" alt=\"\" srcset=\"https:\/\/www.geoparcoalpicarniche.org\/wp-content\/uploads\/2026\/02\/copertina.png 1702w, https:\/\/www.geoparcoalpicarniche.org\/wp-content\/uploads\/2026\/02\/copertina-300x127.png 300w, https:\/\/www.geoparcoalpicarniche.org\/wp-content\/uploads\/2026\/02\/copertina-1024x433.png 1024w, https:\/\/www.geoparcoalpicarniche.org\/wp-content\/uploads\/2026\/02\/copertina-768x325.png 768w, https:\/\/www.geoparcoalpicarniche.org\/wp-content\/uploads\/2026\/02\/copertina-1536x650.png 1536w\" sizes=\"auto, (max-width: 350px) 100vw, 350px\" \/><span class=\"rpwwt-post-title\">Wasser, Luft, Erde, Eis &#8211; Sonderausstellung<\/span><\/a><div class=\"rpwwt-post-categories\">In News, News aus dem Geopark<\/div><div class=\"rpwwt-post-excerpt\">Tolmezzo (I), 27.02\/17.05 2026 - Der Geopark pr\u00e4sentiert die Ausstellung Wasser, Luft, Erde, Eis \/ Wenn das Naturereignis zur Katastrophe wird<span class=\"rpwwt-post-excerpt-more\"> [\u2026]<\/span><\/div><\/li>\r\n\t\t<li><a href=\"https:\/\/www.geoparcoalpicarniche.org\/de\/2024\/05\/28\/il-geoparco-delle-alpi-carniche-bandiera-verde-di-legambiente-2024\/\"><img loading=\"lazy\" decoding=\"async\" width=\"350\" height=\"197\" src=\"https:\/\/www.geoparcoalpicarniche.org\/wp-content\/uploads\/2024\/05\/IMG_20240525_163322copia.jpg\" class=\"attachment-350x210 size-350x210 wp-post-image\" alt=\"\" srcset=\"https:\/\/www.geoparcoalpicarniche.org\/wp-content\/uploads\/2024\/05\/IMG_20240525_163322copia.jpg 3545w, https:\/\/www.geoparcoalpicarniche.org\/wp-content\/uploads\/2024\/05\/IMG_20240525_163322copia-300x169.jpg 300w, https:\/\/www.geoparcoalpicarniche.org\/wp-content\/uploads\/2024\/05\/IMG_20240525_163322copia-1024x576.jpg 1024w, https:\/\/www.geoparcoalpicarniche.org\/wp-content\/uploads\/2024\/05\/IMG_20240525_163322copia-768x432.jpg 768w, https:\/\/www.geoparcoalpicarniche.org\/wp-content\/uploads\/2024\/05\/IMG_20240525_163322copia-1536x864.jpg 1536w, https:\/\/www.geoparcoalpicarniche.org\/wp-content\/uploads\/2024\/05\/IMG_20240525_163322copia-2048x1152.jpg 2048w, https:\/\/www.geoparcoalpicarniche.org\/wp-content\/uploads\/2024\/05\/IMG_20240525_163322copia-428x242.jpg 428w\" sizes=\"auto, (max-width: 350px) 100vw, 350px\" \/><span class=\"rpwwt-post-title\">Il Geoparco delle Alpi Carniche Bandiera Verde di Legambiente 2024!<\/span><\/a><div class=\"rpwwt-post-categories\">In News aus dem Geopark<\/div><div class=\"rpwwt-post-excerpt\">Sabato scorso, 25 maggio, a Chiavenna (So) il Geoparco delle Alpi Carniche ha ricevuto la Bandiera Verde di Legambiente!<span class=\"rpwwt-post-excerpt-more\"> [\u2026]<\/span><\/div><\/li>\r\n\t\t<li><a href=\"https:\/\/www.geoparcoalpicarniche.org\/de\/2023\/07\/15\/schatzsuche-am-geotrail-laas-2024\/\"><img loading=\"lazy\" decoding=\"async\" width=\"316\" height=\"210\" src=\"https:\/\/www.geoparcoalpicarniche.org\/wp-content\/uploads\/2022\/07\/Schatzsuche_Franz_GERDL.jpg\" class=\"attachment-350x210 size-350x210 wp-post-image\" alt=\"\" srcset=\"https:\/\/www.geoparcoalpicarniche.org\/wp-content\/uploads\/2022\/07\/Schatzsuche_Franz_GERDL.jpg 4256w, https:\/\/www.geoparcoalpicarniche.org\/wp-content\/uploads\/2022\/07\/Schatzsuche_Franz_GERDL-300x200.jpg 300w, https:\/\/www.geoparcoalpicarniche.org\/wp-content\/uploads\/2022\/07\/Schatzsuche_Franz_GERDL-1024x681.jpg 1024w, https:\/\/www.geoparcoalpicarniche.org\/wp-content\/uploads\/2022\/07\/Schatzsuche_Franz_GERDL-768x511.jpg 768w, https:\/\/www.geoparcoalpicarniche.org\/wp-content\/uploads\/2022\/07\/Schatzsuche_Franz_GERDL-1536x1022.jpg 1536w, https:\/\/www.geoparcoalpicarniche.org\/wp-content\/uploads\/2022\/07\/Schatzsuche_Franz_GERDL-2048x1363.jpg 2048w, https:\/\/www.geoparcoalpicarniche.org\/wp-content\/uploads\/2022\/07\/Schatzsuche_Franz_GERDL-272x182.jpg 272w\" sizes=\"auto, (max-width: 316px) 100vw, 316px\" \/><span class=\"rpwwt-post-title\">F\u00fcr Sp\u00fcrnasen &#8211; Schatzsuche am Geotrail Laas 2024<\/span><\/a><div class=\"rpwwt-post-categories\">In Veranstaltungen, News<\/div><div class=\"rpwwt-post-excerpt\">Freuen Sie sich mit Ihrer Familie auf einen spannenden Tag im kleinen Dorf Laas. Um 10:00 Uhr treffen Sie sich mit der Geoparkrangerin. Mit Schatzkarte, Kompass und GPS-Ger\u00e4t begeben sich die kleinen und gro\u00dfen Forscher auf eine spannende <span class=\"rpwwt-post-excerpt-more\"> [\u2026]<\/span><\/div><\/li>\r\n\t<\/ul>\r\n<\/div><!-- .rpwwt-widget -->\r\n<\/div><\/div><\/div><\/div><\/div><\/div>","protected":false},"excerpt":{"rendered":"<p>Geologische Dienst der Autonomen Region Friaul-Julisch Venetien PROJECT PARTNER Geologische Dienst der Autonomen Region Friaul-Julisch Venetien Indietro Der Geologische Dienst der Zentraldirektion Umwelt und Energie der Autonomen Region Friaul Julisch Venetien, ist mit der Geologie des Territoriums im weitesten Sinn befasst, beginnend bei der Verh\u00fctung von Naturkatastrophen wie Muren, \u00fcber &hellip;<\/p>\n","protected":false},"author":2,"featured_media":0,"parent":4945,"menu_order":27,"comment_status":"closed","ping_status":"closed","template":"","meta":{"_acf_changed":false,"inline_featured_image":false,"ngg_post_thumbnail":0,"footnotes":""},"class_list":{"0":"post-5317","1":"page","2":"type-page","3":"status-publish","5":"clearfix","6":"article"},"acf":[],"yoast_head":"<!-- This site is optimized with the Yoast SEO plugin v27.4 - https:\/\/yoast.com\/product\/yoast-seo-wordpress\/ -->\n<title>Geologische Dienst der Autonomen Region Friaul-Julisch Venetien - Geoparco Alpi Carniche<\/title>\n<meta name=\"robots\" content=\"index, follow, max-snippet:-1, max-image-preview:large, max-video-preview:-1\" \/>\n<link rel=\"canonical\" href=\"https:\/\/www.geoparcoalpicarniche.org\/de\/der-geopark\/das-projekt-geotrac\/geologische-dienst-der-autonomen-region-friaul-julisch-venetien\/\" \/>\n<meta property=\"og:locale\" content=\"de_DE\" \/>\n<meta property=\"og:type\" content=\"article\" \/>\n<meta property=\"og:title\" content=\"Geologische Dienst der Autonomen Region Friaul-Julisch Venetien - Geoparco Alpi Carniche\" \/>\n<meta property=\"og:description\" content=\"Geologische Dienst der Autonomen Region Friaul-Julisch Venetien PROJECT PARTNER Geologische Dienst der Autonomen Region Friaul-Julisch Venetien Indietro Der Geologische Dienst der Zentraldirektion Umwelt und Energie der Autonomen Region Friaul Julisch Venetien, ist mit der Geologie des Territoriums im weitesten Sinn befasst, beginnend bei der Verh\u00fctung von Naturkatastrophen wie Muren, \u00fcber &hellip;\" \/>\n<meta property=\"og:url\" content=\"https:\/\/www.geoparcoalpicarniche.org\/de\/der-geopark\/das-projekt-geotrac\/geologische-dienst-der-autonomen-region-friaul-julisch-venetien\/\" \/>\n<meta property=\"og:site_name\" content=\"Geoparco Alpi Carniche\" \/>\n<meta property=\"article:modified_time\" content=\"2018-04-27T08:30:16+00:00\" \/>\n<meta name=\"twitter:card\" content=\"summary_large_image\" \/>\n<meta name=\"twitter:label1\" content=\"Gesch\u00e4tzte Lesezeit\" \/>\n\t<meta name=\"twitter:data1\" content=\"1 minute\" \/>\n<script type=\"application\/ld+json\" class=\"yoast-schema-graph\">{\"@context\":\"https:\\\/\\\/schema.org\",\"@graph\":[{\"@type\":\"WebPage\",\"@id\":\"https:\\\/\\\/www.geoparcoalpicarniche.org\\\/de\\\/der-geopark\\\/das-projekt-geotrac\\\/geologische-dienst-der-autonomen-region-friaul-julisch-venetien\\\/\",\"url\":\"https:\\\/\\\/www.geoparcoalpicarniche.org\\\/de\\\/der-geopark\\\/das-projekt-geotrac\\\/geologische-dienst-der-autonomen-region-friaul-julisch-venetien\\\/\",\"name\":\"Geologische Dienst der Autonomen Region Friaul-Julisch Venetien - Geoparco Alpi Carniche\",\"isPartOf\":{\"@id\":\"https:\\\/\\\/www.geoparcoalpicarniche.org\\\/de\\\/#website\"},\"datePublished\":\"2018-03-01T14:15:28+00:00\",\"dateModified\":\"2018-04-27T08:30:16+00:00\",\"breadcrumb\":{\"@id\":\"https:\\\/\\\/www.geoparcoalpicarniche.org\\\/de\\\/der-geopark\\\/das-projekt-geotrac\\\/geologische-dienst-der-autonomen-region-friaul-julisch-venetien\\\/#breadcrumb\"},\"inLanguage\":\"de-DE\",\"potentialAction\":[{\"@type\":\"ReadAction\",\"target\":[\"https:\\\/\\\/www.geoparcoalpicarniche.org\\\/de\\\/der-geopark\\\/das-projekt-geotrac\\\/geologische-dienst-der-autonomen-region-friaul-julisch-venetien\\\/\"]}]},{\"@type\":\"BreadcrumbList\",\"@id\":\"https:\\\/\\\/www.geoparcoalpicarniche.org\\\/de\\\/der-geopark\\\/das-projekt-geotrac\\\/geologische-dienst-der-autonomen-region-friaul-julisch-venetien\\\/#breadcrumb\",\"itemListElement\":[{\"@type\":\"ListItem\",\"position\":1,\"name\":\"Home\",\"item\":\"https:\\\/\\\/www.geoparcoalpicarniche.org\\\/de\\\/\"},{\"@type\":\"ListItem\",\"position\":2,\"name\":\"Der Geopark\",\"item\":\"https:\\\/\\\/www.geoparcoalpicarniche.org\\\/de\\\/der-geopark\\\/\"},{\"@type\":\"ListItem\",\"position\":3,\"name\":\"Das Projekt GeoTrAC\",\"item\":\"https:\\\/\\\/www.geoparcoalpicarniche.org\\\/de\\\/der-geopark\\\/das-projekt-geotrac\\\/\"},{\"@type\":\"ListItem\",\"position\":4,\"name\":\"Geologische Dienst der Autonomen Region Friaul-Julisch Venetien\"}]},{\"@type\":\"WebSite\",\"@id\":\"https:\\\/\\\/www.geoparcoalpicarniche.org\\\/de\\\/#website\",\"url\":\"https:\\\/\\\/www.geoparcoalpicarniche.org\\\/de\\\/\",\"name\":\"Geoparco Alpi Carniche\",\"description\":\"Custode del patrimonio geologico transfrontaliero\",\"potentialAction\":[{\"@type\":\"SearchAction\",\"target\":{\"@type\":\"EntryPoint\",\"urlTemplate\":\"https:\\\/\\\/www.geoparcoalpicarniche.org\\\/de\\\/?s={search_term_string}\"},\"query-input\":{\"@type\":\"PropertyValueSpecification\",\"valueRequired\":true,\"valueName\":\"search_term_string\"}}],\"inLanguage\":\"de-DE\"}]}<\/script>\n<!-- \/ Yoast SEO plugin. -->","yoast_head_json":{"title":"Geologische Dienst der Autonomen Region Friaul-Julisch Venetien - Geoparco Alpi Carniche","robots":{"index":"index","follow":"follow","max-snippet":"max-snippet:-1","max-image-preview":"max-image-preview:large","max-video-preview":"max-video-preview:-1"},"canonical":"https:\/\/www.geoparcoalpicarniche.org\/de\/der-geopark\/das-projekt-geotrac\/geologische-dienst-der-autonomen-region-friaul-julisch-venetien\/","og_locale":"de_DE","og_type":"article","og_title":"Geologische Dienst der Autonomen Region Friaul-Julisch Venetien - Geoparco Alpi Carniche","og_description":"Geologische Dienst der Autonomen Region Friaul-Julisch Venetien PROJECT PARTNER Geologische Dienst der Autonomen Region Friaul-Julisch Venetien Indietro Der Geologische Dienst der Zentraldirektion Umwelt und Energie der Autonomen Region Friaul Julisch Venetien, ist mit der Geologie des Territoriums im weitesten Sinn befasst, beginnend bei der Verh\u00fctung von Naturkatastrophen wie Muren, \u00fcber &hellip;","og_url":"https:\/\/www.geoparcoalpicarniche.org\/de\/der-geopark\/das-projekt-geotrac\/geologische-dienst-der-autonomen-region-friaul-julisch-venetien\/","og_site_name":"Geoparco Alpi Carniche","article_modified_time":"2018-04-27T08:30:16+00:00","twitter_card":"summary_large_image","twitter_misc":{"Gesch\u00e4tzte Lesezeit":"1 minute"},"schema":{"@context":"https:\/\/schema.org","@graph":[{"@type":"WebPage","@id":"https:\/\/www.geoparcoalpicarniche.org\/de\/der-geopark\/das-projekt-geotrac\/geologische-dienst-der-autonomen-region-friaul-julisch-venetien\/","url":"https:\/\/www.geoparcoalpicarniche.org\/de\/der-geopark\/das-projekt-geotrac\/geologische-dienst-der-autonomen-region-friaul-julisch-venetien\/","name":"Geologische Dienst der Autonomen Region Friaul-Julisch Venetien - Geoparco Alpi Carniche","isPartOf":{"@id":"https:\/\/www.geoparcoalpicarniche.org\/de\/#website"},"datePublished":"2018-03-01T14:15:28+00:00","dateModified":"2018-04-27T08:30:16+00:00","breadcrumb":{"@id":"https:\/\/www.geoparcoalpicarniche.org\/de\/der-geopark\/das-projekt-geotrac\/geologische-dienst-der-autonomen-region-friaul-julisch-venetien\/#breadcrumb"},"inLanguage":"de-DE","potentialAction":[{"@type":"ReadAction","target":["https:\/\/www.geoparcoalpicarniche.org\/de\/der-geopark\/das-projekt-geotrac\/geologische-dienst-der-autonomen-region-friaul-julisch-venetien\/"]}]},{"@type":"BreadcrumbList","@id":"https:\/\/www.geoparcoalpicarniche.org\/de\/der-geopark\/das-projekt-geotrac\/geologische-dienst-der-autonomen-region-friaul-julisch-venetien\/#breadcrumb","itemListElement":[{"@type":"ListItem","position":1,"name":"Home","item":"https:\/\/www.geoparcoalpicarniche.org\/de\/"},{"@type":"ListItem","position":2,"name":"Der Geopark","item":"https:\/\/www.geoparcoalpicarniche.org\/de\/der-geopark\/"},{"@type":"ListItem","position":3,"name":"Das Projekt GeoTrAC","item":"https:\/\/www.geoparcoalpicarniche.org\/de\/der-geopark\/das-projekt-geotrac\/"},{"@type":"ListItem","position":4,"name":"Geologische Dienst der Autonomen Region Friaul-Julisch Venetien"}]},{"@type":"WebSite","@id":"https:\/\/www.geoparcoalpicarniche.org\/de\/#website","url":"https:\/\/www.geoparcoalpicarniche.org\/de\/","name":"Geoparco Alpi Carniche","description":"Custode del patrimonio geologico transfrontaliero","potentialAction":[{"@type":"SearchAction","target":{"@type":"EntryPoint","urlTemplate":"https:\/\/www.geoparcoalpicarniche.org\/de\/?s={search_term_string}"},"query-input":{"@type":"PropertyValueSpecification","valueRequired":true,"valueName":"search_term_string"}}],"inLanguage":"de-DE"}]}},"_links":{"self":[{"href":"https:\/\/www.geoparcoalpicarniche.org\/de\/wp-json\/wp\/v2\/pages\/5317","targetHints":{"allow":["GET"]}}],"collection":[{"href":"https:\/\/www.geoparcoalpicarniche.org\/de\/wp-json\/wp\/v2\/pages"}],"about":[{"href":"https:\/\/www.geoparcoalpicarniche.org\/de\/wp-json\/wp\/v2\/types\/page"}],"author":[{"embeddable":true,"href":"https:\/\/www.geoparcoalpicarniche.org\/de\/wp-json\/wp\/v2\/users\/2"}],"replies":[{"embeddable":true,"href":"https:\/\/www.geoparcoalpicarniche.org\/de\/wp-json\/wp\/v2\/comments?post=5317"}],"version-history":[{"count":5,"href":"https:\/\/www.geoparcoalpicarniche.org\/de\/wp-json\/wp\/v2\/pages\/5317\/revisions"}],"predecessor-version":[{"id":8532,"href":"https:\/\/www.geoparcoalpicarniche.org\/de\/wp-json\/wp\/v2\/pages\/5317\/revisions\/8532"}],"up":[{"embeddable":true,"href":"https:\/\/www.geoparcoalpicarniche.org\/de\/wp-json\/wp\/v2\/pages\/4945"}],"wp:attachment":[{"href":"https:\/\/www.geoparcoalpicarniche.org\/de\/wp-json\/wp\/v2\/media?parent=5317"}],"curies":[{"name":"wp","href":"https:\/\/api.w.org\/{rel}","templated":true}]}}