{"id":4992,"date":"2018-01-31T09:19:07","date_gmt":"2018-01-31T08:19:07","guid":{"rendered":"https:\/\/www.geoparcoalpicarniche.org\/?page_id=4992"},"modified":"2018-05-07T09:24:04","modified_gmt":"2018-05-07T07:24:04","slug":"publikationen-download","status":"publish","type":"page","link":"https:\/\/www.geoparcoalpicarniche.org\/de\/das-gebiet\/publikationen-download\/","title":{"rendered":"Publikationen Download"},"content":{"rendered":"<div id=\"pl-4992\"  class=\"panel-layout\" ><div id=\"pg-4992-0\"  class=\"panel-grid panel-no-style\" ><div id=\"pgc-4992-0-0\"  class=\"panel-grid-cell\" ><div id=\"panel-4992-0-0-0\" class=\"so-panel widget widget_nav_menu panel-first-child panel-last-child\" data-index=\"0\" ><div class=\"menu-territorio-tedesco-container\"><ul id=\"menu-territorio-tedesco\" class=\"menu\"><li id=\"menu-item-5114\" class=\"menu-item menu-item-type-post_type menu-item-object-page menu-item-has-children menu-item-5114\"><a href=\"https:\/\/www.geoparcoalpicarniche.org\/de\/das-gebiet\/\">Das Gebiet<\/a>\n<ul class=\"sub-menu\">\n\t<li id=\"menu-item-5305\" class=\"menu-item menu-item-type-post_type menu-item-object-page menu-item-5305\"><a href=\"https:\/\/www.geoparcoalpicarniche.org\/de\/das-gebiet\/geomorfologia\/\">Geomorphologie<\/a><\/li>\n\t<li id=\"menu-item-5116\" class=\"menu-item menu-item-type-post_type menu-item-object-page menu-item-has-children menu-item-5116\"><a href=\"https:\/\/www.geoparcoalpicarniche.org\/de\/das-gebiet\/palaeontologie\/\">Pal\u00e4ontologie<\/a>\n\t<ul class=\"sub-menu\">\n\t\t<li id=\"menu-item-5117\" class=\"menu-item menu-item-type-post_type menu-item-object-page menu-item-5117\"><a href=\"https:\/\/www.geoparcoalpicarniche.org\/de\/das-gebiet\/palaeontologie\/fossil\/\">Fossilien<\/a><\/li>\n\t<\/ul>\n<\/li>\n\t<li id=\"menu-item-5118\" class=\"menu-item menu-item-type-post_type menu-item-object-page menu-item-5118\"><a href=\"https:\/\/www.geoparcoalpicarniche.org\/de\/das-gebiet\/geoseiten\/\">Geopunkte<\/a><\/li>\n\t<li id=\"menu-item-7593\" class=\"menu-item menu-item-type-post_type menu-item-object-page menu-item-7593\"><a href=\"https:\/\/www.geoparcoalpicarniche.org\/de\/das-gebiet\/geotopen\/\">Geotopen<\/a><\/li>\n\t<li id=\"menu-item-5119\" class=\"menu-item menu-item-type-post_type menu-item-object-page menu-item-has-children menu-item-5119\"><a href=\"https:\/\/www.geoparcoalpicarniche.org\/de\/das-gebiet\/karstformen\/\">Karstformen<\/a>\n\t<ul class=\"sub-menu\">\n\t\t<li id=\"menu-item-5306\" class=\"menu-item menu-item-type-post_type menu-item-object-page menu-item-5306\"><a href=\"https:\/\/www.geoparcoalpicarniche.org\/de\/das-gebiet\/karstformen\/hoehlen\/\">H\u00f6hlen<\/a><\/li>\n\t\t<li id=\"menu-item-5307\" class=\"menu-item menu-item-type-post_type menu-item-object-page menu-item-5307\"><a href=\"https:\/\/www.geoparcoalpicarniche.org\/de\/das-gebiet\/karstformen\/karren\/\">Karren<\/a><\/li>\n\t\t<li id=\"menu-item-5308\" class=\"menu-item menu-item-type-post_type menu-item-object-page menu-item-5308\"><a href=\"https:\/\/www.geoparcoalpicarniche.org\/de\/das-gebiet\/karstformen\/klammen\/\">Klammen<\/a><\/li>\n\t<\/ul>\n<\/li>\n\t<li id=\"menu-item-5120\" class=\"menu-item menu-item-type-post_type menu-item-object-page menu-item-5120\"><a href=\"https:\/\/www.geoparcoalpicarniche.org\/de\/das-gebiet\/bergbauseiten\/\">Steinbr\u00fcche und Minen<\/a><\/li>\n\t<li id=\"menu-item-7217\" class=\"menu-item menu-item-type-post_type menu-item-object-page menu-item-7217\"><a href=\"https:\/\/www.geoparcoalpicarniche.org\/de\/das-gebiet\/publikationen-download\/\">Publikationen Download<\/a><\/li>\n<\/ul>\n<\/li>\n<\/ul><\/div><\/div><\/div><div id=\"pgc-4992-0-1\"  class=\"panel-grid-cell\" ><div class=\"paddingContentWithSidebar panel-cell-style panel-cell-style-for-4992-0-1\" ><div id=\"panel-4992-0-1-0\" class=\"so-panel widget widget_text panel-first-child\" data-index=\"1\" ><div class=\"mb-lg panel-widget-style panel-widget-style-for-4992-0-1-0\" >\t\t\t<div class=\"textwidget\"><h2>Publikationen Download<\/h2>\n<p>Per chi vuole approfondire, per gli appassionati, per gli studenti, il Geoparco Transfrontaliero delle Alpi Carniche mette a disposizione una serie di pubblicazioni a carattere geologico da scaricare gratuitamente in pdf: dalle pi\u00f9 divulgative, come i Quaderni del Geoparco e i Quaderni del Museo Geologico, ai testi scientifici di approfondimento<\/p>\n<\/div>\n\t\t<\/div><\/div><div id=\"panel-4992-0-1-1\" class=\"so-panel widget widget_siteorigin-panels-builder panel-last-child\" data-index=\"2\" ><div id=\"pl-w5aefff14311c1\"  class=\"panel-layout\" ><div id=\"pg-w5aefff14311c1-0\"  class=\"panel-grid panel-no-style\" ><div id=\"pgc-w5aefff14311c1-0-0\"  class=\"panel-grid-cell\" ><div id=\"panel-w5aefff14311c1-0-0-0\" class=\"so-panel widget widget_sow-editor panel-first-child panel-last-child\" data-index=\"0\" ><div class=\"compensa-margin-grid-cell panel-widget-style panel-widget-style-for-w5aefff14311c1-0-0-0\" ><div\n\t\t\t\n\t\t\tclass=\"so-widget-sow-editor so-widget-sow-editor-base\"\n\t\t\t\n\t\t>\n<div class=\"siteorigin-widget-tinymce textwidget\">\n\t<p><img loading=\"lazy\" decoding=\"async\" class=\"alignnone wp-image-4467 size-medium\" src=\"https:\/\/www.geoparcoalpicarniche.org\/wp-content\/uploads\/2018\/01\/Venturini_Quattro-passi-copertina-211x300.jpg\" alt=\"\" width=\"211\" height=\"300\" srcset=\"https:\/\/www.geoparcoalpicarniche.org\/wp-content\/uploads\/2018\/01\/Venturini_Quattro-passi-copertina-211x300.jpg 211w, https:\/\/www.geoparcoalpicarniche.org\/wp-content\/uploads\/2018\/01\/Venturini_Quattro-passi-copertina-768x1092.jpg 768w, https:\/\/www.geoparcoalpicarniche.org\/wp-content\/uploads\/2018\/01\/Venturini_Quattro-passi-copertina-720x1024.jpg 720w, https:\/\/www.geoparcoalpicarniche.org\/wp-content\/uploads\/2018\/01\/Venturini_Quattro-passi-copertina.jpg 997w\" sizes=\"auto, (max-width: 211px) 100vw, 211px\" \/><\/p>\n<\/div>\n<\/div><\/div><\/div><\/div><div id=\"pgc-w5aefff14311c1-0-1\"  class=\"panel-grid-cell\" ><div id=\"panel-w5aefff14311c1-0-1-0\" class=\"so-panel widget widget_sow-editor panel-first-child panel-last-child\" data-index=\"1\" ><div\n\t\t\t\n\t\t\tclass=\"so-widget-sow-editor so-widget-sow-editor-base\"\n\t\t\t\n\t\t>\n<div class=\"siteorigin-widget-tinymce textwidget\">\n\t<p class=\"testo12\"><strong>Corrado Venturini<\/strong><\/p>\n<h4>Quattro passi nella geologia del Friuli Venezia Giulia<\/h4>\n<p class=\"testo12\">Ed. Regione Autonoma Friuli Venezia Giulia, Servizio Geologico, 2014, 112 p.<\/p>\n<p class=\"testo12\">Su incarico del Servizio Geologico della Regione Friuli Venezia Giulia sono stati realizzati un libro con abbinato un geogioco, destinati alle ultime classi delle scuole primarie presenti sul territorio regionale. Entrambi i prodotti sono stati ideati con l\u2019intenzione di avvicinare i pi\u00f9 giovani ai molteplici e affascinanti significati dei territori nei quali risiedono o che periodicamente frequentano. Il libro e il geogioco sono utilizzabili separatamente, anche se sono strutturati in modo tale da integrarsi a vicenda. Il geogioco \u00e8 un gioco da tavolo analogo al classico gioco dell\u2019oca ed ha per base una carta fisica in 3D della Regione Friuli Venezia Giulia. Le relative caselle rappresentano una cinquantina di siti geologici (geositi), scelti tra i pi\u00f9 caratterizzanti dell\u2019evoluzione geologica regionale. Il geogioco \u00e8 stato pensato come richiamo ludico in grado anche di favorire la conoscenza geografica \u2013 oltre che geologica \u2013 del territorio regionale.<br \/>\nIl libro, dopo un\u2019indispensabile introduzione rivolta alle informazioni base della geologia, sempre tradotte in un linguaggio adatto ai ragazzi, prende in esame i singoli geositi presenti nel geogioco, commentandone gli effetti e le cause con un linguaggio e dei paragoni in grado di mediarne i significati attraverso le indispensabili semplificazioni. Chi, per fini didattici, fosse interessato al libro e all\u2019allegato geogioco, pu\u00f2 richiederli gratuitamente al Servizio Geologico \u2013 Regione Aut. Friuli Venezia Giulia, via Giulia 75 \u2013 34126 Trieste. <a href=\"https:\/\/www.geoparcoalpicarniche.org\/wp-content\/uploads\/2018\/05\/Corrado-Venturini_Quattro-passi-nella-geologia-del-FVG.pdf\" target=\"blank\">Download PDF (4 MB)<\/a><\/p>\n<\/div>\n<\/div><\/div><\/div><\/div><div id=\"pg-w5aefff14311c1-1\"  class=\"panel-grid panel-no-style\" ><div id=\"pgc-w5aefff14311c1-1-0\"  class=\"panel-grid-cell\" ><div id=\"panel-w5aefff14311c1-1-0-0\" class=\"so-panel widget widget_sow-editor panel-first-child panel-last-child\" data-index=\"2\" ><div class=\"compensa-margin-grid-cell panel-widget-style panel-widget-style-for-w5aefff14311c1-1-0-0\" ><div\n\t\t\t\n\t\t\tclass=\"so-widget-sow-editor so-widget-sow-editor-base\"\n\t\t\t\n\t\t>\n<div class=\"siteorigin-widget-tinymce textwidget\">\n\t<p><img loading=\"lazy\" decoding=\"async\" class=\"alignnone wp-image-4476 size-medium\" src=\"\/wp-content\/uploads\/2018\/01\/Copertina_Evoluzione_carniche-213x300.jpg\" alt=\"\" width=\"213\" height=\"300\" \/><\/p>\n<\/div>\n<\/div><\/div><\/div><\/div><div id=\"pgc-w5aefff14311c1-1-1\"  class=\"panel-grid-cell\" ><div id=\"panel-w5aefff14311c1-1-1-0\" class=\"so-panel widget widget_sow-editor panel-first-child panel-last-child\" data-index=\"3\" ><div\n\t\t\t\n\t\t\tclass=\"so-widget-sow-editor so-widget-sow-editor-base\"\n\t\t\t\n\t\t>\n<div class=\"siteorigin-widget-tinymce textwidget\">\n\t<p class=\"testo12\"><strong>Corrado Venturini<\/strong><\/p>\n<h5>Evoluzione geologica delle Alpi Carniche<\/h5>\n<p class=\"testo12\">Edizioni del museo Friulano di Storia Naturale, 208 p.<\/p>\n\n<p class=\"testo12\">Friuli e Carnia sono le sole aree d\u2019Italia in cui si possono vedere rocce e raccogliere fossili dell\u2019intera scala del tempo geologico, dal Quaternario fino al Paleozoico antico attraverso Terziario e Mesozoico, per uno spessore cumulativo di oltre 14 chilometri di strati. Le aspre e ripide valli carniche appena sopra il limite del bosco mostrano compiutamente aperte, strato per strato, le innumerevoli pagine di pietra di questa storia della Terra.<\/p>\n\n<p class=\"testo12\">Il volume \u00e8 a colori, in formato\u00a017 x 24 cm, con copertina rigida. E\u2019 venduto assieme alla\u00a0Carta geologica delle Alpi Carniche\u00a0in scala 1:25:000, disponibile in due fogli in formato 130 x 100. Le carte possono essere acquistate anche autonomamente sia piegate che stese, al costo di \u20ac 20,00 complessivi per i due fogli (che non sono vendibili singolarmente).<\/p>\n\n<p class=\"testo12\">Il cofanetto contenente il volume e le carte piegate costa \u20ac 40,00. Non \u00e8 possibile acquistare il solo volume.<\/p>\n\n\n\n\n<a href=\"https:\/\/www.geoparcoalpicarniche.org\/wp-content\/uploads\/2018\/05\/Venturini_Evoluzione_Alpi_Carniche.pdf\" target=\"blank\">Download PDF (6MB)<\/a><\/div>\n<\/div><\/div><\/div><\/div><div id=\"pg-w5aefff14311c1-2\"  class=\"panel-grid panel-no-style\" ><div id=\"pgc-w5aefff14311c1-2-0\"  class=\"panel-grid-cell\" ><div id=\"panel-w5aefff14311c1-2-0-0\" class=\"so-panel widget widget_sow-editor panel-first-child panel-last-child\" data-index=\"4\" ><div class=\"compensa-margin-grid-cell panel-widget-style panel-widget-style-for-w5aefff14311c1-2-0-0\" ><div\n\t\t\t\n\t\t\tclass=\"so-widget-sow-editor so-widget-sow-editor-base\"\n\t\t\t\n\t\t>\n<div class=\"siteorigin-widget-tinymce textwidget\">\n\t<p><img loading=\"lazy\" decoding=\"async\" class=\"alignnone wp-image-4496 size-medium\" src=\"https:\/\/www.geoparcoalpicarniche.org\/wp-content\/uploads\/2018\/01\/Scrigno-geologico_copertina-210x300.jpg\" alt=\"\" width=\"210\" height=\"300\" srcset=\"https:\/\/www.geoparcoalpicarniche.org\/wp-content\/uploads\/2018\/01\/Scrigno-geologico_copertina-210x300.jpg 210w, https:\/\/www.geoparcoalpicarniche.org\/wp-content\/uploads\/2018\/01\/Scrigno-geologico_copertina.jpg 600w\" sizes=\"auto, (max-width: 210px) 100vw, 210px\" \/><\/p>\n<\/div>\n<\/div><\/div><\/div><\/div><div id=\"pgc-w5aefff14311c1-2-1\"  class=\"panel-grid-cell\" ><div id=\"panel-w5aefff14311c1-2-1-0\" class=\"so-panel widget widget_sow-editor panel-first-child panel-last-child\" data-index=\"5\" ><div\n\t\t\t\n\t\t\tclass=\"so-widget-sow-editor so-widget-sow-editor-base\"\n\t\t\t\n\t\t>\n<div class=\"siteorigin-widget-tinymce textwidget\">\n\t<p class=\"testo12\"><strong>Corrado Venturini<\/strong><\/p>\n<h5>Le Alpi Carniche, uno scrigno geologico<\/h5>\n<p class=\"testo12\">Ed. Museo Friulano di Storia Naturale, Udine, 2012, 155 pagg. Italiano<\/p>\n\n<p class=\"testo12\">Le Alpi Carniche \u2013 scrigno geologico d\u2019eccezione \u2013 sono il nostro baule dei ricordi. Le vallate e i monti, ricchi di sedimenti, di rocce e di forme d\u2019erosione, sono le fotografie del loro appassionante passato geologico, prossimo e remoto.<\/p>\n<p class=\"testo12\">Leggere un territorio, comprenderne la lunga storia geologica e le ragioni per cui i fiumi seguono certi percorsi o perch\u00e9 alcune pareti rocciose sono verticali, appare spesso un ostacolo insormontabile, reso ancora pi\u00f9 ostico dall\u2019uso di termini strani (cos\u2019\u00e8 il Siluriano, cosa sono i graptoliti?) e unit\u00e0 di tempo difficilmente raffrontabili a quelle cui siamo abituati (centinaia di migliaia, milioni di anni\u2026). E poi ancora, cosa vuol dire \u201cla Carnia era vicina ai tropici\u201d? Come facciamo a saperlo?<\/p>\n<p class=\"testo12\">A ci\u00f2 si unisce spesso l\u2019idea semplificata che le montagne nascono dal mare, quasi che il monte Cogli\u00e0ns, nella sua forma attuale, fosse in origine sul fondo di un oceano dal quale \u00e8 emerso come un sottomarino.\n\u00c8 difficile spazzare via con un volume i luoghi comuni, o fornire, in maniera accessibile, quelle informazioni che gli studiosi hanno ricostruito con anni di ricerche. \u00c8 vero, per\u00f2, che la geologia pu\u00f2 essere pi\u00f9 semplice di quel che si crede e che il fascino delle nostre montagne, dei fossili che celano (e, a volte, fortunatamente, restituiscono\u2026), rappresenta un elemento che ci sprona a indagare nel \u201cdietro le quinte\u201d.\n\u00c8 anche vero che spesso i geologi stessi non hanno la pazienza (o la capacit\u00e0\u2026) di svelare le chiavi di lettura che rendono leggibile quell\u2019enorme libro della storia, le cui pagine sono gli strati rocciosi che costruiscono le nostre montagne e nei quali i fossili sono le sempre apprezzate illustrazioni a colori!<\/p>\n<p class=\"testo12\">Uno \u201cSmall Project\u201d finanziato dall\u2019Unione Europea ha consentito alla Comunit\u00e0 Montana della Carnia e al Museo Friulano di Storia Naturale, in collaborazione con il Geopark Karnische Alpen di Dellach, di realizzare iniziative destinate ad avvicinare al loro territorio gli abitanti delle aree interessate dal progetto. \nA conclusione dell\u2019iniziativa \u00e8 stata realizzata una pubblicazione che suggerisce qualche \u201cidea\u201d per viaggiare nel tempo e per leggere alcune pagine di questo libro di roccia \u201cspesso\u201d quasi 500 milioni di anni.<\/p>\n\n\n<a href=\"https:\/\/www.geoparcoalpicarniche.org\/wp-content\/uploads\/2018\/05\/Venturini_Scrigno-geologico.pdf\" target=\"blank\">Download PDF (7MB)<\/a>\n\n<\/div>\n<\/div><\/div><\/div><\/div><div id=\"pg-w5aefff14311c1-3\"  class=\"panel-grid panel-no-style\" ><div id=\"pgc-w5aefff14311c1-3-0\"  class=\"panel-grid-cell\" ><div id=\"panel-w5aefff14311c1-3-0-0\" class=\"so-panel widget widget_sow-editor panel-first-child panel-last-child\" data-index=\"6\" ><div class=\"compensa-margin-grid-cell panel-widget-style panel-widget-style-for-w5aefff14311c1-3-0-0\" ><div\n\t\t\t\n\t\t\tclass=\"so-widget-sow-editor so-widget-sow-editor-base\"\n\t\t\t\n\t\t>\n<div class=\"siteorigin-widget-tinymce textwidget\">\n\t<p><img loading=\"lazy\" decoding=\"async\" class=\"alignnone wp-image-6603 size-full\" src=\"https:\/\/www.geoparcoalpicarniche.org\/wp-content\/uploads\/2018\/03\/Venturini_Si-forma_copertina-thumb.jpg\" alt=\"\" width=\"256\" height=\"195\" \/><\/p>\n<\/div>\n<\/div><\/div><\/div><\/div><div id=\"pgc-w5aefff14311c1-3-1\"  class=\"panel-grid-cell\" ><div id=\"panel-w5aefff14311c1-3-1-0\" class=\"so-panel widget widget_sow-editor panel-first-child panel-last-child\" data-index=\"7\" ><div\n\t\t\t\n\t\t\tclass=\"so-widget-sow-editor so-widget-sow-editor-base\"\n\t\t\t\n\t\t>\n<div class=\"siteorigin-widget-tinymce textwidget\">\n\t<p class=\"testo12\"><strong>Corrado Venturini<\/strong><\/p>\n<h5>Si forma, si deforma, si modella \u2013 come il territorio si modifica attraverso il tempo geologico<\/h5>\n<p class=\"testo12\">Ed. Comunit\u00e0 Montana della Carnia, Tolmezzo, 2010 (prima edizione), 192 p.<\/p>\n\n<p class=\"testo12\">Il volume descrive e analizza i numerosi segni lasciati dalle forze che agiscono, tanto alla superficie quanto nelle profondit\u00e0 della crosta terrestre, in un incessante susseguirsi di deposizioni, deformazioni e modellamenti.<\/p>\n<p class=\"testo12\">Il testo si rivolge sia agli appassionati naturalisti, sia agli studenti propensi a comprendere l\u2019essenza e la ragione di molti tra i fenomeni che condizionano le modificazioni, grandi e piccole, dell\u2019ambiente che li circonda.<\/p>\n<p class=\"testo12\">La divulgazione relativa agli aspetti geologici e morfologici, molto attiva in altri paesi, da noi \u00e8 spesso trascurata. Ne consegue che le morfologie e le successioni rocciose per la maggioranza di noi appaiono prive di significato. Eppure, quando l\u2019attenzione viene stimolata all\u2019osservazione diretta, si apre un affascinante capitolo di storia naturale. Le rocce e i sedimenti manifestano la loro variet\u00e0 con prepotenza e vigore, raccontando storie antiche e recenti, svelando una serie di impensabili e coinvolgenti aspetti non privi di indubbio fascino.<\/p>\n<p class=\"testo12\">In questi casi la conoscenza \u00e8 capace di generare stupore, e insieme, conoscenza e stupore si fanno stimolo al rispetto e alla tutela dell\u2019ambiente, spesso vilipeso per mera ignoranza. Questo volume cerca di dare un contributo anche in questa direzione: quella della consapevolezza e della meraviglia.<\/p>\n\n\n\n<a href=\"https:\/\/www.geoparcoalpicarniche.org\/wp-content\/uploads\/2018\/05\/Venturini_Si-formasi-deforma.pdf\" target=\"blank\">Download PDF (5MB)<\/a>\n\n<\/div>\n<\/div><\/div><\/div><\/div><div id=\"pg-w5aefff14311c1-4\"  class=\"panel-grid panel-no-style\" ><div id=\"pgc-w5aefff14311c1-4-0\"  class=\"panel-grid-cell\" ><div id=\"panel-w5aefff14311c1-4-0-0\" class=\"so-panel widget widget_sow-editor panel-first-child panel-last-child\" data-index=\"8\" ><div class=\"compensa-margin-grid-cell panel-widget-style panel-widget-style-for-w5aefff14311c1-4-0-0\" ><div\n\t\t\t\n\t\t\tclass=\"so-widget-sow-editor so-widget-sow-editor-base\"\n\t\t\t\n\t\t>\n<div class=\"siteorigin-widget-tinymce textwidget\">\n\t<p><img loading=\"lazy\" decoding=\"async\" class=\"alignnone wp-image-6628 size-full\" src=\"https:\/\/www.geoparcoalpicarniche.org\/wp-content\/uploads\/2018\/03\/trilobiti-thumb-210px-2.jpg\" alt=\"\" width=\"210\" height=\"297\" \/><\/p>\n<\/div>\n<\/div><\/div><\/div><\/div><div id=\"pgc-w5aefff14311c1-4-1\"  class=\"panel-grid-cell\" ><div id=\"panel-w5aefff14311c1-4-1-0\" class=\"so-panel widget widget_sow-editor panel-first-child panel-last-child\" data-index=\"9\" ><div\n\t\t\t\n\t\t\tclass=\"so-widget-sow-editor so-widget-sow-editor-base\"\n\t\t\t\n\t\t>\n<div class=\"siteorigin-widget-tinymce textwidget\">\n\t<p class=\"testo12\"><strong>COLLANA QUADERNI DEL MUSEO GEOLOGICO DELLA CARNIA<\/strong><\/p>\n<h5>Trilobiti: i primi dominatori dei mari<\/h5>\n<p class=\"testo12\">Ed. Comunit\u00e0 Montana della Carnia, Tolmezzo, ristampa 2015, 30 p.<\/p>\n\n<p class=\"testo12\">Il Friuli \u00e8 una delle poche regioni in Italia in cui affiorano successioni marine paleozoiche relativamente continue e ben esposte. La Catena Carnica Principale che separa a nord il Friuli dall\u2019Austria \u00e8 composta, quasi esclusivamente, da rocce formatesi tra l\u2019Ordoviciano superiore e il Permiano.<\/p>\n<p class=\"testo12\">E\u2019 in queste rocce, dove si conservano le tracce di forme di vita antichissime, che sono stati rinvenuti fossili di trilobiti, una classe di artropodi estinta ma che ha dominato i mari del Paleozoico.<\/p>\n<p class=\"testo12\">La forma particolare di questi animali ha destato molta curiosit\u00e0 fin dai tempi antichi, spesso legandoli a leggende e miti. Ai trilobiti, alle loro caratteristiche morfologiche, abitudini di vita, evoluzione e diffusione in Friuli \u00e8 dedicato questo quaderno.<\/p>\n<p class=\"testo12\">Pubblicazione edita con riferimento alla mostra Trilobiti: i primi dominatori dei mari<\/p>\n\n\n\n<a href=\"https:\/\/www.geoparcoalpicarniche.org\/wp-content\/uploads\/2018\/05\/trilobiti.pdf\" target=\"blank\">Download PDF (7MB)<\/a>\n\n<\/div>\n<\/div><\/div><\/div><\/div><div id=\"pg-w5aefff14311c1-5\"  class=\"panel-grid panel-no-style\" ><div id=\"pgc-w5aefff14311c1-5-0\"  class=\"panel-grid-cell\" ><div id=\"panel-w5aefff14311c1-5-0-0\" class=\"so-panel widget widget_sow-editor panel-first-child panel-last-child\" data-index=\"10\" ><div class=\"compensa-margin-grid-cell panel-widget-style panel-widget-style-for-w5aefff14311c1-5-0-0\" ><div\n\t\t\t\n\t\t\tclass=\"so-widget-sow-editor so-widget-sow-editor-base\"\n\t\t\t\n\t\t>\n<div class=\"siteorigin-widget-tinymce textwidget\">\n\t<p><img loading=\"lazy\" decoding=\"async\" src=\"https:\/\/www.geoparcoalpicarniche.org\/wp-content\/uploads\/2018\/03\/segni_ghiacci-thumb-210.jpg\" alt=\"\" width=\"210\" height=\"297\" class=\"alignnone size-full wp-image-6633\" \/><\/p>\n<\/div>\n<\/div><\/div><\/div><\/div><div id=\"pgc-w5aefff14311c1-5-1\"  class=\"panel-grid-cell\" ><div id=\"panel-w5aefff14311c1-5-1-0\" class=\"so-panel widget widget_sow-editor panel-first-child panel-last-child\" data-index=\"11\" ><div\n\t\t\t\n\t\t\tclass=\"so-widget-sow-editor so-widget-sow-editor-base\"\n\t\t\t\n\t\t>\n<div class=\"siteorigin-widget-tinymce textwidget\">\n\t<p class=\"testo12\"><strong>COLLANA QUADERNI DEL MUSEO GEOLOGICO DELLA CARNIA<\/strong><\/p>\n<h5>I segni dei ghiacci<\/h5>\n<p class=\"testo12\">Ed. Comunit\u00e0 Montana della Carnia, Tolmezzo, ristampa 2015, 32 p.<\/p>\n\n<p class=\"testo12\">Una temperatura media di pochi gradi inferiori all\u2019attuale, e in poche migliaia di anni tutta la Carnia venne coperta dai ghiacci. Questo si verific\u00f2, a pi\u00f9 riprese, fra i 100.000 ed i 10.000 anni fa, con strascichi che si protrassero sino a poche migliaia di anni fa. Gli sbalzi climatici in realt\u00e0 sono avvenuti anche in precedenza ma fino a noi sono giunte testimonianze chiare e ben leggibili esclusivamente dell\u2019ultima glaciazione, quella W\u00fcrmiana, terminata circa 10.000 anni fa.\n<\/p>\n<p class=\"testo12\">Come e dove possiamo oggi leggere le tracce di questo particolare, e agli occhi di un geologo, recente episodio della storia del nostro territorio? Quali sono gli elementi del paesaggio che ci aiutano a comprendere queste vicende?<\/p>\n<p class=\"testo12\">Le caratteristiche valli ad U, laghetti alpini, circhi glaciali, sono la testimonianza eclatante dell\u2019effetto della forza erosiva esercitata dall\u2019avanzamento delle lingue glaciali; morene e massi erratici sono invece tipiche forme di deposito legate alle fasi di ritiro. A queste morfologie se ne aggiungono molte altre, spesso facilmente riconoscibili anche all\u2019occhio non esperto se opportunamente guidato nell\u2019osservazione.<\/p>\n<p class=\"testo12\">Questo quaderno, dopo un\u2019introduzione generale sui cambiamenti climatici avvenuti negli ultimi 2 milioni di anni, propone un excursus su quelli che sono oggi sul territorio i segni lasciati dall\u2019azione dei ghiacci.\nUna parte specifica \u00e8 dedicata anche agli effetti delle glaciazioni sulla diffusione ed evoluzione di flora e fauna.\n<\/p>\n\n\n\n<a href=\"https:\/\/www.geoparcoalpicarniche.org\/wp-content\/uploads\/2018\/05\/segni_ghiacci.pdf\" target=\"blank\">Download PDF (5MB)<\/a>\n\n<\/div>\n<\/div><\/div><\/div><\/div><div id=\"pg-w5aefff14311c1-6\"  class=\"panel-grid panel-no-style\" ><div id=\"pgc-w5aefff14311c1-6-0\"  class=\"panel-grid-cell\" ><div id=\"panel-w5aefff14311c1-6-0-0\" class=\"so-panel widget widget_sow-editor panel-first-child panel-last-child\" data-index=\"12\" ><div class=\"compensa-margin-grid-cell panel-widget-style panel-widget-style-for-w5aefff14311c1-6-0-0\" ><div\n\t\t\t\n\t\t\tclass=\"so-widget-sow-editor so-widget-sow-editor-base\"\n\t\t\t\n\t\t>\n<div class=\"siteorigin-widget-tinymce textwidget\">\n\t<p><img loading=\"lazy\" decoding=\"async\" class=\"alignnone wp-image-6638 size-full\" src=\"https:\/\/www.geoparcoalpicarniche.org\/wp-content\/uploads\/2018\/03\/miniere_minerali-thumb-210.jpg\" alt=\"\" width=\"210\" height=\"297\" \/><\/p>\n<\/div>\n<\/div><\/div><\/div><\/div><div id=\"pgc-w5aefff14311c1-6-1\"  class=\"panel-grid-cell\" ><div id=\"panel-w5aefff14311c1-6-1-0\" class=\"so-panel widget widget_sow-editor panel-first-child panel-last-child\" data-index=\"13\" ><div\n\t\t\t\n\t\t\tclass=\"so-widget-sow-editor so-widget-sow-editor-base\"\n\t\t\t\n\t\t>\n<div class=\"siteorigin-widget-tinymce textwidget\">\n\t<p class=\"testo12\"><strong>COLLANA QUADERNI DEL MUSEO GEOLOGICO DELLA CARNIA<\/strong><\/p>\n<h5>Miniere e minerali in Carnia<\/h5>\n<p class=\"testo12\">Ed. Comunit\u00e0 Montana della Carnia, Tolmezzo, ristampa 2015, 32 p.<\/p>\n\n<p class=\"testo12\">La tradizione orale vuole che le miniere del Rio Fuina, presso Pesariis, siano state sfruttate per l\u2019estrazione dell\u2019oro gi\u00e0 in tempi antichi. I minatori non rispettando le feste comandate fecero adirare Dio che cancell\u00f2 ogni traccia della miniera facendo franare le gallerie. Questa \u00e8 solo una delle tante leggende che diffusero soprattutto le maestranze \u201ctedesche\u201d chiamate a lavorare in diverse miniere della Carnia, ma che stanno ad evidenziare come l\u2019attivit\u00e0 estrattiva in passato fosse diffusa. A questo si aggiunge il fatto che il presunto oro altro non era che solfuro di ferro.<\/p>\n<p class=\"testo12\">Lo sfruttamento delle materie prime nella montagna friulana ha una storia molto lunga: molti indizi indicano che sin dalla preistoria i minerali sono stati oggetto di sfruttamento, con maggiore probabilit\u00e0 ci\u00f2 \u00e8 avvenuto al tempo dei romani ma sicuramente le attivit\u00e0 estrattive si sono intensificate nel medioevo, come testimoniano resti di miniere scavate a fuoco nell\u2019area di Pramosio risalenti a questo periodo. \nImportante \u00e8 stato, in passato, lo sfruttamento minerario che ha interessato l'area del Monte Avanza che forniva rame e argento, e le aree di Comeglians, Timau e Pramosio. Dai livelli triassici di Cludinico di Ovaro veniva cavato, sino alla met\u00e0 del secolo scorso, carbone<\/p>\n<p class=\"testo12\">Attualmente l\u2019attivit\u00e0 estrattiva \u00e8 abbandonata poich\u00e9 non pi\u00f9 redditizia o perch\u00e9 le miniere sono esaurite, ma le rocce affioranti in Carnia sono per\u00f2 ancora oggetto di sfruttamento economico: alcune sono utilizzate come pietre ornamentali, in particolare i calcari devoniani dell'area di Timau, Pramosio e Forni Avoltri ed i calcari rossi ad ammoniti del Monte Verzegnis che risalgono al Giurassico. A scopo industriale vengono sfruttati anche i gessi affioranti presso Comeglians.\n<\/p><p class=\"testo12\">Al di l\u00e0 del loro possibile sfruttamento, i minerali per\u00f2 hanno sempre affascinato per le loro forme cristalline e i loro colori. Particolarmente interessanti sono i depositi chimici e i minerali di grotta: in alcune grotte sono stati ritrovati cristalli di calcite di dimensioni anche superiori ai 20 cm di lunghezza.<\/p>\n<p class=\"testo12\">Questo quaderno, dedicato ai minerali e alle miniere in Carnia, descrive nella sua prima parte il legame esistente tra evoluzione geologica del territorio e presenza di minerali per poi passare alla storia della coltivazione di minerali in Carnia e una descrizione geografica di quelli che sono stai i giacimenti importanti dal punto di vista storico.\n\n\n\n\n<a href=\"https:\/\/www.geoparcoalpicarniche.org\/wp-content\/uploads\/2018\/05\/miniere_minerali.pdf\" target=\"blank\">Download PDF (5MB)<\/a>\n\n<\/p><\/div>\n<\/div><\/div><\/div><\/div><div id=\"pg-w5aefff14311c1-7\"  class=\"panel-grid panel-no-style\" ><div id=\"pgc-w5aefff14311c1-7-0\"  class=\"panel-grid-cell\" ><div id=\"panel-w5aefff14311c1-7-0-0\" class=\"so-panel widget widget_sow-editor panel-first-child panel-last-child\" data-index=\"14\" ><div class=\"compensa-margin-grid-cell panel-widget-style panel-widget-style-for-w5aefff14311c1-7-0-0\" ><div\n\t\t\t\n\t\t\tclass=\"so-widget-sow-editor so-widget-sow-editor-base\"\n\t\t\t\n\t\t>\n<div class=\"siteorigin-widget-tinymce textwidget\">\n\t<p><img loading=\"lazy\" decoding=\"async\" class=\"alignnone size-full wp-image-6647\" src=\"https:\/\/www.geoparcoalpicarniche.org\/wp-content\/uploads\/2018\/03\/laghetti_alpini-thumb-210.jpg\" alt=\"\" width=\"210\" height=\"297\" \/><\/p>\n<\/div>\n<\/div><\/div><\/div><\/div><div id=\"pgc-w5aefff14311c1-7-1\"  class=\"panel-grid-cell\" ><div id=\"panel-w5aefff14311c1-7-1-0\" class=\"so-panel widget widget_sow-editor panel-first-child panel-last-child\" data-index=\"15\" ><div\n\t\t\t\n\t\t\tclass=\"so-widget-sow-editor so-widget-sow-editor-base\"\n\t\t\t\n\t\t>\n<div class=\"siteorigin-widget-tinymce textwidget\">\n\t<p class=\"testo12\"><strong>COLLANA QUADERNI DEL MUSEO GEOLOGICO DELLA CARNIA<\/strong><\/p>\n<h5>Laghetti alpini della montagna friulana<\/h5>\n<p class=\"testo12\">Ed. Comunit\u00e0 Montana della Carnia, Tolmezzo, 2012, 32 p.<\/p>\n\n<p class=\"testo12\">Parlando di laghetti alpini il pi\u00f9 delle volte la prima immagine che balza alla mente sono le loro limpide acque cristalline, custodite tra incantevoli rilievi o protette da suggestive pareti verticali, circondate da boschi di conifere o prati di genziane. Ma dal punto di vista geologico, i laghetti alpini che costellano le montagne della Carnia, costituiscono oggi gli ultimi, labili testimoni di un importante evento che ha caratterizzato l\u2019evoluzione geologica pi\u00f9 recente del nostro territorio: l\u2019ultima glaciazione quaternaria. <\/p>\n<p class=\"testo12\">Agli occhi degli esperti, lungo alcune vallate, sono inoltre ancora visibili gli indizi lasciati anche da antichi bacini oramai scomparsi, i paleolaghi, spesso frutto di piccole frane favorite dal ritiro dei ghiacci che hanno formano uno sbarramento naturale bloccando temporaneamente il flusso delle acque e generando, a monte, laghi pi\u00f9 o meno estesi. Questi paleolaghi sono sopravvissuti per alcune centinaia se non migliaia di anni sino a quando lo sbarramento della frana non \u00e8 stato superato o eroso: i casi pi\u00f9 classici sono quelli della media valle del But (fra Arta e Sutrio) e della conca di Paularo.<\/p>\n<p class=\"testo12\">Questi elementi del territorio costituiscono spesso geositi di grande interesse e di rilevante valore naturalistico. I bacini lacustri d\u2019alta quota sono infatti vere e proprie \u201coasi di biodiversit\u00e0\u201d: ospitano una vegetazione caratteristica e bench\u00e9 possano apparire talvolta privi di vita, celano in realt\u00e0 una importante fauna ad invertebrati, svolgendo anche un ruolo fondamentale per molti vertebrati.<\/p>\n<p class=\"testo12\">Questo quaderno \u00e8 dedicato ai laghetti alpini, come nascono e si evolvono fino poi a scomparire e ai problemi legati alla loro conservazione, spesso minacciata dall\u2019azione antropica.<\/p>\n\n\n\n\n<a href=\"https:\/\/www.geoparcoalpicarniche.org\/wp-content\/uploads\/2018\/05\/laghetti_alpini.pdf\" target=\"blank\">Download PDF (5MB)<\/a>\n\n<\/div>\n<\/div><\/div><\/div><\/div><div id=\"pg-w5aefff14311c1-8\"  class=\"panel-grid panel-no-style\" ><div id=\"pgc-w5aefff14311c1-8-0\"  class=\"panel-grid-cell\" ><div id=\"panel-w5aefff14311c1-8-0-0\" class=\"so-panel widget widget_sow-editor panel-first-child panel-last-child\" data-index=\"16\" ><div class=\"compensa-margin-grid-cell panel-widget-style panel-widget-style-for-w5aefff14311c1-8-0-0\" ><div\n\t\t\t\n\t\t\tclass=\"so-widget-sow-editor so-widget-sow-editor-base\"\n\t\t\t\n\t\t>\n<div class=\"siteorigin-widget-tinymce textwidget\">\n\t<p><img loading=\"lazy\" decoding=\"async\" src=\"https:\/\/www.geoparcoalpicarniche.org\/wp-content\/uploads\/2018\/03\/lanza-thumb-210.jpg\" alt=\"\" width=\"210\" height=\"297\" class=\"alignnone size-full wp-image-6654\" \/><\/p>\n<\/div>\n<\/div><\/div><\/div><\/div><div id=\"pgc-w5aefff14311c1-8-1\"  class=\"panel-grid-cell\" ><div id=\"panel-w5aefff14311c1-8-1-0\" class=\"so-panel widget widget_sow-editor panel-first-child panel-last-child\" data-index=\"17\" ><div\n\t\t\t\n\t\t\tclass=\"so-widget-sow-editor so-widget-sow-editor-base\"\n\t\t\t\n\t\t>\n<div class=\"siteorigin-widget-tinymce textwidget\">\n\t<p class=\"testo12\"><strong>COLLANA QUADERNI DEL MUSEO GEOLOGICO DELLA CARNIA \u2014 COLLANA LE GUIDE DEL GEOPARCO<\/strong><\/p>\n<h5>Cason di Lanza, leggere il passato nelle rocce<\/h5>\n<p class=\"testo12\">Ed. Comunit\u00e0 Montana della Carnia, Tolmezzo, ristampa 2012, 48 p.<\/p>\n\n<p class=\"testo12\">Uno dei tanti aspetti che rendono le Alpi Carniche un unicum a livello Europeo \u00e8 che contengono rocce sedimentarie e fossilifere tra le pi\u00f9 antiche di tutta la penisola italiana e dell\u2019arco alpino e presentano evidenza delle forti deformazioni subite dalla crosta terrestre durante l\u2019orogenesi ercinica, avvenuta circa 320 milioni di anni fa (Carbonifero sup.), e quella alpina ancora in atto.<\/p>\n<p class=\"testo12\">Situata nel cuore di queste Alpi, la zona di Lanza offre ai geologi un eccezionale campionario di rocce, di et\u00e0 compresa tra l\u2019Ordoviciano e il Permiano, che hanno minuziosamente registrato il variare delle condizioni paleogeografiche e ambientali e l\u2019evoluzione di forme di vita qui avvenuti in un lasso di tempo di ben 200 milioni di anni. Di questi incredibili cambiamenti tratta il quaderno dedicato a Cason di Lanza che si chiude con un breve accenno agli aspetti naturalistici e alle pi\u00f9 suggestive leggende legate a questi luoghi.<\/p>\n<p class=\"testo12\">Studiata gi\u00e0 a partire dalla met\u00e0 dell\u2019800, particolarmente cara anche al geologo carnico Michel Gortani, negli ultimi 10 anni l\u2019area di Lanza \u00e8 diventata il centro di nuove ricerche con lo scopo di migliorare ed aggiornare le conoscenze geologiche e paleontologiche di questo tratto delle Alpi Carniche; protagonisti di questi studi sono il Museo Friulano di Storia Naturale di Udine, le Universit\u00e0 di Cagliari, Bologna, Modena, Reggio Emilia, Chieti e Pescara, a cui si sono aggiunti i geologo austriaci dell\u2019Universit\u00e0 di Graz e del Geoparco delle Alpi Carniche di Dellach.<\/p>\n\n\n\n\n<a href=\"https:\/\/www.geoparcoalpicarniche.org\/wp-content\/uploads\/2018\/05\/lanza.pdf\" target=\"blank\">Download PDF (24MB)<\/a>\n\n<\/div>\n<\/div><\/div><\/div><\/div><div id=\"pg-w5aefff14311c1-9\"  class=\"panel-grid panel-no-style\" ><div id=\"pgc-w5aefff14311c1-9-0\"  class=\"panel-grid-cell\" ><div id=\"panel-w5aefff14311c1-9-0-0\" class=\"so-panel widget widget_sow-editor panel-first-child panel-last-child\" data-index=\"18\" ><div class=\"compensa-margin-grid-cell panel-widget-style panel-widget-style-for-w5aefff14311c1-9-0-0\" ><div\n\t\t\t\n\t\t\tclass=\"so-widget-sow-editor so-widget-sow-editor-base\"\n\t\t\t\n\t\t>\n<div class=\"siteorigin-widget-tinymce textwidget\">\n\t<p><img loading=\"lazy\" decoding=\"async\" src=\"https:\/\/www.geoparcoalpicarniche.org\/wp-content\/uploads\/2018\/03\/grotte_carnia-thumb-210.jpg\" alt=\"\" width=\"210\" height=\"297\" class=\"alignnone size-full wp-image-6689\" \/><\/p>\n<\/div>\n<\/div><\/div><\/div><\/div><div id=\"pgc-w5aefff14311c1-9-1\"  class=\"panel-grid-cell\" ><div id=\"panel-w5aefff14311c1-9-1-0\" class=\"so-panel widget widget_sow-editor panel-first-child panel-last-child\" data-index=\"19\" ><div\n\t\t\t\n\t\t\tclass=\"so-widget-sow-editor so-widget-sow-editor-base\"\n\t\t\t\n\t\t>\n<div class=\"siteorigin-widget-tinymce textwidget\">\n\t<p class=\"testo12\"><strong>COLLANA QUADERNI DEL MUSEO GEOLOGICO DELLA CARNIA<\/strong><\/p>\n<h5>Le grotte della Carnia<\/h5>\n<p class=\"testo12\">Ed. Comunit\u00e0 Montana della Carnia, Tolmezzo, edito 2008, ristampa 2015, 32 p.<\/p>\n\n<p class=\"testo12\">Passeggiando nelle montagne della Carnia \u00e8 facile imbattersi in massi corrosi e superfici con scannellature e solchi: si tratta delle manifestazioni superficiali del fenomeno carsico, risultato dell\u2019azione corrosiva dell\u2019acqua su rocce soprattutto di natura carbonatica. Rocce di questa natura sono ampiamente diffuse nelle cuore delle Alpi Carniche, soprattutto nella fascia al confine con l\u2019Austria dove costituiscono, ad esempio, i grandi massicci del Monte Coglians, del Pizzo di Timau o dello Zermula. Il pi\u00f9 delle volte si tratta di depositi calcarei di origine organogena, testimonianza di antichi corpi di scogliera.<\/p>\n<p class=\"testo12\">A queste forme superficiali si aggiungono le grotte, forme carsiche profonde meno conosciute ma pi\u00f9 diffuse di quanto si creda, se solo si pensa che in Friuli Venezia Giulia sono oggi note pi\u00f9 di 6.000 grotte, delle quali circa 300 si trovano in Carnia. Un insieme complesso di reticoli carsici percorrono poi diversi massicci creando percorsi nascosti e incredibili attraverso i quali le acque assorbite su un versante tornano alla luce talvolta addirittura sul versante opposto.<\/p>\n<p class=\"testo12\">Oltre agli aspetti geomorfologici, gli ambienti ipogei offrono ospitalit\u00e0 anche a molti animali: alcuni di passaggio, alcuni che vi si rifugiano saltuariamente per svernare o estivare altri che hanno fatto delle grotte la loro dimora fissa. Gli studi sulla fauna cavernicola delle Alpi Carniche, anche se ancora molto limitati e lacunosi, hanno permesso anche la scoperta di specie nuove per la scienza, come per esempio due coleotteri troglobi con spiccati adattamenti alla vita ipogea.<\/p>\n<p class=\"testo12\">La Carnia, meta delle esplorazioni dei grandi nomi dell\u2019alpinismo e della speleologia friulana fin dalla met\u00e0 dell\u2019800, rappresenta per la speleologia un territorio da indagare, in cui la ricerca scientifica non \u00e8 ancora stata svolta sistematicamente. Molto c\u2019\u00e8 ancora da scoprire! Questo quaderno si propone di far conoscere la complessa realt\u00e0 delle grotte della Carnia illustrando anche gli aspetti salienti del fenomeno carsico e come questo si \u00e8 sviluppato sul territorio, quali siano le aree pi\u00f9 interessanti e quali gli aspetti pi\u00f9 significativi dal punto di vista scientifico.\n<\/p>\n\n\n\n<a href=\"https:\/\/www.geoparcoalpicarniche.org\/wp-content\/uploads\/2018\/05\/grotte_carnia.pdf\" target=\"blank\">Download PDF (7MB)<\/a>\n\n<\/div>\n<\/div><\/div><\/div><\/div><div id=\"pg-w5aefff14311c1-10\"  class=\"panel-grid panel-no-style\" ><div id=\"pgc-w5aefff14311c1-10-0\"  class=\"panel-grid-cell\" ><div id=\"panel-w5aefff14311c1-10-0-0\" class=\"so-panel widget widget_sow-editor panel-first-child panel-last-child\" data-index=\"20\" ><div class=\"compensa-margin-grid-cell panel-widget-style panel-widget-style-for-w5aefff14311c1-10-0-0\" ><div\n\t\t\t\n\t\t\tclass=\"so-widget-sow-editor so-widget-sow-editor-base\"\n\t\t\t\n\t\t>\n<div class=\"siteorigin-widget-tinymce textwidget\">\n\t<p><img loading=\"lazy\" decoding=\"async\" class=\"alignnone size-full wp-image-6694\" src=\"https:\/\/www.geoparcoalpicarniche.org\/wp-content\/uploads\/2018\/03\/foreste_carbonifero-thumb-210.jpg\" alt=\"\" width=\"210\" height=\"297\" \/><\/p>\n<\/div>\n<\/div><\/div><\/div><\/div><div id=\"pgc-w5aefff14311c1-10-1\"  class=\"panel-grid-cell\" ><div id=\"panel-w5aefff14311c1-10-1-0\" class=\"so-panel widget widget_sow-editor panel-first-child panel-last-child\" data-index=\"21\" ><div\n\t\t\t\n\t\t\tclass=\"so-widget-sow-editor so-widget-sow-editor-base\"\n\t\t\t\n\t\t>\n<div class=\"siteorigin-widget-tinymce textwidget\">\n\t<p class=\"testo12\"><strong>COLLANA QUADERNI DEL MUSEO GEOLOGICO DELLA CARNIA<\/strong><\/p>\n<h5>Le foreste del Carbonifero<\/h5>\n<p class=\"testo12\">Ed. Comunit\u00e0 Montana della Carnia, Tolmezzo, edito 2012, 32 p.<\/p>\n\n<p class=\"testo12\">Durante il Carbonifero medio (circa 320 milioni di anni fa) l\u2019attuale settore alpino friulano venne interessato dall\u2019orogenesi ercinica che porto alla formazione di una catena montuosa, la Catena Paleo Carnica.\nLa presenza di imponenti apparati deltizi, dovuti allo smantellamento della Catena Paleo Carnica, e un clima caldo-umido subtropicale crearono le condizioni per lo sviluppo di estese foreste concentrate nelle zone acquitrinose delle piane deltizie e sulle pendici dei rilievi che fiancheggiavano le depressioni vallive.<\/p>\n<p class=\"testo12\">La vegetazione delle foreste carbonifere era molto diversa dalle flore attuali: le conifere e le piante con fiori non esistevano ancora mentre erano diffusi i progenitori degli attuali licopodi, equiseti e felci che allora si sviluppavano per\u00f2 per decine di metri in altezza.<\/p>\n<p class=\"testo12\">Le flore carbonifere hanno lasciato sul territorio significative testimonianze fossili che arricchiscono le collezioni di numerosi musei in tutto il mondo e sono raccontate in questo quaderno.<\/p>\n\n\n<a href=\"https:\/\/www.geoparcoalpicarniche.org\/wp-content\/uploads\/2018\/05\/foreste_carbonifero.pdf\" target=\"blank\">Download PDF (9MB)<\/a>\n\n<\/div>\n<\/div><\/div><\/div><\/div><div id=\"pg-w5aefff14311c1-11\"  class=\"panel-grid panel-no-style\" ><div id=\"pgc-w5aefff14311c1-11-0\"  class=\"panel-grid-cell\" ><div id=\"panel-w5aefff14311c1-11-0-0\" class=\"so-panel widget widget_sow-editor panel-first-child panel-last-child\" data-index=\"22\" ><div class=\"compensa-margin-grid-cell panel-widget-style panel-widget-style-for-w5aefff14311c1-11-0-0\" ><div\n\t\t\t\n\t\t\tclass=\"so-widget-sow-editor so-widget-sow-editor-base\"\n\t\t\t\n\t\t>\n<div class=\"siteorigin-widget-tinymce textwidget\">\n\t<p><img loading=\"lazy\" decoding=\"async\" src=\"https:\/\/www.geoparcoalpicarniche.org\/wp-content\/uploads\/2018\/03\/ammoniti-thumb-210.jpg\" alt=\"\" width=\"210\" height=\"297\" class=\"alignnone size-full wp-image-6699\" \/><\/p>\n<\/div>\n<\/div><\/div><\/div><\/div><div id=\"pgc-w5aefff14311c1-11-1\"  class=\"panel-grid-cell\" ><div id=\"panel-w5aefff14311c1-11-1-0\" class=\"so-panel widget widget_sow-editor panel-first-child panel-last-child\" data-index=\"23\" ><div\n\t\t\t\n\t\t\tclass=\"so-widget-sow-editor so-widget-sow-editor-base\"\n\t\t\t\n\t\t>\n<div class=\"siteorigin-widget-tinymce textwidget\">\n\t<p class=\"testo12\"><strong>COLLANA QUADERNI DEL MUSEO GEOLOGICO DELLA CARNIA<\/strong><\/p>\n<h5>Ammoniti nei mari del Mesozoico<\/h5>\n<p class=\"testo12\">Ed. Comunit\u00e0 Montana della Carnia, Tolmezzo, ristampa 2015, 32 p.<\/p>\n\n<p class=\"testo12\">Il volume \u00e8 tutto dedicato agli Ammonoidi, molluschi cefalopodi (imparentati con le attuali seppie e calamari) che hanno padroneggiato nei mari del Mesozoico per estinguersi alla fine del Cretacico, durante la stessa estinzione che port\u00f2 anche alla scomparsa dei dinosauri.<\/p>\n<p class=\"testo12\">Il fascino di questi organismi sta sicuramente nel loro elevato valore estetico, nella perfezione quasi matematica della forma a spirale delle conchiglie, nella complessit\u00e0 delle loro linee di sutura, ma anche nella utilit\u00e0 che hanno per i geologi: grazie alla rapidit\u00e0 della loro evoluzione e diffusione le ammoniti sono ottimi fossili guida, preziosi quindi per la datazione relativa dei corpi rocciosi. <\/p>\n\n\n<a href=\"https:\/\/www.geoparcoalpicarniche.org\/wp-content\/uploads\/2018\/05\/ammoniti.pdf\" target=\"blank\">Download PDF (24MB)<\/a>\n\n<\/div>\n<\/div><\/div><\/div><\/div><\/div><\/div><\/div><\/div><\/div><\/div>","protected":false},"excerpt":{"rendered":"<p>Publikationen Download Per chi vuole approfondire, per gli appassionati, per gli studenti, il Geoparco Transfrontaliero delle Alpi Carniche mette a disposizione una serie di pubblicazioni a carattere geologico da scaricare gratuitamente in pdf: dalle pi\u00f9 divulgative, come i Quaderni del Geoparco e i Quaderni del Museo Geologico, ai testi scientifici &hellip;<\/p>\n","protected":false},"author":2,"featured_media":3041,"parent":4909,"menu_order":79,"comment_status":"closed","ping_status":"closed","template":"","meta":{"_acf_changed":false,"inline_featured_image":false,"ngg_post_thumbnail":0,"footnotes":""},"class_list":{"0":"post-4992","1":"page","2":"type-page","3":"status-publish","4":"has-post-thumbnail","6":"clearfix","7":"article"},"acf":[],"yoast_head":"<!-- This site is optimized with the Yoast SEO plugin v27.5 - https:\/\/yoast.com\/product\/yoast-seo-wordpress\/ -->\n<title>Publikationen Download - Geoparco Alpi Carniche<\/title>\n<meta name=\"robots\" content=\"index, follow, max-snippet:-1, max-image-preview:large, max-video-preview:-1\" \/>\n<link rel=\"canonical\" href=\"https:\/\/www.geoparcoalpicarniche.org\/de\/das-gebiet\/publikationen-download\/\" \/>\n<meta property=\"og:locale\" content=\"de_DE\" \/>\n<meta property=\"og:type\" content=\"article\" \/>\n<meta property=\"og:title\" content=\"Publikationen Download - Geoparco Alpi Carniche\" \/>\n<meta property=\"og:description\" content=\"Publikationen Download Per chi vuole approfondire, per gli appassionati, per gli studenti, il Geoparco Transfrontaliero delle Alpi Carniche mette a disposizione una serie di pubblicazioni a carattere geologico da scaricare gratuitamente in pdf: dalle pi\u00f9 divulgative, come i Quaderni del Geoparco e i Quaderni del Museo Geologico, ai testi scientifici &hellip;\" \/>\n<meta property=\"og:url\" content=\"https:\/\/www.geoparcoalpicarniche.org\/de\/das-gebiet\/publikationen-download\/\" \/>\n<meta property=\"og:site_name\" content=\"Geoparco Alpi Carniche\" \/>\n<meta property=\"article:modified_time\" content=\"2018-05-07T07:24:04+00:00\" \/>\n<meta property=\"og:image\" content=\"https:\/\/www.geoparcoalpicarniche.org\/wp-content\/uploads\/2018\/01\/0.COPERTINA-SEZ_Grotta-Magico-Alverman.jpg\" \/>\n\t<meta property=\"og:image:width\" content=\"3008\" \/>\n\t<meta property=\"og:image:height\" content=\"2000\" \/>\n\t<meta property=\"og:image:type\" content=\"image\/jpeg\" \/>\n<meta name=\"twitter:card\" content=\"summary_large_image\" \/>\n<meta name=\"twitter:label1\" content=\"Gesch\u00e4tzte Lesezeit\" \/>\n\t<meta name=\"twitter:data1\" content=\"15 minutes\" \/>\n<script type=\"application\/ld+json\" class=\"yoast-schema-graph\">{\"@context\":\"https:\\\/\\\/schema.org\",\"@graph\":[{\"@type\":\"WebPage\",\"@id\":\"https:\\\/\\\/www.geoparcoalpicarniche.org\\\/de\\\/das-gebiet\\\/publikationen-download\\\/\",\"url\":\"https:\\\/\\\/www.geoparcoalpicarniche.org\\\/de\\\/das-gebiet\\\/publikationen-download\\\/\",\"name\":\"Publikationen Download - Geoparco Alpi Carniche\",\"isPartOf\":{\"@id\":\"https:\\\/\\\/www.geoparcoalpicarniche.org\\\/de\\\/#website\"},\"primaryImageOfPage\":{\"@id\":\"https:\\\/\\\/www.geoparcoalpicarniche.org\\\/de\\\/das-gebiet\\\/publikationen-download\\\/#primaryimage\"},\"image\":{\"@id\":\"https:\\\/\\\/www.geoparcoalpicarniche.org\\\/de\\\/das-gebiet\\\/publikationen-download\\\/#primaryimage\"},\"thumbnailUrl\":\"https:\\\/\\\/www.geoparcoalpicarniche.org\\\/wp-content\\\/uploads\\\/2018\\\/01\\\/0.COPERTINA-SEZ_Grotta-Magico-Alverman.jpg\",\"datePublished\":\"2018-01-31T08:19:07+00:00\",\"dateModified\":\"2018-05-07T07:24:04+00:00\",\"breadcrumb\":{\"@id\":\"https:\\\/\\\/www.geoparcoalpicarniche.org\\\/de\\\/das-gebiet\\\/publikationen-download\\\/#breadcrumb\"},\"inLanguage\":\"de-DE\",\"potentialAction\":[{\"@type\":\"ReadAction\",\"target\":[\"https:\\\/\\\/www.geoparcoalpicarniche.org\\\/de\\\/das-gebiet\\\/publikationen-download\\\/\"]}]},{\"@type\":\"ImageObject\",\"inLanguage\":\"de-DE\",\"@id\":\"https:\\\/\\\/www.geoparcoalpicarniche.org\\\/de\\\/das-gebiet\\\/publikationen-download\\\/#primaryimage\",\"url\":\"https:\\\/\\\/www.geoparcoalpicarniche.org\\\/wp-content\\\/uploads\\\/2018\\\/01\\\/0.COPERTINA-SEZ_Grotta-Magico-Alverman.jpg\",\"contentUrl\":\"https:\\\/\\\/www.geoparcoalpicarniche.org\\\/wp-content\\\/uploads\\\/2018\\\/01\\\/0.COPERTINA-SEZ_Grotta-Magico-Alverman.jpg\",\"width\":3008,\"height\":2000},{\"@type\":\"BreadcrumbList\",\"@id\":\"https:\\\/\\\/www.geoparcoalpicarniche.org\\\/de\\\/das-gebiet\\\/publikationen-download\\\/#breadcrumb\",\"itemListElement\":[{\"@type\":\"ListItem\",\"position\":1,\"name\":\"Home\",\"item\":\"https:\\\/\\\/www.geoparcoalpicarniche.org\\\/de\\\/\"},{\"@type\":\"ListItem\",\"position\":2,\"name\":\"Das Gebiet\",\"item\":\"https:\\\/\\\/www.geoparcoalpicarniche.org\\\/de\\\/das-gebiet\\\/\"},{\"@type\":\"ListItem\",\"position\":3,\"name\":\"Publikationen Download\"}]},{\"@type\":\"WebSite\",\"@id\":\"https:\\\/\\\/www.geoparcoalpicarniche.org\\\/de\\\/#website\",\"url\":\"https:\\\/\\\/www.geoparcoalpicarniche.org\\\/de\\\/\",\"name\":\"Geoparco Alpi Carniche\",\"description\":\"Custode del patrimonio geologico transfrontaliero\",\"potentialAction\":[{\"@type\":\"SearchAction\",\"target\":{\"@type\":\"EntryPoint\",\"urlTemplate\":\"https:\\\/\\\/www.geoparcoalpicarniche.org\\\/de\\\/?s={search_term_string}\"},\"query-input\":{\"@type\":\"PropertyValueSpecification\",\"valueRequired\":true,\"valueName\":\"search_term_string\"}}],\"inLanguage\":\"de-DE\"}]}<\/script>\n<!-- \/ Yoast SEO plugin. -->","yoast_head_json":{"title":"Publikationen Download - Geoparco Alpi Carniche","robots":{"index":"index","follow":"follow","max-snippet":"max-snippet:-1","max-image-preview":"max-image-preview:large","max-video-preview":"max-video-preview:-1"},"canonical":"https:\/\/www.geoparcoalpicarniche.org\/de\/das-gebiet\/publikationen-download\/","og_locale":"de_DE","og_type":"article","og_title":"Publikationen Download - Geoparco Alpi Carniche","og_description":"Publikationen Download Per chi vuole approfondire, per gli appassionati, per gli studenti, il Geoparco Transfrontaliero delle Alpi Carniche mette a disposizione una serie di pubblicazioni a carattere geologico da scaricare gratuitamente in pdf: dalle pi\u00f9 divulgative, come i Quaderni del Geoparco e i Quaderni del Museo Geologico, ai testi scientifici &hellip;","og_url":"https:\/\/www.geoparcoalpicarniche.org\/de\/das-gebiet\/publikationen-download\/","og_site_name":"Geoparco Alpi Carniche","article_modified_time":"2018-05-07T07:24:04+00:00","og_image":[{"width":3008,"height":2000,"url":"https:\/\/www.geoparcoalpicarniche.org\/wp-content\/uploads\/2018\/01\/0.COPERTINA-SEZ_Grotta-Magico-Alverman.jpg","type":"image\/jpeg"}],"twitter_card":"summary_large_image","twitter_misc":{"Gesch\u00e4tzte Lesezeit":"15 minutes"},"schema":{"@context":"https:\/\/schema.org","@graph":[{"@type":"WebPage","@id":"https:\/\/www.geoparcoalpicarniche.org\/de\/das-gebiet\/publikationen-download\/","url":"https:\/\/www.geoparcoalpicarniche.org\/de\/das-gebiet\/publikationen-download\/","name":"Publikationen Download - Geoparco Alpi Carniche","isPartOf":{"@id":"https:\/\/www.geoparcoalpicarniche.org\/de\/#website"},"primaryImageOfPage":{"@id":"https:\/\/www.geoparcoalpicarniche.org\/de\/das-gebiet\/publikationen-download\/#primaryimage"},"image":{"@id":"https:\/\/www.geoparcoalpicarniche.org\/de\/das-gebiet\/publikationen-download\/#primaryimage"},"thumbnailUrl":"https:\/\/www.geoparcoalpicarniche.org\/wp-content\/uploads\/2018\/01\/0.COPERTINA-SEZ_Grotta-Magico-Alverman.jpg","datePublished":"2018-01-31T08:19:07+00:00","dateModified":"2018-05-07T07:24:04+00:00","breadcrumb":{"@id":"https:\/\/www.geoparcoalpicarniche.org\/de\/das-gebiet\/publikationen-download\/#breadcrumb"},"inLanguage":"de-DE","potentialAction":[{"@type":"ReadAction","target":["https:\/\/www.geoparcoalpicarniche.org\/de\/das-gebiet\/publikationen-download\/"]}]},{"@type":"ImageObject","inLanguage":"de-DE","@id":"https:\/\/www.geoparcoalpicarniche.org\/de\/das-gebiet\/publikationen-download\/#primaryimage","url":"https:\/\/www.geoparcoalpicarniche.org\/wp-content\/uploads\/2018\/01\/0.COPERTINA-SEZ_Grotta-Magico-Alverman.jpg","contentUrl":"https:\/\/www.geoparcoalpicarniche.org\/wp-content\/uploads\/2018\/01\/0.COPERTINA-SEZ_Grotta-Magico-Alverman.jpg","width":3008,"height":2000},{"@type":"BreadcrumbList","@id":"https:\/\/www.geoparcoalpicarniche.org\/de\/das-gebiet\/publikationen-download\/#breadcrumb","itemListElement":[{"@type":"ListItem","position":1,"name":"Home","item":"https:\/\/www.geoparcoalpicarniche.org\/de\/"},{"@type":"ListItem","position":2,"name":"Das Gebiet","item":"https:\/\/www.geoparcoalpicarniche.org\/de\/das-gebiet\/"},{"@type":"ListItem","position":3,"name":"Publikationen Download"}]},{"@type":"WebSite","@id":"https:\/\/www.geoparcoalpicarniche.org\/de\/#website","url":"https:\/\/www.geoparcoalpicarniche.org\/de\/","name":"Geoparco Alpi Carniche","description":"Custode del patrimonio geologico transfrontaliero","potentialAction":[{"@type":"SearchAction","target":{"@type":"EntryPoint","urlTemplate":"https:\/\/www.geoparcoalpicarniche.org\/de\/?s={search_term_string}"},"query-input":{"@type":"PropertyValueSpecification","valueRequired":true,"valueName":"search_term_string"}}],"inLanguage":"de-DE"}]}},"_links":{"self":[{"href":"https:\/\/www.geoparcoalpicarniche.org\/de\/wp-json\/wp\/v2\/pages\/4992","targetHints":{"allow":["GET"]}}],"collection":[{"href":"https:\/\/www.geoparcoalpicarniche.org\/de\/wp-json\/wp\/v2\/pages"}],"about":[{"href":"https:\/\/www.geoparcoalpicarniche.org\/de\/wp-json\/wp\/v2\/types\/page"}],"author":[{"embeddable":true,"href":"https:\/\/www.geoparcoalpicarniche.org\/de\/wp-json\/wp\/v2\/users\/2"}],"replies":[{"embeddable":true,"href":"https:\/\/www.geoparcoalpicarniche.org\/de\/wp-json\/wp\/v2\/comments?post=4992"}],"version-history":[{"count":5,"href":"https:\/\/www.geoparcoalpicarniche.org\/de\/wp-json\/wp\/v2\/pages\/4992\/revisions"}],"predecessor-version":[{"id":8816,"href":"https:\/\/www.geoparcoalpicarniche.org\/de\/wp-json\/wp\/v2\/pages\/4992\/revisions\/8816"}],"up":[{"embeddable":true,"href":"https:\/\/www.geoparcoalpicarniche.org\/de\/wp-json\/wp\/v2\/pages\/4909"}],"wp:featuredmedia":[{"embeddable":true,"href":"https:\/\/www.geoparcoalpicarniche.org\/de\/wp-json\/wp\/v2\/media\/3041"}],"wp:attachment":[{"href":"https:\/\/www.geoparcoalpicarniche.org\/de\/wp-json\/wp\/v2\/media?parent=4992"}],"curies":[{"name":"wp","href":"https:\/\/api.w.org\/{rel}","templated":true}]}}