{"id":4906,"date":"2016-10-03T10:06:18","date_gmt":"2016-10-03T10:06:18","guid":{"rendered":"https:\/\/www.geoparcoalpicarniche.org\/home\/"},"modified":"2020-12-23T10:50:35","modified_gmt":"2020-12-23T09:50:35","slug":"home-2","status":"publish","type":"page","link":"https:\/\/www.geoparcoalpicarniche.org\/de\/","title":{"rendered":"Home"},"content":{"rendered":"<div id=\"pl-4906\"  class=\"panel-layout\" ><div id=\"pg-4906-0\"  class=\"panel-grid panel-has-style\" ><div class=\"mb-xl panel-row-style panel-row-style-for-4906-0\" ><div id=\"pgc-4906-0-0\"  class=\"panel-grid-cell\" ><div id=\"panel-4906-0-0-0\" class=\"so-panel widget widget_sow-editor panel-first-child\" data-index=\"0\" ><div\n\t\t\t\n\t\t\tclass=\"so-widget-sow-editor so-widget-sow-editor-base\"\n\t\t\t\n\t\t>\n<div class=\"siteorigin-widget-tinymce textwidget\">\n\t<h2>Der Grenz\u00fcberschreitende \nGeopark der Karnischen Alpen<\/h2>\nDie Karnischen Alpen sind die Heimat eines Kulturerbes von herausragender Bedeutung: das treue und vollst\u00e4ndige Zeugnis der geologischen Geschichte dieses Gebietes \u00fcber <strong>einen Zeitraum von 450 Millionen Jahren.<\/strong>\n<\/div>\n<\/div><\/div><div id=\"panel-4906-0-0-1\" class=\"so-panel widget widget_sow-editor\" data-index=\"1\" ><div\n\t\t\t\n\t\t\tclass=\"so-widget-sow-editor so-widget-sow-editor-base\"\n\t\t\t\n\t\t>\n<div class=\"siteorigin-widget-tinymce textwidget\">\n\tDer Grenz\u00fcberschreitende Geopark der Karnischen Alpen mit seinen Routen, Bildungsinitiativen, popul\u00e4rwissenschaftlichen Darstellungen,  Besichtigungszentren und Museen l\u00e4dt Sie ein, <strong>die Berge auf eine andere Art und Weise kennen zu lernen.<\/strong>\nDen grenz\u00fcberschreitenden Geopark der Karnischen Alpen zu besuchen, bedeutet, das Land zu \u201elesen\u201c, seine Geschichte zu verstehen, die Gemeinpl\u00e4tze zu beseitigen, die Wechselwirkung zwischen der geologischen Geschichte und den Werken des Menschen zu beobachten. Besuchen Sie uns und damit das Vergn\u00fcgen entdecken, <strong>die Berge bewusst zu genie\u00dfen!<\/strong>\n<\/div>\n<\/div><\/div><div id=\"panel-4906-0-0-2\" class=\"so-panel widget widget_sow-editor panel-last-child\" data-index=\"2\" ><div\n\t\t\t\n\t\t\tclass=\"so-widget-sow-editor so-widget-sow-editor-base\"\n\t\t\t\n\t\t>\n<div class=\"siteorigin-widget-tinymce textwidget\">\n\t<div id='gallery-1' class='gallery galleryid-4906 gallery-columns-3 gallery-size-medium'><figure class='gallery-item'>\n\t\t\t<div class='gallery-icon landscape'>\n\t\t\t\t<a href='https:\/\/www.geoparcoalpicarniche.org\/wp-content\/uploads\/2018\/01\/Musei_Preone-3.jpg'><img loading=\"lazy\" decoding=\"async\" width=\"300\" height=\"200\" src=\"https:\/\/www.geoparcoalpicarniche.org\/wp-content\/uploads\/2018\/01\/Musei_Preone-3-300x200.jpg\" class=\"attachment-medium size-medium\" alt=\"\" srcset=\"https:\/\/www.geoparcoalpicarniche.org\/wp-content\/uploads\/2018\/01\/Musei_Preone-3-300x200.jpg 300w, https:\/\/www.geoparcoalpicarniche.org\/wp-content\/uploads\/2018\/01\/Musei_Preone-3-768x512.jpg 768w, https:\/\/www.geoparcoalpicarniche.org\/wp-content\/uploads\/2018\/01\/Musei_Preone-3-1024x683.jpg 1024w, https:\/\/www.geoparcoalpicarniche.org\/wp-content\/uploads\/2018\/01\/Musei_Preone-3-272x182.jpg 272w, https:\/\/www.geoparcoalpicarniche.org\/wp-content\/uploads\/2018\/01\/Musei_Preone-3.jpg 1200w\" sizes=\"auto, (max-width: 300px) 100vw, 300px\" \/><\/a>\n\t\t\t<\/div><\/figure><figure class='gallery-item'>\n\t\t\t<div class='gallery-icon landscape'>\n\t\t\t\t<a href='https:\/\/www.geoparcoalpicarniche.org\/wp-content\/uploads\/2018\/01\/calcari-Devoniano_cima-Capolago-1280-1.jpg'><img loading=\"lazy\" decoding=\"async\" width=\"300\" height=\"200\" src=\"https:\/\/www.geoparcoalpicarniche.org\/wp-content\/uploads\/2018\/01\/calcari-Devoniano_cima-Capolago-1280-1-300x200.jpg\" class=\"attachment-medium size-medium\" alt=\"\" aria-describedby=\"gallery-1-4205\" srcset=\"https:\/\/www.geoparcoalpicarniche.org\/wp-content\/uploads\/2018\/01\/calcari-Devoniano_cima-Capolago-1280-1-300x200.jpg 300w, https:\/\/www.geoparcoalpicarniche.org\/wp-content\/uploads\/2018\/01\/calcari-Devoniano_cima-Capolago-1280-1-768x512.jpg 768w, https:\/\/www.geoparcoalpicarniche.org\/wp-content\/uploads\/2018\/01\/calcari-Devoniano_cima-Capolago-1280-1-1024x682.jpg 1024w, https:\/\/www.geoparcoalpicarniche.org\/wp-content\/uploads\/2018\/01\/calcari-Devoniano_cima-Capolago-1280-1-272x182.jpg 272w, https:\/\/www.geoparcoalpicarniche.org\/wp-content\/uploads\/2018\/01\/calcari-Devoniano_cima-Capolago-1280-1.jpg 1280w\" sizes=\"auto, (max-width: 300px) 100vw, 300px\" \/><\/a>\n\t\t\t<\/div>\n\t\t\t\t<figcaption class='wp-caption-text gallery-caption' id='gallery-1-4205'>\n\t\t\t\tMonte Coglians\n\t\t\t\t<\/figcaption><\/figure><figure class='gallery-item'>\n\t\t\t<div class='gallery-icon landscape'>\n\t\t\t\t<a href='https:\/\/www.geoparcoalpicarniche.org\/wp-content\/uploads\/2018\/01\/Centro-Visite-Laghetti-Timau-4.jpg'><img loading=\"lazy\" decoding=\"async\" width=\"300\" height=\"200\" src=\"https:\/\/www.geoparcoalpicarniche.org\/wp-content\/uploads\/2018\/01\/Centro-Visite-Laghetti-Timau-4-300x200.jpg\" class=\"attachment-medium size-medium\" alt=\"\" srcset=\"https:\/\/www.geoparcoalpicarniche.org\/wp-content\/uploads\/2018\/01\/Centro-Visite-Laghetti-Timau-4-300x200.jpg 300w, https:\/\/www.geoparcoalpicarniche.org\/wp-content\/uploads\/2018\/01\/Centro-Visite-Laghetti-Timau-4-768x512.jpg 768w, https:\/\/www.geoparcoalpicarniche.org\/wp-content\/uploads\/2018\/01\/Centro-Visite-Laghetti-Timau-4-1024x683.jpg 1024w, https:\/\/www.geoparcoalpicarniche.org\/wp-content\/uploads\/2018\/01\/Centro-Visite-Laghetti-Timau-4-272x182.jpg 272w, https:\/\/www.geoparcoalpicarniche.org\/wp-content\/uploads\/2018\/01\/Centro-Visite-Laghetti-Timau-4.jpg 1200w\" sizes=\"auto, (max-width: 300px) 100vw, 300px\" \/><\/a>\n\t\t\t<\/div><\/figure>\n\t\t<\/div>\n\n\n<a class=\"btn  btn-primary\" href=\"\/de\/der-geopark\" target=\"_self\"> Weiter<\/a><\/div>\n<\/div><\/div><\/div><div id=\"pgc-4906-0-1\"  class=\"panel-grid-cell\" ><div id=\"panel-4906-0-1-0\" class=\"so-panel widget widget_recent-posts-widget-with-thumbnails recent-posts-widget-with-thumbnails panel-first-child panel-last-child\" data-index=\"3\" >\n<div id=\"rpwwt-widget-0-1-0\" class=\"rpwwt-widget\">\r\n<h3 class=\"widget-title\"><span class=\"widget-title__inline\">Veranstaltungen und News<\/span><\/h3>\n\t<ul>\r\n\t\t<li><a href=\"https:\/\/www.geoparcoalpicarniche.org\/de\/2026\/02\/16\/wasser_luft_erde_eis\/\"><img loading=\"lazy\" decoding=\"async\" width=\"75\" height=\"75\" src=\"https:\/\/www.geoparcoalpicarniche.org\/wp-content\/uploads\/2026\/02\/copertina-150x150.png\" class=\"attachment-75x75 size-75x75 wp-post-image\" alt=\"\" \/><span class=\"rpwwt-post-title\">Wasser, Luft, Erde, Eis &#8211; Sonderausstellung<\/span><\/a><div class=\"rpwwt-post-excerpt\">Tolmezzo (I), 27.02\/17.05 2026 - Der Geopark pr\u00e4sentiert die Ausstellung Wasser, Luft, Erde, Eis \/ Wenn das Naturereignis zur Katastrophe wird<span class=\"rpwwt-post-excerpt-more\"> <\/span><\/div><\/li>\r\n\t\t<li><a href=\"https:\/\/www.geoparcoalpicarniche.org\/de\/2024\/05\/28\/il-geoparco-delle-alpi-carniche-bandiera-verde-di-legambiente-2024\/\"><img loading=\"lazy\" decoding=\"async\" width=\"75\" height=\"75\" src=\"https:\/\/www.geoparcoalpicarniche.org\/wp-content\/uploads\/2024\/05\/IMG_20240525_163322copia-150x150.jpg\" class=\"attachment-75x75 size-75x75 wp-post-image\" alt=\"\" \/><span class=\"rpwwt-post-title\">Il Geoparco delle Alpi Carniche Bandiera Verde di Legambiente 2024!<\/span><\/a><div class=\"rpwwt-post-excerpt\">Sabato scorso, 25 maggio, a Chiavenna (So) il Geoparco delle Alpi Carniche ha ricevuto la Bandiera Verde di Legambiente!<span class=\"rpwwt-post-excerpt-more\"> <\/span><\/div><\/li>\r\n\t\t<li><a href=\"https:\/\/www.geoparcoalpicarniche.org\/de\/2023\/07\/15\/schatzsuche-am-geotrail-laas-2024\/\"><img loading=\"lazy\" decoding=\"async\" width=\"75\" height=\"75\" src=\"https:\/\/www.geoparcoalpicarniche.org\/wp-content\/uploads\/2022\/07\/Schatzsuche_Franz_GERDL-150x150.jpg\" class=\"attachment-75x75 size-75x75 wp-post-image\" alt=\"\" \/><span class=\"rpwwt-post-title\">F\u00fcr Sp\u00fcrnasen &#8211; Schatzsuche am Geotrail Laas 2024<\/span><\/a><div class=\"rpwwt-post-excerpt\">Freuen Sie sich mit Ihrer Familie auf einen spannenden Tag im kleinen Dorf Laas. Um 10:00 Uhr treffen Sie sich mit der Geoparkrangerin. Mit Schatzkarte, Kompass und GPS-Ger\u00e4t begeben sich die kleinen und gro\u00dfen Forscher auf eine spannende Schatzsuche rund um die Pitterburg am Pittersberg. Knifflige Aufgaben, lustige R\u00e4tsel und Experimente leiten die Kinder zu ihrer Schatzkiste. Termine: jeden Dienstag zwischen 2. Juli und 13. August 2024 Preis pro Person: 27\u20ac Wer Lust auf mehr bekommen hat, sollte nach dieser Wanderung die Zeitreise im Geoparkzentrum fortsetzen. Vieles kann auch im Erdgeschichteb\u00fccherl nachgelesen werden, das jedes Kind erh\u00e4lt. &nbsp; &nbsp;<span class=\"rpwwt-post-excerpt-more\"> <\/span><\/div><\/li>\r\n\t<\/ul>\r\n<\/div><!-- .rpwwt-widget -->\r\n<\/div><\/div><\/div><\/div><div id=\"pg-4906-1\"  class=\"panel-grid panel-has-style\" ><div class=\"siteorigin-panels-stretch panel-row-style panel-row-style-for-4906-1\" data-stretch-type=\"full\" ><div id=\"pgc-4906-1-0\"  class=\"panel-grid-cell\" ><div id=\"panel-4906-1-0-0\" class=\"so-panel widget widget_pw_call_to_action widget-call-to-action panel-first-child panel-last-child\" data-index=\"4\" >\t\t\t\t<div class=\"call-to-action\">\n\t\t\t\t\t<div class=\"call-to-action__text\">\n\t\t\t\t\t\t<h2 class=\"call-to-action__title\">\n\t\t\t\t\t\t\tErlebnis Erdgeschichte \t\t\t\t\t\t<\/h2>\n\t\t\t\t\t\t\t\t\t\t\t\t<p class=\"call-to-action__subtitle\">\n\t\t\t\t\t\t\tf\u00fcr Kinder und Erwachsene\t\t\t\t\t\t<\/p>\n\t\t\t\t\t\t\t\t\t\t\t<\/div>\n\t\t\t\t\t<div class=\"call-to-action__button\">\n\t\t\t\t\t\t<a class=\"btn  btn-outline-light\" href=\"\/de\/erlebnis-erdgeschichte\/\" target=\"_self\"> WEITER<\/a>\t\t\t\t\t<\/div>\n\t\t\t\t<\/div>\n\t\t\t<\/div><\/div><\/div><\/div><div id=\"pg-4906-2\"  class=\"panel-grid panel-no-style\" ><div id=\"pgc-4906-2-0\"  class=\"panel-grid-cell\" ><div class=\"mb mt-lg panel-cell-style panel-cell-style-for-4906-2-0\" ><div id=\"panel-4906-2-0-0\" class=\"widget_text so-panel widget widget_custom_html panel-first-child\" data-index=\"5\" ><div class=\"widget_text customContainer titoloSezione panel-widget-style panel-widget-style-for-4906-2-0-0\" ><div class=\"textwidget custom-html-widget\"><a href=\"\/de\/erlebnis-erdgeschichte\/geotrails\/\"><h3 class=\"widget-title\"><span class=\"widget-title__inline\">GEOTRAILS<\/span><\/h3><\/a>\num den Geopark selbst\u00e4ndig  zu erkunden<\/div><\/div><\/div><div id=\"panel-4906-2-0-1\" class=\"so-panel widget widget_pw_geotrails_grid widget-geotrails-grid panel-last-child\" data-index=\"6\" >\t\t\t\t\t<div class=\"portfolio-grid portfolio-grid--slider\" data-type=\"slider\">\n\t\t\t\t\t\t<div id=\"portfolio-grid-widget-2-0-1\" class=\"carousel slide\" data-ride=\"carousel\" data-interval=\"false\">\n\t\t\t\t\t\t\t<div class=\"carousel-inner js-wpg-items\" role=\"listbox\">\n\t\t\t\t\t\t\t\t<div class=\"carousel-item active\">\n\t\t\t\t\t\t\t\t\t<div class=\"row\">\n\t\t\t\t\t\t\t\t\t\t\t\t\t<div class=\"col-xs-12 col-sm-6 col-lg-3 js-wpg-item\" data-categories=\"einfach,5-10-km,tagliamentotal-tolmezzo\">\n\t\t\t\t<div class=\"portfolio-grid__item\">\n\t\t\t\t\t\t\t\t\t\t\t<a class=\"portfolio-grid__image js-wpg-card\" href=\"https:\/\/www.geoparcoalpicarniche.org\/de\/geotrails\/sentiero-paleontologico-stavoli-lunas\/\">\n\t\t\t\t\t\t\t<img loading=\"lazy\" decoding=\"async\" width=\"428\" height=\"242\" src=\"https:\/\/www.geoparcoalpicarniche.org\/wp-content\/uploads\/2017\/11\/stavoli-lunas-428x242.jpg\" class=\"card-img-top portfolio-grid__card-img wp-post-image\" alt=\"\" \/>\t\t\t\t\t\t<\/a>\n\t\t\t\t\t\t\t\t\t\t<div class=\"portfolio-grid__content\">\n\t\t\t\t\t\t<a class=\"h4 portfolio-grid__item-title\" href=\"https:\/\/www.geoparcoalpicarniche.org\/de\/geotrails\/sentiero-paleontologico-stavoli-lunas\/\">Pal\u00e4ontologischer Pfad &#8220;Stavoli Lunas&#8221;<\/a>\n\t\t\t\t\t\t\t\t\t\t\t\t\t\t\t\t\t\t\t\t\t\t\t\t\t\t\t\t\t<div class=\"portfolio-grid__label\">\n\t\t\t\t\t\t\t\t\tSchwierigkeit: Einfach\t\t\t\t\t\t\t\t<\/div>\n\t\t\t\t\t\t\t\t\t\t\t\t\t\t\t\t\t\t\t\t\t\t\t\t\t\t\t\t\t\t\t\t\t\t<\/div>\n\t\t\t\t<\/div>\n\t\t\t<\/div>\n\t\t\t\t\t\t<div class=\"col-xs-12 col-sm-6 col-lg-3 js-wpg-item\" data-categories=\"experte,0-5-km,westliche-karnische-alpen\">\n\t\t\t\t<div class=\"portfolio-grid__item\">\n\t\t\t\t\t\t\t\t\t\t\t<a class=\"portfolio-grid__image js-wpg-card\" href=\"https:\/\/www.geoparcoalpicarniche.org\/de\/geotrails\/forra-las-calas\/\">\n\t\t\t\t\t\t\t<img loading=\"lazy\" decoding=\"async\" width=\"428\" height=\"242\" src=\"https:\/\/www.geoparcoalpicarniche.org\/wp-content\/uploads\/2018\/01\/las-calas-01-1-428x242.jpg\" class=\"card-img-top portfolio-grid__card-img wp-post-image\" alt=\"\" \/>\t\t\t\t\t\t<\/a>\n\t\t\t\t\t\t\t\t\t\t<div class=\"portfolio-grid__content\">\n\t\t\t\t\t\t<a class=\"h4 portfolio-grid__item-title\" href=\"https:\/\/www.geoparcoalpicarniche.org\/de\/geotrails\/forra-las-calas\/\">Die Klamm von \u201cLas Calas\u201d<\/a>\n\t\t\t\t\t\t\t\t\t\t\t\t\t\t\t\t\t\t\t\t\t\t\t\t\t\t\t\t\t<div class=\"portfolio-grid__label\">\n\t\t\t\t\t\t\t\t\tSchwierigkeit: F\u00fcr ge\u00fcbte Wanderer\t\t\t\t\t\t\t\t<\/div>\n\t\t\t\t\t\t\t\t\t\t\t\t\t\t\t\t\t\t\t\t\t\t\t\t\t\t\t\t\t\t\t\t\t\t<\/div>\n\t\t\t\t<\/div>\n\t\t\t<\/div>\n\t\t\t\t\t\t<div class=\"col-xs-12 col-sm-6 col-lg-3 js-wpg-item\" data-categories=\"medium,5-10-km,gailtal,oestliche-karnische-alpen\">\n\t\t\t\t<div class=\"portfolio-grid__item\">\n\t\t\t\t\t\t\t\t\t\t\t<a class=\"portfolio-grid__image js-wpg-card\" href=\"https:\/\/www.geoparcoalpicarniche.org\/de\/geotrails\/passo-volaia-wolayersee\/\">\n\t\t\t\t\t\t\t<img loading=\"lazy\" decoding=\"async\" width=\"428\" height=\"242\" src=\"https:\/\/www.geoparcoalpicarniche.org\/wp-content\/uploads\/2018\/02\/Karnische-Alpen_\u00a9Ruedi_Homberger-low-1420px-428x242.jpg\" class=\"card-img-top portfolio-grid__card-img wp-post-image\" alt=\"\" \/>\t\t\t\t\t\t<\/a>\n\t\t\t\t\t\t\t\t\t\t<div class=\"portfolio-grid__content\">\n\t\t\t\t\t\t<a class=\"h4 portfolio-grid__item-title\" href=\"https:\/\/www.geoparcoalpicarniche.org\/de\/geotrails\/passo-volaia-wolayersee\/\">Wolayersee-Passo Volaia<\/a>\n\t\t\t\t\t\t\t\t\t\t\t\t\t\t\t\t\t\t\t\t\t\t\t\t\t\t\t\t\t<div class=\"portfolio-grid__label\">\n\t\t\t\t\t\t\t\t\tSchwierigkeit: Kann teils schmal oder steil sein\t\t\t\t\t\t\t\t<\/div>\n\t\t\t\t\t\t\t\t\t\t\t\t\t\t\t\t\t\t\t\t\t\t\t\t\t\t\t\t\t\t\t\t\t\t\t\t\t\t\t\t\t\t<\/div>\n\t\t\t\t<\/div>\n\t\t\t<\/div>\n\t\t\t\t\t\t<div class=\"col-xs-12 col-sm-6 col-lg-3 js-wpg-item\" data-categories=\"einfach,medium,0-5-km,westliche-karnische-alpen\">\n\t\t\t\t<div class=\"portfolio-grid__item\">\n\t\t\t\t\t\t\t\t\t\t\t<a class=\"portfolio-grid__image js-wpg-card\" href=\"https:\/\/www.geoparcoalpicarniche.org\/de\/geotrails\/monte-di-rivo-campanili-lander\/\">\n\t\t\t\t\t\t\t<img loading=\"lazy\" decoding=\"async\" width=\"428\" height=\"242\" src=\"https:\/\/www.geoparcoalpicarniche.org\/wp-content\/uploads\/2018\/04\/I-campanili-del-Lander_copertina-428x242.jpg\" class=\"card-img-top portfolio-grid__card-img wp-post-image\" alt=\"I campanili del Lander\" \/>\t\t\t\t\t\t<\/a>\n\t\t\t\t\t\t\t\t\t\t<div class=\"portfolio-grid__content\">\n\t\t\t\t\t\t<a class=\"h4 portfolio-grid__item-title\" href=\"https:\/\/www.geoparcoalpicarniche.org\/de\/geotrails\/monte-di-rivo-campanili-lander\/\">Die T\u00fcrme von Lander: alte Bergrutsche und Erosionsformen<\/a>\n\t\t\t\t\t\t\t\t\t\t\t\t\t\t\t\t\t\t\t\t\t\t\t\t\t\t\t\t\t<div class=\"portfolio-grid__label\">\n\t\t\t\t\t\t\t\t\tSchwierigkeit: Einfach\t\t\t\t\t\t\t\t<\/div>\n\t\t\t\t\t\t\t\t\t\t\t\t\t\t\t\t\t\t\t\t\t\t\t<div class=\"portfolio-grid__label\">\n\t\t\t\t\t\t\t\t\tSchwierigkeit: Kann teils schmal oder steil sein\t\t\t\t\t\t\t\t<\/div>\n\t\t\t\t\t\t\t\t\t\t\t\t\t\t\t\t\t\t\t\t\t\t\t\t\t\t\t\t\t\t\t\t\t\t<\/div>\n\t\t\t\t<\/div>\n\t\t\t<\/div>\n\t\t\t<\/div><\/div><div class=\"carousel-item\"><div class=\"row\">\t\t\t<div class=\"col-xs-12 col-sm-6 col-lg-3 js-wpg-item\" data-categories=\"medium,5-10-km,gailtal\">\n\t\t\t\t<div class=\"portfolio-grid__item\">\n\t\t\t\t\t\t\t\t\t\t\t<a class=\"portfolio-grid__image js-wpg-card\" href=\"https:\/\/www.geoparcoalpicarniche.org\/de\/geotrails\/forra-garnitzen\/\">\n\t\t\t\t\t\t\t<img loading=\"lazy\" decoding=\"async\" width=\"428\" height=\"242\" src=\"https:\/\/www.geoparcoalpicarniche.org\/wp-content\/uploads\/2018\/04\/GARNITZENKLAMM_web-1-428x242.jpg\" class=\"card-img-top portfolio-grid__card-img wp-post-image\" alt=\"\" \/>\t\t\t\t\t\t<\/a>\n\t\t\t\t\t\t\t\t\t\t<div class=\"portfolio-grid__content\">\n\t\t\t\t\t\t<a class=\"h4 portfolio-grid__item-title\" href=\"https:\/\/www.geoparcoalpicarniche.org\/de\/geotrails\/forra-garnitzen\/\">Garnitzenklamm<\/a>\n\t\t\t\t\t\t\t\t\t\t\t\t\t\t\t\t\t\t\t\t\t\t\t\t\t\t\t\t\t<div class=\"portfolio-grid__label\">\n\t\t\t\t\t\t\t\t\tSchwierigkeit: Kann teils schmal oder steil sein\t\t\t\t\t\t\t\t<\/div>\n\t\t\t\t\t\t\t\t\t\t\t\t\t\t\t\t\t\t\t\t\t\t\t\t\t\t\t\t\t\t\t\t\t\t<\/div>\n\t\t\t\t<\/div>\n\t\t\t<\/div>\n\t\t\t\t\t\t<div class=\"col-xs-12 col-sm-6 col-lg-3 js-wpg-item\" data-categories=\"medium,0-5-km,tagliamentotal-tolmezzo\">\n\t\t\t\t<div class=\"portfolio-grid__item\">\n\t\t\t\t\t\t\t\t\t\t\t<a class=\"portfolio-grid__image js-wpg-card\" href=\"https:\/\/www.geoparcoalpicarniche.org\/de\/geotrails\/rivoli-bianchi-di-tolmezzo\/\">\n\t\t\t\t\t\t\t<img loading=\"lazy\" decoding=\"async\" width=\"428\" height=\"242\" src=\"https:\/\/www.geoparcoalpicarniche.org\/wp-content\/uploads\/2018\/07\/Particolare-RB_Amarianadrone-web-1-428x242.jpg\" class=\"card-img-top portfolio-grid__card-img wp-post-image\" alt=\"\" \/>\t\t\t\t\t\t<\/a>\n\t\t\t\t\t\t\t\t\t\t<div class=\"portfolio-grid__content\">\n\t\t\t\t\t\t<a class=\"h4 portfolio-grid__item-title\" href=\"https:\/\/www.geoparcoalpicarniche.org\/de\/geotrails\/rivoli-bianchi-di-tolmezzo\/\">Der Schwemmkegel der Rivoli Bianchi &#8211; Tolmezzo<\/a>\n\t\t\t\t\t\t\t\t\t\t\t\t\t\t\t\t\t\t\t\t\t\t\t\t\t\t\t\t\t<div class=\"portfolio-grid__label\">\n\t\t\t\t\t\t\t\t\tSchwierigkeit: Kann teils schmal oder steil sein\t\t\t\t\t\t\t\t<\/div>\n\t\t\t\t\t\t\t\t\t\t\t\t\t\t\t\t\t\t\t\t\t\t\t\t\t\t\t\t\t\t\t\t\t\t<\/div>\n\t\t\t\t<\/div>\n\t\t\t<\/div>\n\t\t\t\t\t\t<div class=\"col-xs-12 col-sm-6 col-lg-3 js-wpg-item\" data-categories=\"medium,mehr-als-10-km,oestliche-karnische-alpen\">\n\t\t\t\t<div class=\"portfolio-grid__item\">\n\t\t\t\t\t\t\t\t\t\t\t<a class=\"portfolio-grid__image js-wpg-card\" href=\"https:\/\/www.geoparcoalpicarniche.org\/de\/geotrails\/geotrail-pramollo-nassfeld\/\">\n\t\t\t\t\t\t\t<img loading=\"lazy\" decoding=\"async\" width=\"428\" height=\"242\" src=\"https:\/\/www.geoparcoalpicarniche.org\/wp-content\/uploads\/2019\/03\/panoramica_web-428x242.jpg\" class=\"card-img-top portfolio-grid__card-img wp-post-image\" alt=\"\" \/>\t\t\t\t\t\t<\/a>\n\t\t\t\t\t\t\t\t\t\t<div class=\"portfolio-grid__content\">\n\t\t\t\t\t\t<a class=\"h4 portfolio-grid__item-title\" href=\"https:\/\/www.geoparcoalpicarniche.org\/de\/geotrails\/geotrail-pramollo-nassfeld\/\">Grenz\u00fcberschreitender Geotrail Pramollo-Nassfeld<\/a>\n\t\t\t\t\t\t\t\t\t\t\t\t\t\t\t\t\t\t\t\t\t\t\t\t\t\t\t\t\t<div class=\"portfolio-grid__label\">\n\t\t\t\t\t\t\t\t\tSchwierigkeit: Kann teils schmal oder steil sein\t\t\t\t\t\t\t\t<\/div>\n\t\t\t\t\t\t\t\t\t\t\t\t\t\t\t\t\t\t\t\t\t\t\t\t\t\t\t\t\t\t\t\t\t\t<\/div>\n\t\t\t\t<\/div>\n\t\t\t<\/div>\n\t\t\t\t\t\t<div class=\"col-xs-12 col-sm-6 col-lg-3 js-wpg-item\" data-categories=\"einfach,0-5-km,westliche-karnische-alpen\">\n\t\t\t\t<div class=\"portfolio-grid__item\">\n\t\t\t\t\t\t\t\t\t\t\t<a class=\"portfolio-grid__image js-wpg-card\" href=\"https:\/\/www.geoparcoalpicarniche.org\/de\/geotrails\/die-karstwuelle-und-die-hoehlen-des-fontanons\/\">\n\t\t\t\t\t\t\t<img loading=\"lazy\" decoding=\"async\" width=\"428\" height=\"242\" src=\"https:\/\/www.geoparcoalpicarniche.org\/wp-content\/uploads\/2018\/10\/fontanon_5-428x242.jpg\" class=\"card-img-top portfolio-grid__card-img wp-post-image\" alt=\"\" \/>\t\t\t\t\t\t<\/a>\n\t\t\t\t\t\t\t\t\t\t<div class=\"portfolio-grid__content\">\n\t\t\t\t\t\t<a class=\"h4 portfolio-grid__item-title\" href=\"https:\/\/www.geoparcoalpicarniche.org\/de\/geotrails\/die-karstwuelle-und-die-hoehlen-des-fontanons\/\">Die Karstquelle und die H\u00f6hlen des Fontanons<\/a>\n\t\t\t\t\t\t\t\t\t\t\t\t\t\t\t\t\t\t\t\t\t\t\t\t\t\t\t\t\t<div class=\"portfolio-grid__label\">\n\t\t\t\t\t\t\t\t\tSchwierigkeit: Einfach\t\t\t\t\t\t\t\t<\/div>\n\t\t\t\t\t\t\t\t\t\t\t\t\t\t\t\t\t\t\t\t\t\t\t\t\t\t\t\t\t\t\t\t\t\t<\/div>\n\t\t\t\t<\/div>\n\t\t\t<\/div>\n\t\t\t<\/div><\/div><div class=\"carousel-item\"><div class=\"row\">\t\t\t<div class=\"col-xs-12 col-sm-6 col-lg-3 js-wpg-item\" data-categories=\"medium,mehr-als-10-km,gailtal,westliche-karnische-alpen,oestliche-karnische-alpen\">\n\t\t\t\t<div class=\"portfolio-grid__item\">\n\t\t\t\t\t\t\t\t\t\t\t<a class=\"portfolio-grid__image js-wpg-card\" href=\"https:\/\/www.geoparcoalpicarniche.org\/de\/geotrails\/geotrail-lanzenpass-findenig\/\">\n\t\t\t\t\t\t\t<img loading=\"lazy\" decoding=\"async\" width=\"428\" height=\"242\" src=\"https:\/\/www.geoparcoalpicarniche.org\/wp-content\/uploads\/2019\/06\/Panorama-Nassfeld_ritcreta-aip-428x242.jpg\" class=\"card-img-top portfolio-grid__card-img wp-post-image\" alt=\"\" \/>\t\t\t\t\t\t<\/a>\n\t\t\t\t\t\t\t\t\t\t<div class=\"portfolio-grid__content\">\n\t\t\t\t\t\t<a class=\"h4 portfolio-grid__item-title\" href=\"https:\/\/www.geoparcoalpicarniche.org\/de\/geotrails\/geotrail-lanzenpass-findenig\/\">Lanzenpass &#8211; Findenig<\/a>\n\t\t\t\t\t\t\t\t\t\t\t\t\t\t\t\t\t\t\t\t\t\t\t\t\t\t\t\t\t<div class=\"portfolio-grid__label\">\n\t\t\t\t\t\t\t\t\tSchwierigkeit: Kann teils schmal oder steil sein\t\t\t\t\t\t\t\t<\/div>\n\t\t\t\t\t\t\t\t\t\t\t\t\t\t\t\t\t\t\t\t\t\t\t\t\t\t\t\t\t\t\t\t\t\t\t\t\t\t\t\t\t\t\t\t\t\t\t\t\t\t<\/div>\n\t\t\t\t<\/div>\n\t\t\t<\/div>\n\t\t\t\t\t\t<div class=\"col-xs-12 col-sm-6 col-lg-3 js-wpg-item\" data-categories=\"einfach,medium,0-5-km,gailtal,oestliche-karnische-alpen\">\n\t\t\t\t<div class=\"portfolio-grid__item\">\n\t\t\t\t\t\t\t\t\t\t\t<a class=\"portfolio-grid__image js-wpg-card\" href=\"https:\/\/www.geoparcoalpicarniche.org\/de\/geotrails\/geotrail-zollner-see-misteri-del-paesaggio\/\">\n\t\t\t\t\t\t\t<img loading=\"lazy\" decoding=\"async\" width=\"428\" height=\"242\" src=\"https:\/\/www.geoparcoalpicarniche.org\/wp-content\/uploads\/2020\/11\/Zollnersee-Gerald-Koestl_low3-428x242.jpg\" class=\"card-img-top portfolio-grid__card-img wp-post-image\" alt=\"panorama zollner see\" \/>\t\t\t\t\t\t<\/a>\n\t\t\t\t\t\t\t\t\t\t<div class=\"portfolio-grid__content\">\n\t\t\t\t\t\t<a class=\"h4 portfolio-grid__item-title\" href=\"https:\/\/www.geoparcoalpicarniche.org\/de\/geotrails\/geotrail-zollner-see-misteri-del-paesaggio\/\">Geotrail Zollnersee &#8211; Geheimnisse einer Landschaft<\/a>\n\t\t\t\t\t\t\t\t\t\t\t\t\t\t\t\t\t\t\t\t\t\t\t\t\t\t\t\t\t<div class=\"portfolio-grid__label\">\n\t\t\t\t\t\t\t\t\tSchwierigkeit: Einfach\t\t\t\t\t\t\t\t<\/div>\n\t\t\t\t\t\t\t\t\t\t\t\t\t\t\t\t\t\t\t\t\t\t\t<div class=\"portfolio-grid__label\">\n\t\t\t\t\t\t\t\t\tSchwierigkeit: Kann teils schmal oder steil sein\t\t\t\t\t\t\t\t<\/div>\n\t\t\t\t\t\t\t\t\t\t\t\t\t\t\t\t\t\t\t\t\t\t\t\t\t\t\t\t\t\t\t\t\t\t\t\t\t\t\t\t\t\t<\/div>\n\t\t\t\t<\/div>\n\t\t\t<\/div>\n\t\t\t\t\t\t<div class=\"col-xs-12 col-sm-6 col-lg-3 js-wpg-item\" data-categories=\"einfach,0-5-km,5-10-km,gailtal\">\n\t\t\t\t<div class=\"portfolio-grid__item\">\n\t\t\t\t\t\t\t\t\t\t\t<a class=\"portfolio-grid__image js-wpg-card\" href=\"https:\/\/www.geoparcoalpicarniche.org\/de\/geotrails\/geotrail-laas-versteinerter-urwald-lebendige-geologie\/\">\n\t\t\t\t\t\t\t<img loading=\"lazy\" decoding=\"async\" width=\"428\" height=\"242\" src=\"https:\/\/www.geoparcoalpicarniche.org\/wp-content\/uploads\/2020\/11\/Low_Starttafel_Blick_ueber_Laas-428x242.jpg\" class=\"card-img-top portfolio-grid__card-img wp-post-image\" alt=\"Laas\" \/>\t\t\t\t\t\t<\/a>\n\t\t\t\t\t\t\t\t\t\t<div class=\"portfolio-grid__content\">\n\t\t\t\t\t\t<a class=\"h4 portfolio-grid__item-title\" href=\"https:\/\/www.geoparcoalpicarniche.org\/de\/geotrails\/geotrail-laas-versteinerter-urwald-lebendige-geologie\/\">Geotrail Laas \u2013 Versteinerter Urwald \u2013 lebendige Geologie<\/a>\n\t\t\t\t\t\t\t\t\t\t\t\t\t\t\t\t\t\t\t\t\t\t\t\t\t\t\t\t\t<div class=\"portfolio-grid__label\">\n\t\t\t\t\t\t\t\t\tSchwierigkeit: Einfach\t\t\t\t\t\t\t\t<\/div>\n\t\t\t\t\t\t\t\t\t\t\t\t\t\t\t\t\t\t\t\t\t\t\t\t\t\t\t\t\t\t\t\t\t\t\t\t\t\t\t\t\t\t<\/div>\n\t\t\t\t<\/div>\n\t\t\t<\/div>\n\t\t\t\t\t\t<div class=\"col-xs-12 col-sm-6 col-lg-3 js-wpg-item\" data-categories=\"einfach,medium,0-5-km,westliche-karnische-alpen\">\n\t\t\t\t<div class=\"portfolio-grid__item\">\n\t\t\t\t\t\t\t\t\t\t\t<a class=\"portfolio-grid__image js-wpg-card\" href=\"https:\/\/www.geoparcoalpicarniche.org\/de\/geotrails\/zoufplan-meeresablagerungen-und-gletscherrandseen\/\">\n\t\t\t\t\t\t\t<img loading=\"lazy\" decoding=\"async\" width=\"428\" height=\"242\" src=\"https:\/\/www.geoparcoalpicarniche.org\/wp-content\/uploads\/2019\/05\/0_-Laghetto-Zoufplan_copertina-428x242.jpg\" class=\"card-img-top portfolio-grid__card-img wp-post-image\" alt=\"\" \/>\t\t\t\t\t\t<\/a>\n\t\t\t\t\t\t\t\t\t\t<div class=\"portfolio-grid__content\">\n\t\t\t\t\t\t<a class=\"h4 portfolio-grid__item-title\" href=\"https:\/\/www.geoparcoalpicarniche.org\/de\/geotrails\/zoufplan-meeresablagerungen-und-gletscherrandseen\/\">Zoufplan: Meeresablagerungen und Gletscherrandseen<\/a>\n\t\t\t\t\t\t\t\t\t\t\t\t\t\t\t\t\t\t\t\t\t\t\t\t\t\t\t\t\t<div class=\"portfolio-grid__label\">\n\t\t\t\t\t\t\t\t\tSchwierigkeit: Einfach\t\t\t\t\t\t\t\t<\/div>\n\t\t\t\t\t\t\t\t\t\t\t\t\t\t\t\t\t\t\t\t\t\t\t<div class=\"portfolio-grid__label\">\n\t\t\t\t\t\t\t\t\tSchwierigkeit: Kann teils schmal oder steil sein\t\t\t\t\t\t\t\t<\/div>\n\t\t\t\t\t\t\t\t\t\t\t\t\t\t\t\t\t\t\t\t\t\t\t\t\t\t\t\t\t\t\t\t\t\t<\/div>\n\t\t\t\t<\/div>\n\t\t\t<\/div>\n\t\t\t<\/div><\/div><div class=\"carousel-item\"><div class=\"row\">\t\t\t<div class=\"col-xs-12 col-sm-6 col-lg-3 js-wpg-item\" data-categories=\"experte,mehr-als-10-km,westliche-karnische-alpen\">\n\t\t\t\t<div class=\"portfolio-grid__item\">\n\t\t\t\t\t\t\t\t\t\t\t<a class=\"portfolio-grid__image js-wpg-card\" href=\"https:\/\/www.geoparcoalpicarniche.org\/de\/geotrails\/bordaglia-anzeichen-von-orogenese-und-vergletscherung\/\">\n\t\t\t\t\t\t\t<img loading=\"lazy\" decoding=\"async\" width=\"428\" height=\"242\" src=\"https:\/\/www.geoparcoalpicarniche.org\/wp-content\/uploads\/2019\/07\/0_bis_Lago-Bordaglia5-428x242.jpg\" class=\"card-img-top portfolio-grid__card-img wp-post-image\" alt=\"\" \/>\t\t\t\t\t\t<\/a>\n\t\t\t\t\t\t\t\t\t\t<div class=\"portfolio-grid__content\">\n\t\t\t\t\t\t<a class=\"h4 portfolio-grid__item-title\" href=\"https:\/\/www.geoparcoalpicarniche.org\/de\/geotrails\/bordaglia-anzeichen-von-orogenese-und-vergletscherung\/\">Bordaglia: Anzeichen von Orogenese und Vergletscherung<\/a>\n\t\t\t\t\t\t\t\t\t\t\t\t\t\t\t\t\t\t\t\t\t\t\t\t\t\t\t\t\t<div class=\"portfolio-grid__label\">\n\t\t\t\t\t\t\t\t\tSchwierigkeit: F\u00fcr ge\u00fcbte Wanderer\t\t\t\t\t\t\t\t<\/div>\n\t\t\t\t\t\t\t\t\t\t\t\t\t\t\t\t\t\t\t\t\t\t\t\t\t\t\t\t\t\t\t\t\t\t<\/div>\n\t\t\t\t<\/div>\n\t\t\t<\/div>\n\t\t\t\t\t\t\t\t\t\t\t\t<\/div>\n\t\t\t\t\t\t\t\t<\/div>\n\t\t\t\t\t\t\t<\/div>\n\t\t\t\t\t\t<\/div>\n\t\t\t\t\t\t\t\t\t\t<nav class=\"portfolio-grid__header\">\n\t\t\t\t\t<a href=\"#\" class=\"portfolio-grid__mobile-filter js-filter btn btn-primary btn-sm hidden-lg-up\">\n\t\t\t\t\t\t<span class=\"fa fa-filter\"><\/span> &nbsp;\n\t\t\t\t\t\tFILTER\t\t\t\t\t<\/a>\n\n\t\t\t\t\t\n\t\t\t\t\t<ul class=\"portfolio-grid__nav js-wpg-nav-holder\">\n\t\t\t\t\t\t\t\t\t\t\t\t\t<li class=\"portfolio-grid__nav-item is-active\">\n\t\t\t\t\t\t\t\t<a href=\"#widget-2-0-1-all\" data-category=\"*\" class=\"portfolio-grid__nav-link js-wpg-nav\">Tutti<\/a>\n\t\t\t\t\t\t\t<\/li>\n\t\t\t\t\t\t\t\t\t\t\t\t\t\t\t\t\t\t\t<li class=\"portfolio-grid__nav-item\">\n\t\t\t\t\t\t\t\t<a href=\"#widget-2-0-1-einfach\" data-category=\"einfach\" class=\"portfolio-grid__nav-link js-wpg-nav\">Einfach<\/a>\n\t\t\t\t\t\t\t<\/li>\n\t\t\t\t\t\t\t\t\t\t\t\t\t<li class=\"portfolio-grid__nav-item\">\n\t\t\t\t\t\t\t\t<a href=\"#widget-2-0-1-kann-teils-schmal-oder-steil-sein\" data-category=\"medium\" class=\"portfolio-grid__nav-link js-wpg-nav\">Kann teils schmal oder steil sein<\/a>\n\t\t\t\t\t\t\t<\/li>\n\t\t\t\t\t\t\t\t\t\t\t\t\t<li class=\"portfolio-grid__nav-item\">\n\t\t\t\t\t\t\t\t<a href=\"#widget-2-0-1-fuer-geuebte-wanderer\" data-category=\"experte\" class=\"portfolio-grid__nav-link js-wpg-nav\">F\u00fcr ge\u00fcbte Wanderer<\/a>\n\t\t\t\t\t\t\t<\/li>\n\t\t\t\t\t\t\t\t\t\t\t<\/ul>\n\n\t\t\t\t\t\t\t\t\t\t\t<div class=\"portfolio-grid__arrows\">\n\t\t\t\t\t\t\t<a class=\"portfolio-grid__arrow portfolio-grid__arrow--left\" href=\"#portfolio-grid-widget-2-0-1\" role=\"button\" data-slide=\"prev\">\n\t\t\t\t\t\t\t\t<span class=\"fa fa-long-arrow-left\" aria-hidden=\"true\"><\/span>\n\t\t\t\t\t\t\t\t<span class=\"sr-only\">Vorher<\/span>\n\t\t\t\t\t\t\t<\/a><a class=\"portfolio-grid__arrow portfolio-grid__arrow--right\" href=\"#portfolio-grid-widget-2-0-1\" role=\"button\" data-slide=\"next\">\n\t\t\t\t\t\t\t\t<span class=\"fa fa-long-arrow-right\" aria-hidden=\"true\"><\/span>\n\t\t\t\t\t\t\t\t<span class=\"sr-only\">Weiter<\/span>\n\t\t\t\t\t\t\t<\/a>\n\t\t\t\t\t\t<\/div>\n\t\t\t\t\t\t\t\t\t<\/nav>\n\t\t\t\t\t\t\t\t<\/div>\n\t\t\t\t\t<\/div><\/div><\/div><\/div><div id=\"pg-4906-3\"  class=\"panel-grid panel-has-style\" ><div class=\"siteorigin-panels-stretch panel-row-style panel-row-style-for-4906-3\" data-stretch-type=\"full\" ><div id=\"pgc-4906-3-0\"  class=\"panel-grid-cell\" ><div id=\"panel-4906-3-0-0\" class=\"so-panel widget widget_text panel-first-child\" data-index=\"7\" ><div class=\"panel-widget-style panel-widget-style-for-4906-3-0-0\" >\t\t\t<div class=\"textwidget\"><h2>Museen und Besucherzentren<\/h2>\n<hr class=\"hr--dashed\" \/>\n<p>Im grenz\u00fcberschreitenden Geopark der Karnischen Alpen kann man zahlreiche Strukturen besuchen: <strong>Museen und st\u00e4ndige Ausstellungen,<\/strong> um das herausragende geologische und pal\u00e4ontologische Erbe des Gebietes kennenzulernen. <strong>Besucherzentren<\/strong> die sich dem Experimentieren und der Wahrnehmung widmen, wo man das Wissen \u00fcber einige der Ph\u00e4nomene, die kennzeichnend f\u00fcr das Territorium sind vertiefen kann, die dann bei gef\u00fchrten oder individuellen Ausfl\u00fcgen in der Natur beobachtet werden k\u00f6nnen. <strong>Infopoint<\/strong> um sich innerhalb des Geoparks zu orientieren und \u00fcber die n\u00e4chstgelegenen Ereignisse zu informieren.<\/p>\n<\/div>\n\t\t<\/div><\/div><div id=\"panel-4906-3-0-1\" class=\"so-panel widget widget_text panel-last-child\" data-index=\"8\" ><div class=\"mt-lg panel-widget-style panel-widget-style-for-4906-3-0-1\" >\t\t\t<div class=\"textwidget\"><p><a href=\"\/de\/museen-und-Besucherzentren\/\"><strong>Scopri I CENTRI VISITE E MUSEI<\/strong><\/a><\/p>\n<\/div>\n\t\t<\/div><\/div><\/div><div id=\"pgc-4906-3-1\"  class=\"panel-grid-cell\" ><div id=\"panel-4906-3-1-0\" class=\"so-panel widget widget_sow-editor panel-first-child panel-last-child\" data-index=\"9\" ><div\n\t\t\t\n\t\t\tclass=\"so-widget-sow-editor so-widget-sow-editor-base\"\n\t\t\t\n\t\t>\n<div class=\"siteorigin-widget-tinymce textwidget\">\n\t<div class=\"customGallery galleryDueColonne fullWidthPrimaColonna\">\n\n<div id='gallery-2' class='gallery galleryid-12089 gallery-columns-2 gallery-size-large'><figure class='gallery-item'>\n\t\t\t<div class='gallery-icon landscape'>\n\t\t\t\t<a href='https:\/\/www.geoparcoalpicarniche.org\/wp-content\/uploads\/2018\/01\/Centro-Visite-Laghetti-Timau-1280px.jpg'><img loading=\"lazy\" decoding=\"async\" width=\"1024\" height=\"640\" src=\"https:\/\/www.geoparcoalpicarniche.org\/wp-content\/uploads\/2018\/01\/Centro-Visite-Laghetti-Timau-1280px-1024x640.jpg\" class=\"attachment-large size-large\" alt=\"\" srcset=\"https:\/\/www.geoparcoalpicarniche.org\/wp-content\/uploads\/2018\/01\/Centro-Visite-Laghetti-Timau-1280px-1024x640.jpg 1024w, https:\/\/www.geoparcoalpicarniche.org\/wp-content\/uploads\/2018\/01\/Centro-Visite-Laghetti-Timau-1280px-300x188.jpg 300w, https:\/\/www.geoparcoalpicarniche.org\/wp-content\/uploads\/2018\/01\/Centro-Visite-Laghetti-Timau-1280px-768x480.jpg 768w, https:\/\/www.geoparcoalpicarniche.org\/wp-content\/uploads\/2018\/01\/Centro-Visite-Laghetti-Timau-1280px.jpg 1280w\" sizes=\"auto, (max-width: 1024px) 100vw, 1024px\" \/><\/a>\n\t\t\t<\/div><\/figure><figure class='gallery-item'>\n\t\t\t<div class='gallery-icon landscape'>\n\t\t\t\t<a href='https:\/\/www.geoparcoalpicarniche.org\/wp-content\/uploads\/2018\/01\/Geopark-KA_Centro-Visite-Dellach-1280px.jpg'><img loading=\"lazy\" decoding=\"async\" width=\"1024\" height=\"640\" src=\"https:\/\/www.geoparcoalpicarniche.org\/wp-content\/uploads\/2018\/01\/Geopark-KA_Centro-Visite-Dellach-1280px-1024x640.jpg\" class=\"attachment-large size-large\" alt=\"\" srcset=\"https:\/\/www.geoparcoalpicarniche.org\/wp-content\/uploads\/2018\/01\/Geopark-KA_Centro-Visite-Dellach-1280px-1024x640.jpg 1024w, https:\/\/www.geoparcoalpicarniche.org\/wp-content\/uploads\/2018\/01\/Geopark-KA_Centro-Visite-Dellach-1280px-300x188.jpg 300w, https:\/\/www.geoparcoalpicarniche.org\/wp-content\/uploads\/2018\/01\/Geopark-KA_Centro-Visite-Dellach-1280px-768x480.jpg 768w, https:\/\/www.geoparcoalpicarniche.org\/wp-content\/uploads\/2018\/01\/Geopark-KA_Centro-Visite-Dellach-1280px.jpg 1280w\" sizes=\"auto, (max-width: 1024px) 100vw, 1024px\" \/><\/a>\n\t\t\t<\/div><\/figure><figure class='gallery-item'>\n\t\t\t<div class='gallery-icon landscape'>\n\t\t\t\t<a href='https:\/\/www.geoparcoalpicarniche.org\/wp-content\/uploads\/2018\/01\/Esp_fossileArta-1280px.jpg'><img loading=\"lazy\" decoding=\"async\" width=\"1024\" height=\"640\" src=\"https:\/\/www.geoparcoalpicarniche.org\/wp-content\/uploads\/2018\/01\/Esp_fossileArta-1280px-1024x640.jpg\" class=\"attachment-large size-large\" alt=\"\" srcset=\"https:\/\/www.geoparcoalpicarniche.org\/wp-content\/uploads\/2018\/01\/Esp_fossileArta-1280px-1024x640.jpg 1024w, https:\/\/www.geoparcoalpicarniche.org\/wp-content\/uploads\/2018\/01\/Esp_fossileArta-1280px-300x188.jpg 300w, https:\/\/www.geoparcoalpicarniche.org\/wp-content\/uploads\/2018\/01\/Esp_fossileArta-1280px-768x480.jpg 768w, https:\/\/www.geoparcoalpicarniche.org\/wp-content\/uploads\/2018\/01\/Esp_fossileArta-1280px.jpg 1280w\" sizes=\"auto, (max-width: 1024px) 100vw, 1024px\" \/><\/a>\n\t\t\t<\/div><\/figure>\n\t\t<\/div>\n\n\n<\/div><\/div>\n<\/div><\/div><\/div><\/div><\/div><div id=\"pg-4906-4\"  class=\"panel-grid panel-has-style\" ><div class=\"instagramRow panel-row-style panel-row-style-for-4906-4\" ><div id=\"pgc-4906-4-0\"  class=\"panel-grid-cell\" ><div id=\"panel-4906-4-0-0\" class=\"widget_text so-panel widget widget_custom_html panel-first-child panel-last-child\" data-index=\"10\" ><div class=\"textwidget custom-html-widget\">\n<div id=\"sb_instagram\"  class=\"sbi sbi_mob_col_1 sbi_tab_col_2 sbi_col_8\" style=\"padding-bottom: 10px; width: 100%;\"\t data-feedid=\"sbi_17841407360498266#8\"  data-res=\"auto\" data-cols=\"8\" data-colsmobile=\"1\" data-colstablet=\"2\" data-num=\"8\" data-nummobile=\"\" data-item-padding=\"5\"\t data-shortcode-atts=\"{&quot;user&quot;:&quot;geoparcoalpicarniche&quot;}\"  data-postid=\"\" data-locatornonce=\"d41101a1db\" data-imageaspectratio=\"1:1\" data-sbi-flags=\"favorLocal,gdpr\">\n\t<div class=\"sb_instagram_header \"   >\n\t<a class=\"sbi_header_link\" target=\"_blank\"\n\t   rel=\"nofollow noopener\" href=\"https:\/\/www.instagram.com\/geoparcoalpicarniche\/\" title=\"@geoparcoalpicarniche\">\n\t\t<div class=\"sbi_header_text sbi_no_bio\">\n\t\t\t<div class=\"sbi_header_img\">\n\t\t\t\t\t\t\t\t\t<div class=\"sbi_header_img_hover\"  ><svg class=\"sbi_new_logo fa-instagram fa-w-14\" aria-hidden=\"true\" data-fa-processed=\"\" aria-label=\"Instagram\" data-prefix=\"fab\" data-icon=\"instagram\" role=\"img\" viewBox=\"0 0 448 512\">\n                    <path fill=\"currentColor\" d=\"M224.1 141c-63.6 0-114.9 51.3-114.9 114.9s51.3 114.9 114.9 114.9S339 319.5 339 255.9 287.7 141 224.1 141zm0 189.6c-41.1 0-74.7-33.5-74.7-74.7s33.5-74.7 74.7-74.7 74.7 33.5 74.7 74.7-33.6 74.7-74.7 74.7zm146.4-194.3c0 14.9-12 26.8-26.8 26.8-14.9 0-26.8-12-26.8-26.8s12-26.8 26.8-26.8 26.8 12 26.8 26.8zm76.1 27.2c-1.7-35.9-9.9-67.7-36.2-93.9-26.2-26.2-58-34.4-93.9-36.2-37-2.1-147.9-2.1-184.9 0-35.8 1.7-67.6 9.9-93.9 36.1s-34.4 58-36.2 93.9c-2.1 37-2.1 147.9 0 184.9 1.7 35.9 9.9 67.7 36.2 93.9s58 34.4 93.9 36.2c37 2.1 147.9 2.1 184.9 0 35.9-1.7 67.7-9.9 93.9-36.2 26.2-26.2 34.4-58 36.2-93.9 2.1-37 2.1-147.8 0-184.8zM398.8 388c-7.8 19.6-22.9 34.7-42.6 42.6-29.5 11.7-99.5 9-132.1 9s-102.7 2.6-132.1-9c-19.6-7.8-34.7-22.9-42.6-42.6-11.7-29.5-9-99.5-9-132.1s-2.6-102.7 9-132.1c7.8-19.6 22.9-34.7 42.6-42.6 29.5-11.7 99.5-9 132.1-9s102.7-2.6 132.1 9c19.6 7.8 34.7 22.9 42.6 42.6 11.7 29.5 9 99.5 9 132.1s2.7 102.7-9 132.1z\"><\/path>\n                <\/svg><\/div>\n\t\t\t\t\t<img loading=\"lazy\" decoding=\"async\"  src=\"https:\/\/www.geoparcoalpicarniche.org\/wp-content\/plugins\/instagram-feed\/img\/thumb-placeholder.png\" alt=\"\" width=\"50\" height=\"50\">\n\t\t\t\t\n\t\t\t\t\t\t\t<\/div>\n\n\t\t\t<div class=\"sbi_feedtheme_header_text\">\n\t\t\t\t<h3>geoparcoalpicarniche<\/h3>\n\t\t\t\t\t\t\t<\/div>\n\t\t<\/div>\n\t<\/a>\n<\/div>\n\n\t<div id=\"sbi_images\"  style=\"gap: 10px;\">\n\t\t<div class=\"sbi_item sbi_type_carousel sbi_new sbi_transition\"\n\tid=\"sbi_17906005691938591\" data-date=\"1710318090\">\n\t<div class=\"sbi_photo_wrap\">\n\t\t<a class=\"sbi_photo\" href=\"https:\/\/www.instagram.com\/p\/C4cpHFwNJY9\/\" target=\"_blank\" rel=\"noopener nofollow\"\n\t\t\tdata-full-res=\"https:\/\/scontent-fra3-1.cdninstagram.com\/v\/t51.29350-15\/432785366_3250279835275406_8381485092373861036_n.webp?stp=dst-jpg&#038;_nc_cat=101&#038;ccb=1-7&#038;_nc_sid=18de74&#038;_nc_ohc=CuY4tyymqBYAX_zwegd&#038;_nc_ht=scontent-fra3-1.cdninstagram.com&#038;edm=ANo9K5cEAAAA&#038;oh=00_AfA-CAdVuWghk-5NUdx3Wia0wyq7DkDizy1-quAbbG9PvQ&#038;oe=660996EF\"\n\t\t\tdata-img-src-set=\"{&quot;d&quot;:&quot;https:\\\/\\\/scontent-fra3-1.cdninstagram.com\\\/v\\\/t51.29350-15\\\/432785366_3250279835275406_8381485092373861036_n.webp?stp=dst-jpg&amp;_nc_cat=101&amp;ccb=1-7&amp;_nc_sid=18de74&amp;_nc_ohc=CuY4tyymqBYAX_zwegd&amp;_nc_ht=scontent-fra3-1.cdninstagram.com&amp;edm=ANo9K5cEAAAA&amp;oh=00_AfA-CAdVuWghk-5NUdx3Wia0wyq7DkDizy1-quAbbG9PvQ&amp;oe=660996EF&quot;,&quot;150&quot;:&quot;https:\\\/\\\/scontent-fra3-1.cdninstagram.com\\\/v\\\/t51.29350-15\\\/432785366_3250279835275406_8381485092373861036_n.webp?stp=dst-jpg&amp;_nc_cat=101&amp;ccb=1-7&amp;_nc_sid=18de74&amp;_nc_ohc=CuY4tyymqBYAX_zwegd&amp;_nc_ht=scontent-fra3-1.cdninstagram.com&amp;edm=ANo9K5cEAAAA&amp;oh=00_AfA-CAdVuWghk-5NUdx3Wia0wyq7DkDizy1-quAbbG9PvQ&amp;oe=660996EF&quot;,&quot;320&quot;:&quot;https:\\\/\\\/scontent-fra3-1.cdninstagram.com\\\/v\\\/t51.29350-15\\\/432785366_3250279835275406_8381485092373861036_n.webp?stp=dst-jpg&amp;_nc_cat=101&amp;ccb=1-7&amp;_nc_sid=18de74&amp;_nc_ohc=CuY4tyymqBYAX_zwegd&amp;_nc_ht=scontent-fra3-1.cdninstagram.com&amp;edm=ANo9K5cEAAAA&amp;oh=00_AfA-CAdVuWghk-5NUdx3Wia0wyq7DkDizy1-quAbbG9PvQ&amp;oe=660996EF&quot;,&quot;640&quot;:&quot;https:\\\/\\\/scontent-fra3-1.cdninstagram.com\\\/v\\\/t51.29350-15\\\/432785366_3250279835275406_8381485092373861036_n.webp?stp=dst-jpg&amp;_nc_cat=101&amp;ccb=1-7&amp;_nc_sid=18de74&amp;_nc_ohc=CuY4tyymqBYAX_zwegd&amp;_nc_ht=scontent-fra3-1.cdninstagram.com&amp;edm=ANo9K5cEAAAA&amp;oh=00_AfA-CAdVuWghk-5NUdx3Wia0wyq7DkDizy1-quAbbG9PvQ&amp;oe=660996EF&quot;}\">\n\t\t\t<span class=\"sbi-screenreader\">Appuntamenti per questo fine settimana:\n\n\ud83d\udc49 Venerd\u00ec<\/span>\n\t\t\t<svg class=\"svg-inline--fa fa-clone fa-w-16 sbi_lightbox_carousel_icon\" aria-hidden=\"true\" aria-label=\"Clone\" data-fa-pro\u0192cessed=\"\" data-prefix=\"far\" data-icon=\"clone\" role=\"img\" xmlns=\"http:\/\/www.w3.org\/2000\/svg\" viewBox=\"0 0 512 512\">\n                    <path fill=\"currentColor\" d=\"M464 0H144c-26.51 0-48 21.49-48 48v48H48c-26.51 0-48 21.49-48 48v320c0 26.51 21.49 48 48 48h320c26.51 0 48-21.49 48-48v-48h48c26.51 0 48-21.49 48-48V48c0-26.51-21.49-48-48-48zM362 464H54a6 6 0 0 1-6-6V150a6 6 0 0 1 6-6h42v224c0 26.51 21.49 48 48 48h224v42a6 6 0 0 1-6 6zm96-96H150a6 6 0 0 1-6-6V54a6 6 0 0 1 6-6h308a6 6 0 0 1 6 6v308a6 6 0 0 1-6 6z\"><\/path>\n                <\/svg>\t\t\t\t\t\t<img decoding=\"async\" src=\"https:\/\/www.geoparcoalpicarniche.org\/wp-content\/plugins\/instagram-feed\/img\/placeholder.png\" alt=\"Appuntamenti per questo fine settimana:\n\n\ud83d\udc49 Venerd\u00ec 15 marzo, ore 20.30, @nuovocinemadavid.tolmezzo: proiezione del documentario &quot;Il Mondo in Camera&quot;, firmato da @maurobartoli.labfilm e dedicato a Mario Fantini che document\u00f2 l&#039;impresa italiana del K2 a cui partecip\u00f2 il grande Cirillo Floreanini\n\n\ud83d\udc49 Sabato 16 marzo, ore 10.30, Palazzo Frisacco: visita guidata della mostra &quot;Senza Posa&quot; presentata da Mauro Bartoli e della mostra &quot;K2&quot; presentata da Giuseppe Muscio\n\n\u2757Entrambe le iniziative prevedono l&#039;ingresso libero\n\nNon potete mancare!\n\n#ilmondoincamera #senzaposa #k2 \n#geoparcoalpicarniche\" aria-hidden=\"true\">\n\t\t<\/a>\n\t<\/div>\n<\/div><div class=\"sbi_item sbi_type_image sbi_new sbi_transition\"\n\tid=\"sbi_18044772277716738\" data-date=\"1707834219\">\n\t<div class=\"sbi_photo_wrap\">\n\t\t<a class=\"sbi_photo\" href=\"https:\/\/www.instagram.com\/p\/C3SngGkt1-H\/\" target=\"_blank\" rel=\"noopener nofollow\"\n\t\t\tdata-full-res=\"https:\/\/scontent-fra5-2.cdninstagram.com\/v\/t51.29350-15\/428111554_183486128191618_6477620781192166843_n.webp?stp=dst-jpg&#038;_nc_cat=109&#038;ccb=1-7&#038;_nc_sid=18de74&#038;_nc_ohc=Ogu5r72Bz7QAX8K9-Pm&#038;_nc_ht=scontent-fra5-2.cdninstagram.com&#038;edm=ANo9K5cEAAAA&#038;oh=00_AfBsQ2xpzxIUkngQDjTpxwlBV1r2KoMI78m1ScROCDb6ZQ&#038;oe=66096AFD\"\n\t\t\tdata-img-src-set=\"{&quot;d&quot;:&quot;https:\\\/\\\/scontent-fra5-2.cdninstagram.com\\\/v\\\/t51.29350-15\\\/428111554_183486128191618_6477620781192166843_n.webp?stp=dst-jpg&amp;_nc_cat=109&amp;ccb=1-7&amp;_nc_sid=18de74&amp;_nc_ohc=Ogu5r72Bz7QAX8K9-Pm&amp;_nc_ht=scontent-fra5-2.cdninstagram.com&amp;edm=ANo9K5cEAAAA&amp;oh=00_AfBsQ2xpzxIUkngQDjTpxwlBV1r2KoMI78m1ScROCDb6ZQ&amp;oe=66096AFD&quot;,&quot;150&quot;:&quot;https:\\\/\\\/scontent-fra5-2.cdninstagram.com\\\/v\\\/t51.29350-15\\\/428111554_183486128191618_6477620781192166843_n.webp?stp=dst-jpg&amp;_nc_cat=109&amp;ccb=1-7&amp;_nc_sid=18de74&amp;_nc_ohc=Ogu5r72Bz7QAX8K9-Pm&amp;_nc_ht=scontent-fra5-2.cdninstagram.com&amp;edm=ANo9K5cEAAAA&amp;oh=00_AfBsQ2xpzxIUkngQDjTpxwlBV1r2KoMI78m1ScROCDb6ZQ&amp;oe=66096AFD&quot;,&quot;320&quot;:&quot;https:\\\/\\\/scontent-fra5-2.cdninstagram.com\\\/v\\\/t51.29350-15\\\/428111554_183486128191618_6477620781192166843_n.webp?stp=dst-jpg&amp;_nc_cat=109&amp;ccb=1-7&amp;_nc_sid=18de74&amp;_nc_ohc=Ogu5r72Bz7QAX8K9-Pm&amp;_nc_ht=scontent-fra5-2.cdninstagram.com&amp;edm=ANo9K5cEAAAA&amp;oh=00_AfBsQ2xpzxIUkngQDjTpxwlBV1r2KoMI78m1ScROCDb6ZQ&amp;oe=66096AFD&quot;,&quot;640&quot;:&quot;https:\\\/\\\/scontent-fra5-2.cdninstagram.com\\\/v\\\/t51.29350-15\\\/428111554_183486128191618_6477620781192166843_n.webp?stp=dst-jpg&amp;_nc_cat=109&amp;ccb=1-7&amp;_nc_sid=18de74&amp;_nc_ohc=Ogu5r72Bz7QAX8K9-Pm&amp;_nc_ht=scontent-fra5-2.cdninstagram.com&amp;edm=ANo9K5cEAAAA&amp;oh=00_AfBsQ2xpzxIUkngQDjTpxwlBV1r2KoMI78m1ScROCDb6ZQ&amp;oe=66096AFD&quot;}\">\n\t\t\t<span class=\"sbi-screenreader\">Vi aspettiamo VENERD\u00cc 16 FEBBRAIO alle ore 18, a P<\/span>\n\t\t\t\t\t\t\t\t\t<img decoding=\"async\" src=\"https:\/\/www.geoparcoalpicarniche.org\/wp-content\/plugins\/instagram-feed\/img\/placeholder.png\" alt=\"Vi aspettiamo VENERD\u00cc 16 FEBBRAIO alle ore 18, a Palazzo Frisacco a Tolmezzo, per l&#039;inaugurazione di due mostre:\n\n\ud83d\udc49K2 - IMMAGINI DAL KARAKORUM, concessa al Geoparco dal Museo Friulano di Storia Naturale, depositario dell&#039;Archivio &quot;Ardito Desio&quot;\n\ud83d\udc49SENZA POSA - ITALIA K2 DI MARIO FANTIN. RACCONTO DI UN&#039;IMPRESA messa a disposizione al @caitolmezzo dal Club Alpino Italiano.\n\nDue diversi punti di vista sulla spedizione che per prima al mondo conquist\u00f2 la &quot;vetta degli italiani&quot;, a partire dal tentativo precedente, nel 1929, fatto sempre dal friulano Ardito Desio e fallito. Immagini d&#039;epoca, documenti, appunti autografi e video arricchiscono il percorso.\n\n\u2757Le mostre rimarranno aperte fino al 18 marzo 2024, visitabile gratuitamente negli orari di Palazzo Frisacco: tutti i giorni escluso il marted\u00ec con orario 10-12.30 \/ 15-17.30, domenica 14-18\u2757\n\n#geoparcoalpicarniche #k2 #carniamusei #caitolmezzo\" aria-hidden=\"true\">\n\t\t<\/a>\n\t<\/div>\n<\/div><div class=\"sbi_item sbi_type_image sbi_new sbi_transition\"\n\tid=\"sbi_17899882238931261\" data-date=\"1704786441\">\n\t<div class=\"sbi_photo_wrap\">\n\t\t<a class=\"sbi_photo\" href=\"https:\/\/www.instagram.com\/p\/C13yU8ENLAV\/\" target=\"_blank\" rel=\"noopener nofollow\"\n\t\t\tdata-full-res=\"https:\/\/scontent-fra5-1.cdninstagram.com\/v\/t51.29350-15\/418074618_886038103064144_5323929506280361581_n.webp?stp=dst-jpg&#038;_nc_cat=100&#038;ccb=1-7&#038;_nc_sid=18de74&#038;_nc_ohc=z91UXHCC2ZAAX9zg9I5&#038;_nc_ht=scontent-fra5-1.cdninstagram.com&#038;edm=ANo9K5cEAAAA&#038;oh=00_AfAkDCSwWhub-2PPx_8iSM4_EV01HJdx4JM7NM3N-qycWQ&#038;oe=66097385\"\n\t\t\tdata-img-src-set=\"{&quot;d&quot;:&quot;https:\\\/\\\/scontent-fra5-1.cdninstagram.com\\\/v\\\/t51.29350-15\\\/418074618_886038103064144_5323929506280361581_n.webp?stp=dst-jpg&amp;_nc_cat=100&amp;ccb=1-7&amp;_nc_sid=18de74&amp;_nc_ohc=z91UXHCC2ZAAX9zg9I5&amp;_nc_ht=scontent-fra5-1.cdninstagram.com&amp;edm=ANo9K5cEAAAA&amp;oh=00_AfAkDCSwWhub-2PPx_8iSM4_EV01HJdx4JM7NM3N-qycWQ&amp;oe=66097385&quot;,&quot;150&quot;:&quot;https:\\\/\\\/scontent-fra5-1.cdninstagram.com\\\/v\\\/t51.29350-15\\\/418074618_886038103064144_5323929506280361581_n.webp?stp=dst-jpg&amp;_nc_cat=100&amp;ccb=1-7&amp;_nc_sid=18de74&amp;_nc_ohc=z91UXHCC2ZAAX9zg9I5&amp;_nc_ht=scontent-fra5-1.cdninstagram.com&amp;edm=ANo9K5cEAAAA&amp;oh=00_AfAkDCSwWhub-2PPx_8iSM4_EV01HJdx4JM7NM3N-qycWQ&amp;oe=66097385&quot;,&quot;320&quot;:&quot;https:\\\/\\\/scontent-fra5-1.cdninstagram.com\\\/v\\\/t51.29350-15\\\/418074618_886038103064144_5323929506280361581_n.webp?stp=dst-jpg&amp;_nc_cat=100&amp;ccb=1-7&amp;_nc_sid=18de74&amp;_nc_ohc=z91UXHCC2ZAAX9zg9I5&amp;_nc_ht=scontent-fra5-1.cdninstagram.com&amp;edm=ANo9K5cEAAAA&amp;oh=00_AfAkDCSwWhub-2PPx_8iSM4_EV01HJdx4JM7NM3N-qycWQ&amp;oe=66097385&quot;,&quot;640&quot;:&quot;https:\\\/\\\/scontent-fra5-1.cdninstagram.com\\\/v\\\/t51.29350-15\\\/418074618_886038103064144_5323929506280361581_n.webp?stp=dst-jpg&amp;_nc_cat=100&amp;ccb=1-7&amp;_nc_sid=18de74&amp;_nc_ohc=z91UXHCC2ZAAX9zg9I5&amp;_nc_ht=scontent-fra5-1.cdninstagram.com&amp;edm=ANo9K5cEAAAA&amp;oh=00_AfAkDCSwWhub-2PPx_8iSM4_EV01HJdx4JM7NM3N-qycWQ&amp;oe=66097385&quot;}\">\n\t\t\t<span class=\"sbi-screenreader\">Waiting for real #snow ... \n#geoparcoalpicarniche <\/span>\n\t\t\t\t\t\t\t\t\t<img decoding=\"async\" src=\"https:\/\/www.geoparcoalpicarniche.org\/wp-content\/plugins\/instagram-feed\/img\/placeholder.png\" alt=\"Waiting for real #snow ... \n#geoparcoalpicarniche #geoparkcarnicalps #dolomites\" aria-hidden=\"true\">\n\t\t<\/a>\n\t<\/div>\n<\/div><div class=\"sbi_item sbi_type_image sbi_new sbi_transition\"\n\tid=\"sbi_18003841181019450\" data-date=\"1700855710\">\n\t<div class=\"sbi_photo_wrap\">\n\t\t<a class=\"sbi_photo\" href=\"https:\/\/www.instagram.com\/p\/C0CpDW1NOU9\/\" target=\"_blank\" rel=\"noopener nofollow\"\n\t\t\tdata-full-res=\"https:\/\/scontent-fra5-1.cdninstagram.com\/v\/t51.29350-15\/403908003_316992584520181_194418679814574369_n.webp?stp=dst-jpg&#038;_nc_cat=100&#038;ccb=1-7&#038;_nc_sid=18de74&#038;_nc_ohc=YcDlX52xeXUAX_FAv7l&#038;_nc_ht=scontent-fra5-1.cdninstagram.com&#038;edm=ANo9K5cEAAAA&#038;oh=00_AfD7hhbxSJrJhTZqaNQoqK6O33izHQtpU-ALpuzapS3Btg&#038;oe=66095F26\"\n\t\t\tdata-img-src-set=\"{&quot;d&quot;:&quot;https:\\\/\\\/scontent-fra5-1.cdninstagram.com\\\/v\\\/t51.29350-15\\\/403908003_316992584520181_194418679814574369_n.webp?stp=dst-jpg&amp;_nc_cat=100&amp;ccb=1-7&amp;_nc_sid=18de74&amp;_nc_ohc=YcDlX52xeXUAX_FAv7l&amp;_nc_ht=scontent-fra5-1.cdninstagram.com&amp;edm=ANo9K5cEAAAA&amp;oh=00_AfD7hhbxSJrJhTZqaNQoqK6O33izHQtpU-ALpuzapS3Btg&amp;oe=66095F26&quot;,&quot;150&quot;:&quot;https:\\\/\\\/scontent-fra5-1.cdninstagram.com\\\/v\\\/t51.29350-15\\\/403908003_316992584520181_194418679814574369_n.webp?stp=dst-jpg&amp;_nc_cat=100&amp;ccb=1-7&amp;_nc_sid=18de74&amp;_nc_ohc=YcDlX52xeXUAX_FAv7l&amp;_nc_ht=scontent-fra5-1.cdninstagram.com&amp;edm=ANo9K5cEAAAA&amp;oh=00_AfD7hhbxSJrJhTZqaNQoqK6O33izHQtpU-ALpuzapS3Btg&amp;oe=66095F26&quot;,&quot;320&quot;:&quot;https:\\\/\\\/scontent-fra5-1.cdninstagram.com\\\/v\\\/t51.29350-15\\\/403908003_316992584520181_194418679814574369_n.webp?stp=dst-jpg&amp;_nc_cat=100&amp;ccb=1-7&amp;_nc_sid=18de74&amp;_nc_ohc=YcDlX52xeXUAX_FAv7l&amp;_nc_ht=scontent-fra5-1.cdninstagram.com&amp;edm=ANo9K5cEAAAA&amp;oh=00_AfD7hhbxSJrJhTZqaNQoqK6O33izHQtpU-ALpuzapS3Btg&amp;oe=66095F26&quot;,&quot;640&quot;:&quot;https:\\\/\\\/scontent-fra5-1.cdninstagram.com\\\/v\\\/t51.29350-15\\\/403908003_316992584520181_194418679814574369_n.webp?stp=dst-jpg&amp;_nc_cat=100&amp;ccb=1-7&amp;_nc_sid=18de74&amp;_nc_ohc=YcDlX52xeXUAX_FAv7l&amp;_nc_ht=scontent-fra5-1.cdninstagram.com&amp;edm=ANo9K5cEAAAA&amp;oh=00_AfD7hhbxSJrJhTZqaNQoqK6O33izHQtpU-ALpuzapS3Btg&amp;oe=66095F26&quot;}\">\n\t\t\t<span class=\"sbi-screenreader\">Ora a Enemonzo : parliamo ancora, a grande richies<\/span>\n\t\t\t\t\t\t\t\t\t<img decoding=\"async\" src=\"https:\/\/www.geoparcoalpicarniche.org\/wp-content\/plugins\/instagram-feed\/img\/placeholder.png\" alt=\"Ora a Enemonzo : parliamo ancora, a grande richiesta, di sinkholes e di convivenza con caratteristiche geologiche complesse come le doline di crollo\" aria-hidden=\"true\">\n\t\t<\/a>\n\t<\/div>\n<\/div><div class=\"sbi_item sbi_type_image sbi_new sbi_transition\"\n\tid=\"sbi_18012389302987199\" data-date=\"1700217818\">\n\t<div class=\"sbi_photo_wrap\">\n\t\t<a class=\"sbi_photo\" href=\"https:\/\/www.instagram.com\/p\/CzvoXoat9wV\/\" target=\"_blank\" rel=\"noopener nofollow\"\n\t\t\tdata-full-res=\"https:\/\/scontent-fra5-1.cdninstagram.com\/v\/t51.29350-15\/403478652_1013780313214143_4421760321357467668_n.heic?stp=dst-jpg&#038;_nc_cat=102&#038;ccb=1-7&#038;_nc_sid=18de74&#038;_nc_ohc=zD99vImILngAX-zc1Ao&#038;_nc_ht=scontent-fra5-1.cdninstagram.com&#038;edm=ANo9K5cEAAAA&#038;oh=00_AfDSY9wJXg0Udnpr2LQHk_NUlt5s__UsOYx4brEile4zFw&#038;oe=660830DD\"\n\t\t\tdata-img-src-set=\"{&quot;d&quot;:&quot;https:\\\/\\\/scontent-fra5-1.cdninstagram.com\\\/v\\\/t51.29350-15\\\/403478652_1013780313214143_4421760321357467668_n.heic?stp=dst-jpg&amp;_nc_cat=102&amp;ccb=1-7&amp;_nc_sid=18de74&amp;_nc_ohc=zD99vImILngAX-zc1Ao&amp;_nc_ht=scontent-fra5-1.cdninstagram.com&amp;edm=ANo9K5cEAAAA&amp;oh=00_AfDSY9wJXg0Udnpr2LQHk_NUlt5s__UsOYx4brEile4zFw&amp;oe=660830DD&quot;,&quot;150&quot;:&quot;https:\\\/\\\/scontent-fra5-1.cdninstagram.com\\\/v\\\/t51.29350-15\\\/403478652_1013780313214143_4421760321357467668_n.heic?stp=dst-jpg&amp;_nc_cat=102&amp;ccb=1-7&amp;_nc_sid=18de74&amp;_nc_ohc=zD99vImILngAX-zc1Ao&amp;_nc_ht=scontent-fra5-1.cdninstagram.com&amp;edm=ANo9K5cEAAAA&amp;oh=00_AfDSY9wJXg0Udnpr2LQHk_NUlt5s__UsOYx4brEile4zFw&amp;oe=660830DD&quot;,&quot;320&quot;:&quot;https:\\\/\\\/scontent-fra5-1.cdninstagram.com\\\/v\\\/t51.29350-15\\\/403478652_1013780313214143_4421760321357467668_n.heic?stp=dst-jpg&amp;_nc_cat=102&amp;ccb=1-7&amp;_nc_sid=18de74&amp;_nc_ohc=zD99vImILngAX-zc1Ao&amp;_nc_ht=scontent-fra5-1.cdninstagram.com&amp;edm=ANo9K5cEAAAA&amp;oh=00_AfDSY9wJXg0Udnpr2LQHk_NUlt5s__UsOYx4brEile4zFw&amp;oe=660830DD&quot;,&quot;640&quot;:&quot;https:\\\/\\\/scontent-fra5-1.cdninstagram.com\\\/v\\\/t51.29350-15\\\/403478652_1013780313214143_4421760321357467668_n.heic?stp=dst-jpg&amp;_nc_cat=102&amp;ccb=1-7&amp;_nc_sid=18de74&amp;_nc_ohc=zD99vImILngAX-zc1Ao&amp;_nc_ht=scontent-fra5-1.cdninstagram.com&amp;edm=ANo9K5cEAAAA&amp;oh=00_AfDSY9wJXg0Udnpr2LQHk_NUlt5s__UsOYx4brEile4zFw&amp;oe=660830DD&quot;}\">\n\t\t\t<span class=\"sbi-screenreader\">\u2757\ufe0fCONFERENZA\u2757\ufe0f dal titolo CONTINUARE A VIVERE SULL<\/span>\n\t\t\t\t\t\t\t\t\t<img decoding=\"async\" src=\"https:\/\/www.geoparcoalpicarniche.org\/wp-content\/plugins\/instagram-feed\/img\/placeholder.png\" alt=\"\u2757\ufe0fCONFERENZA\u2757\ufe0f dal titolo CONTINUARE A VIVERE SULLE ROCCE CHE SI SCIOLGONO: ESEMPI DI RESILIENZA URBANA. I CASI STUDIO NEL COMUNE DI ENEMONZO.\n\ud83d\udcccVENERD\u00cc 24 NOVEMBRE ad ENEMONZO, \u23f0 20.30 presso il Centro Sociale.\nSi parler\u00e0 dei fenomeni di sprofondamento (SINKHOLE) legati alla presenza di gesso nel sottosuolo della pianura alluvionale del Tagliamento. Saranno con noi FRANCO CUCCHI, geologo e gi\u00e0 professore all&#039;Universit\u00e0 degli Studi di Trieste, e CHIARA CALLIGARIS, ricercatrice nello stesso ateneo, che sono fra gli esperti che seguono l&#039;evoluzione di questo problema nell&#039;alta valle del Tagliamento\n\n@proloco_enemonzo @preonefvg\n@ampezzo_experience\n#gessi\n#sinkhole\" aria-hidden=\"true\">\n\t\t<\/a>\n\t<\/div>\n<\/div><div class=\"sbi_item sbi_type_image sbi_new sbi_transition\"\n\tid=\"sbi_17986738595385668\" data-date=\"1697547531\">\n\t<div class=\"sbi_photo_wrap\">\n\t\t<a class=\"sbi_photo\" href=\"https:\/\/www.instagram.com\/p\/CygDM9qNrsK\/\" target=\"_blank\" rel=\"noopener nofollow\"\n\t\t\tdata-full-res=\"https:\/\/scontent-fra3-1.cdninstagram.com\/v\/t51.29350-15\/393337844_664905745748339_2900030278135102354_n.webp?stp=dst-jpg&#038;_nc_cat=101&#038;ccb=1-7&#038;_nc_sid=18de74&#038;_nc_ohc=gGv0b3mWKu4AX_nq1yE&#038;_nc_ht=scontent-fra3-1.cdninstagram.com&#038;edm=ANo9K5cEAAAA&#038;oh=00_AfBm-vN5kpMVZmQ4km-TXs2Sn4Ac9dC697BtSyY73x12LA&#038;oe=6609EF84\"\n\t\t\tdata-img-src-set=\"{&quot;d&quot;:&quot;https:\\\/\\\/scontent-fra3-1.cdninstagram.com\\\/v\\\/t51.29350-15\\\/393337844_664905745748339_2900030278135102354_n.webp?stp=dst-jpg&amp;_nc_cat=101&amp;ccb=1-7&amp;_nc_sid=18de74&amp;_nc_ohc=gGv0b3mWKu4AX_nq1yE&amp;_nc_ht=scontent-fra3-1.cdninstagram.com&amp;edm=ANo9K5cEAAAA&amp;oh=00_AfBm-vN5kpMVZmQ4km-TXs2Sn4Ac9dC697BtSyY73x12LA&amp;oe=6609EF84&quot;,&quot;150&quot;:&quot;https:\\\/\\\/scontent-fra3-1.cdninstagram.com\\\/v\\\/t51.29350-15\\\/393337844_664905745748339_2900030278135102354_n.webp?stp=dst-jpg&amp;_nc_cat=101&amp;ccb=1-7&amp;_nc_sid=18de74&amp;_nc_ohc=gGv0b3mWKu4AX_nq1yE&amp;_nc_ht=scontent-fra3-1.cdninstagram.com&amp;edm=ANo9K5cEAAAA&amp;oh=00_AfBm-vN5kpMVZmQ4km-TXs2Sn4Ac9dC697BtSyY73x12LA&amp;oe=6609EF84&quot;,&quot;320&quot;:&quot;https:\\\/\\\/scontent-fra3-1.cdninstagram.com\\\/v\\\/t51.29350-15\\\/393337844_664905745748339_2900030278135102354_n.webp?stp=dst-jpg&amp;_nc_cat=101&amp;ccb=1-7&amp;_nc_sid=18de74&amp;_nc_ohc=gGv0b3mWKu4AX_nq1yE&amp;_nc_ht=scontent-fra3-1.cdninstagram.com&amp;edm=ANo9K5cEAAAA&amp;oh=00_AfBm-vN5kpMVZmQ4km-TXs2Sn4Ac9dC697BtSyY73x12LA&amp;oe=6609EF84&quot;,&quot;640&quot;:&quot;https:\\\/\\\/scontent-fra3-1.cdninstagram.com\\\/v\\\/t51.29350-15\\\/393337844_664905745748339_2900030278135102354_n.webp?stp=dst-jpg&amp;_nc_cat=101&amp;ccb=1-7&amp;_nc_sid=18de74&amp;_nc_ohc=gGv0b3mWKu4AX_nq1yE&amp;_nc_ht=scontent-fra3-1.cdninstagram.com&amp;edm=ANo9K5cEAAAA&amp;oh=00_AfBm-vN5kpMVZmQ4km-TXs2Sn4Ac9dC697BtSyY73x12LA&amp;oe=6609EF84&quot;}\">\n\t\t\t<span class=\"sbi-screenreader\">\ud83d\udca5APPUNTAMENTO A FORNI DI SOTTO!\n\nVenerd\u00ec 20 ottobr<\/span>\n\t\t\t\t\t\t\t\t\t<img decoding=\"async\" src=\"https:\/\/www.geoparcoalpicarniche.org\/wp-content\/plugins\/instagram-feed\/img\/placeholder.png\" alt=\"\ud83d\udca5APPUNTAMENTO A FORNI DI SOTTO!\n\nVenerd\u00ec 20 ottobre - ore 20.30 - sala consiliare del Municipio di Forni di Sotto\nPresentazione della Guida del Geoparco Transfrontaliero delle Alpi Carniche \ud835\udc0c\ud835\udc00\ud835\udc12\ud835\udc12\ud835\udc08\ud835\udc02\ud835\udc02\ud835\udc08\ud835\udc0e \ud835\udc03\ud835\udc04\ud835\udc0b \ud835\udc0c\ud835\udc0e\ud835\udc0d\ud835\udc13\ud835\udc04 \ud835\udc01\ud835\udc08\ud835\udc15\ud835\udc04\ud835\udc11\ud835\udc00 - \ud835\udc25\ud835\udc1e\ud835\udc20\ud835\udc20\ud835\udc1e\ud835\udc2b\ud835\udc1e \ud835\udc22\ud835\udc25 \ud835\udc29\ud835\udc1a\ud835\udc2c\ud835\udc2c\ud835\udc1a\ud835\udc2d\ud835\udc28 \ud835\udc27\ud835\udc1e\ud835\udc25\ud835\udc25\ud835\udc1e \ud835\udc2b\ud835\udc28\ud835\udc1c\ud835\udc1c\ud835\udc1e. \nDopo la presentazione di Sauris, i due autori, Giuseppe Muscio e Maurizio Ponton, illustreranno le peculiarit\u00e0 del \ud835\udc01\ud835\udc22\ud835\udc2f\ud835\udc1e\ud835\udc2b\ud835\udc1a anche sul suo altro versante, Forni di Sotto appunto.\nIn qest&#039;occasione potrete ritirare una copia della pubblicazione, e magari anche delle altre curate dal geoparco, porre domande agli esperti e geochiacchierare.\nVi aspettiamo!\" aria-hidden=\"true\">\n\t\t<\/a>\n\t<\/div>\n<\/div><div class=\"sbi_item sbi_type_image sbi_new sbi_transition\"\n\tid=\"sbi_18024698197665922\" data-date=\"1697204717\">\n\t<div class=\"sbi_photo_wrap\">\n\t\t<a class=\"sbi_photo\" href=\"https:\/\/www.instagram.com\/p\/CyV1VcEtUaF\/\" target=\"_blank\" rel=\"noopener nofollow\"\n\t\t\tdata-full-res=\"https:\/\/scontent-fra3-1.cdninstagram.com\/v\/t51.29350-15\/391063677_1421732988384615_2744280160110400809_n.webp?stp=dst-jpg&#038;_nc_cat=101&#038;ccb=1-7&#038;_nc_sid=18de74&#038;_nc_ohc=4EMSZ4nAcRYAX-uRxNt&#038;_nc_ht=scontent-fra3-1.cdninstagram.com&#038;edm=ANo9K5cEAAAA&#038;oh=00_AfBtX7jvjjQrN1gh6icHYft0cBf5ZZlJfhIWm7rKTIco4w&#038;oe=6609378F\"\n\t\t\tdata-img-src-set=\"{&quot;d&quot;:&quot;https:\\\/\\\/scontent-fra3-1.cdninstagram.com\\\/v\\\/t51.29350-15\\\/391063677_1421732988384615_2744280160110400809_n.webp?stp=dst-jpg&amp;_nc_cat=101&amp;ccb=1-7&amp;_nc_sid=18de74&amp;_nc_ohc=4EMSZ4nAcRYAX-uRxNt&amp;_nc_ht=scontent-fra3-1.cdninstagram.com&amp;edm=ANo9K5cEAAAA&amp;oh=00_AfBtX7jvjjQrN1gh6icHYft0cBf5ZZlJfhIWm7rKTIco4w&amp;oe=6609378F&quot;,&quot;150&quot;:&quot;https:\\\/\\\/scontent-fra3-1.cdninstagram.com\\\/v\\\/t51.29350-15\\\/391063677_1421732988384615_2744280160110400809_n.webp?stp=dst-jpg&amp;_nc_cat=101&amp;ccb=1-7&amp;_nc_sid=18de74&amp;_nc_ohc=4EMSZ4nAcRYAX-uRxNt&amp;_nc_ht=scontent-fra3-1.cdninstagram.com&amp;edm=ANo9K5cEAAAA&amp;oh=00_AfBtX7jvjjQrN1gh6icHYft0cBf5ZZlJfhIWm7rKTIco4w&amp;oe=6609378F&quot;,&quot;320&quot;:&quot;https:\\\/\\\/scontent-fra3-1.cdninstagram.com\\\/v\\\/t51.29350-15\\\/391063677_1421732988384615_2744280160110400809_n.webp?stp=dst-jpg&amp;_nc_cat=101&amp;ccb=1-7&amp;_nc_sid=18de74&amp;_nc_ohc=4EMSZ4nAcRYAX-uRxNt&amp;_nc_ht=scontent-fra3-1.cdninstagram.com&amp;edm=ANo9K5cEAAAA&amp;oh=00_AfBtX7jvjjQrN1gh6icHYft0cBf5ZZlJfhIWm7rKTIco4w&amp;oe=6609378F&quot;,&quot;640&quot;:&quot;https:\\\/\\\/scontent-fra3-1.cdninstagram.com\\\/v\\\/t51.29350-15\\\/391063677_1421732988384615_2744280160110400809_n.webp?stp=dst-jpg&amp;_nc_cat=101&amp;ccb=1-7&amp;_nc_sid=18de74&amp;_nc_ohc=4EMSZ4nAcRYAX-uRxNt&amp;_nc_ht=scontent-fra3-1.cdninstagram.com&amp;edm=ANo9K5cEAAAA&amp;oh=00_AfBtX7jvjjQrN1gh6icHYft0cBf5ZZlJfhIWm7rKTIco4w&amp;oe=6609378F&quot;}\">\n\t\t\t<span class=\"sbi-screenreader\">L&#039;ultima uscita della stagione!<\/span>\n\t\t\t\t\t\t\t\t\t<img decoding=\"async\" src=\"https:\/\/www.geoparcoalpicarniche.org\/wp-content\/plugins\/instagram-feed\/img\/placeholder.png\" alt=\"L&#039;ultima uscita della stagione!\" aria-hidden=\"true\">\n\t\t<\/a>\n\t<\/div>\n<\/div><div class=\"sbi_item sbi_type_image sbi_new sbi_transition\"\n\tid=\"sbi_18048384094500986\" data-date=\"1696400563\">\n\t<div class=\"sbi_photo_wrap\">\n\t\t<a class=\"sbi_photo\" href=\"https:\/\/www.instagram.com\/p\/Cx93iKwNCLs\/\" target=\"_blank\" rel=\"noopener nofollow\"\n\t\t\tdata-full-res=\"https:\/\/scontent-fra3-1.cdninstagram.com\/v\/t51.29350-15\/386356061_704500788200666_3892501052519993787_n.webp?stp=dst-jpg&#038;_nc_cat=103&#038;ccb=1-7&#038;_nc_sid=18de74&#038;_nc_ohc=nN2aK1fBW9gAX8XcyUz&#038;_nc_ht=scontent-fra3-1.cdninstagram.com&#038;edm=ANo9K5cEAAAA&#038;oh=00_AfAsbfT3P2U6JZMPmDj0t4N9ugQqGpDhjSNFn_SliJfc_A&#038;oe=6609ACEB\"\n\t\t\tdata-img-src-set=\"{&quot;d&quot;:&quot;https:\\\/\\\/scontent-fra3-1.cdninstagram.com\\\/v\\\/t51.29350-15\\\/386356061_704500788200666_3892501052519993787_n.webp?stp=dst-jpg&amp;_nc_cat=103&amp;ccb=1-7&amp;_nc_sid=18de74&amp;_nc_ohc=nN2aK1fBW9gAX8XcyUz&amp;_nc_ht=scontent-fra3-1.cdninstagram.com&amp;edm=ANo9K5cEAAAA&amp;oh=00_AfAsbfT3P2U6JZMPmDj0t4N9ugQqGpDhjSNFn_SliJfc_A&amp;oe=6609ACEB&quot;,&quot;150&quot;:&quot;https:\\\/\\\/scontent-fra3-1.cdninstagram.com\\\/v\\\/t51.29350-15\\\/386356061_704500788200666_3892501052519993787_n.webp?stp=dst-jpg&amp;_nc_cat=103&amp;ccb=1-7&amp;_nc_sid=18de74&amp;_nc_ohc=nN2aK1fBW9gAX8XcyUz&amp;_nc_ht=scontent-fra3-1.cdninstagram.com&amp;edm=ANo9K5cEAAAA&amp;oh=00_AfAsbfT3P2U6JZMPmDj0t4N9ugQqGpDhjSNFn_SliJfc_A&amp;oe=6609ACEB&quot;,&quot;320&quot;:&quot;https:\\\/\\\/scontent-fra3-1.cdninstagram.com\\\/v\\\/t51.29350-15\\\/386356061_704500788200666_3892501052519993787_n.webp?stp=dst-jpg&amp;_nc_cat=103&amp;ccb=1-7&amp;_nc_sid=18de74&amp;_nc_ohc=nN2aK1fBW9gAX8XcyUz&amp;_nc_ht=scontent-fra3-1.cdninstagram.com&amp;edm=ANo9K5cEAAAA&amp;oh=00_AfAsbfT3P2U6JZMPmDj0t4N9ugQqGpDhjSNFn_SliJfc_A&amp;oe=6609ACEB&quot;,&quot;640&quot;:&quot;https:\\\/\\\/scontent-fra3-1.cdninstagram.com\\\/v\\\/t51.29350-15\\\/386356061_704500788200666_3892501052519993787_n.webp?stp=dst-jpg&amp;_nc_cat=103&amp;ccb=1-7&amp;_nc_sid=18de74&amp;_nc_ohc=nN2aK1fBW9gAX8XcyUz&amp;_nc_ht=scontent-fra3-1.cdninstagram.com&amp;edm=ANo9K5cEAAAA&amp;oh=00_AfAsbfT3P2U6JZMPmDj0t4N9ugQqGpDhjSNFn_SliJfc_A&amp;oe=6609ACEB&quot;}\">\n\t\t\t<span class=\"sbi-screenreader\">\ud83d\udca5XI Edizione della Settimana del Pianeta Terra\ud83d\udca5\nFe<\/span>\n\t\t\t\t\t\t\t\t\t<img decoding=\"async\" src=\"https:\/\/www.geoparcoalpicarniche.org\/wp-content\/plugins\/instagram-feed\/img\/placeholder.png\" alt=\"\ud83d\udca5XI Edizione della Settimana del Pianeta Terra\ud83d\udca5\nFestival scientifico che costituisce uno dei principali appuntamenti condiviso a livello nazionale di comunicazione delle Geoscienze.\" aria-hidden=\"true\">\n\t\t<\/a>\n\t<\/div>\n<\/div>\t<\/div>\n\n\t<div id=\"sbi_load\" >\n\n\t\n\t\t\t<span class=\"sbi_follow_btn\" >\n\t\t\t<a target=\"_blank\"\n\t\t\t\trel=\"nofollow noopener\"  href=\"https:\/\/www.instagram.com\/geoparcoalpicarniche\/\">\n\t\t\t\t<svg class=\"svg-inline--fa fa-instagram fa-w-14\" aria-hidden=\"true\" data-fa-processed=\"\" aria-label=\"Instagram\" data-prefix=\"fab\" data-icon=\"instagram\" role=\"img\" viewBox=\"0 0 448 512\">\n                    <path fill=\"currentColor\" d=\"M224.1 141c-63.6 0-114.9 51.3-114.9 114.9s51.3 114.9 114.9 114.9S339 319.5 339 255.9 287.7 141 224.1 141zm0 189.6c-41.1 0-74.7-33.5-74.7-74.7s33.5-74.7 74.7-74.7 74.7 33.5 74.7 74.7-33.6 74.7-74.7 74.7zm146.4-194.3c0 14.9-12 26.8-26.8 26.8-14.9 0-26.8-12-26.8-26.8s12-26.8 26.8-26.8 26.8 12 26.8 26.8zm76.1 27.2c-1.7-35.9-9.9-67.7-36.2-93.9-26.2-26.2-58-34.4-93.9-36.2-37-2.1-147.9-2.1-184.9 0-35.8 1.7-67.6 9.9-93.9 36.1s-34.4 58-36.2 93.9c-2.1 37-2.1 147.9 0 184.9 1.7 35.9 9.9 67.7 36.2 93.9s58 34.4 93.9 36.2c37 2.1 147.9 2.1 184.9 0 35.9-1.7 67.7-9.9 93.9-36.2 26.2-26.2 34.4-58 36.2-93.9 2.1-37 2.1-147.8 0-184.8zM398.8 388c-7.8 19.6-22.9 34.7-42.6 42.6-29.5 11.7-99.5 9-132.1 9s-102.7 2.6-132.1-9c-19.6-7.8-34.7-22.9-42.6-42.6-11.7-29.5-9-99.5-9-132.1s-2.6-102.7 9-132.1c7.8-19.6 22.9-34.7 42.6-42.6 29.5-11.7 99.5-9 132.1-9s102.7-2.6 132.1 9c19.6 7.8 34.7 22.9 42.6 42.6 11.7 29.5 9 99.5 9 132.1s2.7 102.7-9 132.1z\"><\/path>\n                <\/svg>\t\t\t\t<span>Follow us on Instagram<\/span>\n\t\t\t<\/a>\n\t\t<\/span>\n\t\n<\/div>\n\t\t<span class=\"sbi_resized_image_data\" data-feed-id=\"sbi_17841407360498266#8\"\n\t\t  data-resized=\"{&quot;18048384094500986&quot;:{&quot;id&quot;:&quot;386356061_704500788200666_3892501052519993787_n.webp&quot;,&quot;ratio&quot;:&quot;1.46&quot;,&quot;sizes&quot;:{&quot;full&quot;:640,&quot;low&quot;:320,&quot;thumb&quot;:150},&quot;extension&quot;:&quot;.jpg&quot;},&quot;18024698197665922&quot;:{&quot;id&quot;:&quot;391063677_1421732988384615_2744280160110400809_n.webp&quot;,&quot;ratio&quot;:&quot;0.80&quot;,&quot;sizes&quot;:{&quot;full&quot;:640,&quot;low&quot;:320,&quot;thumb&quot;:150},&quot;extension&quot;:&quot;.jpg&quot;},&quot;17986738595385668&quot;:{&quot;id&quot;:&quot;393337844_664905745748339_2900030278135102354_n.webp&quot;,&quot;ratio&quot;:&quot;1.00&quot;,&quot;sizes&quot;:{&quot;full&quot;:640,&quot;low&quot;:320,&quot;thumb&quot;:150},&quot;extension&quot;:&quot;.jpg&quot;},&quot;18012389302987199&quot;:{&quot;id&quot;:&quot;403478652_1013780313214143_4421760321357467668_n.heic&quot;,&quot;ratio&quot;:&quot;1.00&quot;,&quot;sizes&quot;:{&quot;full&quot;:640,&quot;low&quot;:320,&quot;thumb&quot;:150},&quot;extension&quot;:&quot;.jpg&quot;},&quot;18003841181019450&quot;:{&quot;id&quot;:&quot;403908003_316992584520181_194418679814574369_n.webp&quot;,&quot;ratio&quot;:&quot;1.00&quot;,&quot;sizes&quot;:{&quot;full&quot;:640,&quot;low&quot;:320,&quot;thumb&quot;:150},&quot;extension&quot;:&quot;.jpg&quot;},&quot;17899882238931261&quot;:{&quot;id&quot;:&quot;418074618_886038103064144_5323929506280361581_n.webp&quot;,&quot;ratio&quot;:&quot;1.00&quot;,&quot;sizes&quot;:{&quot;full&quot;:640,&quot;low&quot;:320,&quot;thumb&quot;:150},&quot;extension&quot;:&quot;.jpg&quot;},&quot;18044772277716738&quot;:{&quot;id&quot;:&quot;428111554_183486128191618_6477620781192166843_n.webp&quot;,&quot;ratio&quot;:&quot;1.00&quot;,&quot;sizes&quot;:{&quot;full&quot;:640,&quot;low&quot;:320,&quot;thumb&quot;:150},&quot;extension&quot;:&quot;.jpg&quot;},&quot;17906005691938591&quot;:{&quot;id&quot;:&quot;432785366_3250279835275406_8381485092373861036_n.webp&quot;,&quot;ratio&quot;:&quot;0.80&quot;,&quot;sizes&quot;:{&quot;full&quot;:640,&quot;low&quot;:320,&quot;thumb&quot;:150},&quot;extension&quot;:&quot;.jpg&quot;}}\">\n\t<\/span>\n\t<\/div>\n\n<\/div><\/div><\/div><\/div><\/div><div id=\"pg-4906-5\"  class=\"panel-grid panel-no-style\" ><div id=\"pgc-4906-5-0\"  class=\"panel-grid-cell\" >\t<div id=\"panel-4906-5-0-0\" class=\"so-panel widget widget_text panel-first-child panel-last-child\" data-index=\"11\" ><div class=\"titoloSezione  panel-widget-style panel-widget-style-for-4906-5-0-0\" >\t\t\t<div class=\"textwidget\"><h2>Unsere Partner<\/h2>\n<div id=\"partnerCarouselSlider\" class=\"owl-carousel owl-theme\">\n\t<div class=\"carouselPartner\">\n\t<a href=\"https:\/\/www.geoparcoalpicarniche.org\/de\/partners\/unione-territoriale-intercomunale-della-carnia\/\">\n\t\t<img decoding=\"async\" src=\"https:\/\/www.geoparcoalpicarniche.org\/wp-content\/uploads\/2018\/04\/uti-carnia-1-noborder.jpg\" alt=\"\" \/>\n\t<\/a>\n<\/div><div class=\"carouselPartner\">\n\t<a href=\"https:\/\/www.geoparcoalpicarniche.org\/de\/partners\/unione-territoriale-intercomunale-canal-del-ferro-val-canale\/\">\n\t\t<img decoding=\"async\" src=\"https:\/\/www.geoparcoalpicarniche.org\/wp-content\/uploads\/2018\/04\/uti-valcanale-1-noborder.jpg\" alt=\"\" \/>\n\t<\/a>\n<\/div><div class=\"carouselPartner\">\n\t<a href=\"https:\/\/www.geoparcoalpicarniche.org\/de\/partners\/geopark-karnische-alpen\/\">\n\t\t<img decoding=\"async\" src=\"https:\/\/www.geoparcoalpicarniche.org\/wp-content\/uploads\/2018\/04\/GEO_Logo_c_4c-e1562828294459.jpg\" alt=\"\" \/>\n\t<\/a>\n<\/div><div class=\"carouselPartner\">\n\t<a href=\"https:\/\/www.geoparcoalpicarniche.org\/de\/partners\/servizio-geologico-regione-autonoma-fvg\/\">\n\t\t<img decoding=\"async\" src=\"https:\/\/www.geoparcoalpicarniche.org\/wp-content\/uploads\/2018\/04\/servizio-geologico-fvg-noborder.jpg\" alt=\"\" \/>\n\t<\/a>\n<\/div><div class=\"carouselPartner\">\n\t<a href=\"https:\/\/www.geoparcoalpicarniche.org\/de\/partners\/museo-friulano-di-storia-naturale\/\">\n\t\t<img decoding=\"async\" src=\"https:\/\/www.geoparcoalpicarniche.org\/wp-content\/uploads\/2018\/04\/mfsn-4-noborder.jpg\" alt=\"\" \/>\n\t<\/a>\n<\/div><div class=\"carouselPartner\">\n\t<a href=\"https:\/\/www.geoparcoalpicarniche.org\/de\/partners\/museo-di-scienze-naturali-alto-adige\/\">\n\t\t<img decoding=\"async\" src=\"https:\/\/www.geoparcoalpicarniche.org\/wp-content\/uploads\/2018\/04\/msnb-noborder.jpg\" alt=\"\" \/>\n\t<\/a>\n<\/div>\n<\/div>\n<script>\n\tjQuery( function( $ ) {\n\t\t$( \"#partnerCarouselSlider\" ).owlCarousel( {\n\t\t\tloop: true,\n\t\t\tmargin: 10,\n\t\t\tresponsiveClass: true,\n\t\t\tresponsive: {\n\t\t\t\t0: {\n\t\t\t\t\titems: 1,\n\t\t\t\t\tmargin: 5\n\t\t\t\t},\n\t\t\t\t480: {\n\t\t\t\t\titems: 2,\n\t\t\t\t\tmargin: 10\n\t\t\t\t},\n\t\t\t\t768: {\n\t\t\t\t\titems: 3,\n\t\t\t\t\tmargin: 10\n\t\t\t\t},\n\t\t\t\t1000: {\n\t\t\t\t\titems: 4,\n\t\t\t\t\tloop: false,\n\t\t\t\t\tmargin: 20\n\t\t\t\t}\n\t\t\t}\n\t\t} )\n\t} );\n<\/script>\n<\/div>\n\t\t<\/div><\/div><\/div><\/div><\/div>","protected":false},"excerpt":{"rendered":"<p>Der Grenz\u00fcberschreitende Geopark der Karnischen Alpen Die Karnischen Alpen sind die Heimat eines Kulturerbes von herausragender Bedeutung: das treue und vollst\u00e4ndige Zeugnis der geologischen Geschichte dieses Gebietes \u00fcber einen Zeitraum von 450 Millionen Jahren. Der Grenz\u00fcberschreitende Geopark der Karnischen Alpen mit seinen Routen, Bildungsinitiativen, popul\u00e4rwissenschaftlichen Darstellungen, Besichtigungszentren und Museen l\u00e4dt &hellip;<\/p>\n","protected":false},"author":2,"featured_media":0,"parent":0,"menu_order":9,"comment_status":"closed","ping_status":"closed","template":"template-front-page-slider.php","meta":{"_acf_changed":false,"inline_featured_image":false,"ngg_post_thumbnail":0,"footnotes":""},"class_list":{"0":"post-4906","1":"page","2":"type-page","3":"status-publish","5":"clearfix","6":"article"},"acf":[],"yoast_head":"<!-- This site is optimized with the Yoast SEO plugin v27.5 - https:\/\/yoast.com\/product\/yoast-seo-wordpress\/ -->\n<title>Home - Geoparco Alpi Carniche<\/title>\n<meta name=\"robots\" content=\"index, follow, max-snippet:-1, max-image-preview:large, max-video-preview:-1\" \/>\n<link rel=\"canonical\" href=\"https:\/\/www.geoparcoalpicarniche.org\/de\/\" \/>\n<meta property=\"og:locale\" content=\"de_DE\" \/>\n<meta property=\"og:type\" content=\"article\" \/>\n<meta property=\"og:title\" content=\"Home - Geoparco Alpi Carniche\" \/>\n<meta property=\"og:description\" content=\"Der Grenz\u00fcberschreitende Geopark der Karnischen Alpen Die Karnischen Alpen sind die Heimat eines Kulturerbes von herausragender Bedeutung: das treue und vollst\u00e4ndige Zeugnis der geologischen Geschichte dieses Gebietes \u00fcber einen Zeitraum von 450 Millionen Jahren. Der Grenz\u00fcberschreitende Geopark der Karnischen Alpen mit seinen Routen, Bildungsinitiativen, popul\u00e4rwissenschaftlichen Darstellungen, Besichtigungszentren und Museen l\u00e4dt &hellip;\" \/>\n<meta property=\"og:url\" content=\"https:\/\/www.geoparcoalpicarniche.org\/de\/\" \/>\n<meta property=\"og:site_name\" content=\"Geoparco Alpi Carniche\" \/>\n<meta property=\"article:modified_time\" content=\"2020-12-23T09:50:35+00:00\" \/>\n<meta property=\"og:image\" content=\"https:\/\/www.geoparcoalpicarniche.org\/wp-content\/uploads\/2018\/01\/Musei_Preone-3-300x200.jpg\" \/>\n<meta name=\"twitter:card\" content=\"summary_large_image\" \/>\n<meta name=\"twitter:label1\" content=\"Gesch\u00e4tzte Lesezeit\" \/>\n\t<meta name=\"twitter:data1\" content=\"1 minute\" \/>\n<script type=\"application\/ld+json\" class=\"yoast-schema-graph\">{\"@context\":\"https:\\\/\\\/schema.org\",\"@graph\":[{\"@type\":\"WebPage\",\"@id\":\"https:\\\/\\\/www.geoparcoalpicarniche.org\\\/de\\\/\",\"url\":\"https:\\\/\\\/www.geoparcoalpicarniche.org\\\/de\\\/\",\"name\":\"Home - Geoparco Alpi Carniche\",\"isPartOf\":{\"@id\":\"https:\\\/\\\/www.geoparcoalpicarniche.org\\\/de\\\/#website\"},\"primaryImageOfPage\":{\"@id\":\"https:\\\/\\\/www.geoparcoalpicarniche.org\\\/de\\\/#primaryimage\"},\"image\":{\"@id\":\"https:\\\/\\\/www.geoparcoalpicarniche.org\\\/de\\\/#primaryimage\"},\"thumbnailUrl\":\"https:\\\/\\\/www.geoparcoalpicarniche.org\\\/wp-content\\\/uploads\\\/2018\\\/04\\\/uti-carnia-1-noborder.jpg\",\"datePublished\":\"2016-10-03T10:06:18+00:00\",\"dateModified\":\"2020-12-23T09:50:35+00:00\",\"breadcrumb\":{\"@id\":\"https:\\\/\\\/www.geoparcoalpicarniche.org\\\/de\\\/#breadcrumb\"},\"inLanguage\":\"de-DE\",\"potentialAction\":[{\"@type\":\"ReadAction\",\"target\":[\"https:\\\/\\\/www.geoparcoalpicarniche.org\\\/de\\\/\"]}]},{\"@type\":\"ImageObject\",\"inLanguage\":\"de-DE\",\"@id\":\"https:\\\/\\\/www.geoparcoalpicarniche.org\\\/de\\\/#primaryimage\",\"url\":\"https:\\\/\\\/www.geoparcoalpicarniche.org\\\/wp-content\\\/uploads\\\/2018\\\/04\\\/uti-carnia-1-noborder.jpg\",\"contentUrl\":\"https:\\\/\\\/www.geoparcoalpicarniche.org\\\/wp-content\\\/uploads\\\/2018\\\/04\\\/uti-carnia-1-noborder.jpg\"},{\"@type\":\"BreadcrumbList\",\"@id\":\"https:\\\/\\\/www.geoparcoalpicarniche.org\\\/de\\\/#breadcrumb\",\"itemListElement\":[{\"@type\":\"ListItem\",\"position\":1,\"name\":\"Home\",\"item\":\"https:\\\/\\\/www.geoparcoalpicarniche.org\\\/de\\\/\"},{\"@type\":\"ListItem\",\"position\":2,\"name\":\"Home\"}]},{\"@type\":\"WebSite\",\"@id\":\"https:\\\/\\\/www.geoparcoalpicarniche.org\\\/de\\\/#website\",\"url\":\"https:\\\/\\\/www.geoparcoalpicarniche.org\\\/de\\\/\",\"name\":\"Geoparco Alpi Carniche\",\"description\":\"Custode del patrimonio geologico transfrontaliero\",\"potentialAction\":[{\"@type\":\"SearchAction\",\"target\":{\"@type\":\"EntryPoint\",\"urlTemplate\":\"https:\\\/\\\/www.geoparcoalpicarniche.org\\\/de\\\/?s={search_term_string}\"},\"query-input\":{\"@type\":\"PropertyValueSpecification\",\"valueRequired\":true,\"valueName\":\"search_term_string\"}}],\"inLanguage\":\"de-DE\"}]}<\/script>\n<!-- \/ Yoast SEO plugin. -->","yoast_head_json":{"title":"Home - Geoparco Alpi Carniche","robots":{"index":"index","follow":"follow","max-snippet":"max-snippet:-1","max-image-preview":"max-image-preview:large","max-video-preview":"max-video-preview:-1"},"canonical":"https:\/\/www.geoparcoalpicarniche.org\/de\/","og_locale":"de_DE","og_type":"article","og_title":"Home - Geoparco Alpi Carniche","og_description":"Der Grenz\u00fcberschreitende Geopark der Karnischen Alpen Die Karnischen Alpen sind die Heimat eines Kulturerbes von herausragender Bedeutung: das treue und vollst\u00e4ndige Zeugnis der geologischen Geschichte dieses Gebietes \u00fcber einen Zeitraum von 450 Millionen Jahren. Der Grenz\u00fcberschreitende Geopark der Karnischen Alpen mit seinen Routen, Bildungsinitiativen, popul\u00e4rwissenschaftlichen Darstellungen, Besichtigungszentren und Museen l\u00e4dt &hellip;","og_url":"https:\/\/www.geoparcoalpicarniche.org\/de\/","og_site_name":"Geoparco Alpi Carniche","article_modified_time":"2020-12-23T09:50:35+00:00","og_image":[{"url":"https:\/\/www.geoparcoalpicarniche.org\/wp-content\/uploads\/2018\/01\/Musei_Preone-3-300x200.jpg","type":"","width":"","height":""}],"twitter_card":"summary_large_image","twitter_misc":{"Gesch\u00e4tzte Lesezeit":"1 minute"},"schema":{"@context":"https:\/\/schema.org","@graph":[{"@type":"WebPage","@id":"https:\/\/www.geoparcoalpicarniche.org\/de\/","url":"https:\/\/www.geoparcoalpicarniche.org\/de\/","name":"Home - Geoparco Alpi Carniche","isPartOf":{"@id":"https:\/\/www.geoparcoalpicarniche.org\/de\/#website"},"primaryImageOfPage":{"@id":"https:\/\/www.geoparcoalpicarniche.org\/de\/#primaryimage"},"image":{"@id":"https:\/\/www.geoparcoalpicarniche.org\/de\/#primaryimage"},"thumbnailUrl":"https:\/\/www.geoparcoalpicarniche.org\/wp-content\/uploads\/2018\/04\/uti-carnia-1-noborder.jpg","datePublished":"2016-10-03T10:06:18+00:00","dateModified":"2020-12-23T09:50:35+00:00","breadcrumb":{"@id":"https:\/\/www.geoparcoalpicarniche.org\/de\/#breadcrumb"},"inLanguage":"de-DE","potentialAction":[{"@type":"ReadAction","target":["https:\/\/www.geoparcoalpicarniche.org\/de\/"]}]},{"@type":"ImageObject","inLanguage":"de-DE","@id":"https:\/\/www.geoparcoalpicarniche.org\/de\/#primaryimage","url":"https:\/\/www.geoparcoalpicarniche.org\/wp-content\/uploads\/2018\/04\/uti-carnia-1-noborder.jpg","contentUrl":"https:\/\/www.geoparcoalpicarniche.org\/wp-content\/uploads\/2018\/04\/uti-carnia-1-noborder.jpg"},{"@type":"BreadcrumbList","@id":"https:\/\/www.geoparcoalpicarniche.org\/de\/#breadcrumb","itemListElement":[{"@type":"ListItem","position":1,"name":"Home","item":"https:\/\/www.geoparcoalpicarniche.org\/de\/"},{"@type":"ListItem","position":2,"name":"Home"}]},{"@type":"WebSite","@id":"https:\/\/www.geoparcoalpicarniche.org\/de\/#website","url":"https:\/\/www.geoparcoalpicarniche.org\/de\/","name":"Geoparco Alpi Carniche","description":"Custode del patrimonio geologico transfrontaliero","potentialAction":[{"@type":"SearchAction","target":{"@type":"EntryPoint","urlTemplate":"https:\/\/www.geoparcoalpicarniche.org\/de\/?s={search_term_string}"},"query-input":{"@type":"PropertyValueSpecification","valueRequired":true,"valueName":"search_term_string"}}],"inLanguage":"de-DE"}]}},"_links":{"self":[{"href":"https:\/\/www.geoparcoalpicarniche.org\/de\/wp-json\/wp\/v2\/pages\/4906","targetHints":{"allow":["GET"]}}],"collection":[{"href":"https:\/\/www.geoparcoalpicarniche.org\/de\/wp-json\/wp\/v2\/pages"}],"about":[{"href":"https:\/\/www.geoparcoalpicarniche.org\/de\/wp-json\/wp\/v2\/types\/page"}],"author":[{"embeddable":true,"href":"https:\/\/www.geoparcoalpicarniche.org\/de\/wp-json\/wp\/v2\/users\/2"}],"replies":[{"embeddable":true,"href":"https:\/\/www.geoparcoalpicarniche.org\/de\/wp-json\/wp\/v2\/comments?post=4906"}],"version-history":[{"count":5,"href":"https:\/\/www.geoparcoalpicarniche.org\/de\/wp-json\/wp\/v2\/pages\/4906\/revisions"}],"predecessor-version":[{"id":12732,"href":"https:\/\/www.geoparcoalpicarniche.org\/de\/wp-json\/wp\/v2\/pages\/4906\/revisions\/12732"}],"wp:attachment":[{"href":"https:\/\/www.geoparcoalpicarniche.org\/de\/wp-json\/wp\/v2\/media?parent=4906"}],"curies":[{"name":"wp","href":"https:\/\/api.w.org\/{rel}","templated":true}]}}