{"id":11169,"date":"2020-04-10T15:33:27","date_gmt":"2020-04-10T13:33:27","guid":{"rendered":"https:\/\/www.geoparcoalpicarniche.org\/?page_id=11169"},"modified":"2024-01-11T12:07:42","modified_gmt":"2024-01-11T11:07:42","slug":"privacy-policy-2","status":"publish","type":"page","link":"https:\/\/www.geoparcoalpicarniche.org\/de\/privacy-policy-2\/","title":{"rendered":"Privacy Policy"},"content":{"rendered":"<div id=\"pl-9043\" class=\"panel-layout\">\n<div id=\"pg-9043-0\" class=\"panel-grid panel-no-style\" data-style=\"{&quot;background_image_attachment&quot;:false,&quot;background_display&quot;:&quot;tile&quot;,&quot;cell_alignment&quot;:&quot;flex-start&quot;}\" data-ratio=\"0.33333333\" data-ratio-direction=\"left\">\n<div id=\"pgc-9043-0-0\" class=\"panel-grid-cell\" data-weight=\"1\">\n<div id=\"panel-9043-0-0-0\" class=\"so-panel widget widget_sow-editor panel-first-child\" data-index=\"0\" data-style=\"{&quot;background_image_attachment&quot;:false,&quot;background_display&quot;:&quot;tile&quot;,&quot;featured_widgets&quot;:&quot;&quot;}\">\n<div class=\"so-widget-sow-editor so-widget-sow-editor-base\">\n<div class=\"siteorigin-widget-tinymce textwidget\">\n<p align=\"JUSTIFY\"><span style=\"font-size: x-large;\"><span lang=\"de-DE\"><b>Datenschutz und rechtliche Hinweise <\/b><\/span><\/span><\/p>\n<p align=\"JUSTIFY\"><span style=\"color: #333333;\"><span style=\"font-size: large;\"><span lang=\"de-DE\"><b>Vorbemerkung<\/b><\/span><\/span><\/span><\/p>\n<p align=\"JUSTIFY\"><span style=\"color: #333333;\"><span style=\"font-size: large;\"><span lang=\"de-DE\">Dieses Informationsschreiben beschreibt die Methoden zur Verarbeitung der personenbezogenen Daten der Benutzer, die w\u00e4hrend des Surfens im Internet erfasst werden.<\/span><\/span><\/span><\/p>\n<p align=\"JUSTIFY\"><span style=\"color: #333333;\"><span style=\"font-size: large;\"><span lang=\"de-DE\">Gem\u00e4\u00df und mit Wirkung des Artikels 13 der Verordnung (EU) 2016\/679 General data protection regulation (Gdpr), informieren wir, dass die Berggemeinde Karnien (im Folgenden auch K\u00f6rperschaft oder Inhaber) die von Ihnen bereitgestellten und freiwillig mitgeteilten Daten f\u00fcr die Aus\u00fcbung der institutionellen Aufgaben verarbeitet.<\/span><\/span><\/span><\/p>\n<p align=\"JUSTIFY\"><span style=\"color: #333333;\"><span style=\"font-size: large;\"><span lang=\"de-DE\">Die K\u00f6rperschaft gew\u00e4hrleistet, dass die Verarbeitung Ihrer personenbezogenen Daten unter Einhaltung der grundlegenden Rechte und Freiheiten sowie Ihrer W\u00fcrde erfolgt und zwar mit besonderer Ber\u00fccksichtigung der Vertraulichkeit, der pers\u00f6nlichen Identit\u00e4t und des Rechts auf Schutz der personenbezogenen Daten.<\/span><\/span><\/span><\/p>\n<p align=\"JUSTIFY\"><span style=\"color: #333333;\"><span style=\"font-size: large;\"><span lang=\"de-DE\">Dieses Informationsschreiben betrifft keine anderen Webseiten, Seiten oder Dienste, die \u00fcber Hypertext-Links, die m\u00f6glicherweise auf der Webseite ver\u00f6ffentlicht werden, aber auf externe Ressourcen verweisen, erreichbar sind.<\/span><\/span><\/span><\/p>\n<p align=\"JUSTIFY\"><span style=\"color: #333333;\"><span style=\"font-size: large;\"><span lang=\"de-DE\"><b>Inhaber der Datenverarbeitung<\/b><\/span><\/span><\/span><\/p>\n<p align=\"JUSTIFY\"><span style=\"color: #333333;\"><span style=\"font-size: large;\"><span lang=\"de-DE\">Der Inhaber der Datenverarbeitung ist die <\/span><\/span><\/span><span style=\"color: #333333;\"><span style=\"font-size: large;\"><span lang=\"de-DE\"><b>Berggemeinschaft Karnien<\/b><\/span><\/span><\/span><span style=\"color: #333333;\"><span style=\"font-size: large;\"><span lang=\"de-DE\">, in Person des Pr\u00e4sidenten pro tempore.<\/span><\/span><\/span><\/p>\n<p align=\"JUSTIFY\"><span style=\"color: #333333;\"><span style=\"font-size: large;\"><span lang=\"de-DE\"><u>Kontakte<\/u><\/span><\/span><\/span><\/p>\n<p align=\"JUSTIFY\"><span style=\"color: #333333;\"><span style=\"font-size: large;\"><span lang=\"de-DE\">Sitz: Via Carnia Libera 1944, Nr. 29 &#8211; 33028 Tolmezzo (Ud)<\/span><\/span><\/span><\/p>\n<p align=\"JUSTIFY\"><span style=\"color: #333333;\"><span style=\"font-size: large;\"><span lang=\"de-DE\">Zertifizierte E-Mail-Adresse: <\/span><\/span><\/span><a href=\"mailto:comunita.carnia@certgov.fvg.it\"><span style=\"font-size: large;\"><span lang=\"de-DE\">comunita.carnia@certgov.fvg.it<\/span><\/span><\/a><\/p>\n<p align=\"JUSTIFY\"><span style=\"color: #333333;\"><span style=\"font-size: large;\"><span lang=\"de-DE\"><b>Kontaktdaten des Datenschutzbeauftragten <\/b><\/span><\/span><\/span><\/p>\n<p align=\"JUSTIFY\"><span style=\"color: #333333;\"><span style=\"font-size: large;\"><span lang=\"de-DE\">Datenschutzbeauftragter (DSB) oder Data protection officer (Dpo) gem\u00e4\u00df Art. 38 der Verordnung (EU) 2016\/679:<\/span><\/span><\/span><\/p>\n<p align=\"JUSTIFY\"><span style=\"font-size: large;\"><span lang=\"de-DE\">Bezeichnung: <b>Boxxapps srl<\/b><\/span><\/span><\/p>\n<p align=\"JUSTIFY\"><span style=\"font-size: large;\"><span lang=\"de-DE\">Steuernr.\/Ust-IdNr.: 04155080270<\/span><\/span><\/p>\n<p align=\"JUSTIFY\"><span style=\"font-size: large;\"><span lang=\"de-DE\">Adresse: Via della Stazione 2 &#8211; 30200 Marcon<\/span><\/span><\/p>\n<p align=\"JUSTIFY\"><span style=\"font-size: large;\"><span lang=\"de-DE\">Telefon: 800893984<\/span><\/span><\/p>\n<p align=\"JUSTIFY\"><span style=\"font-size: large;\"><span lang=\"de-DE\">E-Mail: <a href=\"mailto:dpo@boxxapps.com\"><span style=\"color: #003274;\">dpo@boxxapps.com<\/span><\/a><\/span><\/span><\/p>\n<p align=\"JUSTIFY\"><span style=\"color: #333333;\"><span style=\"font-size: large;\"><span lang=\"de-DE\">Zertifizierte E-Mail-Adresse: boxxapps@legalmail.it<\/span><\/span><\/span><\/p>\n<p align=\"JUSTIFY\">&nbsp;<\/p>\n<p align=\"JUSTIFY\"><span style=\"color: #333333;\"><span style=\"font-size: large;\"><span lang=\"de-DE\"><b>1. \u201cINHABER\u201d DER VERARBEITUNG <\/b><\/span><\/span><\/span><\/p>\n<p align=\"JUSTIFY\"><span style=\"color: #333333;\"><span style=\"font-size: large;\"><span lang=\"de-DE\">Der Inhaber der Datenverarbeitung ist die K\u00f6rperschaft in Person des lokalen Vertreters pro tempore.<\/span><\/span><\/span><\/p>\n<p align=\"JUSTIFY\"><span style=\"color: #333333;\"><span style=\"font-size: large;\"><span lang=\"de-DE\"><b>2. &#8211; Datenschutzbeauftragter \u201cDSB\u201d oder \u201cDPO\u201d (Data Protection Officer)<\/b><\/span><\/span><\/span><\/p>\n<p align=\"JUSTIFY\"><span style=\"color: #333333;\"><span style=\"font-size: large;\"><span lang=\"de-DE\">Der beauftragte DSB\/DPO wird mit allen Referenzen im entsprechenden Bereich des Portals der K\u00f6rperschaft angegeben.<\/span><\/span><\/span><\/p>\n<p align=\"JUSTIFY\"><span style=\"color: #333333;\"><span style=\"font-size: large;\"><span lang=\"de-DE\"><b>3. KATEGORIEN UND HERKUNFT DER VERARBEITETEN DATEN <\/b><\/span><\/span><\/span><\/p>\n<p align=\"JUSTIFY\"><span style=\"color: #333333;\"><span style=\"font-size: large;\"><span lang=\"de-DE\">Alle \u00fcber diese Software bereitgestellten personenbezogenen Daten werden auf rechtm\u00e4\u00dfige, korrekte und transparente Weise verarbeitet, um die angeforderten Dienste bereitzustellen sowie auf die Mitteilungen und Anfragen der Benutzer zu antworten. <\/span><\/span><\/span><\/p>\n<p align=\"JUSTIFY\"><span style=\"color: #333333;\"><span style=\"font-size: large;\"><span lang=\"de-DE\">Navigationsdaten<\/span><\/span><\/span><\/p>\n<p align=\"JUSTIFY\"><span style=\"color: #333333;\"><span style=\"font-size: large;\"><span lang=\"de-DE\">Die Computersysteme und die Softwareverfahren, die f\u00fcr den Betrieb dieser Webseite verwendet werden, erfassen im Laufe ihres normalen Betriebs einige personenbezogenen Daten, deren \u00dcbermittlung bei der Verwendung von Internet-Kommunikationsprotokollen implizit ist. &nbsp; &nbsp;&nbsp;<br \/>\nZu den erfassten Daten z\u00e4hlen Informationen in Bezug auf die Zugriffe, wie die IP-Adressen und Dom\u00e4nennamen der von den Benutzern, die eine Verbindung zur Webseite herstellen, verwendeten Computer sowie weitere Parameter in Bezug auf die von den Benutzern verwendete IT-Umgebung. Die Daten werden f\u00fcr den Zeitraum, der unbedingt erforderlich ist, um die Zwecke gem\u00e4\u00df diesem Informationsschreiben zu erf\u00fcllen, verarbeitet.<\/span><\/span><\/span><\/p>\n<p align=\"JUSTIFY\"><span style=\"color: #333333;\"><span style=\"font-size: large;\"><span lang=\"de-DE\">Vom Benutzer freiwillig bereitgestellte Daten<\/span><\/span><\/span><\/p>\n<p align=\"JUSTIFY\"><span style=\"color: #333333;\"><span style=\"font-size: large;\"><span lang=\"de-DE\">Der fakultative, ausdr\u00fcckliche und freiwillige Versand von E-Mails an die auf dieser Webseite angegebene Adresse oder die Verwendung von gesch\u00fctzten Bereichen und das Ausf\u00fcllen von Web-Formularen beinhaltet die anschlie\u00dfende Erfassung und Verarbeitung der Daten, die erforderlich sind, um den verlangten Dienst bereitzustellen und\/oder auf Anfragen zu antworten, sowie m\u00f6glicher weiterer eingegebener personenbezogener Daten.<\/span><\/span><\/span><\/p>\n<p align=\"JUSTIFY\"><span style=\"color: #333333;\"><span style=\"font-size: large;\"><span lang=\"de-DE\">Spezifische Informationsschreiben werden auf den f\u00fcr besondere Dienste auf Anfrage bereitgestellten Seiten wiedergegeben oder angezeigt. <\/span><\/span><\/span><\/p>\n<p align=\"JUSTIFY\"><span style=\"color: #333333;\"><span style=\"font-size: large;\"><span lang=\"de-DE\">Wenn der Zugriff auf bestimmte Dienste der Registrierung nach vorheriger Mitteilung der personenbezogenen Daten unterliegt, gelten die nachstehenden allgemeinen Bestimmungen: die personenbezogenen Daten, die in Datenbanken erfasst und gespeichert werden, werden von vom Inhaber der Verarbeitung beauftragten Mitarbeitern verarbeitet und sie werden nicht an Dritte weitergegeben oder mitgeteilt, au\u00dfer in den gesetzlich vorgesehenen F\u00e4llen und in der gesetzlich zugelassenen Weise;<\/span><\/span><\/span><\/p>\n<p align=\"JUSTIFY\"><span style=\"color: #333333;\"><span style=\"font-size: large;\"><span lang=\"de-DE\">die betroffene Person ist berechtigt, die in diesem Informationsschreiben genannten Rechte auszu\u00fcben.<\/span><\/span><\/span><\/p>\n<p align=\"JUSTIFY\"><span style=\"color: #333333;\"><span style=\"font-size: large;\"><span lang=\"de-DE\"><b>4. ZWECKE, RECHTSGRUNDLAGE UND METHODEN DER VERARBEITUNG<\/b><\/span><\/span><\/span><\/p>\n<p align=\"JUSTIFY\"><span style=\"color: #333333;\"><span style=\"font-size: large;\"><span lang=\"de-DE\">Die personenbezogenen Daten werden ausschlie\u00dflich f\u00fcr die Zwecke verarbeitet, die in die institutionellen Aufgaben der Verwaltung fallen oder aufgrund gesetzlicher oder verordnungsrechtlicher Verpflichtungen.<\/span><\/span><\/span><\/p>\n<p align=\"JUSTIFY\"><span style=\"color: #333333;\"><span style=\"font-size: large;\"><span lang=\"de-DE\">Im Rahmen dieser Zwecke kann die Verarbeitung die Daten betreffen, die f\u00fcr die Verwaltung der Beziehungen mit der K\u00f6rperschaft erforderlich sind, einschlie\u00dflich Daten, die zum Zeitpunkt der Registrierung oder Nutzung von Online-Diensten bereitgestellt werden.<\/span><\/span><\/span><\/p>\n<p align=\"JUSTIFY\"><span style=\"color: #333333;\"><span style=\"font-size: large;\"><span lang=\"de-DE\">Die personenbezogenen Daten werden mit automatisierten Werkzeugen f\u00fcr den Zeitraum, der unbedingt erforderlich ist, um die Zwecke, f\u00fcr welche sie erfasst wurden, zu erreichen, verarbeitet.<\/span><\/span><\/span><\/p>\n<p align=\"JUSTIFY\"><span style=\"color: #333333;\"><span style=\"font-size: large;\"><span lang=\"de-DE\">Die erfassten personenbezogenen Daten werden auf Grundlage der vom Benutzer erteilten Zustimmung und\/oder aufgrund einer gesetzlichen Bestimmung aus relevanten Gr\u00fcnden \u00f6ffentlichen Interesses auf Grundlage des nationalen oder Gemeinschaftsrechts verarbeitet. <\/span><\/span><\/span><\/p>\n<p align=\"JUSTIFY\"><span style=\"color: #333333;\"><span style=\"font-size: large;\"><span lang=\"de-DE\"><b>5. Empf\u00e4nger<\/b><\/span><\/span><\/span><\/p>\n<p align=\"JUSTIFY\"><span style=\"color: #333333;\"><span style=\"font-size: large;\"><span lang=\"de-DE\">Die Daten werden f\u00fcr die ausschlie\u00dfliche Nutzung der K\u00f6rperschaft durch interne Subjekte verarbeitet und k\u00f6nnen externen Subjekten, die als Zust\u00e4ndige f\u00fcr die Verwaltung oder die Wartung von elektronischen Werkzeugen t\u00e4tig sind oder weiteren externen Subjekten zur Kenntnis gebracht werden, wenn die Kommunikation gesetzlich oder Verordnung vorgeschrieben oder f\u00fcr die Aus\u00fcbung institutioneller Aufgaben und Zwecke erforderlich ist.<\/span><\/span><\/span><\/p>\n<p align=\"JUSTIFY\"><span style=\"color: #333333;\"><span style=\"font-size: large;\"><span lang=\"de-DE\"><b>6. AUFBEWAHRUNGSZEITRAUM<\/b><\/span><\/span><\/span><\/p>\n<p align=\"JUSTIFY\"><span style=\"color: #333333;\"><span style=\"font-size: large;\"><span lang=\"de-DE\">Die personenbezogenen Daten, die gem\u00e4\u00df diesem Informationsschreiben erfasst und verarbeitet werden, werden vom Inhaber f\u00fcr den Zeitraum, der f\u00fcr die Erbringung des Dienstes erforderlich ist und in jedem Fall f\u00fcr die Zeit, die f\u00fcr die Ausf\u00fchrung der institutionellen Aufgaben der Verwaltung oder f\u00fcr die gesetzlich oder verordnungsrechtlichen Verpflichtungen erforderlich ist, aufbewahrt.<\/span><\/span><\/span><\/p>\n<p align=\"JUSTIFY\"><span style=\"color: #333333;\"><span style=\"font-size: large;\"><span lang=\"de-DE\"><b>7. RECHTE DER BETROFFENEN PERSON<\/b><\/span><\/span><\/span><\/p>\n<p align=\"JUSTIFY\"><span style=\"color: #333333;\"><span style=\"font-size: large;\"><span lang=\"de-DE\">Die betroffene Person kann jederzeit die folgenden Rechte aus\u00fcben:<\/span><\/span><\/span><\/p>\n<ul>\n<li>\n<p align=\"JUSTIFY\"><span style=\"color: #333333;\"><span style=\"font-size: large;\"><span lang=\"de-DE\">auf die personenbezogenen Daten zugreifen;<\/span><\/span><\/span><\/p>\n<\/li>\n<li>\n<p align=\"JUSTIFY\"><span style=\"color: #333333;\"><span style=\"font-size: large;\"><span lang=\"de-DE\">die Aktualisierung, Berichtigung, Erg\u00e4nzung von unvollst\u00e4ndigen Daten erhalten;<\/span><\/span><\/span><\/p>\n<\/li>\n<li>\n<p align=\"JUSTIFY\"><span style=\"color: #333333;\"><span style=\"font-size: large;\"><span lang=\"de-DE\">die L\u00f6schung von Daten, die Umwandlung in anonymisierte Form oder die Sperrung von Daten, die unter Versto\u00df gegen das Gesetz verarbeitet wurden, erhalten;<\/span><\/span><\/span><\/p>\n<\/li>\n<li>\n<p align=\"JUSTIFY\"><span style=\"color: #333333;\"><span style=\"font-size: large;\"><span lang=\"de-DE\">die Best\u00e4tigung, dass eventuelle \u00c4nderungen oder L\u00f6schungen auch in Bezug auf ihren Inhalt jenen zur Kenntnis gebracht wurden, denen die Daten mitgeteilt wurden, au\u00dfer wenn dies gesetzlich vorgeschrieben ist, erhalten;<\/span><\/span><\/span><\/p>\n<\/li>\n<li>\n<p align=\"JUSTIFY\"><span style=\"color: #333333;\"><span style=\"font-size: large;\"><span lang=\"de-DE\">die Einschr\u00e4nkung der Verarbeitung erhalten;<\/span><\/span><\/span><\/p>\n<\/li>\n<li>\n<p align=\"JUSTIFY\"><span style=\"color: #333333;\"><span style=\"font-size: large;\"><span lang=\"de-DE\">Der Verarbeitung widersprechen;<\/span><\/span><\/span><\/p>\n<\/li>\n<li>\n<p align=\"JUSTIFY\"><span style=\"color: #333333;\"><span style=\"font-size: large;\"><span lang=\"de-DE\">Daten\u00fcbertragung;<\/span><\/span><\/span><\/p>\n<\/li>\n<li>\n<p align=\"JUSTIFY\"><span style=\"color: #333333;\"><span style=\"font-size: large;\"><span lang=\"de-DE\">Falls vorgesehen die Zustimmung widerrufen: der Widerruf der Zustimmung beeinflusst nicht die Rechtm\u00e4\u00dfigkeit der Verarbeitung, die auf der Zustimmung, die vor dem Widerruf erteilt wurde, basiert;<\/span><\/span><\/span><\/p>\n<\/li>\n<li>\n<p align=\"JUSTIFY\"><span style=\"color: #333333;\"><span style=\"font-size: large;\"><span lang=\"de-DE\">Beschwerde bei der Aufsichtsbeh\u00f6rde (Garant f\u00fcr den Schutz personenbezogener Daten) einreichen.<\/span><\/span><\/span><\/p>\n<\/li>\n<\/ul>\n<p align=\"JUSTIFY\"><span style=\"color: #333333;\"><span style=\"font-size: large;\"><span lang=\"de-DE\"><b>8. BEREITSTELLUNG VON DATEN<\/b><\/span><\/span><\/span><\/p>\n<p align=\"JUSTIFY\"><span style=\"color: #333333;\"><span style=\"font-size: large;\"><span lang=\"de-DE\">Der Benutzer ist frei, die in den Anfrageformularen der verschiedenen im Portal angebotenen Dienste angegebenen personenbezogenen Daten bereitzustellen. <\/span><\/span><\/span><\/p>\n<p align=\"JUSTIFY\"><span style=\"color: #333333;\"><span style=\"font-size: large;\"><span lang=\"de-DE\">Die Nichtbereitstellung von Daten, die m\u00f6glicherweise zwingend verlangt werden, f\u00fchrt zur Unm\u00f6glichkeit, den Dienst zu erhalten. Weitere personenbezogene Daten k\u00f6nnen auf freiwilliger Grundlage vom Benutzer mittels Anfragen, die auf Grundlage der von der Software verwendeten Formulare an die Gemeinschaft gesendet werden, bereitgestellt werden. Beispielsweise und ohne Anrecht auf Vollst\u00e4ndigkeit ist es \u00fcber die Software m\u00f6glich, auch Ihre E-Mail-Adresse oder Ihre Telefonnummern bereitzustellen. <\/span><\/span><\/span><\/p>\n<\/div>\n<\/div>\n<\/div>\n<\/div>\n<\/div>\n<\/div>\n","protected":false},"excerpt":{"rendered":"<p>Datenschutz und rechtliche Hinweise Vorbemerkung Dieses Informationsschreiben beschreibt die Methoden zur Verarbeitung der personenbezogenen Daten der Benutzer, die w\u00e4hrend des Surfens im Internet erfasst werden. Gem\u00e4\u00df und mit Wirkung des Artikels 13 der Verordnung (EU) 2016\/679 General data protection regulation (Gdpr), informieren wir, dass die Berggemeinde Karnien (im Folgenden auch &hellip;<\/p>\n","protected":false},"author":2,"featured_media":0,"parent":0,"menu_order":4,"comment_status":"closed","ping_status":"closed","template":"","meta":{"_acf_changed":false,"inline_featured_image":false,"ngg_post_thumbnail":0,"footnotes":""},"class_list":{"0":"post-11169","1":"page","2":"type-page","3":"status-publish","5":"clearfix","6":"article"},"acf":[],"yoast_head":"<!-- This site is optimized with the Yoast SEO plugin v27.4 - https:\/\/yoast.com\/product\/yoast-seo-wordpress\/ -->\n<title>Privacy Policy - Geoparco Alpi Carniche<\/title>\n<meta name=\"robots\" content=\"index, follow, max-snippet:-1, max-image-preview:large, max-video-preview:-1\" \/>\n<link rel=\"canonical\" href=\"https:\/\/www.geoparcoalpicarniche.org\/de\/privacy-policy-2\/\" \/>\n<meta property=\"og:locale\" content=\"de_DE\" \/>\n<meta property=\"og:type\" content=\"article\" \/>\n<meta property=\"og:title\" content=\"Privacy Policy - Geoparco Alpi Carniche\" \/>\n<meta property=\"og:description\" content=\"Datenschutz und rechtliche Hinweise Vorbemerkung Dieses Informationsschreiben beschreibt die Methoden zur Verarbeitung der personenbezogenen Daten der Benutzer, die w\u00e4hrend des Surfens im Internet erfasst werden. Gem\u00e4\u00df und mit Wirkung des Artikels 13 der Verordnung (EU) 2016\/679 General data protection regulation (Gdpr), informieren wir, dass die Berggemeinde Karnien (im Folgenden auch &hellip;\" \/>\n<meta property=\"og:url\" content=\"https:\/\/www.geoparcoalpicarniche.org\/de\/privacy-policy-2\/\" \/>\n<meta property=\"og:site_name\" content=\"Geoparco Alpi Carniche\" \/>\n<meta property=\"article:modified_time\" content=\"2024-01-11T11:07:42+00:00\" \/>\n<meta name=\"twitter:card\" content=\"summary_large_image\" \/>\n<meta name=\"twitter:label1\" content=\"Gesch\u00e4tzte Lesezeit\" \/>\n\t<meta name=\"twitter:data1\" content=\"6 minutes\" \/>\n<script type=\"application\/ld+json\" class=\"yoast-schema-graph\">{\"@context\":\"https:\\\/\\\/schema.org\",\"@graph\":[{\"@type\":\"WebPage\",\"@id\":\"https:\\\/\\\/www.geoparcoalpicarniche.org\\\/de\\\/privacy-policy-2\\\/\",\"url\":\"https:\\\/\\\/www.geoparcoalpicarniche.org\\\/de\\\/privacy-policy-2\\\/\",\"name\":\"Privacy Policy - Geoparco Alpi Carniche\",\"isPartOf\":{\"@id\":\"https:\\\/\\\/www.geoparcoalpicarniche.org\\\/de\\\/#website\"},\"datePublished\":\"2020-04-10T13:33:27+00:00\",\"dateModified\":\"2024-01-11T11:07:42+00:00\",\"breadcrumb\":{\"@id\":\"https:\\\/\\\/www.geoparcoalpicarniche.org\\\/de\\\/privacy-policy-2\\\/#breadcrumb\"},\"inLanguage\":\"de-DE\",\"potentialAction\":[{\"@type\":\"ReadAction\",\"target\":[\"https:\\\/\\\/www.geoparcoalpicarniche.org\\\/de\\\/privacy-policy-2\\\/\"]}]},{\"@type\":\"BreadcrumbList\",\"@id\":\"https:\\\/\\\/www.geoparcoalpicarniche.org\\\/de\\\/privacy-policy-2\\\/#breadcrumb\",\"itemListElement\":[{\"@type\":\"ListItem\",\"position\":1,\"name\":\"Home\",\"item\":\"https:\\\/\\\/www.geoparcoalpicarniche.org\\\/de\\\/\"},{\"@type\":\"ListItem\",\"position\":2,\"name\":\"Privacy Policy\"}]},{\"@type\":\"WebSite\",\"@id\":\"https:\\\/\\\/www.geoparcoalpicarniche.org\\\/de\\\/#website\",\"url\":\"https:\\\/\\\/www.geoparcoalpicarniche.org\\\/de\\\/\",\"name\":\"Geoparco Alpi Carniche\",\"description\":\"Custode del patrimonio geologico transfrontaliero\",\"potentialAction\":[{\"@type\":\"SearchAction\",\"target\":{\"@type\":\"EntryPoint\",\"urlTemplate\":\"https:\\\/\\\/www.geoparcoalpicarniche.org\\\/de\\\/?s={search_term_string}\"},\"query-input\":{\"@type\":\"PropertyValueSpecification\",\"valueRequired\":true,\"valueName\":\"search_term_string\"}}],\"inLanguage\":\"de-DE\"}]}<\/script>\n<!-- \/ Yoast SEO plugin. -->","yoast_head_json":{"title":"Privacy Policy - Geoparco Alpi Carniche","robots":{"index":"index","follow":"follow","max-snippet":"max-snippet:-1","max-image-preview":"max-image-preview:large","max-video-preview":"max-video-preview:-1"},"canonical":"https:\/\/www.geoparcoalpicarniche.org\/de\/privacy-policy-2\/","og_locale":"de_DE","og_type":"article","og_title":"Privacy Policy - Geoparco Alpi Carniche","og_description":"Datenschutz und rechtliche Hinweise Vorbemerkung Dieses Informationsschreiben beschreibt die Methoden zur Verarbeitung der personenbezogenen Daten der Benutzer, die w\u00e4hrend des Surfens im Internet erfasst werden. Gem\u00e4\u00df und mit Wirkung des Artikels 13 der Verordnung (EU) 2016\/679 General data protection regulation (Gdpr), informieren wir, dass die Berggemeinde Karnien (im Folgenden auch &hellip;","og_url":"https:\/\/www.geoparcoalpicarniche.org\/de\/privacy-policy-2\/","og_site_name":"Geoparco Alpi Carniche","article_modified_time":"2024-01-11T11:07:42+00:00","twitter_card":"summary_large_image","twitter_misc":{"Gesch\u00e4tzte Lesezeit":"6 minutes"},"schema":{"@context":"https:\/\/schema.org","@graph":[{"@type":"WebPage","@id":"https:\/\/www.geoparcoalpicarniche.org\/de\/privacy-policy-2\/","url":"https:\/\/www.geoparcoalpicarniche.org\/de\/privacy-policy-2\/","name":"Privacy Policy - Geoparco Alpi Carniche","isPartOf":{"@id":"https:\/\/www.geoparcoalpicarniche.org\/de\/#website"},"datePublished":"2020-04-10T13:33:27+00:00","dateModified":"2024-01-11T11:07:42+00:00","breadcrumb":{"@id":"https:\/\/www.geoparcoalpicarniche.org\/de\/privacy-policy-2\/#breadcrumb"},"inLanguage":"de-DE","potentialAction":[{"@type":"ReadAction","target":["https:\/\/www.geoparcoalpicarniche.org\/de\/privacy-policy-2\/"]}]},{"@type":"BreadcrumbList","@id":"https:\/\/www.geoparcoalpicarniche.org\/de\/privacy-policy-2\/#breadcrumb","itemListElement":[{"@type":"ListItem","position":1,"name":"Home","item":"https:\/\/www.geoparcoalpicarniche.org\/de\/"},{"@type":"ListItem","position":2,"name":"Privacy Policy"}]},{"@type":"WebSite","@id":"https:\/\/www.geoparcoalpicarniche.org\/de\/#website","url":"https:\/\/www.geoparcoalpicarniche.org\/de\/","name":"Geoparco Alpi Carniche","description":"Custode del patrimonio geologico transfrontaliero","potentialAction":[{"@type":"SearchAction","target":{"@type":"EntryPoint","urlTemplate":"https:\/\/www.geoparcoalpicarniche.org\/de\/?s={search_term_string}"},"query-input":{"@type":"PropertyValueSpecification","valueRequired":true,"valueName":"search_term_string"}}],"inLanguage":"de-DE"}]}},"_links":{"self":[{"href":"https:\/\/www.geoparcoalpicarniche.org\/de\/wp-json\/wp\/v2\/pages\/11169","targetHints":{"allow":["GET"]}}],"collection":[{"href":"https:\/\/www.geoparcoalpicarniche.org\/de\/wp-json\/wp\/v2\/pages"}],"about":[{"href":"https:\/\/www.geoparcoalpicarniche.org\/de\/wp-json\/wp\/v2\/types\/page"}],"author":[{"embeddable":true,"href":"https:\/\/www.geoparcoalpicarniche.org\/de\/wp-json\/wp\/v2\/users\/2"}],"replies":[{"embeddable":true,"href":"https:\/\/www.geoparcoalpicarniche.org\/de\/wp-json\/wp\/v2\/comments?post=11169"}],"version-history":[{"count":3,"href":"https:\/\/www.geoparcoalpicarniche.org\/de\/wp-json\/wp\/v2\/pages\/11169\/revisions"}],"predecessor-version":[{"id":13736,"href":"https:\/\/www.geoparcoalpicarniche.org\/de\/wp-json\/wp\/v2\/pages\/11169\/revisions\/13736"}],"wp:attachment":[{"href":"https:\/\/www.geoparcoalpicarniche.org\/de\/wp-json\/wp\/v2\/media?parent=11169"}],"curies":[{"name":"wp","href":"https:\/\/api.w.org\/{rel}","templated":true}]}}